{"version":"1.0","provider_name":"COSTA BLANCA UP","provider_url":"https:\/\/costablancaup.com\/es\/","title":"COSTA BLANCA UP - \"Festa del Moscatell de Benitatxell 2019\"","type":"rich","width":600,"height":338,"html":"<blockquote class=\"wp-embedded-content\" data-secret=\"N501XdkcAc\"><a href=\"https:\/\/costablancaup.com\/es\/festa-del-moscatell-de-benitatxell-2019\/\">\u00abFesta del Moscatell de Benitatxell 2019\u00bb<\/a><\/blockquote><iframe sandbox=\"allow-scripts\" security=\"restricted\" src=\"https:\/\/costablancaup.com\/es\/festa-del-moscatell-de-benitatxell-2019\/embed\/#?secret=N501XdkcAc\" width=\"600\" height=\"338\" title=\"\u00ab\u00abFesta del Moscatell de Benitatxell 2019\u00bb\u00bb \u2014 COSTA BLANCA UP\" data-secret=\"N501XdkcAc\" frameborder=\"0\" marginwidth=\"0\" marginheight=\"0\" scrolling=\"no\" class=\"wp-embedded-content\"><\/iframe><script type=\"text\/javascript\">\n\/* <![CDATA[ *\/\n\/*! This file is auto-generated *\/\n!function(d,l){\"use strict\";l.querySelector&&d.addEventListener&&\"undefined\"!=typeof URL&&(d.wp=d.wp||{},d.wp.receiveEmbedMessage||(d.wp.receiveEmbedMessage=function(e){var t=e.data;if((t||t.secret||t.message||t.value)&&!\/[^a-zA-Z0-9]\/.test(t.secret)){for(var s,r,n,a=l.querySelectorAll('iframe[data-secret=\"'+t.secret+'\"]'),o=l.querySelectorAll('blockquote[data-secret=\"'+t.secret+'\"]'),c=new RegExp(\"^https?:$\",\"i\"),i=0;i<o.length;i++)o[i].style.display=\"none\";for(i=0;i<a.length;i++)s=a[i],e.source===s.contentWindow&&(s.removeAttribute(\"style\"),\"height\"===t.message?(1e3<(r=parseInt(t.value,10))?r=1e3:~~r<200&&(r=200),s.height=r):\"link\"===t.message&&(r=new URL(s.getAttribute(\"src\")),n=new URL(t.value),c.test(n.protocol))&&n.host===r.host&&l.activeElement===s&&(d.top.location.href=t.value))}},d.addEventListener(\"message\",d.wp.receiveEmbedMessage,!1),l.addEventListener(\"DOMContentLoaded\",function(){for(var e,t,s=l.querySelectorAll(\"iframe.wp-embedded-content\"),r=0;r<s.length;r++)(t=(e=s[r]).getAttribute(\"data-secret\"))||(t=Math.random().toString(36).substring(2,12),e.src+=\"#?secret=\"+t,e.setAttribute(\"data-secret\",t)),e.contentWindow.postMessage({message:\"ready\",secret:t},\"*\")},!1)))}(window,document);\n\/\/# sourceURL=https:\/\/costablancaup.com\/wp-includes\/js\/wp-embed.min.js\n\/* ]]> *\/\n<\/script>\n","thumbnail_url":"https:\/\/costablancaup.com\/wp-content\/uploads\/2019\/09\/festa-moscatell-benitatxell-2019.jpg","thumbnail_width":800,"thumbnail_height":354,"description":"La fiesta tendr\u00e1 lugar del 27 al 28 septiembre en la localidad alicantina de Benitatxell. Esta ser\u00e1 la primera edici\u00f3n de la \u00abFesta del Moscatell\u00bb que celebra la localidad, con la que se pretende explorar la vertiente m\u00e1s l\u00fadica, cultural y festiva de esta tradici\u00f3n agr\u00edcola. La iniciativa tendr\u00e1 una marcada faceta educativa y de difusi\u00f3n, con talleres de pisada de uva y de maquetas de riuraus. Adem\u00e1s est\u00e1n programadas catas, comidas, m\u00fasica y visitas a los campos del proyecto \u00abBioMoscatell\u00bb, pionero en el cultivo de uva ecol\u00f3gica, as\u00ed como una ruta teatralizada homenaje a \u00ables estisoradores\u00bb. Todos los actos [&hellip;]"}