{"id":14828,"date":"2018-07-12T11:09:30","date_gmt":"2018-07-12T09:09:30","guid":{"rendered":"https:\/\/costablancatoday.jasbat.com\/class\/gran-fira-de-valencia-traca-correguda-2-2-2-2-2-2\/"},"modified":"2018-07-21T10:57:42","modified_gmt":"2018-07-21T08:57:42","slug":"gran-fira-de-valencia-la-gran-nit","status":"publish","type":"class","link":"https:\/\/costablancaup.com\/es\/class\/gran-fira-de-valencia-la-gran-nit\/","title":{"rendered":"Gran Fira de Val\u00e8ncia: La gran nit"},"content":{"rendered":"<h3>Espect\u00e1culos y actividades:<\/h3>\n<ul>\n<li><em>18:00 h.<\/em>: <strong>Concierto de campanas<\/strong> Torre del Micalet<\/li>\n<li><em>19:00 h.<\/em>: <strong>La Cercafira<\/strong> Cabalgata. C\/ de la Pau \u2013 C\/ San Vicente \u2013 Avda. Mar\u00eda Cristina<\/li>\n<li><em>19:00 h.<\/em>: <strong>Galitoon, Haciendo el indio<\/strong> Espect\u00e1culo familiar. Pl. del Pilar<\/li>\n<li><em>20:00 h.<\/em>: <strong>Maduixa Teatre, Mul\u00efer<\/strong> Pl. del Patriarca<\/li>\n<li><em>20:30 h.<\/em>: <strong>Minimasclet\u00e0 Caballer FX<\/strong><\/li>\n<li><em>21:00 h.<\/em>: <strong>Concert: Javier Vila i Miguel Brass.<\/strong> Pl. del Pilar<\/li>\n<li><em>21:00 h.<\/em>: <strong>M\u00fasica en la Plaza con la 97.7 Radio Levante<\/strong> Pl. Ayuntamiento<\/li>\n<li><em>22:00 h.<\/em>: <strong>Caf\u00e9 y Tango<\/strong> Un paseo cantado y bailado por los caf\u00e9s de Buenos Aires. Museu d\u2019Hist\u00f2ria de Val\u00e8ncia<\/li>\n<li><em>22:00 h.<\/em>: <strong>Coro AAACEMA<\/strong> Pl. del Patriarca<\/li>\n<li><em>22:30 h.<\/em>: <strong>Louisina Liquor<\/strong> M\u00fasica. IVAM<\/li>\n<li><em>23:00 h.<\/em>: <strong>Colla El Cudol, Dol\u00e7 tribut<\/strong> Pl. del Pilar<\/li>\n<li><em>23:30 h.<\/em>: <strong>\u00d3scar Tramoyeres<\/strong> Mon\u00f3logo. Pl. Patriarca<\/li>\n<li><em>1:30 h.<\/em>: <strong>An\u00edbal G\u00f3mez DJ (Ojete Calor)<\/strong> Pl. Ayuntamiento<\/li>\n<\/ul>\n<h3>La Ruta del Carme:<\/h3>\n<p>Actuaciones intercaladas en el tiempo y los espacios para facilitar al p\u00fablico poder disfrutarlas al completo. Todos los conciertos son gratuitos.<\/p>\n<ul>\n<li><em>19:00 h. y 20:00 h.<\/em>: <strong>Jim War Brou<\/strong> Pl. Redona<\/li>\n<li><em>19:00 h. y 20:00 h.<\/em>: <strong>Rafa Arnal<\/strong> Casa de las Rocas<\/li>\n<li><em>19:30 h. y 20:30 h.<\/em>: <strong>Carles D\u00e9nia<\/strong> Centre del Carme<\/li>\n<li><em>19:30 h. y 20:30 h.<\/em>: <strong>J\u00falia<\/strong> L\u2019Almoina<\/li>\n<li><em>22:00 h. y 22:30 h.<\/em>: <strong>Santero y los Muchachos<\/strong> Pl. Manises<\/li>\n<li><em>21:00 h. y 21:30 h.<\/em>: <strong>The Dance Crashers<\/strong> Pl. del Carmen<\/li>\n<\/ul>\n<h3>Museos abiertos:<\/h3>\n<p><em>Abiertos de 20:00 h. a 00:00 h.<\/em><\/p>\n<ul>\n<li><strong>Museu de Cer\u00e0mica Gonz\u00e1lez Mart\u00ed<\/strong> C\/ Poeta Querol, 2<\/li>\n<li><strong>Centre del Carme<\/strong> C\/ Museo, 2<\/li>\n<li><strong>Museu de Belles Arts<\/strong> C\/ Sant P\u00edo V, 9<\/li>\n<li><strong>IVAM<\/strong> C\/ Guillem de Castro, 118<\/li>\n<li><strong>L\u2019Iber. Museu dels soldadets de plom<\/strong> C\/ Caballeros, 20<\/li>\n<li><strong>Bodega del s. XIII de PROAVA<\/strong> C\/ Baja, 29<\/li>\n<\/ul>\n<p><em>Abiertos de 20:00 h. a 01:00 h.<\/em><\/p>\n<ul>\n<li><strong>Museu de Prehist\u00f2ria de Val\u00e8ncia<\/strong> C\/ Corona, 36<\/li>\n<li><strong>Museu Valenci\u00e0 d\u2019Etnologia<\/strong> C\/ Corona, 36<\/li>\n<li><strong>MuVIM (exposicions temporals)<\/strong> C\/ Quevedo, 10<\/li>\n<li><strong>Fundaci\u00f3n Bancaja<\/strong> Pl. Tetu\u00e1n, 23<\/li>\n<\/ul>\n<p><em>Abiertos de 20:00 h. a 02:00 h.<\/em><\/p>\n<ul>\n<li><strong>Museu del Corpus<\/strong> C\/ Roteros, 8<\/li>\n<li><strong>La Llotja<\/strong> C\/ Lonja, 2<\/li>\n<li><strong>L\u2019Almod\u00ed<\/strong> Pl. San Luis Bertr\u00e1n, 1<\/li>\n<li><strong>Museu d\u2019Hist\u00f2ria de Val\u00e8ncia<\/strong> C\/ Val\u00e8ncia, 42 (Mislata)<\/li>\n<li><strong>Cripta de Sant Vicent M\u00e0rtir<\/strong> Pl. Arzobispo, 1<\/li>\n<li><strong>Museu de la Ciutat<\/strong> Pl. Arzobispo, 3<\/li>\n<li><strong>Centre Arqueol\u00f2gic de l\u2019Almoina<\/strong> Pl. D\u00e9cimo Junio Bruto, s\/n<\/li>\n<\/ul>\n","protected":false},"excerpt":{"rendered":"<p>Espect\u00e1culos y actividades: 18:00 h.: Concierto de campanas Torre del Micalet 19:00 h.: La Cercafira Cabalgata. C\/ de la Pau \u2013 C\/ San Vicente \u2013 Avda. Mar\u00eda Cristina 19:00 h.: Galitoon, Haciendo el indio Espect\u00e1culo familiar. Pl. del Pilar 20:00 h.: Maduixa Teatre, Mul\u00efer Pl. del Patriarca 20:30 h.: Minimasclet\u00e0 Caballer FX 21:00 h.: Concert: Javier Vila i Miguel Brass. Pl. del Pilar 21:00 h.: M\u00fasica en la Plaza con la 97.7 Radio Levante Pl. Ayuntamiento 22:00 h.: Caf\u00e9 y Tango Un paseo cantado y bailado por los caf\u00e9s de Buenos Aires. Museu d\u2019Hist\u00f2ria de Val\u00e8ncia 22:00 h.: Coro AAACEMA [&hellip;]<\/p>\n","protected":false},"template":"","meta":[],"wcs-type":[5042,5053,5046,5036],"wcs-room":[5054],"wcs-instructor":[],"class_list":["post-14828","class","type-class","status-publish","hentry","wcs-type-espectaculos","wcs-type-fiestas","wcs-type-musica","wcs-type-ninos","wcs-room-various-locations-diversas-localizaciones"],"yoast_head":"<!-- This site is optimized with the Yoast SEO plugin v27.4 - https:\/\/yoast.com\/product\/yoast-seo-wordpress\/ -->\n<title>Gran Fira de Val\u00e8ncia: La gran nit - COSTA BLANCA UP<\/title>\n<meta name=\"robots\" content=\"index, follow, max-snippet:-1, max-image-preview:large, max-video-preview:-1\" \/>\n<link rel=\"canonical\" href=\"https:\/\/costablancaup.com\/es\/class\/gran-fira-de-valencia-la-gran-nit\/\" \/>\n<meta property=\"og:locale\" content=\"es_ES\" \/>\n<meta property=\"og:type\" content=\"article\" \/>\n<meta property=\"og:title\" content=\"Gran Fira de Val\u00e8ncia: La gran nit - COSTA BLANCA UP\" \/>\n<meta property=\"og:description\" content=\"Espect\u00e1culos y actividades: 18:00 h.: Concierto de campanas Torre del Micalet 19:00 h.: La Cercafira Cabalgata. C\/ de la Pau \u2013 C\/ San Vicente \u2013 Avda. Mar\u00eda Cristina 19:00 h.: Galitoon, Haciendo el indio Espect\u00e1culo familiar. Pl. del Pilar 20:00 h.: Maduixa Teatre, Mul\u00efer Pl. del Patriarca 20:30 h.: Minimasclet\u00e0 Caballer FX 21:00 h.: Concert: Javier Vila i Miguel Brass. Pl. del Pilar 21:00 h.: M\u00fasica en la Plaza con la 97.7 Radio Levante Pl. Ayuntamiento 22:00 h.: Caf\u00e9 y Tango Un paseo cantado y bailado por los caf\u00e9s de Buenos Aires. Museu d\u2019Hist\u00f2ria de Val\u00e8ncia 22:00 h.: Coro AAACEMA [&hellip;]\" \/>\n<meta property=\"og:url\" content=\"https:\/\/costablancaup.com\/es\/class\/gran-fira-de-valencia-la-gran-nit\/\" \/>\n<meta property=\"og:site_name\" content=\"COSTA BLANCA UP\" \/>\n<meta property=\"article:modified_time\" content=\"2018-07-21T08:57:42+00:00\" \/>\n<meta name=\"twitter:card\" content=\"summary_large_image\" \/>\n<meta name=\"twitter:label1\" content=\"Tiempo de lectura\" \/>\n\t<meta name=\"twitter:data1\" content=\"2 minutos\" \/>\n<script type=\"application\/ld+json\" class=\"yoast-schema-graph\">{\"@context\":\"https:\\\/\\\/schema.org\",\"@graph\":[{\"@type\":\"WebPage\",\"@id\":\"https:\\\/\\\/costablancaup.com\\\/es\\\/class\\\/gran-fira-de-valencia-la-gran-nit\\\/\",\"url\":\"https:\\\/\\\/costablancaup.com\\\/es\\\/class\\\/gran-fira-de-valencia-la-gran-nit\\\/\",\"name\":\"Gran Fira de Val\u00e8ncia: La gran nit - COSTA BLANCA UP\",\"isPartOf\":{\"@id\":\"https:\\\/\\\/costablancaup.com\\\/es\\\/#website\"},\"datePublished\":\"2018-07-12T09:09:30+00:00\",\"dateModified\":\"2018-07-21T08:57:42+00:00\",\"breadcrumb\":{\"@id\":\"https:\\\/\\\/costablancaup.com\\\/es\\\/class\\\/gran-fira-de-valencia-la-gran-nit\\\/#breadcrumb\"},\"inLanguage\":\"es\",\"potentialAction\":[{\"@type\":\"ReadAction\",\"target\":[\"https:\\\/\\\/costablancaup.com\\\/es\\\/class\\\/gran-fira-de-valencia-la-gran-nit\\\/\"]}]},{\"@type\":\"BreadcrumbList\",\"@id\":\"https:\\\/\\\/costablancaup.com\\\/es\\\/class\\\/gran-fira-de-valencia-la-gran-nit\\\/#breadcrumb\",\"itemListElement\":[{\"@type\":\"ListItem\",\"position\":1,\"name\":\"Home\",\"item\":\"https:\\\/\\\/costablancaup.com\\\/es\\\/\"},{\"@type\":\"ListItem\",\"position\":2,\"name\":\"Gran Fira de Val\u00e8ncia: La gran nit\"}]},{\"@type\":\"WebSite\",\"@id\":\"https:\\\/\\\/costablancaup.com\\\/es\\\/#website\",\"url\":\"https:\\\/\\\/costablancaup.com\\\/es\\\/\",\"name\":\"COSTA BLANCA UP\",\"description\":\"Costa Blanca Events and Agenda\",\"publisher\":{\"@id\":\"https:\\\/\\\/costablancaup.com\\\/es\\\/#organization\"},\"potentialAction\":[{\"@type\":\"SearchAction\",\"target\":{\"@type\":\"EntryPoint\",\"urlTemplate\":\"https:\\\/\\\/costablancaup.com\\\/es\\\/?s={search_term_string}\"},\"query-input\":{\"@type\":\"PropertyValueSpecification\",\"valueRequired\":true,\"valueName\":\"search_term_string\"}}],\"inLanguage\":\"es\"},{\"@type\":\"Organization\",\"@id\":\"https:\\\/\\\/costablancaup.com\\\/es\\\/#organization\",\"name\":\"Costa Blanca Up\",\"url\":\"https:\\\/\\\/costablancaup.com\\\/es\\\/\",\"logo\":{\"@type\":\"ImageObject\",\"inLanguage\":\"es\",\"@id\":\"https:\\\/\\\/costablancaup.com\\\/es\\\/#\\\/schema\\\/logo\\\/image\\\/\",\"url\":\"https:\\\/\\\/costablancaup.com\\\/wp-content\\\/uploads\\\/2018\\\/07\\\/titulo_web-1.png\",\"contentUrl\":\"https:\\\/\\\/costablancaup.com\\\/wp-content\\\/uploads\\\/2018\\\/07\\\/titulo_web-1.png\",\"width\":1973,\"height\":303,\"caption\":\"Costa Blanca Up\"},\"image\":{\"@id\":\"https:\\\/\\\/costablancaup.com\\\/es\\\/#\\\/schema\\\/logo\\\/image\\\/\"}}]}<\/script>\n<!-- \/ Yoast SEO plugin. -->","yoast_head_json":{"title":"Gran Fira de Val\u00e8ncia: La gran nit - COSTA BLANCA UP","robots":{"index":"index","follow":"follow","max-snippet":"max-snippet:-1","max-image-preview":"max-image-preview:large","max-video-preview":"max-video-preview:-1"},"canonical":"https:\/\/costablancaup.com\/es\/class\/gran-fira-de-valencia-la-gran-nit\/","og_locale":"es_ES","og_type":"article","og_title":"Gran Fira de Val\u00e8ncia: La gran nit - COSTA BLANCA UP","og_description":"Espect\u00e1culos y actividades: 18:00 h.: Concierto de campanas Torre del Micalet 19:00 h.: La Cercafira Cabalgata. C\/ de la Pau \u2013 C\/ San Vicente \u2013 Avda. Mar\u00eda Cristina 19:00 h.: Galitoon, Haciendo el indio Espect\u00e1culo familiar. Pl. del Pilar 20:00 h.: Maduixa Teatre, Mul\u00efer Pl. del Patriarca 20:30 h.: Minimasclet\u00e0 Caballer FX 21:00 h.: Concert: Javier Vila i Miguel Brass. Pl. del Pilar 21:00 h.: M\u00fasica en la Plaza con la 97.7 Radio Levante Pl. Ayuntamiento 22:00 h.: Caf\u00e9 y Tango Un paseo cantado y bailado por los caf\u00e9s de Buenos Aires. Museu d\u2019Hist\u00f2ria de Val\u00e8ncia 22:00 h.: Coro AAACEMA [&hellip;]","og_url":"https:\/\/costablancaup.com\/es\/class\/gran-fira-de-valencia-la-gran-nit\/","og_site_name":"COSTA BLANCA UP","article_modified_time":"2018-07-21T08:57:42+00:00","twitter_card":"summary_large_image","twitter_misc":{"Tiempo de lectura":"2 minutos"},"schema":{"@context":"https:\/\/schema.org","@graph":[{"@type":"WebPage","@id":"https:\/\/costablancaup.com\/es\/class\/gran-fira-de-valencia-la-gran-nit\/","url":"https:\/\/costablancaup.com\/es\/class\/gran-fira-de-valencia-la-gran-nit\/","name":"Gran Fira de Val\u00e8ncia: La gran nit - COSTA BLANCA UP","isPartOf":{"@id":"https:\/\/costablancaup.com\/es\/#website"},"datePublished":"2018-07-12T09:09:30+00:00","dateModified":"2018-07-21T08:57:42+00:00","breadcrumb":{"@id":"https:\/\/costablancaup.com\/es\/class\/gran-fira-de-valencia-la-gran-nit\/#breadcrumb"},"inLanguage":"es","potentialAction":[{"@type":"ReadAction","target":["https:\/\/costablancaup.com\/es\/class\/gran-fira-de-valencia-la-gran-nit\/"]}]},{"@type":"BreadcrumbList","@id":"https:\/\/costablancaup.com\/es\/class\/gran-fira-de-valencia-la-gran-nit\/#breadcrumb","itemListElement":[{"@type":"ListItem","position":1,"name":"Home","item":"https:\/\/costablancaup.com\/es\/"},{"@type":"ListItem","position":2,"name":"Gran Fira de Val\u00e8ncia: La gran nit"}]},{"@type":"WebSite","@id":"https:\/\/costablancaup.com\/es\/#website","url":"https:\/\/costablancaup.com\/es\/","name":"COSTA BLANCA UP","description":"Costa Blanca Events and Agenda","publisher":{"@id":"https:\/\/costablancaup.com\/es\/#organization"},"potentialAction":[{"@type":"SearchAction","target":{"@type":"EntryPoint","urlTemplate":"https:\/\/costablancaup.com\/es\/?s={search_term_string}"},"query-input":{"@type":"PropertyValueSpecification","valueRequired":true,"valueName":"search_term_string"}}],"inLanguage":"es"},{"@type":"Organization","@id":"https:\/\/costablancaup.com\/es\/#organization","name":"Costa Blanca Up","url":"https:\/\/costablancaup.com\/es\/","logo":{"@type":"ImageObject","inLanguage":"es","@id":"https:\/\/costablancaup.com\/es\/#\/schema\/logo\/image\/","url":"https:\/\/costablancaup.com\/wp-content\/uploads\/2018\/07\/titulo_web-1.png","contentUrl":"https:\/\/costablancaup.com\/wp-content\/uploads\/2018\/07\/titulo_web-1.png","width":1973,"height":303,"caption":"Costa Blanca Up"},"image":{"@id":"https:\/\/costablancaup.com\/es\/#\/schema\/logo\/image\/"}}]}},"_links":{"self":[{"href":"https:\/\/costablancaup.com\/es\/wp-json\/wp\/v2\/class\/14828","targetHints":{"allow":["GET"]}}],"collection":[{"href":"https:\/\/costablancaup.com\/es\/wp-json\/wp\/v2\/class"}],"about":[{"href":"https:\/\/costablancaup.com\/es\/wp-json\/wp\/v2\/types\/class"}],"wp:attachment":[{"href":"https:\/\/costablancaup.com\/es\/wp-json\/wp\/v2\/media?parent=14828"}],"wp:term":[{"taxonomy":"wcs-type","embeddable":true,"href":"https:\/\/costablancaup.com\/es\/wp-json\/wp\/v2\/wcs-type?post=14828"},{"taxonomy":"wcs-room","embeddable":true,"href":"https:\/\/costablancaup.com\/es\/wp-json\/wp\/v2\/wcs-room?post=14828"},{"taxonomy":"wcs-instructor","embeddable":true,"href":"https:\/\/costablancaup.com\/es\/wp-json\/wp\/v2\/wcs-instructor?post=14828"}],"curies":[{"name":"wp","href":"https:\/\/api.w.org\/{rel}","templated":true}]}}