{"id":14833,"date":"2018-07-12T11:58:42","date_gmt":"2018-07-12T09:58:42","guid":{"rendered":"https:\/\/costablancatoday.jasbat.com\/class\/gran-fira-de-valencia-traca-correguda-2-2-2-2-2-2-2-2\/"},"modified":"2018-07-21T10:57:26","modified_gmt":"2018-07-21T08:57:26","slug":"concerts-de-vivers-emir-kusturica","status":"publish","type":"class","link":"https:\/\/costablancaup.com\/es\/class\/concerts-de-vivers-emir-kusturica\/","title":{"rendered":"Concerts de Vivers: Emir Kusturica"},"content":{"rendered":"<p><img loading=\"lazy\" decoding=\"async\" src=\"\/wp-content\/uploads\/2018\/07\/emir-cartel.jpg\" alt=\"Concerts de Vivers: Emir Kusturica\" width=\"565\" height=\"800\" class=\"aligncenter size-full wp-image-14874\" srcset=\"https:\/\/costablancaup.com\/wp-content\/uploads\/2018\/07\/emir-cartel.jpg 565w, https:\/\/costablancaup.com\/wp-content\/uploads\/2018\/07\/emir-cartel-212x300.jpg 212w, https:\/\/costablancaup.com\/wp-content\/uploads\/2018\/07\/emir-cartel-400x566.jpg 400w\" sizes=\"auto, (max-width: 565px) 100vw, 565px\" \/><\/p>\n<p class=\"hora\">Inicio concierto: 21:00 h<\/p>\n<h3>Artista invitado: LA F\u00daMIGA<\/h3>\n<p>Des d\u2019Alzira, el cor de la Ribera, LA F\u00daMIGA presenta el seu projecte original, de festa i combat. Basant la seua formaci\u00f3 en instruments de vent, presenten un directe amb una energia desbordant on la connexi\u00f3 amb el p\u00fablic i la vitalitat que transmeten no deixa a ning\u00fa indiferent. Cultura de carrer damunt l\u2019escenari que viatja per diferents estils (ska, punk, rock, balkan, hip-hop, mestissatge\u2026) i que repassa els \u00e8xits del nostre circuit musical (dels que hi estan i els que ens han deixat) conjuntament amb temes propis que ja recorren tot el pa\u00eds deixant l\u2019empremta fumiguera.<\/p>\n<h3>EMIR KUSTURICA &#038; NO SMOKING ORCHESTRA presentan su Nuevo \u00e1lbum \u201cCorps Diplomatique\u201d<\/h3>\n<p>Emir Kusturica y su No Smoking Orchestra regresan a la ciudad de Val\u00e8ncia a\u00fan con el recuerdo de aquel m\u00edtico concierto que el cineasta y artista yugoslavo realiz\u00f3 en 2001 en la Plaza de la Virgen. El motivo es celebrar el lanzamiento de su nuevo \u00e1lbum, \u201cCorps Diplomatique\u201d . El autor de Underground, Gato negro, Gato blanco y otras pel\u00edculas de culto ha arrancado su gira mundial el 27 de marzo de 2018 en el Casino de Par\u00eds y llegar\u00e1 a Val\u00e8ncia el 5 de julio a los Jardines de Viveros.<\/p>\n<p>Con \u201cDiplomatic Corps\u201d Emir Kusturica &#038; The No Smoking Orchestra se inspiran en las ra\u00edces m\u00e1s profundas de la tradici\u00f3n balc\u00e1nica, pero est\u00e1n m\u00e1s abiertos que nunca a los estilos musicales de todo el mundo.<\/p>\n<p>Bajo el dulce nombre de \u201cUnza Unza\u201d su m\u00fasica as\u00ed bautizada, es una mezcla de ritmos country, marchas turcas, trompetas gitanas, cl\u00e1sicos italianos, sonidos de Am\u00e9rica del Sur, bucles de tecno-pop, musette, Balkan con bases de punk, Kolo , tradici\u00f3n gitana, etc. \u201cJoyeux Bordel\u201d al que nadie se puede resistir \u2026 ya sea en Buenos Aires, Tokio, Nueva York, Kiev, Reykjavik, Sydney, Tel Aviv, Montreal, Sao Paulo, Porto, R\u00edo, Viena, Mosc\u00fa, Ciudad, Tokio, Ciudad de M\u00e9xico, Berl\u00edn, Madrid, Bruselas \u2026 o Par\u00eds.<\/p>\n<p>EMIR KUSTURICA &#038; THE NO SMOKING ORCHESTRA vienen a Viveros con su formaci\u00f3n completa (voz, guitarras, acorde\u00f3n, bajo, viol\u00edn, tuba, tambores, percusi\u00f3n, saxof\u00f3n, trompeta, teclados) con el papel de guitarrista y ahora cantante Emir Kusturica.<\/p>\n<p>Su repertorio no solo contendr\u00e1 temas de \u201cCorps Diplomatique\u201d. Las bandas sonoras de las pel\u00edculas de Emir Kusturica \u201cGato Negro, gato blanco\u201d, \u201cLa vida es un milagro\u201d, \u201cOn the milky Road\u201d, sino tambi\u00e9n el t\u00edtulo del \u00e1lbum \u201cUNZA UNZA TIME\u201d o m\u00fasica de su \u201cOPERA PUNK: Les Temps des Gitans\u201d.<\/p>\n<p>Este 2018 es el vig\u00e9simo a\u00f1o de la colaboraci\u00f3n entre el director (ganador de una doble Palma de Oro en Cannes) y el grupo de Belgrado. Un aniversario que celebrar\u00e1n por todo lo alto con esta gira mundial.<\/p>\n","protected":false},"excerpt":{"rendered":"<p>Inicio concierto: 21:00 h Artista invitado: LA F\u00daMIGA Des d\u2019Alzira, el cor de la Ribera, LA F\u00daMIGA presenta el seu projecte original, de festa i combat. Basant la seua formaci\u00f3 en instruments de vent, presenten un directe amb una energia desbordant on la connexi\u00f3 amb el p\u00fablic i la vitalitat que transmeten no deixa a ning\u00fa indiferent. Cultura de carrer damunt l\u2019escenari que viatja per diferents estils (ska, punk, rock, balkan, hip-hop, mestissatge\u2026) i que repassa els \u00e8xits del nostre circuit musical (dels que hi estan i els que ens han deixat) conjuntament amb temes propis que ja recorren tot [&hellip;]<\/p>\n","protected":false},"template":"","meta":[],"wcs-type":[5053,5046],"wcs-room":[5055],"wcs-instructor":[],"class_list":["post-14833","class","type-class","status-publish","hentry","wcs-type-fiestas","wcs-type-musica","wcs-room-jardines-del-real-o-viveros-valencia"],"yoast_head":"<!-- This site is optimized with the Yoast SEO plugin v27.4 - https:\/\/yoast.com\/product\/yoast-seo-wordpress\/ -->\n<title>Concerts de Vivers: Emir Kusturica - COSTA BLANCA UP<\/title>\n<meta name=\"robots\" content=\"index, follow, max-snippet:-1, max-image-preview:large, max-video-preview:-1\" \/>\n<link rel=\"canonical\" href=\"https:\/\/costablancaup.com\/es\/class\/concerts-de-vivers-emir-kusturica\/\" \/>\n<meta property=\"og:locale\" content=\"es_ES\" \/>\n<meta property=\"og:type\" content=\"article\" \/>\n<meta property=\"og:title\" content=\"Concerts de Vivers: Emir Kusturica - COSTA BLANCA UP\" \/>\n<meta property=\"og:description\" content=\"Inicio concierto: 21:00 h Artista invitado: LA F\u00daMIGA Des d\u2019Alzira, el cor de la Ribera, LA F\u00daMIGA presenta el seu projecte original, de festa i combat. Basant la seua formaci\u00f3 en instruments de vent, presenten un directe amb una energia desbordant on la connexi\u00f3 amb el p\u00fablic i la vitalitat que transmeten no deixa a ning\u00fa indiferent. Cultura de carrer damunt l\u2019escenari que viatja per diferents estils (ska, punk, rock, balkan, hip-hop, mestissatge\u2026) i que repassa els \u00e8xits del nostre circuit musical (dels que hi estan i els que ens han deixat) conjuntament amb temes propis que ja recorren tot [&hellip;]\" \/>\n<meta property=\"og:url\" content=\"https:\/\/costablancaup.com\/es\/class\/concerts-de-vivers-emir-kusturica\/\" \/>\n<meta property=\"og:site_name\" content=\"COSTA BLANCA UP\" \/>\n<meta property=\"article:modified_time\" content=\"2018-07-21T08:57:26+00:00\" \/>\n<meta property=\"og:image\" content=\"https:\/\/costablancaup.com\/wp-content\/uploads\/2018\/07\/emir-cartel.jpg\" \/>\n<meta name=\"twitter:card\" content=\"summary_large_image\" \/>\n<meta name=\"twitter:label1\" content=\"Tiempo de lectura\" \/>\n\t<meta name=\"twitter:data1\" content=\"2 minutos\" \/>\n<script type=\"application\/ld+json\" class=\"yoast-schema-graph\">{\"@context\":\"https:\\\/\\\/schema.org\",\"@graph\":[{\"@type\":\"WebPage\",\"@id\":\"https:\\\/\\\/costablancaup.com\\\/es\\\/class\\\/concerts-de-vivers-emir-kusturica\\\/\",\"url\":\"https:\\\/\\\/costablancaup.com\\\/es\\\/class\\\/concerts-de-vivers-emir-kusturica\\\/\",\"name\":\"Concerts de Vivers: Emir Kusturica - COSTA BLANCA UP\",\"isPartOf\":{\"@id\":\"https:\\\/\\\/costablancaup.com\\\/es\\\/#website\"},\"datePublished\":\"2018-07-12T09:58:42+00:00\",\"dateModified\":\"2018-07-21T08:57:26+00:00\",\"breadcrumb\":{\"@id\":\"https:\\\/\\\/costablancaup.com\\\/es\\\/class\\\/concerts-de-vivers-emir-kusturica\\\/#breadcrumb\"},\"inLanguage\":\"es\",\"potentialAction\":[{\"@type\":\"ReadAction\",\"target\":[\"https:\\\/\\\/costablancaup.com\\\/es\\\/class\\\/concerts-de-vivers-emir-kusturica\\\/\"]}]},{\"@type\":\"BreadcrumbList\",\"@id\":\"https:\\\/\\\/costablancaup.com\\\/es\\\/class\\\/concerts-de-vivers-emir-kusturica\\\/#breadcrumb\",\"itemListElement\":[{\"@type\":\"ListItem\",\"position\":1,\"name\":\"Home\",\"item\":\"https:\\\/\\\/costablancaup.com\\\/es\\\/\"},{\"@type\":\"ListItem\",\"position\":2,\"name\":\"Concerts de Vivers: Emir Kusturica\"}]},{\"@type\":\"WebSite\",\"@id\":\"https:\\\/\\\/costablancaup.com\\\/es\\\/#website\",\"url\":\"https:\\\/\\\/costablancaup.com\\\/es\\\/\",\"name\":\"COSTA BLANCA UP\",\"description\":\"Costa Blanca Events and Agenda\",\"publisher\":{\"@id\":\"https:\\\/\\\/costablancaup.com\\\/es\\\/#organization\"},\"potentialAction\":[{\"@type\":\"SearchAction\",\"target\":{\"@type\":\"EntryPoint\",\"urlTemplate\":\"https:\\\/\\\/costablancaup.com\\\/es\\\/?s={search_term_string}\"},\"query-input\":{\"@type\":\"PropertyValueSpecification\",\"valueRequired\":true,\"valueName\":\"search_term_string\"}}],\"inLanguage\":\"es\"},{\"@type\":\"Organization\",\"@id\":\"https:\\\/\\\/costablancaup.com\\\/es\\\/#organization\",\"name\":\"Costa Blanca Up\",\"url\":\"https:\\\/\\\/costablancaup.com\\\/es\\\/\",\"logo\":{\"@type\":\"ImageObject\",\"inLanguage\":\"es\",\"@id\":\"https:\\\/\\\/costablancaup.com\\\/es\\\/#\\\/schema\\\/logo\\\/image\\\/\",\"url\":\"https:\\\/\\\/costablancaup.com\\\/wp-content\\\/uploads\\\/2018\\\/07\\\/titulo_web-1.png\",\"contentUrl\":\"https:\\\/\\\/costablancaup.com\\\/wp-content\\\/uploads\\\/2018\\\/07\\\/titulo_web-1.png\",\"width\":1973,\"height\":303,\"caption\":\"Costa Blanca Up\"},\"image\":{\"@id\":\"https:\\\/\\\/costablancaup.com\\\/es\\\/#\\\/schema\\\/logo\\\/image\\\/\"}}]}<\/script>\n<!-- \/ Yoast SEO plugin. -->","yoast_head_json":{"title":"Concerts de Vivers: Emir Kusturica - COSTA BLANCA UP","robots":{"index":"index","follow":"follow","max-snippet":"max-snippet:-1","max-image-preview":"max-image-preview:large","max-video-preview":"max-video-preview:-1"},"canonical":"https:\/\/costablancaup.com\/es\/class\/concerts-de-vivers-emir-kusturica\/","og_locale":"es_ES","og_type":"article","og_title":"Concerts de Vivers: Emir Kusturica - COSTA BLANCA UP","og_description":"Inicio concierto: 21:00 h Artista invitado: LA F\u00daMIGA Des d\u2019Alzira, el cor de la Ribera, LA F\u00daMIGA presenta el seu projecte original, de festa i combat. Basant la seua formaci\u00f3 en instruments de vent, presenten un directe amb una energia desbordant on la connexi\u00f3 amb el p\u00fablic i la vitalitat que transmeten no deixa a ning\u00fa indiferent. Cultura de carrer damunt l\u2019escenari que viatja per diferents estils (ska, punk, rock, balkan, hip-hop, mestissatge\u2026) i que repassa els \u00e8xits del nostre circuit musical (dels que hi estan i els que ens han deixat) conjuntament amb temes propis que ja recorren tot [&hellip;]","og_url":"https:\/\/costablancaup.com\/es\/class\/concerts-de-vivers-emir-kusturica\/","og_site_name":"COSTA BLANCA UP","article_modified_time":"2018-07-21T08:57:26+00:00","og_image":[{"url":"https:\/\/costablancaup.com\/wp-content\/uploads\/2018\/07\/emir-cartel.jpg","type":"","width":"","height":""}],"twitter_card":"summary_large_image","twitter_misc":{"Tiempo de lectura":"2 minutos"},"schema":{"@context":"https:\/\/schema.org","@graph":[{"@type":"WebPage","@id":"https:\/\/costablancaup.com\/es\/class\/concerts-de-vivers-emir-kusturica\/","url":"https:\/\/costablancaup.com\/es\/class\/concerts-de-vivers-emir-kusturica\/","name":"Concerts de Vivers: Emir Kusturica - COSTA BLANCA UP","isPartOf":{"@id":"https:\/\/costablancaup.com\/es\/#website"},"datePublished":"2018-07-12T09:58:42+00:00","dateModified":"2018-07-21T08:57:26+00:00","breadcrumb":{"@id":"https:\/\/costablancaup.com\/es\/class\/concerts-de-vivers-emir-kusturica\/#breadcrumb"},"inLanguage":"es","potentialAction":[{"@type":"ReadAction","target":["https:\/\/costablancaup.com\/es\/class\/concerts-de-vivers-emir-kusturica\/"]}]},{"@type":"BreadcrumbList","@id":"https:\/\/costablancaup.com\/es\/class\/concerts-de-vivers-emir-kusturica\/#breadcrumb","itemListElement":[{"@type":"ListItem","position":1,"name":"Home","item":"https:\/\/costablancaup.com\/es\/"},{"@type":"ListItem","position":2,"name":"Concerts de Vivers: Emir Kusturica"}]},{"@type":"WebSite","@id":"https:\/\/costablancaup.com\/es\/#website","url":"https:\/\/costablancaup.com\/es\/","name":"COSTA BLANCA UP","description":"Costa Blanca Events and Agenda","publisher":{"@id":"https:\/\/costablancaup.com\/es\/#organization"},"potentialAction":[{"@type":"SearchAction","target":{"@type":"EntryPoint","urlTemplate":"https:\/\/costablancaup.com\/es\/?s={search_term_string}"},"query-input":{"@type":"PropertyValueSpecification","valueRequired":true,"valueName":"search_term_string"}}],"inLanguage":"es"},{"@type":"Organization","@id":"https:\/\/costablancaup.com\/es\/#organization","name":"Costa Blanca Up","url":"https:\/\/costablancaup.com\/es\/","logo":{"@type":"ImageObject","inLanguage":"es","@id":"https:\/\/costablancaup.com\/es\/#\/schema\/logo\/image\/","url":"https:\/\/costablancaup.com\/wp-content\/uploads\/2018\/07\/titulo_web-1.png","contentUrl":"https:\/\/costablancaup.com\/wp-content\/uploads\/2018\/07\/titulo_web-1.png","width":1973,"height":303,"caption":"Costa Blanca Up"},"image":{"@id":"https:\/\/costablancaup.com\/es\/#\/schema\/logo\/image\/"}}]}},"_links":{"self":[{"href":"https:\/\/costablancaup.com\/es\/wp-json\/wp\/v2\/class\/14833","targetHints":{"allow":["GET"]}}],"collection":[{"href":"https:\/\/costablancaup.com\/es\/wp-json\/wp\/v2\/class"}],"about":[{"href":"https:\/\/costablancaup.com\/es\/wp-json\/wp\/v2\/types\/class"}],"wp:attachment":[{"href":"https:\/\/costablancaup.com\/es\/wp-json\/wp\/v2\/media?parent=14833"}],"wp:term":[{"taxonomy":"wcs-type","embeddable":true,"href":"https:\/\/costablancaup.com\/es\/wp-json\/wp\/v2\/wcs-type?post=14833"},{"taxonomy":"wcs-room","embeddable":true,"href":"https:\/\/costablancaup.com\/es\/wp-json\/wp\/v2\/wcs-room?post=14833"},{"taxonomy":"wcs-instructor","embeddable":true,"href":"https:\/\/costablancaup.com\/es\/wp-json\/wp\/v2\/wcs-instructor?post=14833"}],"curies":[{"name":"wp","href":"https:\/\/api.w.org\/{rel}","templated":true}]}}