{"id":14835,"date":"2018-07-12T12:00:35","date_gmt":"2018-07-12T10:00:35","guid":{"rendered":"https:\/\/costablancatoday.jasbat.com\/class\/gran-fira-de-valencia-traca-correguda-2-2-2-2-2-2-2-2-2\/"},"modified":"2018-07-21T10:57:20","modified_gmt":"2018-07-21T08:57:20","slug":"concerts-de-vivers-poetas-del-rock","status":"publish","type":"class","link":"https:\/\/costablancaup.com\/es\/class\/concerts-de-vivers-poetas-del-rock\/","title":{"rendered":"Concerts de Vivers: Poetas del Rock"},"content":{"rendered":"<p><img loading=\"lazy\" decoding=\"async\" src=\"\/wp-content\/uploads\/2018\/07\/poetas-cartel.jpg\" alt=\"Concerts de Vivers: Poetas del Rock\" width=\"565\" height=\"800\" class=\"aligncenter size-full wp-image-14888\" srcset=\"https:\/\/costablancaup.com\/wp-content\/uploads\/2018\/07\/poetas-cartel.jpg 565w, https:\/\/costablancaup.com\/wp-content\/uploads\/2018\/07\/poetas-cartel-212x300.jpg 212w, https:\/\/costablancaup.com\/wp-content\/uploads\/2018\/07\/poetas-cartel-400x566.jpg 400w\" sizes=\"auto, (max-width: 565px) 100vw, 565px\" \/><\/p>\n<p class=\"hora\">Inicio concierto: 20:50 h<\/p>\n<h3>Pedro Pastor y Suso Sud\u00f3n<\/h3>\n<p>Pedro Pastor es hijo de Luis Pastor y sobrino de Pedro Guerra, as\u00ed que aprendi\u00f3 a tocar la guitarra antes que a andar, y a cantar antes que a hablar. Es uno de los cantautores m\u00e1s prometedores de los \u00faltimos tiempos y ahora presenta un espect\u00e1culo junto al poeta Suso Sud\u00f3n. Suso comenz\u00f3 a escribir poes\u00eda y, con 16 a\u00f1os, auto-edit\u00f3 su primer poemario. Desde entonces, nunca ha dejado de escribir y de autoeditar sus poemas en papel.<\/p>\n<p class=\"hora\">Inicio concierto: 22:00 h<\/p>\n<h3>FUNAMBULISTA<\/h3>\n<p>Diego Cantero inici\u00f3 su carrera con 18 a\u00f1os haci\u00e9ndose con premios en festivales y cert\u00e1menes musicales locales, auton\u00f3micos y nacionales. Antes de la formaci\u00f3n de Funambulista ya hab\u00eda publicado tres discos en solitario, pero fue en 2008 cuando adopt\u00f3 el nombre de Funambulista para expresar lo que desde hac\u00eda a\u00f1os era una realidad: una s\u00f3lida y estable banda de la que era el alma mater.<\/p>\n<p>Diego ha compuesto canciones para int\u00e9rpretes de la talla de Mal\u00fa o Raphael, y ha creado temas con artistas como Dani Mart\u00edn, David Otero o el argentino Abel Pintos, quien gan\u00f3 el Premio Gardel 2014 con un tema en el que comparte autor\u00eda con Cantero. Su labor como autor se extiende al cine (con su canci\u00f3n \u201cQuiero que vuelvas\u201d en la B.S.O. de la pel\u00edcula \u201cPerdona si te llamo amor\u201d), y a la televisi\u00f3n (cre\u00f3 la sinton\u00eda de cabecera de la serie \u201cFamilia\u201d, emitida en Telecinco).<\/p>\n<p class=\"hora\">Inicio concierto: 23:15 h<\/p>\n<h3>ANDR\u00c9S SUAR\u00c9Z<\/h3>\n<p>Andr\u00e9s Su\u00e1rez es un ejemplo de hasta d\u00f3nde puede llevar a una persona la combinaci\u00f3n de constancia y talento. Lleg\u00f3 a la capital espa\u00f1ola como un m\u00fasico callejero y hoy es uno de los artistas m\u00e1s queridos por el p\u00fablico.<\/p>\n<p>Andr\u00e9s Su\u00e1rez es un fen\u00f3meno en delicado equilibrio entre juventud y experiencia, que logra un lleno detr\u00e1s de otro en teatros que abarrota, tal y como lo hizo en el Wizink Center de Madrid. Mente en ebullici\u00f3n, repleto de pasi\u00f3n interior, amante de la vida y preocupado por sus fans y por darles lo mejor de s\u00ed mismo en cada momento. As\u00ed es Andr\u00e9s Su\u00e1rez, un artista apasionado.<\/p>\n<p class=\"hora\">Inicio concierto: 00:30 h<\/p>\n<h3>DEPEDRO<\/h3>\n<p>Depedro es el proyecto musical que Jairo Zavala inici\u00f3 en 2008 con el disco \u201cDepedro\u201d grabado con la banda estadounidense Calexico en Tucson (Arizona).<\/p>\n<p>Desde entonces, el proyecto transfronterizo Depedro ha volcado influencias musicales, est\u00e9ticas y culturales de Latinoam\u00e9rica, \u00c1frica, el Mediterr\u00e1neo y Estados Unidos en una carrera musical que alcanza ya cuatro LPs (\u201cDepedro\u201d, \u201cNubes de Papel\u201d, \u201cLa Incre\u00edble Historia de un Hombre Bueno\u201d y \u201cEl Pasajero\u201d), varios EPs y singles. As\u00ed como el documental \u201cCasamance\u201d sobre su viaje musical a Senegal junto a \u00c1ngel Carmona (Radio3). Su m\u00fasica le ha llevado a los cinco continentes, sus discos est\u00e1n publicados en m\u00e1s de 30 pa\u00edses y ha realizado colaboraciones con m\u00fasicos de distintas culturasy pa\u00edses, y en diversos idiomas.<\/p>\n","protected":false},"excerpt":{"rendered":"<p>Inicio concierto: 20:50 h Pedro Pastor y Suso Sud\u00f3n Pedro Pastor es hijo de Luis Pastor y sobrino de Pedro Guerra, as\u00ed que aprendi\u00f3 a tocar la guitarra antes que a andar, y a cantar antes que a hablar. Es uno de los cantautores m\u00e1s prometedores de los \u00faltimos tiempos y ahora presenta un espect\u00e1culo junto al poeta Suso Sud\u00f3n. Suso comenz\u00f3 a escribir poes\u00eda y, con 16 a\u00f1os, auto-edit\u00f3 su primer poemario. Desde entonces, nunca ha dejado de escribir y de autoeditar sus poemas en papel. Inicio concierto: 22:00 h FUNAMBULISTA Diego Cantero inici\u00f3 su carrera con 18 a\u00f1os [&hellip;]<\/p>\n","protected":false},"template":"","meta":[],"wcs-type":[5053,5046],"wcs-room":[5055],"wcs-instructor":[],"class_list":["post-14835","class","type-class","status-publish","hentry","wcs-type-fiestas","wcs-type-musica","wcs-room-jardines-del-real-o-viveros-valencia"],"yoast_head":"<!-- This site is optimized with the Yoast SEO plugin v27.4 - https:\/\/yoast.com\/product\/yoast-seo-wordpress\/ -->\n<title>Concerts de Vivers: Poetas del Rock - COSTA BLANCA UP<\/title>\n<meta name=\"robots\" content=\"index, follow, max-snippet:-1, max-image-preview:large, max-video-preview:-1\" \/>\n<link rel=\"canonical\" href=\"https:\/\/costablancaup.com\/es\/class\/concerts-de-vivers-poetas-del-rock\/\" \/>\n<meta property=\"og:locale\" content=\"es_ES\" \/>\n<meta property=\"og:type\" content=\"article\" \/>\n<meta property=\"og:title\" content=\"Concerts de Vivers: Poetas del Rock - COSTA BLANCA UP\" \/>\n<meta property=\"og:description\" content=\"Inicio concierto: 20:50 h Pedro Pastor y Suso Sud\u00f3n Pedro Pastor es hijo de Luis Pastor y sobrino de Pedro Guerra, as\u00ed que aprendi\u00f3 a tocar la guitarra antes que a andar, y a cantar antes que a hablar. Es uno de los cantautores m\u00e1s prometedores de los \u00faltimos tiempos y ahora presenta un espect\u00e1culo junto al poeta Suso Sud\u00f3n. Suso comenz\u00f3 a escribir poes\u00eda y, con 16 a\u00f1os, auto-edit\u00f3 su primer poemario. Desde entonces, nunca ha dejado de escribir y de autoeditar sus poemas en papel. Inicio concierto: 22:00 h FUNAMBULISTA Diego Cantero inici\u00f3 su carrera con 18 a\u00f1os [&hellip;]\" \/>\n<meta property=\"og:url\" content=\"https:\/\/costablancaup.com\/es\/class\/concerts-de-vivers-poetas-del-rock\/\" \/>\n<meta property=\"og:site_name\" content=\"COSTA BLANCA UP\" \/>\n<meta property=\"article:modified_time\" content=\"2018-07-21T08:57:20+00:00\" \/>\n<meta property=\"og:image\" content=\"https:\/\/costablancaup.com\/wp-content\/uploads\/2018\/07\/poetas-cartel.jpg\" \/>\n<meta name=\"twitter:card\" content=\"summary_large_image\" \/>\n<meta name=\"twitter:label1\" content=\"Tiempo de lectura\" \/>\n\t<meta name=\"twitter:data1\" content=\"3 minutos\" \/>\n<script type=\"application\/ld+json\" class=\"yoast-schema-graph\">{\"@context\":\"https:\\\/\\\/schema.org\",\"@graph\":[{\"@type\":\"WebPage\",\"@id\":\"https:\\\/\\\/costablancaup.com\\\/es\\\/class\\\/concerts-de-vivers-poetas-del-rock\\\/\",\"url\":\"https:\\\/\\\/costablancaup.com\\\/es\\\/class\\\/concerts-de-vivers-poetas-del-rock\\\/\",\"name\":\"Concerts de Vivers: Poetas del Rock - COSTA BLANCA UP\",\"isPartOf\":{\"@id\":\"https:\\\/\\\/costablancaup.com\\\/es\\\/#website\"},\"datePublished\":\"2018-07-12T10:00:35+00:00\",\"dateModified\":\"2018-07-21T08:57:20+00:00\",\"breadcrumb\":{\"@id\":\"https:\\\/\\\/costablancaup.com\\\/es\\\/class\\\/concerts-de-vivers-poetas-del-rock\\\/#breadcrumb\"},\"inLanguage\":\"es\",\"potentialAction\":[{\"@type\":\"ReadAction\",\"target\":[\"https:\\\/\\\/costablancaup.com\\\/es\\\/class\\\/concerts-de-vivers-poetas-del-rock\\\/\"]}]},{\"@type\":\"BreadcrumbList\",\"@id\":\"https:\\\/\\\/costablancaup.com\\\/es\\\/class\\\/concerts-de-vivers-poetas-del-rock\\\/#breadcrumb\",\"itemListElement\":[{\"@type\":\"ListItem\",\"position\":1,\"name\":\"Home\",\"item\":\"https:\\\/\\\/costablancaup.com\\\/es\\\/\"},{\"@type\":\"ListItem\",\"position\":2,\"name\":\"Concerts de Vivers: Poetas del Rock\"}]},{\"@type\":\"WebSite\",\"@id\":\"https:\\\/\\\/costablancaup.com\\\/es\\\/#website\",\"url\":\"https:\\\/\\\/costablancaup.com\\\/es\\\/\",\"name\":\"COSTA BLANCA UP\",\"description\":\"Costa Blanca Events and Agenda\",\"publisher\":{\"@id\":\"https:\\\/\\\/costablancaup.com\\\/es\\\/#organization\"},\"potentialAction\":[{\"@type\":\"SearchAction\",\"target\":{\"@type\":\"EntryPoint\",\"urlTemplate\":\"https:\\\/\\\/costablancaup.com\\\/es\\\/?s={search_term_string}\"},\"query-input\":{\"@type\":\"PropertyValueSpecification\",\"valueRequired\":true,\"valueName\":\"search_term_string\"}}],\"inLanguage\":\"es\"},{\"@type\":\"Organization\",\"@id\":\"https:\\\/\\\/costablancaup.com\\\/es\\\/#organization\",\"name\":\"Costa Blanca Up\",\"url\":\"https:\\\/\\\/costablancaup.com\\\/es\\\/\",\"logo\":{\"@type\":\"ImageObject\",\"inLanguage\":\"es\",\"@id\":\"https:\\\/\\\/costablancaup.com\\\/es\\\/#\\\/schema\\\/logo\\\/image\\\/\",\"url\":\"https:\\\/\\\/costablancaup.com\\\/wp-content\\\/uploads\\\/2018\\\/07\\\/titulo_web-1.png\",\"contentUrl\":\"https:\\\/\\\/costablancaup.com\\\/wp-content\\\/uploads\\\/2018\\\/07\\\/titulo_web-1.png\",\"width\":1973,\"height\":303,\"caption\":\"Costa Blanca Up\"},\"image\":{\"@id\":\"https:\\\/\\\/costablancaup.com\\\/es\\\/#\\\/schema\\\/logo\\\/image\\\/\"}}]}<\/script>\n<!-- \/ Yoast SEO plugin. -->","yoast_head_json":{"title":"Concerts de Vivers: Poetas del Rock - COSTA BLANCA UP","robots":{"index":"index","follow":"follow","max-snippet":"max-snippet:-1","max-image-preview":"max-image-preview:large","max-video-preview":"max-video-preview:-1"},"canonical":"https:\/\/costablancaup.com\/es\/class\/concerts-de-vivers-poetas-del-rock\/","og_locale":"es_ES","og_type":"article","og_title":"Concerts de Vivers: Poetas del Rock - COSTA BLANCA UP","og_description":"Inicio concierto: 20:50 h Pedro Pastor y Suso Sud\u00f3n Pedro Pastor es hijo de Luis Pastor y sobrino de Pedro Guerra, as\u00ed que aprendi\u00f3 a tocar la guitarra antes que a andar, y a cantar antes que a hablar. Es uno de los cantautores m\u00e1s prometedores de los \u00faltimos tiempos y ahora presenta un espect\u00e1culo junto al poeta Suso Sud\u00f3n. Suso comenz\u00f3 a escribir poes\u00eda y, con 16 a\u00f1os, auto-edit\u00f3 su primer poemario. Desde entonces, nunca ha dejado de escribir y de autoeditar sus poemas en papel. Inicio concierto: 22:00 h FUNAMBULISTA Diego Cantero inici\u00f3 su carrera con 18 a\u00f1os [&hellip;]","og_url":"https:\/\/costablancaup.com\/es\/class\/concerts-de-vivers-poetas-del-rock\/","og_site_name":"COSTA BLANCA UP","article_modified_time":"2018-07-21T08:57:20+00:00","og_image":[{"url":"https:\/\/costablancaup.com\/wp-content\/uploads\/2018\/07\/poetas-cartel.jpg","type":"","width":"","height":""}],"twitter_card":"summary_large_image","twitter_misc":{"Tiempo de lectura":"3 minutos"},"schema":{"@context":"https:\/\/schema.org","@graph":[{"@type":"WebPage","@id":"https:\/\/costablancaup.com\/es\/class\/concerts-de-vivers-poetas-del-rock\/","url":"https:\/\/costablancaup.com\/es\/class\/concerts-de-vivers-poetas-del-rock\/","name":"Concerts de Vivers: Poetas del Rock - COSTA BLANCA UP","isPartOf":{"@id":"https:\/\/costablancaup.com\/es\/#website"},"datePublished":"2018-07-12T10:00:35+00:00","dateModified":"2018-07-21T08:57:20+00:00","breadcrumb":{"@id":"https:\/\/costablancaup.com\/es\/class\/concerts-de-vivers-poetas-del-rock\/#breadcrumb"},"inLanguage":"es","potentialAction":[{"@type":"ReadAction","target":["https:\/\/costablancaup.com\/es\/class\/concerts-de-vivers-poetas-del-rock\/"]}]},{"@type":"BreadcrumbList","@id":"https:\/\/costablancaup.com\/es\/class\/concerts-de-vivers-poetas-del-rock\/#breadcrumb","itemListElement":[{"@type":"ListItem","position":1,"name":"Home","item":"https:\/\/costablancaup.com\/es\/"},{"@type":"ListItem","position":2,"name":"Concerts de Vivers: Poetas del Rock"}]},{"@type":"WebSite","@id":"https:\/\/costablancaup.com\/es\/#website","url":"https:\/\/costablancaup.com\/es\/","name":"COSTA BLANCA UP","description":"Costa Blanca Events and Agenda","publisher":{"@id":"https:\/\/costablancaup.com\/es\/#organization"},"potentialAction":[{"@type":"SearchAction","target":{"@type":"EntryPoint","urlTemplate":"https:\/\/costablancaup.com\/es\/?s={search_term_string}"},"query-input":{"@type":"PropertyValueSpecification","valueRequired":true,"valueName":"search_term_string"}}],"inLanguage":"es"},{"@type":"Organization","@id":"https:\/\/costablancaup.com\/es\/#organization","name":"Costa Blanca Up","url":"https:\/\/costablancaup.com\/es\/","logo":{"@type":"ImageObject","inLanguage":"es","@id":"https:\/\/costablancaup.com\/es\/#\/schema\/logo\/image\/","url":"https:\/\/costablancaup.com\/wp-content\/uploads\/2018\/07\/titulo_web-1.png","contentUrl":"https:\/\/costablancaup.com\/wp-content\/uploads\/2018\/07\/titulo_web-1.png","width":1973,"height":303,"caption":"Costa Blanca Up"},"image":{"@id":"https:\/\/costablancaup.com\/es\/#\/schema\/logo\/image\/"}}]}},"_links":{"self":[{"href":"https:\/\/costablancaup.com\/es\/wp-json\/wp\/v2\/class\/14835","targetHints":{"allow":["GET"]}}],"collection":[{"href":"https:\/\/costablancaup.com\/es\/wp-json\/wp\/v2\/class"}],"about":[{"href":"https:\/\/costablancaup.com\/es\/wp-json\/wp\/v2\/types\/class"}],"wp:attachment":[{"href":"https:\/\/costablancaup.com\/es\/wp-json\/wp\/v2\/media?parent=14835"}],"wp:term":[{"taxonomy":"wcs-type","embeddable":true,"href":"https:\/\/costablancaup.com\/es\/wp-json\/wp\/v2\/wcs-type?post=14835"},{"taxonomy":"wcs-room","embeddable":true,"href":"https:\/\/costablancaup.com\/es\/wp-json\/wp\/v2\/wcs-room?post=14835"},{"taxonomy":"wcs-instructor","embeddable":true,"href":"https:\/\/costablancaup.com\/es\/wp-json\/wp\/v2\/wcs-instructor?post=14835"}],"curies":[{"name":"wp","href":"https:\/\/api.w.org\/{rel}","templated":true}]}}