{"id":16174,"date":"2018-08-04T12:11:30","date_gmt":"2018-08-04T10:11:30","guid":{"rendered":"https:\/\/costablancaup.com\/class\/fiestas-patronales-de-elche-12-2\/"},"modified":"2018-08-04T12:20:41","modified_gmt":"2018-08-04T10:20:41","slug":"fiestas-patronales-de-elche-13","status":"publish","type":"class","link":"https:\/\/costablancaup.com\/es\/class\/fiestas-patronales-de-elche-13\/","title":{"rendered":"Fiestas Patronales de Elche"},"content":{"rendered":"<h3>Del 5 al 15 de agosto, Elche celebra sus Fiestas Patronales de agosto<\/h3>\n<p>Cientos de eventos se desarrollar\u00e1n durante estos d\u00edas en la ciudad, destacando el Misteri d&#8217;Elx y las tradicionales celebraciones de la Nit d l&#8217;Alb\u00e0 y La Nit de la Ro\u00e0.<\/p>\n<h3>Programa<\/h3>\n<p><strong>LUNES 13 DE AGOSTO<\/strong><\/p>\n<ul>\n<li>10:00 PASACALLES FESTERO organizado por la Federaci\u00f3n Gestora de Festejos Populares. Plaza de Espa\u00f1a, Reina Victoria, Pla\u00e7a de Baix, Obispo Tormo, Plaza Eres de Santa LLucia hasta Paseo de la Estaci\u00f3n.<\/li>\n<li>12:00 Gymkana infantil por Pobladores en la Rotonda del Parque Municipal.<\/li>\n<li>12:00 SESI\u00d3N P\u00daBLICA DEL PATRONATO DEL MISTERI D\u00b4ELX.<\/li>\n<li>12:30 RAC\u00d3 GASTR\u00d2NOMIC MUNICIPAL en el Paseo de la Estaci\u00f3n.<\/li>\n<li>14:00 D\u00c9CIMO CONCURSO DE MASCLETAS FESTES D\u00b4ELX a cargo de Pirotecnia Alpujarre\u00f1a en la Diagonal del Palau.<\/li>\n<li>17:30 ENSAYO GENERAL DEL MISTERI D\u00b4ELX en la Bas\u00edlica de Santa Mar\u00eda.<\/li>\n<li>23:15 NIT DE L\u00b4ALB\u00c0.<\/li>\n<li>00:30 Actuaci\u00f3n de WE ARE ENGLAN y CRISTIAN SET ROC en  ZONA INDIE (Colegio Candalix).<\/li>\n<li>01:00 Baile amenizado con Dj. A continuaci\u00f3n Dj Pedacito Mix seguir\u00e1 amenizando la fiesta en l&#8217;HORT DE BAIX.<\/li>\n<li>01:00 Baile amenizado con DJ en la BARRACA MUNICIPAL (Concejal\u00eda de Cultura).<\/li>\n<li>01:00 GRAN CARRETILL\u00c0 en el Hort de Monjo (c\/ Filet de Fora).<\/li>\n<\/ul>\n<p>&nbsp;<\/p>\n<p><img loading=\"lazy\" decoding=\"async\" src=\"https:\/\/costablancaup.com\/wp-content\/uploads\/2018\/08\/fiestas-de-agosto-2018-Elche-Elx-cartel.jpg\" alt=\"Fiestas de agosto de Elche 2018\" width=\"645\" height=\"912\" class=\"aligncenter size-full wp-image-16158\" srcset=\"https:\/\/costablancaup.com\/wp-content\/uploads\/2018\/08\/fiestas-de-agosto-2018-Elche-Elx-cartel.jpg 645w, https:\/\/costablancaup.com\/wp-content\/uploads\/2018\/08\/fiestas-de-agosto-2018-Elche-Elx-cartel-212x300.jpg 212w, https:\/\/costablancaup.com\/wp-content\/uploads\/2018\/08\/fiestas-de-agosto-2018-Elche-Elx-cartel-400x566.jpg 400w\" sizes=\"auto, (max-width: 645px) 100vw, 645px\" \/><\/p>\n","protected":false},"excerpt":{"rendered":"<p>Del 5 al 15 de agosto, Elche celebra sus Fiestas Patronales de agosto Cientos de eventos se desarrollar\u00e1n durante estos d\u00edas en la ciudad, destacando el Misteri d&#8217;Elx y las tradicionales celebraciones de la Nit d l&#8217;Alb\u00e0 y La Nit de la Ro\u00e0. Programa LUNES 13 DE AGOSTO 10:00 PASACALLES FESTERO organizado por la Federaci\u00f3n Gestora de Festejos Populares. Plaza de Espa\u00f1a, Reina Victoria, Pla\u00e7a de Baix, Obispo Tormo, Plaza Eres de Santa LLucia hasta Paseo de la Estaci\u00f3n. 12:00 Gymkana infantil por Pobladores en la Rotonda del Parque Municipal. 12:00 SESI\u00d3N P\u00daBLICA DEL PATRONATO DEL MISTERI D\u00b4ELX. 12:30 RAC\u00d3 [&hellip;]<\/p>\n","protected":false},"template":"","meta":[],"wcs-type":[5042,5053,5046,5036,5066],"wcs-room":[5054],"wcs-instructor":[],"class_list":["post-16174","class","type-class","status-publish","hentry","wcs-type-espectaculos","wcs-type-fiestas","wcs-type-musica","wcs-type-ninos","wcs-type-teatro","wcs-room-various-locations-diversas-localizaciones"],"yoast_head":"<!-- This site is optimized with the Yoast SEO plugin v27.4 - https:\/\/yoast.com\/product\/yoast-seo-wordpress\/ -->\n<title>Fiestas Patronales de Elche - COSTA BLANCA UP<\/title>\n<meta name=\"robots\" content=\"index, follow, max-snippet:-1, max-image-preview:large, max-video-preview:-1\" \/>\n<link rel=\"canonical\" href=\"https:\/\/costablancaup.com\/es\/class\/fiestas-patronales-de-elche-13\/\" \/>\n<meta property=\"og:locale\" content=\"es_ES\" \/>\n<meta property=\"og:type\" content=\"article\" \/>\n<meta property=\"og:title\" content=\"Fiestas Patronales de Elche - COSTA BLANCA UP\" \/>\n<meta property=\"og:description\" content=\"Del 5 al 15 de agosto, Elche celebra sus Fiestas Patronales de agosto Cientos de eventos se desarrollar\u00e1n durante estos d\u00edas en la ciudad, destacando el Misteri d&#8217;Elx y las tradicionales celebraciones de la Nit d l&#8217;Alb\u00e0 y La Nit de la Ro\u00e0. Programa LUNES 13 DE AGOSTO 10:00 PASACALLES FESTERO organizado por la Federaci\u00f3n Gestora de Festejos Populares. Plaza de Espa\u00f1a, Reina Victoria, Pla\u00e7a de Baix, Obispo Tormo, Plaza Eres de Santa LLucia hasta Paseo de la Estaci\u00f3n. 12:00 Gymkana infantil por Pobladores en la Rotonda del Parque Municipal. 12:00 SESI\u00d3N P\u00daBLICA DEL PATRONATO DEL MISTERI D\u00b4ELX. 12:30 RAC\u00d3 [&hellip;]\" \/>\n<meta property=\"og:url\" content=\"https:\/\/costablancaup.com\/es\/class\/fiestas-patronales-de-elche-13\/\" \/>\n<meta property=\"og:site_name\" content=\"COSTA BLANCA UP\" \/>\n<meta property=\"article:modified_time\" content=\"2018-08-04T10:20:41+00:00\" \/>\n<meta property=\"og:image\" content=\"https:\/\/costablancaup.com\/wp-content\/uploads\/2018\/08\/fiestas-de-agosto-2018-Elche-Elx-cartel.jpg\" \/>\n<meta name=\"twitter:card\" content=\"summary_large_image\" \/>\n<meta name=\"twitter:label1\" content=\"Tiempo de lectura\" \/>\n\t<meta name=\"twitter:data1\" content=\"1 minuto\" \/>\n<script type=\"application\/ld+json\" class=\"yoast-schema-graph\">{\"@context\":\"https:\\\/\\\/schema.org\",\"@graph\":[{\"@type\":\"WebPage\",\"@id\":\"https:\\\/\\\/costablancaup.com\\\/es\\\/class\\\/fiestas-patronales-de-elche-13\\\/\",\"url\":\"https:\\\/\\\/costablancaup.com\\\/es\\\/class\\\/fiestas-patronales-de-elche-13\\\/\",\"name\":\"Fiestas Patronales de Elche - COSTA BLANCA UP\",\"isPartOf\":{\"@id\":\"https:\\\/\\\/costablancaup.com\\\/es\\\/#website\"},\"primaryImageOfPage\":{\"@id\":\"https:\\\/\\\/costablancaup.com\\\/es\\\/class\\\/fiestas-patronales-de-elche-13\\\/#primaryimage\"},\"image\":{\"@id\":\"https:\\\/\\\/costablancaup.com\\\/es\\\/class\\\/fiestas-patronales-de-elche-13\\\/#primaryimage\"},\"thumbnailUrl\":\"https:\\\/\\\/costablancaup.com\\\/wp-content\\\/uploads\\\/2018\\\/08\\\/fiestas-de-agosto-2018-Elche-Elx-cartel.jpg\",\"datePublished\":\"2018-08-04T10:11:30+00:00\",\"dateModified\":\"2018-08-04T10:20:41+00:00\",\"breadcrumb\":{\"@id\":\"https:\\\/\\\/costablancaup.com\\\/es\\\/class\\\/fiestas-patronales-de-elche-13\\\/#breadcrumb\"},\"inLanguage\":\"es\",\"potentialAction\":[{\"@type\":\"ReadAction\",\"target\":[\"https:\\\/\\\/costablancaup.com\\\/es\\\/class\\\/fiestas-patronales-de-elche-13\\\/\"]}]},{\"@type\":\"ImageObject\",\"inLanguage\":\"es\",\"@id\":\"https:\\\/\\\/costablancaup.com\\\/es\\\/class\\\/fiestas-patronales-de-elche-13\\\/#primaryimage\",\"url\":\"https:\\\/\\\/costablancaup.com\\\/wp-content\\\/uploads\\\/2018\\\/08\\\/fiestas-de-agosto-2018-Elche-Elx-cartel.jpg\",\"contentUrl\":\"https:\\\/\\\/costablancaup.com\\\/wp-content\\\/uploads\\\/2018\\\/08\\\/fiestas-de-agosto-2018-Elche-Elx-cartel.jpg\"},{\"@type\":\"BreadcrumbList\",\"@id\":\"https:\\\/\\\/costablancaup.com\\\/es\\\/class\\\/fiestas-patronales-de-elche-13\\\/#breadcrumb\",\"itemListElement\":[{\"@type\":\"ListItem\",\"position\":1,\"name\":\"Home\",\"item\":\"https:\\\/\\\/costablancaup.com\\\/es\\\/\"},{\"@type\":\"ListItem\",\"position\":2,\"name\":\"Fiestas Patronales de Elche\"}]},{\"@type\":\"WebSite\",\"@id\":\"https:\\\/\\\/costablancaup.com\\\/es\\\/#website\",\"url\":\"https:\\\/\\\/costablancaup.com\\\/es\\\/\",\"name\":\"COSTA BLANCA UP\",\"description\":\"Costa Blanca Events and Agenda\",\"publisher\":{\"@id\":\"https:\\\/\\\/costablancaup.com\\\/es\\\/#organization\"},\"potentialAction\":[{\"@type\":\"SearchAction\",\"target\":{\"@type\":\"EntryPoint\",\"urlTemplate\":\"https:\\\/\\\/costablancaup.com\\\/es\\\/?s={search_term_string}\"},\"query-input\":{\"@type\":\"PropertyValueSpecification\",\"valueRequired\":true,\"valueName\":\"search_term_string\"}}],\"inLanguage\":\"es\"},{\"@type\":\"Organization\",\"@id\":\"https:\\\/\\\/costablancaup.com\\\/es\\\/#organization\",\"name\":\"Costa Blanca Up\",\"url\":\"https:\\\/\\\/costablancaup.com\\\/es\\\/\",\"logo\":{\"@type\":\"ImageObject\",\"inLanguage\":\"es\",\"@id\":\"https:\\\/\\\/costablancaup.com\\\/es\\\/#\\\/schema\\\/logo\\\/image\\\/\",\"url\":\"https:\\\/\\\/costablancaup.com\\\/wp-content\\\/uploads\\\/2018\\\/07\\\/titulo_web-1.png\",\"contentUrl\":\"https:\\\/\\\/costablancaup.com\\\/wp-content\\\/uploads\\\/2018\\\/07\\\/titulo_web-1.png\",\"width\":1973,\"height\":303,\"caption\":\"Costa Blanca Up\"},\"image\":{\"@id\":\"https:\\\/\\\/costablancaup.com\\\/es\\\/#\\\/schema\\\/logo\\\/image\\\/\"}}]}<\/script>\n<!-- \/ Yoast SEO plugin. -->","yoast_head_json":{"title":"Fiestas Patronales de Elche - COSTA BLANCA UP","robots":{"index":"index","follow":"follow","max-snippet":"max-snippet:-1","max-image-preview":"max-image-preview:large","max-video-preview":"max-video-preview:-1"},"canonical":"https:\/\/costablancaup.com\/es\/class\/fiestas-patronales-de-elche-13\/","og_locale":"es_ES","og_type":"article","og_title":"Fiestas Patronales de Elche - COSTA BLANCA UP","og_description":"Del 5 al 15 de agosto, Elche celebra sus Fiestas Patronales de agosto Cientos de eventos se desarrollar\u00e1n durante estos d\u00edas en la ciudad, destacando el Misteri d&#8217;Elx y las tradicionales celebraciones de la Nit d l&#8217;Alb\u00e0 y La Nit de la Ro\u00e0. Programa LUNES 13 DE AGOSTO 10:00 PASACALLES FESTERO organizado por la Federaci\u00f3n Gestora de Festejos Populares. Plaza de Espa\u00f1a, Reina Victoria, Pla\u00e7a de Baix, Obispo Tormo, Plaza Eres de Santa LLucia hasta Paseo de la Estaci\u00f3n. 12:00 Gymkana infantil por Pobladores en la Rotonda del Parque Municipal. 12:00 SESI\u00d3N P\u00daBLICA DEL PATRONATO DEL MISTERI D\u00b4ELX. 12:30 RAC\u00d3 [&hellip;]","og_url":"https:\/\/costablancaup.com\/es\/class\/fiestas-patronales-de-elche-13\/","og_site_name":"COSTA BLANCA UP","article_modified_time":"2018-08-04T10:20:41+00:00","og_image":[{"url":"https:\/\/costablancaup.com\/wp-content\/uploads\/2018\/08\/fiestas-de-agosto-2018-Elche-Elx-cartel.jpg","type":"","width":"","height":""}],"twitter_card":"summary_large_image","twitter_misc":{"Tiempo de lectura":"1 minuto"},"schema":{"@context":"https:\/\/schema.org","@graph":[{"@type":"WebPage","@id":"https:\/\/costablancaup.com\/es\/class\/fiestas-patronales-de-elche-13\/","url":"https:\/\/costablancaup.com\/es\/class\/fiestas-patronales-de-elche-13\/","name":"Fiestas Patronales de Elche - COSTA BLANCA UP","isPartOf":{"@id":"https:\/\/costablancaup.com\/es\/#website"},"primaryImageOfPage":{"@id":"https:\/\/costablancaup.com\/es\/class\/fiestas-patronales-de-elche-13\/#primaryimage"},"image":{"@id":"https:\/\/costablancaup.com\/es\/class\/fiestas-patronales-de-elche-13\/#primaryimage"},"thumbnailUrl":"https:\/\/costablancaup.com\/wp-content\/uploads\/2018\/08\/fiestas-de-agosto-2018-Elche-Elx-cartel.jpg","datePublished":"2018-08-04T10:11:30+00:00","dateModified":"2018-08-04T10:20:41+00:00","breadcrumb":{"@id":"https:\/\/costablancaup.com\/es\/class\/fiestas-patronales-de-elche-13\/#breadcrumb"},"inLanguage":"es","potentialAction":[{"@type":"ReadAction","target":["https:\/\/costablancaup.com\/es\/class\/fiestas-patronales-de-elche-13\/"]}]},{"@type":"ImageObject","inLanguage":"es","@id":"https:\/\/costablancaup.com\/es\/class\/fiestas-patronales-de-elche-13\/#primaryimage","url":"https:\/\/costablancaup.com\/wp-content\/uploads\/2018\/08\/fiestas-de-agosto-2018-Elche-Elx-cartel.jpg","contentUrl":"https:\/\/costablancaup.com\/wp-content\/uploads\/2018\/08\/fiestas-de-agosto-2018-Elche-Elx-cartel.jpg"},{"@type":"BreadcrumbList","@id":"https:\/\/costablancaup.com\/es\/class\/fiestas-patronales-de-elche-13\/#breadcrumb","itemListElement":[{"@type":"ListItem","position":1,"name":"Home","item":"https:\/\/costablancaup.com\/es\/"},{"@type":"ListItem","position":2,"name":"Fiestas Patronales de Elche"}]},{"@type":"WebSite","@id":"https:\/\/costablancaup.com\/es\/#website","url":"https:\/\/costablancaup.com\/es\/","name":"COSTA BLANCA UP","description":"Costa Blanca Events and Agenda","publisher":{"@id":"https:\/\/costablancaup.com\/es\/#organization"},"potentialAction":[{"@type":"SearchAction","target":{"@type":"EntryPoint","urlTemplate":"https:\/\/costablancaup.com\/es\/?s={search_term_string}"},"query-input":{"@type":"PropertyValueSpecification","valueRequired":true,"valueName":"search_term_string"}}],"inLanguage":"es"},{"@type":"Organization","@id":"https:\/\/costablancaup.com\/es\/#organization","name":"Costa Blanca Up","url":"https:\/\/costablancaup.com\/es\/","logo":{"@type":"ImageObject","inLanguage":"es","@id":"https:\/\/costablancaup.com\/es\/#\/schema\/logo\/image\/","url":"https:\/\/costablancaup.com\/wp-content\/uploads\/2018\/07\/titulo_web-1.png","contentUrl":"https:\/\/costablancaup.com\/wp-content\/uploads\/2018\/07\/titulo_web-1.png","width":1973,"height":303,"caption":"Costa Blanca Up"},"image":{"@id":"https:\/\/costablancaup.com\/es\/#\/schema\/logo\/image\/"}}]}},"_links":{"self":[{"href":"https:\/\/costablancaup.com\/es\/wp-json\/wp\/v2\/class\/16174","targetHints":{"allow":["GET"]}}],"collection":[{"href":"https:\/\/costablancaup.com\/es\/wp-json\/wp\/v2\/class"}],"about":[{"href":"https:\/\/costablancaup.com\/es\/wp-json\/wp\/v2\/types\/class"}],"wp:attachment":[{"href":"https:\/\/costablancaup.com\/es\/wp-json\/wp\/v2\/media?parent=16174"}],"wp:term":[{"taxonomy":"wcs-type","embeddable":true,"href":"https:\/\/costablancaup.com\/es\/wp-json\/wp\/v2\/wcs-type?post=16174"},{"taxonomy":"wcs-room","embeddable":true,"href":"https:\/\/costablancaup.com\/es\/wp-json\/wp\/v2\/wcs-room?post=16174"},{"taxonomy":"wcs-instructor","embeddable":true,"href":"https:\/\/costablancaup.com\/es\/wp-json\/wp\/v2\/wcs-instructor?post=16174"}],"curies":[{"name":"wp","href":"https:\/\/api.w.org\/{rel}","templated":true}]}}