{"id":16284,"date":"2018-08-11T11:31:40","date_gmt":"2018-08-11T09:31:40","guid":{"rendered":"https:\/\/costablancaup.com\/?post_type=class&#038;p=16284"},"modified":"2018-10-05T10:16:01","modified_gmt":"2018-10-05T08:16:01","slug":"art-al-vent-2018","status":"publish","type":"class","link":"https:\/\/costablancaup.com\/es\/class\/art-al-vent-2018\/","title":{"rendered":"Art al Vent 2018"},"content":{"rendered":"<h3>Desde el 14 de agosto y hasta el 9 de septiembre se podr\u00e1n contemplar, en el centro urbano de Gata, los balcones cubiertos de bellas obras tejidas manualmente<\/h3>\n<p>Concretamente en la calle la Bassa estar\u00e1n expuestos al aire libre los 67 lienzos de artistas provenientes de 22 pa\u00edses de los cinco continentes. Una demostraci\u00f3n del prestigio y consideraci\u00f3n que con los a\u00f1os ha ido ganando la muestra.<\/p>\n<p>\u00abArt al vent\u00bb combina la creaci\u00f3n textil contempor\u00e1nea con la tradici\u00f3n popular de colocar colchas en los balcones al paso de una procesi\u00f3n, que ha estado muy arraigada en los pueblos de la Costa Blanca.<\/p>\n<p>La exposici\u00f3n celebra este a\u00f1o su XV edici\u00f3n, llenando la localidad de texturas y colores y dando a conocer a Gata como el pueblo de los cobertores colgados. <\/p>\n<p><img loading=\"lazy\" decoding=\"async\" src=\"https:\/\/costablancaup.com\/wp-content\/uploads\/2018\/08\/artalvent2018-cartel.jpg\" alt=\"Art al Vent 2018 - cartel\" width=\"800\" height=\"1058\" class=\"aligncenter size-full wp-image-16285\" srcset=\"https:\/\/costablancaup.com\/wp-content\/uploads\/2018\/08\/artalvent2018-cartel.jpg 800w, https:\/\/costablancaup.com\/wp-content\/uploads\/2018\/08\/artalvent2018-cartel-227x300.jpg 227w, https:\/\/costablancaup.com\/wp-content\/uploads\/2018\/08\/artalvent2018-cartel-768x1016.jpg 768w, https:\/\/costablancaup.com\/wp-content\/uploads\/2018\/08\/artalvent2018-cartel-774x1024.jpg 774w, https:\/\/costablancaup.com\/wp-content\/uploads\/2018\/08\/artalvent2018-cartel-400x529.jpg 400w\" sizes=\"auto, (max-width: 800px) 100vw, 800px\" \/><\/p>\n<p>Paralelamente se han programados una serie de actividades culturales para que los muchos visitantes aprovechen la visita para conocer y disfrutar del pueblo: <\/p>\n<h3>Programa<\/h3>\n<p><strong>Martes 14 de agosto<\/strong><\/p>\n<ul>\n<li>A las 20 horas en el Ayuntamiento: Inauguraci\u00f3n de \u00abArt al Vent\u00bb y posterior actuaci\u00f3n del <em>Grup de Danses La Llata<\/em> y de <em>La Colla el Montg\u00f3 de Gata<\/em>.<\/li>\n<\/ul>\n<p><strong>Viernes 17 de agosto<\/strong><\/p>\n<ul>\n<li>Salida desde la Plaza de Espa\u00f1a a las 20 horas, recorrido por el circuito \u00abArt al Vent\u00bb de la batucada de Gata: Gatucada.<\/li>\n<\/ul>\n<p><strong>Martes 21 de agosto<\/strong><\/p>\n<ul>\n<li>Ante el Ayuntamiento a las 20 horas: Presentaci\u00f3n del libro \u00abLa mem\u00f2ria de les ones\u00bb de <em>Pepa Guardiola<\/em>.<\/li>\n<\/ul>\n<p><strong>Viernes 24 de agosto<\/strong><\/p>\n<ul>\n<li>Ante el Ayuntamiento a las 20 horas: <em>III Trobada de Poetes Gaters<\/em>.<\/li>\n<\/ul>\n<p><strong>Martes 28 de agosto<\/strong><\/p>\n<ul>\n<li>Salida desde el Ayuntamiento a las 20 horas: Visita guiada a la exposici\u00f3n \u00abArt al Vent\u00bb a cargo de <em>Josep Ginestar<\/em>, maestro de la Escuela de Pl\u00e1stica Experimental A. Vives y coordinador de la muestra.<\/li>\n<\/ul>\n<p><strong>Martes 4 de septiembre<\/strong><\/p>\n<ul>\n<li>Salida desde el Ayuntamiento 19 horas: Ruta urbana tradicional a cargo de <em>Miguel Vives<\/em>, cronista de Gata.<\/li>\n<\/ul>\n<p><strong>Domingo 9 de septiembre<\/strong><\/p>\n<ul>\n<li>Plaza de la Iglesia a las 20 horas: Concierto de Clausura por la <em>Banda Juvenil de Gata<\/em>.<\/li>\n<\/ul>\n","protected":false},"excerpt":{"rendered":"<p>Desde el 14 de agosto y hasta el 9 de septiembre se podr\u00e1n contemplar, en el centro urbano de Gata, los balcones cubiertos de bellas obras tejidas manualmente Concretamente en la calle la Bassa estar\u00e1n expuestos al aire libre los 67 lienzos de artistas provenientes de 22 pa\u00edses de los cinco continentes. Una demostraci\u00f3n del prestigio y consideraci\u00f3n que con los a\u00f1os ha ido ganando la muestra. \u00abArt al vent\u00bb combina la creaci\u00f3n textil contempor\u00e1nea con la tradici\u00f3n popular de colocar colchas en los balcones al paso de una procesi\u00f3n, que ha estado muy arraigada en los pueblos de la [&hellip;]<\/p>\n","protected":false},"template":"","meta":[],"wcs-type":[5080,5226,5383],"wcs-room":[5233],"wcs-instructor":[],"class_list":["post-16284","class","type-class","status-publish","hentry","wcs-type-exposiciones","wcs-type-otros","wcs-type-visitas","wcs-room-calle-la-bassa-gata-de-gorgos"],"yoast_head":"<!-- This site is optimized with the Yoast SEO plugin v27.4 - https:\/\/yoast.com\/product\/yoast-seo-wordpress\/ -->\n<title>Art al Vent 2018 - COSTA BLANCA UP<\/title>\n<meta name=\"robots\" content=\"index, follow, max-snippet:-1, max-image-preview:large, max-video-preview:-1\" \/>\n<link rel=\"canonical\" href=\"https:\/\/costablancaup.com\/es\/class\/art-al-vent-2018\/\" \/>\n<meta property=\"og:locale\" content=\"es_ES\" \/>\n<meta property=\"og:type\" content=\"article\" \/>\n<meta property=\"og:title\" content=\"Art al Vent 2018 - COSTA BLANCA UP\" \/>\n<meta property=\"og:description\" content=\"Desde el 14 de agosto y hasta el 9 de septiembre se podr\u00e1n contemplar, en el centro urbano de Gata, los balcones cubiertos de bellas obras tejidas manualmente Concretamente en la calle la Bassa estar\u00e1n expuestos al aire libre los 67 lienzos de artistas provenientes de 22 pa\u00edses de los cinco continentes. Una demostraci\u00f3n del prestigio y consideraci\u00f3n que con los a\u00f1os ha ido ganando la muestra. \u00abArt al vent\u00bb combina la creaci\u00f3n textil contempor\u00e1nea con la tradici\u00f3n popular de colocar colchas en los balcones al paso de una procesi\u00f3n, que ha estado muy arraigada en los pueblos de la [&hellip;]\" \/>\n<meta property=\"og:url\" content=\"https:\/\/costablancaup.com\/es\/class\/art-al-vent-2018\/\" \/>\n<meta property=\"og:site_name\" content=\"COSTA BLANCA UP\" \/>\n<meta property=\"article:modified_time\" content=\"2018-10-05T08:16:01+00:00\" \/>\n<meta property=\"og:image\" content=\"https:\/\/costablancaup.com\/wp-content\/uploads\/2018\/08\/artalvent2018-cartel.jpg\" \/>\n<meta name=\"twitter:card\" content=\"summary_large_image\" \/>\n<meta name=\"twitter:label1\" content=\"Tiempo de lectura\" \/>\n\t<meta name=\"twitter:data1\" content=\"2 minutos\" \/>\n<script type=\"application\/ld+json\" class=\"yoast-schema-graph\">{\"@context\":\"https:\\\/\\\/schema.org\",\"@graph\":[{\"@type\":\"WebPage\",\"@id\":\"https:\\\/\\\/costablancaup.com\\\/es\\\/class\\\/art-al-vent-2018\\\/\",\"url\":\"https:\\\/\\\/costablancaup.com\\\/es\\\/class\\\/art-al-vent-2018\\\/\",\"name\":\"Art al Vent 2018 - COSTA BLANCA UP\",\"isPartOf\":{\"@id\":\"https:\\\/\\\/costablancaup.com\\\/es\\\/#website\"},\"primaryImageOfPage\":{\"@id\":\"https:\\\/\\\/costablancaup.com\\\/es\\\/class\\\/art-al-vent-2018\\\/#primaryimage\"},\"image\":{\"@id\":\"https:\\\/\\\/costablancaup.com\\\/es\\\/class\\\/art-al-vent-2018\\\/#primaryimage\"},\"thumbnailUrl\":\"https:\\\/\\\/costablancaup.com\\\/wp-content\\\/uploads\\\/2018\\\/08\\\/artalvent2018-cartel.jpg\",\"datePublished\":\"2018-08-11T09:31:40+00:00\",\"dateModified\":\"2018-10-05T08:16:01+00:00\",\"breadcrumb\":{\"@id\":\"https:\\\/\\\/costablancaup.com\\\/es\\\/class\\\/art-al-vent-2018\\\/#breadcrumb\"},\"inLanguage\":\"es\",\"potentialAction\":[{\"@type\":\"ReadAction\",\"target\":[\"https:\\\/\\\/costablancaup.com\\\/es\\\/class\\\/art-al-vent-2018\\\/\"]}]},{\"@type\":\"ImageObject\",\"inLanguage\":\"es\",\"@id\":\"https:\\\/\\\/costablancaup.com\\\/es\\\/class\\\/art-al-vent-2018\\\/#primaryimage\",\"url\":\"https:\\\/\\\/costablancaup.com\\\/wp-content\\\/uploads\\\/2018\\\/08\\\/artalvent2018-cartel.jpg\",\"contentUrl\":\"https:\\\/\\\/costablancaup.com\\\/wp-content\\\/uploads\\\/2018\\\/08\\\/artalvent2018-cartel.jpg\"},{\"@type\":\"BreadcrumbList\",\"@id\":\"https:\\\/\\\/costablancaup.com\\\/es\\\/class\\\/art-al-vent-2018\\\/#breadcrumb\",\"itemListElement\":[{\"@type\":\"ListItem\",\"position\":1,\"name\":\"Home\",\"item\":\"https:\\\/\\\/costablancaup.com\\\/es\\\/\"},{\"@type\":\"ListItem\",\"position\":2,\"name\":\"Art al Vent 2018\"}]},{\"@type\":\"WebSite\",\"@id\":\"https:\\\/\\\/costablancaup.com\\\/es\\\/#website\",\"url\":\"https:\\\/\\\/costablancaup.com\\\/es\\\/\",\"name\":\"COSTA BLANCA UP\",\"description\":\"Costa Blanca Events and Agenda\",\"publisher\":{\"@id\":\"https:\\\/\\\/costablancaup.com\\\/es\\\/#organization\"},\"potentialAction\":[{\"@type\":\"SearchAction\",\"target\":{\"@type\":\"EntryPoint\",\"urlTemplate\":\"https:\\\/\\\/costablancaup.com\\\/es\\\/?s={search_term_string}\"},\"query-input\":{\"@type\":\"PropertyValueSpecification\",\"valueRequired\":true,\"valueName\":\"search_term_string\"}}],\"inLanguage\":\"es\"},{\"@type\":\"Organization\",\"@id\":\"https:\\\/\\\/costablancaup.com\\\/es\\\/#organization\",\"name\":\"Costa Blanca Up\",\"url\":\"https:\\\/\\\/costablancaup.com\\\/es\\\/\",\"logo\":{\"@type\":\"ImageObject\",\"inLanguage\":\"es\",\"@id\":\"https:\\\/\\\/costablancaup.com\\\/es\\\/#\\\/schema\\\/logo\\\/image\\\/\",\"url\":\"https:\\\/\\\/costablancaup.com\\\/wp-content\\\/uploads\\\/2018\\\/07\\\/titulo_web-1.png\",\"contentUrl\":\"https:\\\/\\\/costablancaup.com\\\/wp-content\\\/uploads\\\/2018\\\/07\\\/titulo_web-1.png\",\"width\":1973,\"height\":303,\"caption\":\"Costa Blanca Up\"},\"image\":{\"@id\":\"https:\\\/\\\/costablancaup.com\\\/es\\\/#\\\/schema\\\/logo\\\/image\\\/\"}}]}<\/script>\n<!-- \/ Yoast SEO plugin. -->","yoast_head_json":{"title":"Art al Vent 2018 - COSTA BLANCA UP","robots":{"index":"index","follow":"follow","max-snippet":"max-snippet:-1","max-image-preview":"max-image-preview:large","max-video-preview":"max-video-preview:-1"},"canonical":"https:\/\/costablancaup.com\/es\/class\/art-al-vent-2018\/","og_locale":"es_ES","og_type":"article","og_title":"Art al Vent 2018 - COSTA BLANCA UP","og_description":"Desde el 14 de agosto y hasta el 9 de septiembre se podr\u00e1n contemplar, en el centro urbano de Gata, los balcones cubiertos de bellas obras tejidas manualmente Concretamente en la calle la Bassa estar\u00e1n expuestos al aire libre los 67 lienzos de artistas provenientes de 22 pa\u00edses de los cinco continentes. Una demostraci\u00f3n del prestigio y consideraci\u00f3n que con los a\u00f1os ha ido ganando la muestra. \u00abArt al vent\u00bb combina la creaci\u00f3n textil contempor\u00e1nea con la tradici\u00f3n popular de colocar colchas en los balcones al paso de una procesi\u00f3n, que ha estado muy arraigada en los pueblos de la [&hellip;]","og_url":"https:\/\/costablancaup.com\/es\/class\/art-al-vent-2018\/","og_site_name":"COSTA BLANCA UP","article_modified_time":"2018-10-05T08:16:01+00:00","og_image":[{"url":"https:\/\/costablancaup.com\/wp-content\/uploads\/2018\/08\/artalvent2018-cartel.jpg","type":"","width":"","height":""}],"twitter_card":"summary_large_image","twitter_misc":{"Tiempo de lectura":"2 minutos"},"schema":{"@context":"https:\/\/schema.org","@graph":[{"@type":"WebPage","@id":"https:\/\/costablancaup.com\/es\/class\/art-al-vent-2018\/","url":"https:\/\/costablancaup.com\/es\/class\/art-al-vent-2018\/","name":"Art al Vent 2018 - COSTA BLANCA UP","isPartOf":{"@id":"https:\/\/costablancaup.com\/es\/#website"},"primaryImageOfPage":{"@id":"https:\/\/costablancaup.com\/es\/class\/art-al-vent-2018\/#primaryimage"},"image":{"@id":"https:\/\/costablancaup.com\/es\/class\/art-al-vent-2018\/#primaryimage"},"thumbnailUrl":"https:\/\/costablancaup.com\/wp-content\/uploads\/2018\/08\/artalvent2018-cartel.jpg","datePublished":"2018-08-11T09:31:40+00:00","dateModified":"2018-10-05T08:16:01+00:00","breadcrumb":{"@id":"https:\/\/costablancaup.com\/es\/class\/art-al-vent-2018\/#breadcrumb"},"inLanguage":"es","potentialAction":[{"@type":"ReadAction","target":["https:\/\/costablancaup.com\/es\/class\/art-al-vent-2018\/"]}]},{"@type":"ImageObject","inLanguage":"es","@id":"https:\/\/costablancaup.com\/es\/class\/art-al-vent-2018\/#primaryimage","url":"https:\/\/costablancaup.com\/wp-content\/uploads\/2018\/08\/artalvent2018-cartel.jpg","contentUrl":"https:\/\/costablancaup.com\/wp-content\/uploads\/2018\/08\/artalvent2018-cartel.jpg"},{"@type":"BreadcrumbList","@id":"https:\/\/costablancaup.com\/es\/class\/art-al-vent-2018\/#breadcrumb","itemListElement":[{"@type":"ListItem","position":1,"name":"Home","item":"https:\/\/costablancaup.com\/es\/"},{"@type":"ListItem","position":2,"name":"Art al Vent 2018"}]},{"@type":"WebSite","@id":"https:\/\/costablancaup.com\/es\/#website","url":"https:\/\/costablancaup.com\/es\/","name":"COSTA BLANCA UP","description":"Costa Blanca Events and Agenda","publisher":{"@id":"https:\/\/costablancaup.com\/es\/#organization"},"potentialAction":[{"@type":"SearchAction","target":{"@type":"EntryPoint","urlTemplate":"https:\/\/costablancaup.com\/es\/?s={search_term_string}"},"query-input":{"@type":"PropertyValueSpecification","valueRequired":true,"valueName":"search_term_string"}}],"inLanguage":"es"},{"@type":"Organization","@id":"https:\/\/costablancaup.com\/es\/#organization","name":"Costa Blanca Up","url":"https:\/\/costablancaup.com\/es\/","logo":{"@type":"ImageObject","inLanguage":"es","@id":"https:\/\/costablancaup.com\/es\/#\/schema\/logo\/image\/","url":"https:\/\/costablancaup.com\/wp-content\/uploads\/2018\/07\/titulo_web-1.png","contentUrl":"https:\/\/costablancaup.com\/wp-content\/uploads\/2018\/07\/titulo_web-1.png","width":1973,"height":303,"caption":"Costa Blanca Up"},"image":{"@id":"https:\/\/costablancaup.com\/es\/#\/schema\/logo\/image\/"}}]}},"_links":{"self":[{"href":"https:\/\/costablancaup.com\/es\/wp-json\/wp\/v2\/class\/16284","targetHints":{"allow":["GET"]}}],"collection":[{"href":"https:\/\/costablancaup.com\/es\/wp-json\/wp\/v2\/class"}],"about":[{"href":"https:\/\/costablancaup.com\/es\/wp-json\/wp\/v2\/types\/class"}],"wp:attachment":[{"href":"https:\/\/costablancaup.com\/es\/wp-json\/wp\/v2\/media?parent=16284"}],"wp:term":[{"taxonomy":"wcs-type","embeddable":true,"href":"https:\/\/costablancaup.com\/es\/wp-json\/wp\/v2\/wcs-type?post=16284"},{"taxonomy":"wcs-room","embeddable":true,"href":"https:\/\/costablancaup.com\/es\/wp-json\/wp\/v2\/wcs-room?post=16284"},{"taxonomy":"wcs-instructor","embeddable":true,"href":"https:\/\/costablancaup.com\/es\/wp-json\/wp\/v2\/wcs-instructor?post=16284"}],"curies":[{"name":"wp","href":"https:\/\/api.w.org\/{rel}","templated":true}]}}