{"id":16862,"date":"2018-09-20T10:48:18","date_gmt":"2018-09-20T08:48:18","guid":{"rendered":"https:\/\/costablancaup.com\/?post_type=class&#038;p=16862"},"modified":"2018-09-24T11:32:20","modified_gmt":"2018-09-24T09:32:20","slug":"como-decia-mi-abuelo","status":"publish","type":"class","link":"https:\/\/costablancaup.com\/es\/class\/como-decia-mi-abuelo\/","title":{"rendered":"\u00abComo dec\u00eda mi abuelo\u00bb"},"content":{"rendered":"<h3>Un espect\u00e1culo sencillo que nos habla de la tradici\u00f3n oral de los cuentos, de las ense\u00f1anzas de nuestros abuelos, del origen de nuestra cultura, de c\u00f3mo \u00e9ramos hace dos generaciones, de la vida del campo y de los campesinos<\/h3>\n<p>Con humor, drama, exageraciones, picaresca, tristeza, amor e ilusi\u00f3n nuestra gente habla y cuando habla cuenta, tal vez porque por medio de los cuentos puede expresar desde su punto de vista y desde su realidad aquello que tal vez no podr\u00eda decir de otra forma. De este modo el campesino sencillo se asoma al inmenso balc\u00f3n de la imaginaci\u00f3n humana para tomar de ella y dejar en la de los asistentes un pedacito de este pa\u00eds de cuenteros y de cuento.<\/p>\n<p><img decoding=\"async\" class=\"aligncenter\" src=\"\/event_img\/TKT155566_como-decia-mi-abuelo-sabado-29-septiembre-en-clan-cabaret_1.jpg\" alt=\"Como dec\u00eda mi abuelo\" \/><\/p>\n","protected":false},"excerpt":{"rendered":"<p>Un espect\u00e1culo sencillo que nos habla de la tradici\u00f3n oral de los cuentos, de las ense\u00f1anzas de nuestros abuelos, del origen de nuestra cultura, de c\u00f3mo \u00e9ramos hace dos generaciones, de la vida del campo y de los campesinos Con humor, drama, exageraciones, picaresca, tristeza, amor e ilusi\u00f3n nuestra gente habla y cuando habla cuenta, tal vez porque por medio de los cuentos puede expresar desde su punto de vista y desde su realidad aquello que tal vez no podr\u00eda decir de otra forma. De este modo el campesino sencillo se asoma al inmenso balc\u00f3n de la imaginaci\u00f3n humana para [&hellip;]<\/p>\n","protected":false},"template":"","meta":[],"wcs-type":[5356],"wcs-room":[5292],"wcs-instructor":[],"class_list":["post-16862","class","type-class","status-publish","hentry","wcs-type-monologos","wcs-room-alicante-sala-clan-cabaret"],"yoast_head":"<!-- This site is optimized with the Yoast SEO plugin v27.4 - https:\/\/yoast.com\/product\/yoast-seo-wordpress\/ -->\n<title>&quot;Como dec\u00eda mi abuelo&quot; - COSTA BLANCA UP<\/title>\n<meta name=\"robots\" content=\"index, follow, max-snippet:-1, max-image-preview:large, max-video-preview:-1\" \/>\n<link rel=\"canonical\" href=\"https:\/\/costablancaup.com\/es\/class\/como-decia-mi-abuelo\/\" \/>\n<meta property=\"og:locale\" content=\"es_ES\" \/>\n<meta property=\"og:type\" content=\"article\" \/>\n<meta property=\"og:title\" content=\"&quot;Como dec\u00eda mi abuelo&quot; - COSTA BLANCA UP\" \/>\n<meta property=\"og:description\" content=\"Un espect\u00e1culo sencillo que nos habla de la tradici\u00f3n oral de los cuentos, de las ense\u00f1anzas de nuestros abuelos, del origen de nuestra cultura, de c\u00f3mo \u00e9ramos hace dos generaciones, de la vida del campo y de los campesinos Con humor, drama, exageraciones, picaresca, tristeza, amor e ilusi\u00f3n nuestra gente habla y cuando habla cuenta, tal vez porque por medio de los cuentos puede expresar desde su punto de vista y desde su realidad aquello que tal vez no podr\u00eda decir de otra forma. De este modo el campesino sencillo se asoma al inmenso balc\u00f3n de la imaginaci\u00f3n humana para [&hellip;]\" \/>\n<meta property=\"og:url\" content=\"https:\/\/costablancaup.com\/es\/class\/como-decia-mi-abuelo\/\" \/>\n<meta property=\"og:site_name\" content=\"COSTA BLANCA UP\" \/>\n<meta property=\"article:modified_time\" content=\"2018-09-24T09:32:20+00:00\" \/>\n<meta property=\"og:image\" content=\"https:\/\/costablancaup.com\/event_img\/TKT155566_como-decia-mi-abuelo-sabado-29-septiembre-en-clan-cabaret_1.jpg\" \/>\n<meta name=\"twitter:card\" content=\"summary_large_image\" \/>\n<meta name=\"twitter:label1\" content=\"Tiempo de lectura\" \/>\n\t<meta name=\"twitter:data1\" content=\"1 minuto\" \/>\n<script type=\"application\/ld+json\" class=\"yoast-schema-graph\">{\"@context\":\"https:\\\/\\\/schema.org\",\"@graph\":[{\"@type\":\"WebPage\",\"@id\":\"https:\\\/\\\/costablancaup.com\\\/es\\\/class\\\/como-decia-mi-abuelo\\\/\",\"url\":\"https:\\\/\\\/costablancaup.com\\\/es\\\/class\\\/como-decia-mi-abuelo\\\/\",\"name\":\"\\\"Como dec\u00eda mi abuelo\\\" - COSTA BLANCA UP\",\"isPartOf\":{\"@id\":\"https:\\\/\\\/costablancaup.com\\\/es\\\/#website\"},\"datePublished\":\"2018-09-20T08:48:18+00:00\",\"dateModified\":\"2018-09-24T09:32:20+00:00\",\"breadcrumb\":{\"@id\":\"https:\\\/\\\/costablancaup.com\\\/es\\\/class\\\/como-decia-mi-abuelo\\\/#breadcrumb\"},\"inLanguage\":\"es\",\"potentialAction\":[{\"@type\":\"ReadAction\",\"target\":[\"https:\\\/\\\/costablancaup.com\\\/es\\\/class\\\/como-decia-mi-abuelo\\\/\"]}]},{\"@type\":\"BreadcrumbList\",\"@id\":\"https:\\\/\\\/costablancaup.com\\\/es\\\/class\\\/como-decia-mi-abuelo\\\/#breadcrumb\",\"itemListElement\":[{\"@type\":\"ListItem\",\"position\":1,\"name\":\"Home\",\"item\":\"https:\\\/\\\/costablancaup.com\\\/es\\\/\"},{\"@type\":\"ListItem\",\"position\":2,\"name\":\"\u00abComo dec\u00eda mi abuelo\u00bb\"}]},{\"@type\":\"WebSite\",\"@id\":\"https:\\\/\\\/costablancaup.com\\\/es\\\/#website\",\"url\":\"https:\\\/\\\/costablancaup.com\\\/es\\\/\",\"name\":\"COSTA BLANCA UP\",\"description\":\"Costa Blanca Events and Agenda\",\"publisher\":{\"@id\":\"https:\\\/\\\/costablancaup.com\\\/es\\\/#organization\"},\"potentialAction\":[{\"@type\":\"SearchAction\",\"target\":{\"@type\":\"EntryPoint\",\"urlTemplate\":\"https:\\\/\\\/costablancaup.com\\\/es\\\/?s={search_term_string}\"},\"query-input\":{\"@type\":\"PropertyValueSpecification\",\"valueRequired\":true,\"valueName\":\"search_term_string\"}}],\"inLanguage\":\"es\"},{\"@type\":\"Organization\",\"@id\":\"https:\\\/\\\/costablancaup.com\\\/es\\\/#organization\",\"name\":\"Costa Blanca Up\",\"url\":\"https:\\\/\\\/costablancaup.com\\\/es\\\/\",\"logo\":{\"@type\":\"ImageObject\",\"inLanguage\":\"es\",\"@id\":\"https:\\\/\\\/costablancaup.com\\\/es\\\/#\\\/schema\\\/logo\\\/image\\\/\",\"url\":\"https:\\\/\\\/costablancaup.com\\\/wp-content\\\/uploads\\\/2018\\\/07\\\/titulo_web-1.png\",\"contentUrl\":\"https:\\\/\\\/costablancaup.com\\\/wp-content\\\/uploads\\\/2018\\\/07\\\/titulo_web-1.png\",\"width\":1973,\"height\":303,\"caption\":\"Costa Blanca Up\"},\"image\":{\"@id\":\"https:\\\/\\\/costablancaup.com\\\/es\\\/#\\\/schema\\\/logo\\\/image\\\/\"}}]}<\/script>\n<!-- \/ Yoast SEO plugin. -->","yoast_head_json":{"title":"\"Como dec\u00eda mi abuelo\" - COSTA BLANCA UP","robots":{"index":"index","follow":"follow","max-snippet":"max-snippet:-1","max-image-preview":"max-image-preview:large","max-video-preview":"max-video-preview:-1"},"canonical":"https:\/\/costablancaup.com\/es\/class\/como-decia-mi-abuelo\/","og_locale":"es_ES","og_type":"article","og_title":"\"Como dec\u00eda mi abuelo\" - COSTA BLANCA UP","og_description":"Un espect\u00e1culo sencillo que nos habla de la tradici\u00f3n oral de los cuentos, de las ense\u00f1anzas de nuestros abuelos, del origen de nuestra cultura, de c\u00f3mo \u00e9ramos hace dos generaciones, de la vida del campo y de los campesinos Con humor, drama, exageraciones, picaresca, tristeza, amor e ilusi\u00f3n nuestra gente habla y cuando habla cuenta, tal vez porque por medio de los cuentos puede expresar desde su punto de vista y desde su realidad aquello que tal vez no podr\u00eda decir de otra forma. De este modo el campesino sencillo se asoma al inmenso balc\u00f3n de la imaginaci\u00f3n humana para [&hellip;]","og_url":"https:\/\/costablancaup.com\/es\/class\/como-decia-mi-abuelo\/","og_site_name":"COSTA BLANCA UP","article_modified_time":"2018-09-24T09:32:20+00:00","og_image":[{"url":"https:\/\/costablancaup.com\/event_img\/TKT155566_como-decia-mi-abuelo-sabado-29-septiembre-en-clan-cabaret_1.jpg","type":"","width":"","height":""}],"twitter_card":"summary_large_image","twitter_misc":{"Tiempo de lectura":"1 minuto"},"schema":{"@context":"https:\/\/schema.org","@graph":[{"@type":"WebPage","@id":"https:\/\/costablancaup.com\/es\/class\/como-decia-mi-abuelo\/","url":"https:\/\/costablancaup.com\/es\/class\/como-decia-mi-abuelo\/","name":"\"Como dec\u00eda mi abuelo\" - COSTA BLANCA UP","isPartOf":{"@id":"https:\/\/costablancaup.com\/es\/#website"},"datePublished":"2018-09-20T08:48:18+00:00","dateModified":"2018-09-24T09:32:20+00:00","breadcrumb":{"@id":"https:\/\/costablancaup.com\/es\/class\/como-decia-mi-abuelo\/#breadcrumb"},"inLanguage":"es","potentialAction":[{"@type":"ReadAction","target":["https:\/\/costablancaup.com\/es\/class\/como-decia-mi-abuelo\/"]}]},{"@type":"BreadcrumbList","@id":"https:\/\/costablancaup.com\/es\/class\/como-decia-mi-abuelo\/#breadcrumb","itemListElement":[{"@type":"ListItem","position":1,"name":"Home","item":"https:\/\/costablancaup.com\/es\/"},{"@type":"ListItem","position":2,"name":"\u00abComo dec\u00eda mi abuelo\u00bb"}]},{"@type":"WebSite","@id":"https:\/\/costablancaup.com\/es\/#website","url":"https:\/\/costablancaup.com\/es\/","name":"COSTA BLANCA UP","description":"Costa Blanca Events and Agenda","publisher":{"@id":"https:\/\/costablancaup.com\/es\/#organization"},"potentialAction":[{"@type":"SearchAction","target":{"@type":"EntryPoint","urlTemplate":"https:\/\/costablancaup.com\/es\/?s={search_term_string}"},"query-input":{"@type":"PropertyValueSpecification","valueRequired":true,"valueName":"search_term_string"}}],"inLanguage":"es"},{"@type":"Organization","@id":"https:\/\/costablancaup.com\/es\/#organization","name":"Costa Blanca Up","url":"https:\/\/costablancaup.com\/es\/","logo":{"@type":"ImageObject","inLanguage":"es","@id":"https:\/\/costablancaup.com\/es\/#\/schema\/logo\/image\/","url":"https:\/\/costablancaup.com\/wp-content\/uploads\/2018\/07\/titulo_web-1.png","contentUrl":"https:\/\/costablancaup.com\/wp-content\/uploads\/2018\/07\/titulo_web-1.png","width":1973,"height":303,"caption":"Costa Blanca Up"},"image":{"@id":"https:\/\/costablancaup.com\/es\/#\/schema\/logo\/image\/"}}]}},"_links":{"self":[{"href":"https:\/\/costablancaup.com\/es\/wp-json\/wp\/v2\/class\/16862","targetHints":{"allow":["GET"]}}],"collection":[{"href":"https:\/\/costablancaup.com\/es\/wp-json\/wp\/v2\/class"}],"about":[{"href":"https:\/\/costablancaup.com\/es\/wp-json\/wp\/v2\/types\/class"}],"wp:attachment":[{"href":"https:\/\/costablancaup.com\/es\/wp-json\/wp\/v2\/media?parent=16862"}],"wp:term":[{"taxonomy":"wcs-type","embeddable":true,"href":"https:\/\/costablancaup.com\/es\/wp-json\/wp\/v2\/wcs-type?post=16862"},{"taxonomy":"wcs-room","embeddable":true,"href":"https:\/\/costablancaup.com\/es\/wp-json\/wp\/v2\/wcs-room?post=16862"},{"taxonomy":"wcs-instructor","embeddable":true,"href":"https:\/\/costablancaup.com\/es\/wp-json\/wp\/v2\/wcs-instructor?post=16862"}],"curies":[{"name":"wp","href":"https:\/\/api.w.org\/{rel}","templated":true}]}}