{"id":17548,"date":"2018-09-27T12:47:46","date_gmt":"2018-09-27T10:47:46","guid":{"rendered":"https:\/\/costablancaup.com\/?post_type=class&#038;p=17548"},"modified":"2018-10-02T15:48:30","modified_gmt":"2018-10-02T13:48:30","slug":"dna-festival-gastronomico-sabado","status":"publish","type":"class","link":"https:\/\/costablancaup.com\/es\/class\/dna-festival-gastronomico-sabado\/","title":{"rendered":"D*na Festival Gastron\u00f3mico (s\u00e1bado)"},"content":{"rendered":"<h3>El Festival se celebrar\u00e1 los d\u00edas 29 y 30 de septiembre, en el paseo de la Marineta Cassiana de D\u00e9nia<\/h3>\n<p>Este evento quiere rendir homenaje a la gastronom\u00eda como esencia del estilo de vida mediterr\u00e1neo, como parte de su ADN cultural y tiene como tem\u00e1tica principal a la creatividad en torno al producto.<\/p>\n<p>Est\u00e1 dirigido a todo el p\u00fablico, tanto mayores como peque\u00f1os podr\u00e1n disfrutar de forma gratuita de dos d\u00edas intensos de actividades.<\/p>\n<p>Los m\u00e1s de 30 prestigiosos chefs venidos de todo el mundo se repartir\u00e1n en dos escenarios al aire libre para contarnos a trav\u00e9s de \u00abshowcookings\u00bb cu\u00e1l es su materia prima predilecta, aquella que ha definido su cocina y su trayectoria creativa.<\/p>\n<p>Adem\u00e1s de las ponencias y creaciones de los cocineros, D*na contar\u00e1 tambi\u00e9n con actividades infantiles, habr\u00e1 puestos de restauraci\u00f3n y zona de \u00abfood trucks\u00bb, puestos artesanos y de venta de productos locales, \u00e1reas de chill out para descansar, m\u00fasica en directo, pasacalles y muchas m\u00e1s actividades.<\/p>\n<h3>Programaci\u00f3n s\u00e1bado, 29 de septiembre<\/h3>\n<p><strong>Escenario Principal<\/strong><\/p>\n<ul>\n<li>12:00 a 12:45: Bruno Ruiz (Aticcook, D\u00e9nia) &#8211; \u201cGamba\u201d.<\/li>\n<li>12:45 a 13:30: Oriol Castro (Disfrutar, Barcelona) &#8211; \u201cEsparde\u00f1a\u201d.<\/li>\n<li>13:30 a 14:15: M\u00aa Jos\u00e9 Mart\u00ednez (Lienzo, Valencia) &#8211; \u201cMa\u00edz\u201d.<\/li>\n<li>14:15 a 15:00: Pedro Mor\u00e1n (Casa Gerardo, Prendes, Asturias) &#8211; \u201cFaba\u201d.<\/li>\n<li>16:00 a 16:45: Pepe Solla (Casa Solla, Poio, Pontevedra) &#8211; \u201cPescado\u201d.<\/li>\n<li>16:45 a 17:30: Vicky Sevilla (Arrels, Sagunto) &#8211; \u201cSalmonete\u201d.<\/li>\n<li>17:30 a 18:15: Santiago Prieto (Sents, Ontinyent) &#8211; \u201cVerdura\u201d.<\/li>\n<li>18:15 a 19:00: Nan\u00edn P\u00e9rez (Murri, Alicante) &#8211; \u201cMoringa\u201d.<\/li>\n<li>19:00 a 19:45: Elena Arzak (Arzak, San Sebasti\u00e1n, Guipuzkoa) &#8211; \u201cChipir\u00f3n\u201d.<\/li>\n<\/ul>\n<p>&nbsp;<\/p>\n<p><strong>Escenario Central<\/strong><\/p>\n<ul>\n<li>12:00 a 12:45: Antonio Crespo y Ximo Pastor (Red CdT Comunidad Valenciana) \u2013 \u201c\u00d1ora de Guardamar y arroces alicantinos\u201d.<\/li>\n<li>12:45 a 13:30: Jos\u00e9 M\u00ba Donate y Jos\u00e9 Miguel Cremades (Ricardo Fuentes Salazones) \u2013 \u201cSal, humo y nuevos salazones\u201d.<\/li>\n<li>13:30 a 14:15: H\u00e9ctor Molina (El3ments, Villareal) \u2013 \u201cVerdura Ribera Baja\u201d.<\/li>\n<li>14:15 a 15:00: Jordi Nin (Coqueria de Jes\u00fas Pobre) \u2013 \u201cPasa\u201d.<\/li>\n<li>16:00 a 16:45: Thomas Codiglia Engum Madsen (Biologen Aquarium. Ciudad Creativa de la Gastronom\u00eda: Bergen, Noruega) \u2013 \u201cAlga y cordero salvaje\u201d.<\/li>\n<li>16:45 a 17:30: Salva Casta\u00f1o (Elche) \u2013 \u201cArroz con Costra\u201d.<\/li>\n<li>17:30 a 18:15: Pep Romany (Pont Sec, D\u00e9nia) \u2013 \u201cSalaz\u00f3n Antiguo\u201d.<\/li>\n<li>18:15 a 19:00: Bati Bordes (El Marino, D\u00e9nia) \u2013 \u201cMariscos de D\u00e9nia\u201d.<\/li>\n<li>19:00 a 19:45: Ciriaco Vicente Ausina (D.O. Chufa de Val\u00e8ncia) \u2013 \u201cChufa y fart\u00f3n\u201d.<\/li>\n<\/ul>\n<p>&nbsp;<\/p>\n<p><strong>Talleres infantiles<\/strong><\/p>\n<ul>\n<li>12:00 a 13:00: Arroces del Mediterr\u00e1neo I.<\/li>\n<li>13:00 a 14:00: Arroces del Mediterr\u00e1neo I.<\/li>\n<li>16:00 a 17:00: Cocas I.<\/li>\n<li>17:00 a 18:00: Cocas II.<\/li>\n<li>19:00 a 20:00: Elaboraci\u00f3n de horchata I.<\/li>\n<li>20:00 a 21:00: Elaboraci\u00f3n de horchata II.<\/li>\n<\/ul>\n<p>&nbsp;<\/p>\n<p><img loading=\"lazy\" decoding=\"async\" src=\"https:\/\/costablancaup.com\/wp-content\/uploads\/2018\/09\/dna-foto.jpg\" alt=\"D*na Festival Gastron\u00f3mico 2018\" width=\"800\" height=\"446\" class=\"aligncenter size-full wp-image-17549\" srcset=\"https:\/\/costablancaup.com\/wp-content\/uploads\/2018\/09\/dna-foto.jpg 800w, https:\/\/costablancaup.com\/wp-content\/uploads\/2018\/09\/dna-foto-300x167.jpg 300w, https:\/\/costablancaup.com\/wp-content\/uploads\/2018\/09\/dna-foto-768x428.jpg 768w, https:\/\/costablancaup.com\/wp-content\/uploads\/2018\/09\/dna-foto-400x223.jpg 400w\" sizes=\"auto, (max-width: 800px) 100vw, 800px\" \/><\/p>\n","protected":false},"excerpt":{"rendered":"<p>El Festival se celebrar\u00e1 los d\u00edas 29 y 30 de septiembre, en el paseo de la Marineta Cassiana de D\u00e9nia Este evento quiere rendir homenaje a la gastronom\u00eda como esencia del estilo de vida mediterr\u00e1neo, como parte de su ADN cultural y tiene como tem\u00e1tica principal a la creatividad en torno al producto. Est\u00e1 dirigido a todo el p\u00fablico, tanto mayores como peque\u00f1os podr\u00e1n disfrutar de forma gratuita de dos d\u00edas intensos de actividades. Los m\u00e1s de 30 prestigiosos chefs venidos de todo el mundo se repartir\u00e1n en dos escenarios al aire libre para contarnos a trav\u00e9s de \u00abshowcookings\u00bb cu\u00e1l [&hellip;]<\/p>\n","protected":false},"template":"","meta":[],"wcs-type":[5372,5226],"wcs-room":[5367],"wcs-instructor":[],"class_list":["post-17548","class","type-class","status-publish","hentry","wcs-type-gastronomia","wcs-type-otros","wcs-room-paseo-de-la-marineta-cassiana-denia"],"yoast_head":"<!-- This site is optimized with the Yoast SEO plugin v27.4 - https:\/\/yoast.com\/product\/yoast-seo-wordpress\/ -->\n<title>D*na Festival Gastron\u00f3mico (s\u00e1bado) - COSTA BLANCA UP<\/title>\n<meta name=\"robots\" content=\"index, follow, max-snippet:-1, max-image-preview:large, max-video-preview:-1\" \/>\n<link rel=\"canonical\" href=\"https:\/\/costablancaup.com\/es\/class\/dna-festival-gastronomico-sabado\/\" \/>\n<meta property=\"og:locale\" content=\"es_ES\" \/>\n<meta property=\"og:type\" content=\"article\" \/>\n<meta property=\"og:title\" content=\"D*na Festival Gastron\u00f3mico (s\u00e1bado) - COSTA BLANCA UP\" \/>\n<meta property=\"og:description\" content=\"El Festival se celebrar\u00e1 los d\u00edas 29 y 30 de septiembre, en el paseo de la Marineta Cassiana de D\u00e9nia Este evento quiere rendir homenaje a la gastronom\u00eda como esencia del estilo de vida mediterr\u00e1neo, como parte de su ADN cultural y tiene como tem\u00e1tica principal a la creatividad en torno al producto. Est\u00e1 dirigido a todo el p\u00fablico, tanto mayores como peque\u00f1os podr\u00e1n disfrutar de forma gratuita de dos d\u00edas intensos de actividades. Los m\u00e1s de 30 prestigiosos chefs venidos de todo el mundo se repartir\u00e1n en dos escenarios al aire libre para contarnos a trav\u00e9s de \u00abshowcookings\u00bb cu\u00e1l [&hellip;]\" \/>\n<meta property=\"og:url\" content=\"https:\/\/costablancaup.com\/es\/class\/dna-festival-gastronomico-sabado\/\" \/>\n<meta property=\"og:site_name\" content=\"COSTA BLANCA UP\" \/>\n<meta property=\"article:modified_time\" content=\"2018-10-02T13:48:30+00:00\" \/>\n<meta property=\"og:image\" content=\"https:\/\/costablancaup.com\/wp-content\/uploads\/2018\/09\/dna-foto.jpg\" \/>\n<meta name=\"twitter:card\" content=\"summary_large_image\" \/>\n<meta name=\"twitter:label1\" content=\"Tiempo de lectura\" \/>\n\t<meta name=\"twitter:data1\" content=\"2 minutos\" \/>\n<script type=\"application\/ld+json\" class=\"yoast-schema-graph\">{\"@context\":\"https:\\\/\\\/schema.org\",\"@graph\":[{\"@type\":\"WebPage\",\"@id\":\"https:\\\/\\\/costablancaup.com\\\/es\\\/class\\\/dna-festival-gastronomico-sabado\\\/\",\"url\":\"https:\\\/\\\/costablancaup.com\\\/es\\\/class\\\/dna-festival-gastronomico-sabado\\\/\",\"name\":\"D*na Festival Gastron\u00f3mico (s\u00e1bado) - COSTA BLANCA UP\",\"isPartOf\":{\"@id\":\"https:\\\/\\\/costablancaup.com\\\/es\\\/#website\"},\"primaryImageOfPage\":{\"@id\":\"https:\\\/\\\/costablancaup.com\\\/es\\\/class\\\/dna-festival-gastronomico-sabado\\\/#primaryimage\"},\"image\":{\"@id\":\"https:\\\/\\\/costablancaup.com\\\/es\\\/class\\\/dna-festival-gastronomico-sabado\\\/#primaryimage\"},\"thumbnailUrl\":\"https:\\\/\\\/costablancaup.com\\\/wp-content\\\/uploads\\\/2018\\\/09\\\/dna-foto.jpg\",\"datePublished\":\"2018-09-27T10:47:46+00:00\",\"dateModified\":\"2018-10-02T13:48:30+00:00\",\"breadcrumb\":{\"@id\":\"https:\\\/\\\/costablancaup.com\\\/es\\\/class\\\/dna-festival-gastronomico-sabado\\\/#breadcrumb\"},\"inLanguage\":\"es\",\"potentialAction\":[{\"@type\":\"ReadAction\",\"target\":[\"https:\\\/\\\/costablancaup.com\\\/es\\\/class\\\/dna-festival-gastronomico-sabado\\\/\"]}]},{\"@type\":\"ImageObject\",\"inLanguage\":\"es\",\"@id\":\"https:\\\/\\\/costablancaup.com\\\/es\\\/class\\\/dna-festival-gastronomico-sabado\\\/#primaryimage\",\"url\":\"https:\\\/\\\/costablancaup.com\\\/wp-content\\\/uploads\\\/2018\\\/09\\\/dna-foto.jpg\",\"contentUrl\":\"https:\\\/\\\/costablancaup.com\\\/wp-content\\\/uploads\\\/2018\\\/09\\\/dna-foto.jpg\"},{\"@type\":\"BreadcrumbList\",\"@id\":\"https:\\\/\\\/costablancaup.com\\\/es\\\/class\\\/dna-festival-gastronomico-sabado\\\/#breadcrumb\",\"itemListElement\":[{\"@type\":\"ListItem\",\"position\":1,\"name\":\"Home\",\"item\":\"https:\\\/\\\/costablancaup.com\\\/es\\\/\"},{\"@type\":\"ListItem\",\"position\":2,\"name\":\"D*na Festival Gastron\u00f3mico (s\u00e1bado)\"}]},{\"@type\":\"WebSite\",\"@id\":\"https:\\\/\\\/costablancaup.com\\\/es\\\/#website\",\"url\":\"https:\\\/\\\/costablancaup.com\\\/es\\\/\",\"name\":\"COSTA BLANCA UP\",\"description\":\"Costa Blanca Events and Agenda\",\"publisher\":{\"@id\":\"https:\\\/\\\/costablancaup.com\\\/es\\\/#organization\"},\"potentialAction\":[{\"@type\":\"SearchAction\",\"target\":{\"@type\":\"EntryPoint\",\"urlTemplate\":\"https:\\\/\\\/costablancaup.com\\\/es\\\/?s={search_term_string}\"},\"query-input\":{\"@type\":\"PropertyValueSpecification\",\"valueRequired\":true,\"valueName\":\"search_term_string\"}}],\"inLanguage\":\"es\"},{\"@type\":\"Organization\",\"@id\":\"https:\\\/\\\/costablancaup.com\\\/es\\\/#organization\",\"name\":\"Costa Blanca Up\",\"url\":\"https:\\\/\\\/costablancaup.com\\\/es\\\/\",\"logo\":{\"@type\":\"ImageObject\",\"inLanguage\":\"es\",\"@id\":\"https:\\\/\\\/costablancaup.com\\\/es\\\/#\\\/schema\\\/logo\\\/image\\\/\",\"url\":\"https:\\\/\\\/costablancaup.com\\\/wp-content\\\/uploads\\\/2018\\\/07\\\/titulo_web-1.png\",\"contentUrl\":\"https:\\\/\\\/costablancaup.com\\\/wp-content\\\/uploads\\\/2018\\\/07\\\/titulo_web-1.png\",\"width\":1973,\"height\":303,\"caption\":\"Costa Blanca Up\"},\"image\":{\"@id\":\"https:\\\/\\\/costablancaup.com\\\/es\\\/#\\\/schema\\\/logo\\\/image\\\/\"}}]}<\/script>\n<!-- \/ Yoast SEO plugin. -->","yoast_head_json":{"title":"D*na Festival Gastron\u00f3mico (s\u00e1bado) - COSTA BLANCA UP","robots":{"index":"index","follow":"follow","max-snippet":"max-snippet:-1","max-image-preview":"max-image-preview:large","max-video-preview":"max-video-preview:-1"},"canonical":"https:\/\/costablancaup.com\/es\/class\/dna-festival-gastronomico-sabado\/","og_locale":"es_ES","og_type":"article","og_title":"D*na Festival Gastron\u00f3mico (s\u00e1bado) - COSTA BLANCA UP","og_description":"El Festival se celebrar\u00e1 los d\u00edas 29 y 30 de septiembre, en el paseo de la Marineta Cassiana de D\u00e9nia Este evento quiere rendir homenaje a la gastronom\u00eda como esencia del estilo de vida mediterr\u00e1neo, como parte de su ADN cultural y tiene como tem\u00e1tica principal a la creatividad en torno al producto. Est\u00e1 dirigido a todo el p\u00fablico, tanto mayores como peque\u00f1os podr\u00e1n disfrutar de forma gratuita de dos d\u00edas intensos de actividades. Los m\u00e1s de 30 prestigiosos chefs venidos de todo el mundo se repartir\u00e1n en dos escenarios al aire libre para contarnos a trav\u00e9s de \u00abshowcookings\u00bb cu\u00e1l [&hellip;]","og_url":"https:\/\/costablancaup.com\/es\/class\/dna-festival-gastronomico-sabado\/","og_site_name":"COSTA BLANCA UP","article_modified_time":"2018-10-02T13:48:30+00:00","og_image":[{"url":"https:\/\/costablancaup.com\/wp-content\/uploads\/2018\/09\/dna-foto.jpg","type":"","width":"","height":""}],"twitter_card":"summary_large_image","twitter_misc":{"Tiempo de lectura":"2 minutos"},"schema":{"@context":"https:\/\/schema.org","@graph":[{"@type":"WebPage","@id":"https:\/\/costablancaup.com\/es\/class\/dna-festival-gastronomico-sabado\/","url":"https:\/\/costablancaup.com\/es\/class\/dna-festival-gastronomico-sabado\/","name":"D*na Festival Gastron\u00f3mico (s\u00e1bado) - COSTA BLANCA UP","isPartOf":{"@id":"https:\/\/costablancaup.com\/es\/#website"},"primaryImageOfPage":{"@id":"https:\/\/costablancaup.com\/es\/class\/dna-festival-gastronomico-sabado\/#primaryimage"},"image":{"@id":"https:\/\/costablancaup.com\/es\/class\/dna-festival-gastronomico-sabado\/#primaryimage"},"thumbnailUrl":"https:\/\/costablancaup.com\/wp-content\/uploads\/2018\/09\/dna-foto.jpg","datePublished":"2018-09-27T10:47:46+00:00","dateModified":"2018-10-02T13:48:30+00:00","breadcrumb":{"@id":"https:\/\/costablancaup.com\/es\/class\/dna-festival-gastronomico-sabado\/#breadcrumb"},"inLanguage":"es","potentialAction":[{"@type":"ReadAction","target":["https:\/\/costablancaup.com\/es\/class\/dna-festival-gastronomico-sabado\/"]}]},{"@type":"ImageObject","inLanguage":"es","@id":"https:\/\/costablancaup.com\/es\/class\/dna-festival-gastronomico-sabado\/#primaryimage","url":"https:\/\/costablancaup.com\/wp-content\/uploads\/2018\/09\/dna-foto.jpg","contentUrl":"https:\/\/costablancaup.com\/wp-content\/uploads\/2018\/09\/dna-foto.jpg"},{"@type":"BreadcrumbList","@id":"https:\/\/costablancaup.com\/es\/class\/dna-festival-gastronomico-sabado\/#breadcrumb","itemListElement":[{"@type":"ListItem","position":1,"name":"Home","item":"https:\/\/costablancaup.com\/es\/"},{"@type":"ListItem","position":2,"name":"D*na Festival Gastron\u00f3mico (s\u00e1bado)"}]},{"@type":"WebSite","@id":"https:\/\/costablancaup.com\/es\/#website","url":"https:\/\/costablancaup.com\/es\/","name":"COSTA BLANCA UP","description":"Costa Blanca Events and Agenda","publisher":{"@id":"https:\/\/costablancaup.com\/es\/#organization"},"potentialAction":[{"@type":"SearchAction","target":{"@type":"EntryPoint","urlTemplate":"https:\/\/costablancaup.com\/es\/?s={search_term_string}"},"query-input":{"@type":"PropertyValueSpecification","valueRequired":true,"valueName":"search_term_string"}}],"inLanguage":"es"},{"@type":"Organization","@id":"https:\/\/costablancaup.com\/es\/#organization","name":"Costa Blanca Up","url":"https:\/\/costablancaup.com\/es\/","logo":{"@type":"ImageObject","inLanguage":"es","@id":"https:\/\/costablancaup.com\/es\/#\/schema\/logo\/image\/","url":"https:\/\/costablancaup.com\/wp-content\/uploads\/2018\/07\/titulo_web-1.png","contentUrl":"https:\/\/costablancaup.com\/wp-content\/uploads\/2018\/07\/titulo_web-1.png","width":1973,"height":303,"caption":"Costa Blanca Up"},"image":{"@id":"https:\/\/costablancaup.com\/es\/#\/schema\/logo\/image\/"}}]}},"_links":{"self":[{"href":"https:\/\/costablancaup.com\/es\/wp-json\/wp\/v2\/class\/17548","targetHints":{"allow":["GET"]}}],"collection":[{"href":"https:\/\/costablancaup.com\/es\/wp-json\/wp\/v2\/class"}],"about":[{"href":"https:\/\/costablancaup.com\/es\/wp-json\/wp\/v2\/types\/class"}],"wp:attachment":[{"href":"https:\/\/costablancaup.com\/es\/wp-json\/wp\/v2\/media?parent=17548"}],"wp:term":[{"taxonomy":"wcs-type","embeddable":true,"href":"https:\/\/costablancaup.com\/es\/wp-json\/wp\/v2\/wcs-type?post=17548"},{"taxonomy":"wcs-room","embeddable":true,"href":"https:\/\/costablancaup.com\/es\/wp-json\/wp\/v2\/wcs-room?post=17548"},{"taxonomy":"wcs-instructor","embeddable":true,"href":"https:\/\/costablancaup.com\/es\/wp-json\/wp\/v2\/wcs-instructor?post=17548"}],"curies":[{"name":"wp","href":"https:\/\/api.w.org\/{rel}","templated":true}]}}