{"id":17934,"date":"2018-10-08T13:28:46","date_gmt":"2018-10-08T11:28:46","guid":{"rendered":"https:\/\/costablancaup.com\/?post_type=class&#038;p=17934"},"modified":"2018-10-08T13:28:46","modified_gmt":"2018-10-08T11:28:46","slug":"primer-corte-de-la-miel-de-ayora","status":"publish","type":"class","link":"https:\/\/costablancaup.com\/es\/class\/primer-corte-de-la-miel-de-ayora\/","title":{"rendered":"\u00abPrimer Corte de la Miel\u00bb de Ayora"},"content":{"rendered":"<h2>Del 11 al 14 de octubre se celebra en Ayora (Valencia) \u00abEl Primer Corte de la Miel\u00bb, un evento ap\u00edcola, gastron\u00f3mico, tur\u00edstico y cultural, que tiene como hilo conductor la miel, producto por excelencia de la poblaci\u00f3n, muy valorado por su calidad.<\/h2>\n<p>A lo largo de cuatro d\u00edas el recinto ferial permanecer\u00e1 abierto en un amplio horario para disfrutar de la XVIII edici\u00f3n de este evento declarado <em>Fiesta de Inter\u00e9s Tur\u00edstico Auton\u00f3mico de la Comunitat Valenciana<\/em>.<\/p>\n<p>El recinto ferial, ubicado en la Plaza Mayor de la localidad, est\u00e1 estructurado en diferentes \u00e1reas: ap\u00edcola, gastron\u00f3mica, zona infantil, zona de artesan\u00eda, zona comercial y callejones tem\u00e1ticos.<\/p>\n<p>Los amantes de la miel podr\u00e1n deleitarse en la <strong>zona ap\u00edcola<\/strong>, con los diferentes stands de los productores ap\u00edcolas locales donde disfrutar\u00e1n de las diferentes variedades de mieles y productos derivados de la misma (prop\u00f3leos, jalea real, dulces, cosm\u00e9tica,\u2026) que producen.<\/p>\n<p>Adem\u00e1s, en esta zona, los visitantes encontrar\u00e1n el mayor atractivo de la feria, una gran urna de cristal con colmenas en su interior, donde los apicultores entran y reproducen su trabajo desde que se instala la colmena hasta el momento de extracci\u00f3n de la miel (que posteriormente dan a degustar al p\u00fablico).<\/p>\n<p>En la <strong>zona gastron\u00f3mica<\/strong>, los visitantes podr\u00e1n degustar productos locales como aceites, embutidos, vinos, salazones o quesos, as\u00ed como los platos m\u00e1s t\u00edpicos de la cocina de Ayora y su comarca.<\/p>\n<p>En la <strong>zona infantil<\/strong> los m\u00e1s peque\u00f1os podr\u00e1n entretenerse realizando diversas actividades did\u00e1cticas como pintacaras, globoflexia y manualidades que les ayudar\u00e1n a conocer los secretos de la apicultura.<\/p>\n<p>En la <strong>zona de artesan\u00eda<\/strong> se ubica un mercado medieval con numerosos puestos artesanales.<\/p>\n<p>En la <strong>zona comercial<\/strong> podr\u00e1 encontrar expositores con una amplia variedad de productos.<\/p>\n<p>En los <strong>callejones tem\u00e1ticos<\/strong> se realizar\u00e1n exposiciones al aire libre con diferentes tem\u00e1ticas (patrimonio, fiestas, tradiciones, &#8230;) que buscar\u00e1n despertar el inter\u00e9s de los visitantes.<\/p>\n<p>Adem\u00e1s, durante estos d\u00edas se realizar\u00e1n visitas guiadas para conocer las pinturas rupestres del \u00abAbrigo de Tortosilla\u00bb, <em>Patrimonio de la Humanidad<\/em>, y el \u00abpoblado \u00cdbero de Castellar de Meca\u00bb, as\u00ed como a otros Bienes de Inter\u00e9s Cultural de la poblaci\u00f3n.<\/p>\n<h3>Programa<\/h3>\n<ul>\n<li><a target=\"_blank\" href=\"https:\/\/costablancaup.com\/wp-content\/uploads\/2018\/10\/corte-de-la-miel-ayora-2018.pdf\">Descargar el programa de actos<\/a><\/li>\n<\/ul>\n<h3>Localizaci\u00f3n<\/h3>\n\r\n            \r\n            \r\n            \r\n            <a name='map52'><\/a>\r\n            \r\n            \r\n            \r\n            \r\n            <div class=\"wpgmza_map \"  id=\"wpgmza_map_52\" style=\"display:block; overflow:auto; width:100%; height:400px; float:left;\" data-settings='{\"id\":\"52\",\"map_title\":\"Plaza Mayor (Ayora)\",\"map_width\":\"100\",\"map_height\":\"400\",\"map_start_lat\":\"39.059690\",\"map_start_lng\":\"-1.055774\",\"map_start_location\":\"39.059690161847215,-1.0557737391685578\",\"map_start_zoom\":\"17\",\"default_marker\":\"0\",\"type\":\"1\",\"alignment\":\"1\",\"directions_enabled\":\"0\",\"styling_enabled\":\"0\",\"styling_json\":\"\",\"active\":\"0\",\"kml\":\"\",\"bicycle\":\"0\",\"traffic\":\"0\",\"dbox\":\"1\",\"dbox_width\":\"100\",\"listmarkers\":\"0\",\"listmarkers_advanced\":\"0\",\"filterbycat\":\"0\",\"ugm_enabled\":\"0\",\"ugm_category_enabled\":\"0\",\"fusion\":\"\",\"map_width_type\":\"\\\\%\",\"map_height_type\":\"px\",\"mass_marker_support\":\"0\",\"ugm_access\":\"0\",\"order_markers_by\":\"1\",\"order_markers_choice\":\"2\",\"show_user_location\":\"2\",\"default_to\":\"\",\"other_settings\":{\"wpgmza_store_locator_restrict\":\"\",\"wpgmza_sl_animation\":\"1\",\"store_locator_query_string\":\"ZIP \\\/ Address:\",\"store_locator_name_string\":\"Title \\\/ Description:\",\"store_locator_default_address\":\"\",\"wpgmza_dbox_width_type\":\"%\",\"map_max_zoom\":\"3\",\"map_min_zoom\":\"21\",\"sl_stroke_color\":\"FF0000\",\"sl_stroke_opacity\":\"0.25\",\"sl_fill_color\":\"FF0000\",\"sl_fill_opacity\":\"0.15\",\"click_open_link\":2,\"transport_layer\":0,\"iw_primary_color\":\"2A3744\",\"iw_accent_color\":\"252F3A\",\"iw_text_color\":\"FFFFFF\",\"wpgmza_iw_type\":\"0\",\"list_markers_by\":\"0\",\"push_in_map\":\"\",\"push_in_map_placement\":\"9\",\"wpgmza_push_in_map_width\":\"\",\"wpgmza_push_in_map_height\":\"\",\"wpgmza_theme_data\":\"\",\"upload_default_ul_marker\":\"\",\"upload_default_sl_marker\":\"\",\"shortcodeAttributes\":{\"id\":\"52\"}}}' data-map-id='52' data-shortcode-attributes='{\"id\":\"52\"}'> <\/div>\r\n            \r\n               \r\n        \n","protected":false},"excerpt":{"rendered":"<p>Del 11 al 14 de octubre se celebra en Ayora (Valencia) \u00abEl Primer Corte de la Miel\u00bb, un evento ap\u00edcola, gastron\u00f3mico, tur\u00edstico y cultural, que tiene como hilo conductor la miel, producto por excelencia de la poblaci\u00f3n, muy valorado por su calidad. A lo largo de cuatro d\u00edas el recinto ferial permanecer\u00e1 abierto en un amplio horario para disfrutar de la XVIII edici\u00f3n de este evento declarado Fiesta de Inter\u00e9s Tur\u00edstico Auton\u00f3mico de la Comunitat Valenciana. El recinto ferial, ubicado en la Plaza Mayor de la localidad, est\u00e1 estructurado en diferentes \u00e1reas: ap\u00edcola, gastron\u00f3mica, zona infantil, zona de artesan\u00eda, zona [&hellip;]<\/p>\n","protected":false},"template":"","meta":[],"wcs-type":[5372,5226],"wcs-room":[5397],"wcs-instructor":[],"class_list":["post-17934","class","type-class","status-publish","hentry","wcs-type-gastronomia","wcs-type-otros","wcs-room-plaza-mayor-ayora"],"yoast_head":"<!-- This site is optimized with the Yoast SEO plugin v27.5 - https:\/\/yoast.com\/product\/yoast-seo-wordpress\/ -->\n<title>&quot;Primer Corte de la Miel&quot; de Ayora - COSTA BLANCA UP<\/title>\n<meta name=\"robots\" content=\"index, follow, max-snippet:-1, max-image-preview:large, max-video-preview:-1\" \/>\n<link rel=\"canonical\" href=\"https:\/\/costablancaup.com\/es\/class\/primer-corte-de-la-miel-de-ayora\/\" \/>\n<meta property=\"og:locale\" content=\"es_ES\" \/>\n<meta property=\"og:type\" content=\"article\" \/>\n<meta property=\"og:title\" content=\"&quot;Primer Corte de la Miel&quot; de Ayora - COSTA BLANCA UP\" \/>\n<meta property=\"og:description\" content=\"Del 11 al 14 de octubre se celebra en Ayora (Valencia) \u00abEl Primer Corte de la Miel\u00bb, un evento ap\u00edcola, gastron\u00f3mico, tur\u00edstico y cultural, que tiene como hilo conductor la miel, producto por excelencia de la poblaci\u00f3n, muy valorado por su calidad. A lo largo de cuatro d\u00edas el recinto ferial permanecer\u00e1 abierto en un amplio horario para disfrutar de la XVIII edici\u00f3n de este evento declarado Fiesta de Inter\u00e9s Tur\u00edstico Auton\u00f3mico de la Comunitat Valenciana. El recinto ferial, ubicado en la Plaza Mayor de la localidad, est\u00e1 estructurado en diferentes \u00e1reas: ap\u00edcola, gastron\u00f3mica, zona infantil, zona de artesan\u00eda, zona [&hellip;]\" \/>\n<meta property=\"og:url\" content=\"https:\/\/costablancaup.com\/es\/class\/primer-corte-de-la-miel-de-ayora\/\" \/>\n<meta property=\"og:site_name\" content=\"COSTA BLANCA UP\" \/>\n<meta name=\"twitter:card\" content=\"summary_large_image\" \/>\n<meta name=\"twitter:label1\" content=\"Tiempo de lectura\" \/>\n\t<meta name=\"twitter:data1\" content=\"2 minutos\" \/>\n<script type=\"application\/ld+json\" class=\"yoast-schema-graph\">{\"@context\":\"https:\\\/\\\/schema.org\",\"@graph\":[{\"@type\":\"WebPage\",\"@id\":\"https:\\\/\\\/costablancaup.com\\\/es\\\/class\\\/primer-corte-de-la-miel-de-ayora\\\/\",\"url\":\"https:\\\/\\\/costablancaup.com\\\/es\\\/class\\\/primer-corte-de-la-miel-de-ayora\\\/\",\"name\":\"\\\"Primer Corte de la Miel\\\" de Ayora - COSTA BLANCA UP\",\"isPartOf\":{\"@id\":\"https:\\\/\\\/costablancaup.com\\\/es\\\/#website\"},\"datePublished\":\"2018-10-08T11:28:46+00:00\",\"breadcrumb\":{\"@id\":\"https:\\\/\\\/costablancaup.com\\\/es\\\/class\\\/primer-corte-de-la-miel-de-ayora\\\/#breadcrumb\"},\"inLanguage\":\"es\",\"potentialAction\":[{\"@type\":\"ReadAction\",\"target\":[\"https:\\\/\\\/costablancaup.com\\\/es\\\/class\\\/primer-corte-de-la-miel-de-ayora\\\/\"]}]},{\"@type\":\"BreadcrumbList\",\"@id\":\"https:\\\/\\\/costablancaup.com\\\/es\\\/class\\\/primer-corte-de-la-miel-de-ayora\\\/#breadcrumb\",\"itemListElement\":[{\"@type\":\"ListItem\",\"position\":1,\"name\":\"Home\",\"item\":\"https:\\\/\\\/costablancaup.com\\\/es\\\/\"},{\"@type\":\"ListItem\",\"position\":2,\"name\":\"&#171;Primer Corte de la Miel&#187; de Ayora\"}]},{\"@type\":\"WebSite\",\"@id\":\"https:\\\/\\\/costablancaup.com\\\/es\\\/#website\",\"url\":\"https:\\\/\\\/costablancaup.com\\\/es\\\/\",\"name\":\"COSTA BLANCA UP\",\"description\":\"Costa Blanca Events and Agenda\",\"publisher\":{\"@id\":\"https:\\\/\\\/costablancaup.com\\\/es\\\/#organization\"},\"potentialAction\":[{\"@type\":\"SearchAction\",\"target\":{\"@type\":\"EntryPoint\",\"urlTemplate\":\"https:\\\/\\\/costablancaup.com\\\/es\\\/?s={search_term_string}\"},\"query-input\":{\"@type\":\"PropertyValueSpecification\",\"valueRequired\":true,\"valueName\":\"search_term_string\"}}],\"inLanguage\":\"es\"},{\"@type\":\"Organization\",\"@id\":\"https:\\\/\\\/costablancaup.com\\\/es\\\/#organization\",\"name\":\"Costa Blanca Up\",\"url\":\"https:\\\/\\\/costablancaup.com\\\/es\\\/\",\"logo\":{\"@type\":\"ImageObject\",\"inLanguage\":\"es\",\"@id\":\"https:\\\/\\\/costablancaup.com\\\/es\\\/#\\\/schema\\\/logo\\\/image\\\/\",\"url\":\"https:\\\/\\\/costablancaup.com\\\/wp-content\\\/uploads\\\/2018\\\/07\\\/titulo_web-1.png\",\"contentUrl\":\"https:\\\/\\\/costablancaup.com\\\/wp-content\\\/uploads\\\/2018\\\/07\\\/titulo_web-1.png\",\"width\":1973,\"height\":303,\"caption\":\"Costa Blanca Up\"},\"image\":{\"@id\":\"https:\\\/\\\/costablancaup.com\\\/es\\\/#\\\/schema\\\/logo\\\/image\\\/\"}}]}<\/script>\n<!-- \/ Yoast SEO plugin. -->","yoast_head_json":{"title":"\"Primer Corte de la Miel\" de Ayora - COSTA BLANCA UP","robots":{"index":"index","follow":"follow","max-snippet":"max-snippet:-1","max-image-preview":"max-image-preview:large","max-video-preview":"max-video-preview:-1"},"canonical":"https:\/\/costablancaup.com\/es\/class\/primer-corte-de-la-miel-de-ayora\/","og_locale":"es_ES","og_type":"article","og_title":"\"Primer Corte de la Miel\" de Ayora - COSTA BLANCA UP","og_description":"Del 11 al 14 de octubre se celebra en Ayora (Valencia) \u00abEl Primer Corte de la Miel\u00bb, un evento ap\u00edcola, gastron\u00f3mico, tur\u00edstico y cultural, que tiene como hilo conductor la miel, producto por excelencia de la poblaci\u00f3n, muy valorado por su calidad. A lo largo de cuatro d\u00edas el recinto ferial permanecer\u00e1 abierto en un amplio horario para disfrutar de la XVIII edici\u00f3n de este evento declarado Fiesta de Inter\u00e9s Tur\u00edstico Auton\u00f3mico de la Comunitat Valenciana. El recinto ferial, ubicado en la Plaza Mayor de la localidad, est\u00e1 estructurado en diferentes \u00e1reas: ap\u00edcola, gastron\u00f3mica, zona infantil, zona de artesan\u00eda, zona [&hellip;]","og_url":"https:\/\/costablancaup.com\/es\/class\/primer-corte-de-la-miel-de-ayora\/","og_site_name":"COSTA BLANCA UP","twitter_card":"summary_large_image","twitter_misc":{"Tiempo de lectura":"2 minutos"},"schema":{"@context":"https:\/\/schema.org","@graph":[{"@type":"WebPage","@id":"https:\/\/costablancaup.com\/es\/class\/primer-corte-de-la-miel-de-ayora\/","url":"https:\/\/costablancaup.com\/es\/class\/primer-corte-de-la-miel-de-ayora\/","name":"\"Primer Corte de la Miel\" de Ayora - COSTA BLANCA UP","isPartOf":{"@id":"https:\/\/costablancaup.com\/es\/#website"},"datePublished":"2018-10-08T11:28:46+00:00","breadcrumb":{"@id":"https:\/\/costablancaup.com\/es\/class\/primer-corte-de-la-miel-de-ayora\/#breadcrumb"},"inLanguage":"es","potentialAction":[{"@type":"ReadAction","target":["https:\/\/costablancaup.com\/es\/class\/primer-corte-de-la-miel-de-ayora\/"]}]},{"@type":"BreadcrumbList","@id":"https:\/\/costablancaup.com\/es\/class\/primer-corte-de-la-miel-de-ayora\/#breadcrumb","itemListElement":[{"@type":"ListItem","position":1,"name":"Home","item":"https:\/\/costablancaup.com\/es\/"},{"@type":"ListItem","position":2,"name":"&#171;Primer Corte de la Miel&#187; de Ayora"}]},{"@type":"WebSite","@id":"https:\/\/costablancaup.com\/es\/#website","url":"https:\/\/costablancaup.com\/es\/","name":"COSTA BLANCA UP","description":"Costa Blanca Events and Agenda","publisher":{"@id":"https:\/\/costablancaup.com\/es\/#organization"},"potentialAction":[{"@type":"SearchAction","target":{"@type":"EntryPoint","urlTemplate":"https:\/\/costablancaup.com\/es\/?s={search_term_string}"},"query-input":{"@type":"PropertyValueSpecification","valueRequired":true,"valueName":"search_term_string"}}],"inLanguage":"es"},{"@type":"Organization","@id":"https:\/\/costablancaup.com\/es\/#organization","name":"Costa Blanca Up","url":"https:\/\/costablancaup.com\/es\/","logo":{"@type":"ImageObject","inLanguage":"es","@id":"https:\/\/costablancaup.com\/es\/#\/schema\/logo\/image\/","url":"https:\/\/costablancaup.com\/wp-content\/uploads\/2018\/07\/titulo_web-1.png","contentUrl":"https:\/\/costablancaup.com\/wp-content\/uploads\/2018\/07\/titulo_web-1.png","width":1973,"height":303,"caption":"Costa Blanca Up"},"image":{"@id":"https:\/\/costablancaup.com\/es\/#\/schema\/logo\/image\/"}}]}},"_links":{"self":[{"href":"https:\/\/costablancaup.com\/es\/wp-json\/wp\/v2\/class\/17934","targetHints":{"allow":["GET"]}}],"collection":[{"href":"https:\/\/costablancaup.com\/es\/wp-json\/wp\/v2\/class"}],"about":[{"href":"https:\/\/costablancaup.com\/es\/wp-json\/wp\/v2\/types\/class"}],"wp:attachment":[{"href":"https:\/\/costablancaup.com\/es\/wp-json\/wp\/v2\/media?parent=17934"}],"wp:term":[{"taxonomy":"wcs-type","embeddable":true,"href":"https:\/\/costablancaup.com\/es\/wp-json\/wp\/v2\/wcs-type?post=17934"},{"taxonomy":"wcs-room","embeddable":true,"href":"https:\/\/costablancaup.com\/es\/wp-json\/wp\/v2\/wcs-room?post=17934"},{"taxonomy":"wcs-instructor","embeddable":true,"href":"https:\/\/costablancaup.com\/es\/wp-json\/wp\/v2\/wcs-instructor?post=17934"}],"curies":[{"name":"wp","href":"https:\/\/api.w.org\/{rel}","templated":true}]}}