{"id":20799,"date":"2019-02-27T13:02:11","date_gmt":"2019-02-27T12:02:11","guid":{"rendered":"https:\/\/costablancaup.com\/?post_type=class&#038;p=20799"},"modified":"2019-02-27T13:02:19","modified_gmt":"2019-02-27T12:02:19","slug":"izal-autoterapia","status":"publish","type":"class","link":"https:\/\/costablancaup.com\/es\/class\/izal-autoterapia\/","title":{"rendered":"Izal: \u00abAutoterapia\u00bb"},"content":{"rendered":"<h2>IZAL<\/h2>\n<p>Valencia &#8211; Plaza de Toros de Valencia<br \/>X\u00e1tiva, 28<br \/>13\/04\/2019<br \/>22:00<\/p>\n<p>En ocho a\u00f1os de carrera <em>Izal<\/em> se ha convertido en una de las bandas m\u00e1s populares de nuestro pa\u00eds. Habituales de los festivales nacionales, los madrile\u00f1os han forjado su trayectoria en la carretera hasta convertirse en uno de los grupos revelaci\u00f3n<\/p>\n","protected":false},"excerpt":{"rendered":"<p>IZAL Valencia &#8211; Plaza de Toros de ValenciaX\u00e1tiva, 2813\/04\/201922:00 En ocho a\u00f1os de carrera Izal se ha convertido en una de las bandas m\u00e1s populares de nuestro pa\u00eds. Habituales de los festivales nacionales, los madrile\u00f1os han forjado su trayectoria en la carretera hasta convertirse en uno de los grupos revelaci\u00f3n<\/p>\n","protected":false},"template":"","meta":[],"wcs-type":[5046],"wcs-room":[5312],"wcs-instructor":[],"class_list":["post-20799","class","type-class","status-publish","hentry","wcs-type-musica","wcs-room-valencia-plaza-de-toros-de-valencia"],"yoast_head":"<!-- This site is optimized with the Yoast SEO plugin v27.4 - https:\/\/yoast.com\/product\/yoast-seo-wordpress\/ -->\n<title>Izal: &quot;Autoterapia&quot; - COSTA BLANCA UP<\/title>\n<meta name=\"robots\" content=\"index, follow, max-snippet:-1, max-image-preview:large, max-video-preview:-1\" \/>\n<link rel=\"canonical\" href=\"https:\/\/costablancaup.com\/es\/class\/izal-autoterapia\/\" \/>\n<meta property=\"og:locale\" content=\"es_ES\" \/>\n<meta property=\"og:type\" content=\"article\" \/>\n<meta property=\"og:title\" content=\"Izal: &quot;Autoterapia&quot; - COSTA BLANCA UP\" \/>\n<meta property=\"og:description\" content=\"IZAL Valencia &#8211; Plaza de Toros de ValenciaX\u00e1tiva, 2813\/04\/201922:00 En ocho a\u00f1os de carrera Izal se ha convertido en una de las bandas m\u00e1s populares de nuestro pa\u00eds. Habituales de los festivales nacionales, los madrile\u00f1os han forjado su trayectoria en la carretera hasta convertirse en uno de los grupos revelaci\u00f3n\" \/>\n<meta property=\"og:url\" content=\"https:\/\/costablancaup.com\/es\/class\/izal-autoterapia\/\" \/>\n<meta property=\"og:site_name\" content=\"COSTA BLANCA UP\" \/>\n<meta property=\"article:modified_time\" content=\"2019-02-27T12:02:19+00:00\" \/>\n<meta name=\"twitter:card\" content=\"summary_large_image\" \/>\n<script type=\"application\/ld+json\" class=\"yoast-schema-graph\">{\"@context\":\"https:\\\/\\\/schema.org\",\"@graph\":[{\"@type\":\"WebPage\",\"@id\":\"https:\\\/\\\/costablancaup.com\\\/es\\\/class\\\/izal-autoterapia\\\/\",\"url\":\"https:\\\/\\\/costablancaup.com\\\/es\\\/class\\\/izal-autoterapia\\\/\",\"name\":\"Izal: \\\"Autoterapia\\\" - COSTA BLANCA UP\",\"isPartOf\":{\"@id\":\"https:\\\/\\\/costablancaup.com\\\/es\\\/#website\"},\"datePublished\":\"2019-02-27T12:02:11+00:00\",\"dateModified\":\"2019-02-27T12:02:19+00:00\",\"breadcrumb\":{\"@id\":\"https:\\\/\\\/costablancaup.com\\\/es\\\/class\\\/izal-autoterapia\\\/#breadcrumb\"},\"inLanguage\":\"es\",\"potentialAction\":[{\"@type\":\"ReadAction\",\"target\":[\"https:\\\/\\\/costablancaup.com\\\/es\\\/class\\\/izal-autoterapia\\\/\"]}]},{\"@type\":\"BreadcrumbList\",\"@id\":\"https:\\\/\\\/costablancaup.com\\\/es\\\/class\\\/izal-autoterapia\\\/#breadcrumb\",\"itemListElement\":[{\"@type\":\"ListItem\",\"position\":1,\"name\":\"Home\",\"item\":\"https:\\\/\\\/costablancaup.com\\\/es\\\/\"},{\"@type\":\"ListItem\",\"position\":2,\"name\":\"Izal: &#171;Autoterapia&#187;\"}]},{\"@type\":\"WebSite\",\"@id\":\"https:\\\/\\\/costablancaup.com\\\/es\\\/#website\",\"url\":\"https:\\\/\\\/costablancaup.com\\\/es\\\/\",\"name\":\"COSTA BLANCA UP\",\"description\":\"Costa Blanca Events and Agenda\",\"publisher\":{\"@id\":\"https:\\\/\\\/costablancaup.com\\\/es\\\/#organization\"},\"potentialAction\":[{\"@type\":\"SearchAction\",\"target\":{\"@type\":\"EntryPoint\",\"urlTemplate\":\"https:\\\/\\\/costablancaup.com\\\/es\\\/?s={search_term_string}\"},\"query-input\":{\"@type\":\"PropertyValueSpecification\",\"valueRequired\":true,\"valueName\":\"search_term_string\"}}],\"inLanguage\":\"es\"},{\"@type\":\"Organization\",\"@id\":\"https:\\\/\\\/costablancaup.com\\\/es\\\/#organization\",\"name\":\"Costa Blanca Up\",\"url\":\"https:\\\/\\\/costablancaup.com\\\/es\\\/\",\"logo\":{\"@type\":\"ImageObject\",\"inLanguage\":\"es\",\"@id\":\"https:\\\/\\\/costablancaup.com\\\/es\\\/#\\\/schema\\\/logo\\\/image\\\/\",\"url\":\"https:\\\/\\\/costablancaup.com\\\/wp-content\\\/uploads\\\/2018\\\/07\\\/titulo_web-1.png\",\"contentUrl\":\"https:\\\/\\\/costablancaup.com\\\/wp-content\\\/uploads\\\/2018\\\/07\\\/titulo_web-1.png\",\"width\":1973,\"height\":303,\"caption\":\"Costa Blanca Up\"},\"image\":{\"@id\":\"https:\\\/\\\/costablancaup.com\\\/es\\\/#\\\/schema\\\/logo\\\/image\\\/\"}}]}<\/script>\n<!-- \/ Yoast SEO plugin. -->","yoast_head_json":{"title":"Izal: \"Autoterapia\" - COSTA BLANCA UP","robots":{"index":"index","follow":"follow","max-snippet":"max-snippet:-1","max-image-preview":"max-image-preview:large","max-video-preview":"max-video-preview:-1"},"canonical":"https:\/\/costablancaup.com\/es\/class\/izal-autoterapia\/","og_locale":"es_ES","og_type":"article","og_title":"Izal: \"Autoterapia\" - COSTA BLANCA UP","og_description":"IZAL Valencia &#8211; Plaza de Toros de ValenciaX\u00e1tiva, 2813\/04\/201922:00 En ocho a\u00f1os de carrera Izal se ha convertido en una de las bandas m\u00e1s populares de nuestro pa\u00eds. Habituales de los festivales nacionales, los madrile\u00f1os han forjado su trayectoria en la carretera hasta convertirse en uno de los grupos revelaci\u00f3n","og_url":"https:\/\/costablancaup.com\/es\/class\/izal-autoterapia\/","og_site_name":"COSTA BLANCA UP","article_modified_time":"2019-02-27T12:02:19+00:00","twitter_card":"summary_large_image","schema":{"@context":"https:\/\/schema.org","@graph":[{"@type":"WebPage","@id":"https:\/\/costablancaup.com\/es\/class\/izal-autoterapia\/","url":"https:\/\/costablancaup.com\/es\/class\/izal-autoterapia\/","name":"Izal: \"Autoterapia\" - COSTA BLANCA UP","isPartOf":{"@id":"https:\/\/costablancaup.com\/es\/#website"},"datePublished":"2019-02-27T12:02:11+00:00","dateModified":"2019-02-27T12:02:19+00:00","breadcrumb":{"@id":"https:\/\/costablancaup.com\/es\/class\/izal-autoterapia\/#breadcrumb"},"inLanguage":"es","potentialAction":[{"@type":"ReadAction","target":["https:\/\/costablancaup.com\/es\/class\/izal-autoterapia\/"]}]},{"@type":"BreadcrumbList","@id":"https:\/\/costablancaup.com\/es\/class\/izal-autoterapia\/#breadcrumb","itemListElement":[{"@type":"ListItem","position":1,"name":"Home","item":"https:\/\/costablancaup.com\/es\/"},{"@type":"ListItem","position":2,"name":"Izal: &#171;Autoterapia&#187;"}]},{"@type":"WebSite","@id":"https:\/\/costablancaup.com\/es\/#website","url":"https:\/\/costablancaup.com\/es\/","name":"COSTA BLANCA UP","description":"Costa Blanca Events and Agenda","publisher":{"@id":"https:\/\/costablancaup.com\/es\/#organization"},"potentialAction":[{"@type":"SearchAction","target":{"@type":"EntryPoint","urlTemplate":"https:\/\/costablancaup.com\/es\/?s={search_term_string}"},"query-input":{"@type":"PropertyValueSpecification","valueRequired":true,"valueName":"search_term_string"}}],"inLanguage":"es"},{"@type":"Organization","@id":"https:\/\/costablancaup.com\/es\/#organization","name":"Costa Blanca Up","url":"https:\/\/costablancaup.com\/es\/","logo":{"@type":"ImageObject","inLanguage":"es","@id":"https:\/\/costablancaup.com\/es\/#\/schema\/logo\/image\/","url":"https:\/\/costablancaup.com\/wp-content\/uploads\/2018\/07\/titulo_web-1.png","contentUrl":"https:\/\/costablancaup.com\/wp-content\/uploads\/2018\/07\/titulo_web-1.png","width":1973,"height":303,"caption":"Costa Blanca Up"},"image":{"@id":"https:\/\/costablancaup.com\/es\/#\/schema\/logo\/image\/"}}]}},"_links":{"self":[{"href":"https:\/\/costablancaup.com\/es\/wp-json\/wp\/v2\/class\/20799","targetHints":{"allow":["GET"]}}],"collection":[{"href":"https:\/\/costablancaup.com\/es\/wp-json\/wp\/v2\/class"}],"about":[{"href":"https:\/\/costablancaup.com\/es\/wp-json\/wp\/v2\/types\/class"}],"wp:attachment":[{"href":"https:\/\/costablancaup.com\/es\/wp-json\/wp\/v2\/media?parent=20799"}],"wp:term":[{"taxonomy":"wcs-type","embeddable":true,"href":"https:\/\/costablancaup.com\/es\/wp-json\/wp\/v2\/wcs-type?post=20799"},{"taxonomy":"wcs-room","embeddable":true,"href":"https:\/\/costablancaup.com\/es\/wp-json\/wp\/v2\/wcs-room?post=20799"},{"taxonomy":"wcs-instructor","embeddable":true,"href":"https:\/\/costablancaup.com\/es\/wp-json\/wp\/v2\/wcs-instructor?post=20799"}],"curies":[{"name":"wp","href":"https:\/\/api.w.org\/{rel}","templated":true}]}}