{"id":20859,"date":"2019-02-27T17:55:25","date_gmt":"2019-02-27T16:55:25","guid":{"rendered":"https:\/\/costablancaup.com\/?post_type=class&#038;p=20859"},"modified":"2019-07-15T11:23:07","modified_gmt":"2019-07-15T09:23:07","slug":"low-festival-2019","status":"publish","type":"class","link":"https:\/\/costablancaup.com\/es\/class\/low-festival-2019\/","title":{"rendered":"\u00abLow Festival 2019\u00bb"},"content":{"rendered":"<h2>Low Festival 2019 &#8211; 3 Day<\/h2>\n<p>Benidorm &#8211; Ciudad Deportiva Guillermo Amor<br \/>Av de la Ciudad Deportiva<br \/>26\/07\/2019<br \/>12:00<\/p>\n<p><em>Low Festival<\/em> se ha consolidado en sus diez ediciones anteriores como el festival de verano m\u00e1s c\u00f3modo y completo del panorama nacional. Benidorm volver\u00e1 a convertirse en la capital del indie y el electropop en el verano de 2019. La nueva edici\u00f3n del \u00abLow Festival\u00bb se celebrar\u00e1 los d\u00edas 26, 27 y 28 de julio en la localidad alicantina.<\/p>\n<p>Para este a\u00f1o han confirmado su presencia<em> New Order, Foals, Bastille, Vetusta Morla, The Vaccines, M0, Cut Copy, Ladytron, Dorian, La Casa Azul, Zahara, Viva Suecia, Varry Brava, Mucho, The New Raemon, Airbag, The Limboos, Mattiel, Rex The Dog, Chancha V\u00eda Circuito, La Zowi, Cari\u00f1o, Mourn, Camellos, Adriana Proenza, Vera Green, Monterrosa, Flash Show Djs, Los Invaders, Yo Diablo y The Seafood Special<\/em>.<\/p>\n<h3>Programa<\/h3>\n<p><img loading=\"lazy\" decoding=\"async\" src=\"https:\/\/costablancaup.com\/wp-content\/uploads\/2019\/07\/lowfestival-2019-horarios.jpg\" alt=\"Low Festival 2019: programa\" width=\"1024\" height=\"379\" class=\"aligncenter size-full wp-image-32970\" srcset=\"https:\/\/costablancaup.com\/wp-content\/uploads\/2019\/07\/lowfestival-2019-horarios.jpg 1024w, https:\/\/costablancaup.com\/wp-content\/uploads\/2019\/07\/lowfestival-2019-horarios-300x111.jpg 300w, https:\/\/costablancaup.com\/wp-content\/uploads\/2019\/07\/lowfestival-2019-horarios-768x284.jpg 768w, https:\/\/costablancaup.com\/wp-content\/uploads\/2019\/07\/lowfestival-2019-horarios-400x148.jpg 400w\" sizes=\"auto, (max-width: 1024px) 100vw, 1024px\" \/><\/p>\n<h3>Localizaci\u00f3n<\/h3>\n\r\n            \r\n            \r\n            \r\n            <a name='map222'><\/a>\r\n            \r\n            \r\n            \r\n            \r\n            <div class=\"wpgmza_map \"  id=\"wpgmza_map_222\" style=\"display:block; overflow:auto; width:100%; height:400px; float:left;\" data-settings='{\"id\":\"222\",\"map_title\":\"Ciudad Deportiva Guillermo Amor (Benidorm)\",\"map_width\":\"100\",\"map_height\":\"400\",\"map_start_lat\":\"38.545332\",\"map_start_lng\":\"-0.131202\",\"map_start_location\":\"38.54533248162207,-0.13120218398835037\",\"map_start_zoom\":\"15\",\"default_marker\":\"0\",\"type\":\"1\",\"alignment\":\"1\",\"directions_enabled\":\"0\",\"styling_enabled\":\"0\",\"styling_json\":\"\",\"active\":\"0\",\"kml\":\"\",\"bicycle\":\"0\",\"traffic\":\"0\",\"dbox\":\"1\",\"dbox_width\":\"100\",\"listmarkers\":\"0\",\"listmarkers_advanced\":\"0\",\"filterbycat\":\"0\",\"ugm_enabled\":\"0\",\"ugm_category_enabled\":\"0\",\"fusion\":\"\",\"map_width_type\":\"\\\\%\",\"map_height_type\":\"px\",\"mass_marker_support\":\"0\",\"ugm_access\":\"0\",\"order_markers_by\":\"1\",\"order_markers_choice\":\"2\",\"show_user_location\":\"2\",\"default_to\":\"\",\"other_settings\":{\"wpgmza_store_locator_restrict\":\"\",\"wpgmza_sl_animation\":\"1\",\"store_locator_query_string\":\"ZIP \\\/ Address:\",\"store_locator_name_string\":\"Title \\\/ Description:\",\"store_locator_default_address\":\"\",\"wpgmza_dbox_width_type\":\"%\",\"map_max_zoom\":\"3\",\"map_min_zoom\":\"21\",\"sl_stroke_color\":\"FF0000\",\"sl_stroke_opacity\":\"0.25\",\"sl_fill_color\":\"FF0000\",\"sl_fill_opacity\":\"0.15\",\"click_open_link\":2,\"transport_layer\":0,\"iw_primary_color\":\"2A3744\",\"iw_accent_color\":\"252F3A\",\"iw_text_color\":\"FFFFFF\",\"wpgmza_iw_type\":\"0\",\"list_markers_by\":\"0\",\"push_in_map\":\"\",\"push_in_map_placement\":\"9\",\"wpgmza_push_in_map_width\":\"\",\"wpgmza_push_in_map_height\":\"\",\"wpgmza_theme_data\":\"\",\"upload_default_ul_marker\":\"\",\"upload_default_sl_marker\":\"\",\"shortcodeAttributes\":{\"id\":\"222\"}}}' data-map-id='222' data-shortcode-attributes='{\"id\":\"222\"}'> <\/div>\r\n            \r\n               \r\n        \n","protected":false},"excerpt":{"rendered":"<p>Low Festival 2019 &#8211; 3 Day Benidorm &#8211; Ciudad Deportiva Guillermo AmorAv de la Ciudad Deportiva26\/07\/201912:00 Low Festival se ha consolidado en sus diez ediciones anteriores como el festival de verano m\u00e1s c\u00f3modo y completo del panorama nacional. Benidorm volver\u00e1 a convertirse en la capital del indie y el electropop en el verano de 2019. La nueva edici\u00f3n del \u00abLow Festival\u00bb se celebrar\u00e1 los d\u00edas 26, 27 y 28 de julio en la localidad alicantina. Para este a\u00f1o han confirmado su presencia New Order, Foals, Bastille, Vetusta Morla, The Vaccines, M0, Cut Copy, Ladytron, Dorian, La Casa Azul, Zahara, Viva [&hellip;]<\/p>\n","protected":false},"template":"","meta":[],"wcs-type":[5046],"wcs-room":[5655],"wcs-instructor":[],"class_list":["post-20859","class","type-class","status-publish","hentry","wcs-type-musica","wcs-room-benidorm-ciudad-deportiva-guillermo-amor"],"yoast_head":"<!-- This site is optimized with the Yoast SEO plugin v27.4 - https:\/\/yoast.com\/product\/yoast-seo-wordpress\/ -->\n<title>&quot;Low Festival 2019&quot; - COSTA BLANCA UP<\/title>\n<meta name=\"robots\" content=\"index, follow, max-snippet:-1, max-image-preview:large, max-video-preview:-1\" \/>\n<link rel=\"canonical\" href=\"https:\/\/costablancaup.com\/es\/class\/low-festival-2019\/\" \/>\n<meta property=\"og:locale\" content=\"es_ES\" \/>\n<meta property=\"og:type\" content=\"article\" \/>\n<meta property=\"og:title\" content=\"&quot;Low Festival 2019&quot; - COSTA BLANCA UP\" \/>\n<meta property=\"og:description\" content=\"Low Festival 2019 &#8211; 3 Day Benidorm &#8211; Ciudad Deportiva Guillermo AmorAv de la Ciudad Deportiva26\/07\/201912:00 Low Festival se ha consolidado en sus diez ediciones anteriores como el festival de verano m\u00e1s c\u00f3modo y completo del panorama nacional. Benidorm volver\u00e1 a convertirse en la capital del indie y el electropop en el verano de 2019. La nueva edici\u00f3n del \u00abLow Festival\u00bb se celebrar\u00e1 los d\u00edas 26, 27 y 28 de julio en la localidad alicantina. Para este a\u00f1o han confirmado su presencia New Order, Foals, Bastille, Vetusta Morla, The Vaccines, M0, Cut Copy, Ladytron, Dorian, La Casa Azul, Zahara, Viva [&hellip;]\" \/>\n<meta property=\"og:url\" content=\"https:\/\/costablancaup.com\/es\/class\/low-festival-2019\/\" \/>\n<meta property=\"og:site_name\" content=\"COSTA BLANCA UP\" \/>\n<meta property=\"article:modified_time\" content=\"2019-07-15T09:23:07+00:00\" \/>\n<meta property=\"og:image\" content=\"https:\/\/costablancaup.com\/wp-content\/uploads\/2019\/07\/lowfestival-2019-horarios.jpg\" \/>\n<meta name=\"twitter:card\" content=\"summary_large_image\" \/>\n<meta name=\"twitter:label1\" content=\"Tiempo de lectura\" \/>\n\t<meta name=\"twitter:data1\" content=\"1 minuto\" \/>\n<script type=\"application\/ld+json\" class=\"yoast-schema-graph\">{\"@context\":\"https:\\\/\\\/schema.org\",\"@graph\":[{\"@type\":\"WebPage\",\"@id\":\"https:\\\/\\\/costablancaup.com\\\/es\\\/class\\\/low-festival-2019\\\/\",\"url\":\"https:\\\/\\\/costablancaup.com\\\/es\\\/class\\\/low-festival-2019\\\/\",\"name\":\"\\\"Low Festival 2019\\\" - COSTA BLANCA UP\",\"isPartOf\":{\"@id\":\"https:\\\/\\\/costablancaup.com\\\/es\\\/#website\"},\"primaryImageOfPage\":{\"@id\":\"https:\\\/\\\/costablancaup.com\\\/es\\\/class\\\/low-festival-2019\\\/#primaryimage\"},\"image\":{\"@id\":\"https:\\\/\\\/costablancaup.com\\\/es\\\/class\\\/low-festival-2019\\\/#primaryimage\"},\"thumbnailUrl\":\"https:\\\/\\\/costablancaup.com\\\/wp-content\\\/uploads\\\/2019\\\/07\\\/lowfestival-2019-horarios.jpg\",\"datePublished\":\"2019-02-27T16:55:25+00:00\",\"dateModified\":\"2019-07-15T09:23:07+00:00\",\"breadcrumb\":{\"@id\":\"https:\\\/\\\/costablancaup.com\\\/es\\\/class\\\/low-festival-2019\\\/#breadcrumb\"},\"inLanguage\":\"es\",\"potentialAction\":[{\"@type\":\"ReadAction\",\"target\":[\"https:\\\/\\\/costablancaup.com\\\/es\\\/class\\\/low-festival-2019\\\/\"]}]},{\"@type\":\"ImageObject\",\"inLanguage\":\"es\",\"@id\":\"https:\\\/\\\/costablancaup.com\\\/es\\\/class\\\/low-festival-2019\\\/#primaryimage\",\"url\":\"https:\\\/\\\/costablancaup.com\\\/wp-content\\\/uploads\\\/2019\\\/07\\\/lowfestival-2019-horarios.jpg\",\"contentUrl\":\"https:\\\/\\\/costablancaup.com\\\/wp-content\\\/uploads\\\/2019\\\/07\\\/lowfestival-2019-horarios.jpg\"},{\"@type\":\"BreadcrumbList\",\"@id\":\"https:\\\/\\\/costablancaup.com\\\/es\\\/class\\\/low-festival-2019\\\/#breadcrumb\",\"itemListElement\":[{\"@type\":\"ListItem\",\"position\":1,\"name\":\"Home\",\"item\":\"https:\\\/\\\/costablancaup.com\\\/es\\\/\"},{\"@type\":\"ListItem\",\"position\":2,\"name\":\"&#171;Low Festival 2019&#187;\"}]},{\"@type\":\"WebSite\",\"@id\":\"https:\\\/\\\/costablancaup.com\\\/es\\\/#website\",\"url\":\"https:\\\/\\\/costablancaup.com\\\/es\\\/\",\"name\":\"COSTA BLANCA UP\",\"description\":\"Costa Blanca Events and Agenda\",\"publisher\":{\"@id\":\"https:\\\/\\\/costablancaup.com\\\/es\\\/#organization\"},\"potentialAction\":[{\"@type\":\"SearchAction\",\"target\":{\"@type\":\"EntryPoint\",\"urlTemplate\":\"https:\\\/\\\/costablancaup.com\\\/es\\\/?s={search_term_string}\"},\"query-input\":{\"@type\":\"PropertyValueSpecification\",\"valueRequired\":true,\"valueName\":\"search_term_string\"}}],\"inLanguage\":\"es\"},{\"@type\":\"Organization\",\"@id\":\"https:\\\/\\\/costablancaup.com\\\/es\\\/#organization\",\"name\":\"Costa Blanca Up\",\"url\":\"https:\\\/\\\/costablancaup.com\\\/es\\\/\",\"logo\":{\"@type\":\"ImageObject\",\"inLanguage\":\"es\",\"@id\":\"https:\\\/\\\/costablancaup.com\\\/es\\\/#\\\/schema\\\/logo\\\/image\\\/\",\"url\":\"https:\\\/\\\/costablancaup.com\\\/wp-content\\\/uploads\\\/2018\\\/07\\\/titulo_web-1.png\",\"contentUrl\":\"https:\\\/\\\/costablancaup.com\\\/wp-content\\\/uploads\\\/2018\\\/07\\\/titulo_web-1.png\",\"width\":1973,\"height\":303,\"caption\":\"Costa Blanca Up\"},\"image\":{\"@id\":\"https:\\\/\\\/costablancaup.com\\\/es\\\/#\\\/schema\\\/logo\\\/image\\\/\"}}]}<\/script>\n<!-- \/ Yoast SEO plugin. -->","yoast_head_json":{"title":"\"Low Festival 2019\" - COSTA BLANCA UP","robots":{"index":"index","follow":"follow","max-snippet":"max-snippet:-1","max-image-preview":"max-image-preview:large","max-video-preview":"max-video-preview:-1"},"canonical":"https:\/\/costablancaup.com\/es\/class\/low-festival-2019\/","og_locale":"es_ES","og_type":"article","og_title":"\"Low Festival 2019\" - COSTA BLANCA UP","og_description":"Low Festival 2019 &#8211; 3 Day Benidorm &#8211; Ciudad Deportiva Guillermo AmorAv de la Ciudad Deportiva26\/07\/201912:00 Low Festival se ha consolidado en sus diez ediciones anteriores como el festival de verano m\u00e1s c\u00f3modo y completo del panorama nacional. Benidorm volver\u00e1 a convertirse en la capital del indie y el electropop en el verano de 2019. La nueva edici\u00f3n del \u00abLow Festival\u00bb se celebrar\u00e1 los d\u00edas 26, 27 y 28 de julio en la localidad alicantina. Para este a\u00f1o han confirmado su presencia New Order, Foals, Bastille, Vetusta Morla, The Vaccines, M0, Cut Copy, Ladytron, Dorian, La Casa Azul, Zahara, Viva [&hellip;]","og_url":"https:\/\/costablancaup.com\/es\/class\/low-festival-2019\/","og_site_name":"COSTA BLANCA UP","article_modified_time":"2019-07-15T09:23:07+00:00","og_image":[{"url":"https:\/\/costablancaup.com\/wp-content\/uploads\/2019\/07\/lowfestival-2019-horarios.jpg","type":"","width":"","height":""}],"twitter_card":"summary_large_image","twitter_misc":{"Tiempo de lectura":"1 minuto"},"schema":{"@context":"https:\/\/schema.org","@graph":[{"@type":"WebPage","@id":"https:\/\/costablancaup.com\/es\/class\/low-festival-2019\/","url":"https:\/\/costablancaup.com\/es\/class\/low-festival-2019\/","name":"\"Low Festival 2019\" - COSTA BLANCA UP","isPartOf":{"@id":"https:\/\/costablancaup.com\/es\/#website"},"primaryImageOfPage":{"@id":"https:\/\/costablancaup.com\/es\/class\/low-festival-2019\/#primaryimage"},"image":{"@id":"https:\/\/costablancaup.com\/es\/class\/low-festival-2019\/#primaryimage"},"thumbnailUrl":"https:\/\/costablancaup.com\/wp-content\/uploads\/2019\/07\/lowfestival-2019-horarios.jpg","datePublished":"2019-02-27T16:55:25+00:00","dateModified":"2019-07-15T09:23:07+00:00","breadcrumb":{"@id":"https:\/\/costablancaup.com\/es\/class\/low-festival-2019\/#breadcrumb"},"inLanguage":"es","potentialAction":[{"@type":"ReadAction","target":["https:\/\/costablancaup.com\/es\/class\/low-festival-2019\/"]}]},{"@type":"ImageObject","inLanguage":"es","@id":"https:\/\/costablancaup.com\/es\/class\/low-festival-2019\/#primaryimage","url":"https:\/\/costablancaup.com\/wp-content\/uploads\/2019\/07\/lowfestival-2019-horarios.jpg","contentUrl":"https:\/\/costablancaup.com\/wp-content\/uploads\/2019\/07\/lowfestival-2019-horarios.jpg"},{"@type":"BreadcrumbList","@id":"https:\/\/costablancaup.com\/es\/class\/low-festival-2019\/#breadcrumb","itemListElement":[{"@type":"ListItem","position":1,"name":"Home","item":"https:\/\/costablancaup.com\/es\/"},{"@type":"ListItem","position":2,"name":"&#171;Low Festival 2019&#187;"}]},{"@type":"WebSite","@id":"https:\/\/costablancaup.com\/es\/#website","url":"https:\/\/costablancaup.com\/es\/","name":"COSTA BLANCA UP","description":"Costa Blanca Events and Agenda","publisher":{"@id":"https:\/\/costablancaup.com\/es\/#organization"},"potentialAction":[{"@type":"SearchAction","target":{"@type":"EntryPoint","urlTemplate":"https:\/\/costablancaup.com\/es\/?s={search_term_string}"},"query-input":{"@type":"PropertyValueSpecification","valueRequired":true,"valueName":"search_term_string"}}],"inLanguage":"es"},{"@type":"Organization","@id":"https:\/\/costablancaup.com\/es\/#organization","name":"Costa Blanca Up","url":"https:\/\/costablancaup.com\/es\/","logo":{"@type":"ImageObject","inLanguage":"es","@id":"https:\/\/costablancaup.com\/es\/#\/schema\/logo\/image\/","url":"https:\/\/costablancaup.com\/wp-content\/uploads\/2018\/07\/titulo_web-1.png","contentUrl":"https:\/\/costablancaup.com\/wp-content\/uploads\/2018\/07\/titulo_web-1.png","width":1973,"height":303,"caption":"Costa Blanca Up"},"image":{"@id":"https:\/\/costablancaup.com\/es\/#\/schema\/logo\/image\/"}}]}},"_links":{"self":[{"href":"https:\/\/costablancaup.com\/es\/wp-json\/wp\/v2\/class\/20859","targetHints":{"allow":["GET"]}}],"collection":[{"href":"https:\/\/costablancaup.com\/es\/wp-json\/wp\/v2\/class"}],"about":[{"href":"https:\/\/costablancaup.com\/es\/wp-json\/wp\/v2\/types\/class"}],"wp:attachment":[{"href":"https:\/\/costablancaup.com\/es\/wp-json\/wp\/v2\/media?parent=20859"}],"wp:term":[{"taxonomy":"wcs-type","embeddable":true,"href":"https:\/\/costablancaup.com\/es\/wp-json\/wp\/v2\/wcs-type?post=20859"},{"taxonomy":"wcs-room","embeddable":true,"href":"https:\/\/costablancaup.com\/es\/wp-json\/wp\/v2\/wcs-room?post=20859"},{"taxonomy":"wcs-instructor","embeddable":true,"href":"https:\/\/costablancaup.com\/es\/wp-json\/wp\/v2\/wcs-instructor?post=20859"}],"curies":[{"name":"wp","href":"https:\/\/api.w.org\/{rel}","templated":true}]}}