{"id":21915,"date":"2018-12-05T10:00:00","date_gmt":"2018-12-05T09:00:00","guid":{"rendered":"https:\/\/costablancaup.com\/class\/la-nadalenca-mercado-de-reyes-3-2\/"},"modified":"2018-12-05T10:14:02","modified_gmt":"2018-12-05T09:14:02","slug":"la-nadalenca-nochevieja-2018-coliseo-winter-music","status":"publish","type":"class","link":"https:\/\/costablancaup.com\/es\/class\/la-nadalenca-nochevieja-2018-coliseo-winter-music\/","title":{"rendered":"La Nadalenca: Nochevieja 2018 \u00abColiseo Winter Music\u00bb"},"content":{"rendered":"<h2>Disfruta de una completa programaci\u00f3n de ocio durante todo el mes de diciembre y hasta el 6 de enero en la Plaza de Toros de Valencia.<\/h2>\n<p>\u00abLa Nadalenca\u00bb incluir\u00e1 entre su programaci\u00f3n una fiesta de la cerveza, espect\u00e1culos circenses, una feria gastron\u00f3mica, musicales infantiles, mon\u00f3logos, conciertos, una gran fiesta de fin de a\u00f1o y un mercado de reyes.<\/p>\n<p><strong>Todas las actividades se desarrollar\u00e1n bajo una carpa de circo circular acondicionada con calefacci\u00f3n.<\/strong><\/p>\n<h3>Programa<\/h3>\n<ul>\n<li>El 31 de diciembre y para terminar el a\u00f1o, podr\u00e1s disfrutar de la \u00abColiseo Winter Music\u00bb, una fiesta para disfrutar de la Nochevieja en el centro de Valencia.<\/li>\n<\/ul>\n<p>&nbsp;<br \/>\n<img loading=\"lazy\" decoding=\"async\" src=\"https:\/\/costablancaup.com\/wp-content\/uploads\/2018\/12\/lanadalenca-2018-programa.jpg\" alt=\"La Nadalenca: programa\" width=\"1024\" height=\"1044\" class=\"aligncenter size-full wp-image-21901\" srcset=\"https:\/\/costablancaup.com\/wp-content\/uploads\/2018\/12\/lanadalenca-2018-programa.jpg 1024w, https:\/\/costablancaup.com\/wp-content\/uploads\/2018\/12\/lanadalenca-2018-programa-294x300.jpg 294w, https:\/\/costablancaup.com\/wp-content\/uploads\/2018\/12\/lanadalenca-2018-programa-768x783.jpg 768w, https:\/\/costablancaup.com\/wp-content\/uploads\/2018\/12\/lanadalenca-2018-programa-1004x1024.jpg 1004w, https:\/\/costablancaup.com\/wp-content\/uploads\/2018\/12\/lanadalenca-2018-programa-400x408.jpg 400w\" sizes=\"auto, (max-width: 1024px) 100vw, 1024px\" \/><\/p>\n<h3>Localizaci\u00f3n<\/h3>\n\r\n            \r\n            \r\n            \r\n            <a name='map92'><\/a>\r\n            \r\n            \r\n            \r\n            \r\n            <div class=\"wpgmza_map \"  id=\"wpgmza_map_92\" style=\"display:block; overflow:auto; width:100%; height:400px; float:left;\" data-settings='{\"id\":\"92\",\"map_title\":\"Plaza de Toros (Valencia)\",\"map_width\":\"100\",\"map_height\":\"400\",\"map_start_lat\":\"39.464405\",\"map_start_lng\":\"-0.375059\",\"map_start_location\":\"39.464405073707574,-0.37505859655310836\",\"map_start_zoom\":\"13\",\"default_marker\":\"0\",\"type\":\"1\",\"alignment\":\"1\",\"directions_enabled\":\"0\",\"styling_enabled\":\"0\",\"styling_json\":\"\",\"active\":\"0\",\"kml\":\"\",\"bicycle\":\"0\",\"traffic\":\"0\",\"dbox\":\"1\",\"dbox_width\":\"100\",\"listmarkers\":\"0\",\"listmarkers_advanced\":\"0\",\"filterbycat\":\"0\",\"ugm_enabled\":\"0\",\"ugm_category_enabled\":\"0\",\"fusion\":\"\",\"map_width_type\":\"\\\\%\",\"map_height_type\":\"px\",\"mass_marker_support\":\"0\",\"ugm_access\":\"0\",\"order_markers_by\":\"1\",\"order_markers_choice\":\"2\",\"show_user_location\":\"2\",\"default_to\":\"\",\"other_settings\":{\"wpgmza_store_locator_restrict\":\"\",\"wpgmza_sl_animation\":\"1\",\"store_locator_query_string\":\"ZIP \\\/ Address:\",\"store_locator_name_string\":\"Title \\\/ Description:\",\"store_locator_default_address\":\"\",\"wpgmza_dbox_width_type\":\"%\",\"map_max_zoom\":\"3\",\"map_min_zoom\":\"21\",\"sl_stroke_color\":\"FF0000\",\"sl_stroke_opacity\":\"0.25\",\"sl_fill_color\":\"FF0000\",\"sl_fill_opacity\":\"0.15\",\"click_open_link\":2,\"transport_layer\":0,\"iw_primary_color\":\"2A3744\",\"iw_accent_color\":\"252F3A\",\"iw_text_color\":\"FFFFFF\",\"wpgmza_iw_type\":\"0\",\"list_markers_by\":\"0\",\"push_in_map\":\"\",\"push_in_map_placement\":\"9\",\"wpgmza_push_in_map_width\":\"\",\"wpgmza_push_in_map_height\":\"\",\"wpgmza_theme_data\":\"\",\"upload_default_ul_marker\":\"\",\"upload_default_sl_marker\":\"\",\"shortcodeAttributes\":{\"id\":\"92\"}}}' data-map-id='92' data-shortcode-attributes='{\"id\":\"92\"}'> <\/div>\r\n            \r\n               \r\n        \n","protected":false},"excerpt":{"rendered":"<p>Disfruta de una completa programaci\u00f3n de ocio durante todo el mes de diciembre y hasta el 6 de enero en la Plaza de Toros de Valencia. \u00abLa Nadalenca\u00bb incluir\u00e1 entre su programaci\u00f3n una fiesta de la cerveza, espect\u00e1culos circenses, una feria gastron\u00f3mica, musicales infantiles, mon\u00f3logos, conciertos, una gran fiesta de fin de a\u00f1o y un mercado de reyes. Todas las actividades se desarrollar\u00e1n bajo una carpa de circo circular acondicionada con calefacci\u00f3n. Programa El 31 de diciembre y para terminar el a\u00f1o, podr\u00e1s disfrutar de la \u00abColiseo Winter Music\u00bb, una fiesta para disfrutar de la Nochevieja en el centro de [&hellip;]<\/p>\n","protected":false},"template":"","meta":[],"wcs-type":[5085,5053,5046],"wcs-room":[5245],"wcs-instructor":[],"class_list":["post-21915","class","type-class","status-publish","hentry","wcs-type-baile","wcs-type-fiestas","wcs-type-musica","wcs-room-plaza-de-toros-valencia"],"yoast_head":"<!-- This site is optimized with the Yoast SEO plugin v27.4 - https:\/\/yoast.com\/product\/yoast-seo-wordpress\/ -->\n<title>La Nadalenca: Nochevieja 2018 &quot;Coliseo Winter Music&quot; - COSTA BLANCA UP<\/title>\n<meta name=\"robots\" content=\"index, follow, max-snippet:-1, max-image-preview:large, max-video-preview:-1\" \/>\n<link rel=\"canonical\" href=\"https:\/\/costablancaup.com\/es\/class\/la-nadalenca-nochevieja-2018-coliseo-winter-music\/\" \/>\n<meta property=\"og:locale\" content=\"es_ES\" \/>\n<meta property=\"og:type\" content=\"article\" \/>\n<meta property=\"og:title\" content=\"La Nadalenca: Nochevieja 2018 &quot;Coliseo Winter Music&quot; - COSTA BLANCA UP\" \/>\n<meta property=\"og:description\" content=\"Disfruta de una completa programaci\u00f3n de ocio durante todo el mes de diciembre y hasta el 6 de enero en la Plaza de Toros de Valencia. \u00abLa Nadalenca\u00bb incluir\u00e1 entre su programaci\u00f3n una fiesta de la cerveza, espect\u00e1culos circenses, una feria gastron\u00f3mica, musicales infantiles, mon\u00f3logos, conciertos, una gran fiesta de fin de a\u00f1o y un mercado de reyes. Todas las actividades se desarrollar\u00e1n bajo una carpa de circo circular acondicionada con calefacci\u00f3n. Programa El 31 de diciembre y para terminar el a\u00f1o, podr\u00e1s disfrutar de la \u00abColiseo Winter Music\u00bb, una fiesta para disfrutar de la Nochevieja en el centro de [&hellip;]\" \/>\n<meta property=\"og:url\" content=\"https:\/\/costablancaup.com\/es\/class\/la-nadalenca-nochevieja-2018-coliseo-winter-music\/\" \/>\n<meta property=\"og:site_name\" content=\"COSTA BLANCA UP\" \/>\n<meta property=\"article:modified_time\" content=\"2018-12-05T09:14:02+00:00\" \/>\n<meta property=\"og:image\" content=\"https:\/\/costablancaup.com\/wp-content\/uploads\/2018\/12\/lanadalenca-2018-programa.jpg\" \/>\n<meta name=\"twitter:card\" content=\"summary_large_image\" \/>\n<meta name=\"twitter:label1\" content=\"Tiempo de lectura\" \/>\n\t<meta name=\"twitter:data1\" content=\"1 minuto\" \/>\n<script type=\"application\/ld+json\" class=\"yoast-schema-graph\">{\"@context\":\"https:\\\/\\\/schema.org\",\"@graph\":[{\"@type\":\"WebPage\",\"@id\":\"https:\\\/\\\/costablancaup.com\\\/es\\\/class\\\/la-nadalenca-nochevieja-2018-coliseo-winter-music\\\/\",\"url\":\"https:\\\/\\\/costablancaup.com\\\/es\\\/class\\\/la-nadalenca-nochevieja-2018-coliseo-winter-music\\\/\",\"name\":\"La Nadalenca: Nochevieja 2018 \\\"Coliseo Winter Music\\\" - COSTA BLANCA UP\",\"isPartOf\":{\"@id\":\"https:\\\/\\\/costablancaup.com\\\/es\\\/#website\"},\"primaryImageOfPage\":{\"@id\":\"https:\\\/\\\/costablancaup.com\\\/es\\\/class\\\/la-nadalenca-nochevieja-2018-coliseo-winter-music\\\/#primaryimage\"},\"image\":{\"@id\":\"https:\\\/\\\/costablancaup.com\\\/es\\\/class\\\/la-nadalenca-nochevieja-2018-coliseo-winter-music\\\/#primaryimage\"},\"thumbnailUrl\":\"https:\\\/\\\/costablancaup.com\\\/wp-content\\\/uploads\\\/2018\\\/12\\\/lanadalenca-2018-programa.jpg\",\"datePublished\":\"2018-12-05T09:00:00+00:00\",\"dateModified\":\"2018-12-05T09:14:02+00:00\",\"breadcrumb\":{\"@id\":\"https:\\\/\\\/costablancaup.com\\\/es\\\/class\\\/la-nadalenca-nochevieja-2018-coliseo-winter-music\\\/#breadcrumb\"},\"inLanguage\":\"es\",\"potentialAction\":[{\"@type\":\"ReadAction\",\"target\":[\"https:\\\/\\\/costablancaup.com\\\/es\\\/class\\\/la-nadalenca-nochevieja-2018-coliseo-winter-music\\\/\"]}]},{\"@type\":\"ImageObject\",\"inLanguage\":\"es\",\"@id\":\"https:\\\/\\\/costablancaup.com\\\/es\\\/class\\\/la-nadalenca-nochevieja-2018-coliseo-winter-music\\\/#primaryimage\",\"url\":\"https:\\\/\\\/costablancaup.com\\\/wp-content\\\/uploads\\\/2018\\\/12\\\/lanadalenca-2018-programa.jpg\",\"contentUrl\":\"https:\\\/\\\/costablancaup.com\\\/wp-content\\\/uploads\\\/2018\\\/12\\\/lanadalenca-2018-programa.jpg\"},{\"@type\":\"BreadcrumbList\",\"@id\":\"https:\\\/\\\/costablancaup.com\\\/es\\\/class\\\/la-nadalenca-nochevieja-2018-coliseo-winter-music\\\/#breadcrumb\",\"itemListElement\":[{\"@type\":\"ListItem\",\"position\":1,\"name\":\"Home\",\"item\":\"https:\\\/\\\/costablancaup.com\\\/es\\\/\"},{\"@type\":\"ListItem\",\"position\":2,\"name\":\"La Nadalenca: Nochevieja 2018 \u00abColiseo Winter Music\u00bb\"}]},{\"@type\":\"WebSite\",\"@id\":\"https:\\\/\\\/costablancaup.com\\\/es\\\/#website\",\"url\":\"https:\\\/\\\/costablancaup.com\\\/es\\\/\",\"name\":\"COSTA BLANCA UP\",\"description\":\"Costa Blanca Events and Agenda\",\"publisher\":{\"@id\":\"https:\\\/\\\/costablancaup.com\\\/es\\\/#organization\"},\"potentialAction\":[{\"@type\":\"SearchAction\",\"target\":{\"@type\":\"EntryPoint\",\"urlTemplate\":\"https:\\\/\\\/costablancaup.com\\\/es\\\/?s={search_term_string}\"},\"query-input\":{\"@type\":\"PropertyValueSpecification\",\"valueRequired\":true,\"valueName\":\"search_term_string\"}}],\"inLanguage\":\"es\"},{\"@type\":\"Organization\",\"@id\":\"https:\\\/\\\/costablancaup.com\\\/es\\\/#organization\",\"name\":\"Costa Blanca Up\",\"url\":\"https:\\\/\\\/costablancaup.com\\\/es\\\/\",\"logo\":{\"@type\":\"ImageObject\",\"inLanguage\":\"es\",\"@id\":\"https:\\\/\\\/costablancaup.com\\\/es\\\/#\\\/schema\\\/logo\\\/image\\\/\",\"url\":\"https:\\\/\\\/costablancaup.com\\\/wp-content\\\/uploads\\\/2018\\\/07\\\/titulo_web-1.png\",\"contentUrl\":\"https:\\\/\\\/costablancaup.com\\\/wp-content\\\/uploads\\\/2018\\\/07\\\/titulo_web-1.png\",\"width\":1973,\"height\":303,\"caption\":\"Costa Blanca Up\"},\"image\":{\"@id\":\"https:\\\/\\\/costablancaup.com\\\/es\\\/#\\\/schema\\\/logo\\\/image\\\/\"}}]}<\/script>\n<!-- \/ Yoast SEO plugin. -->","yoast_head_json":{"title":"La Nadalenca: Nochevieja 2018 \"Coliseo Winter Music\" - COSTA BLANCA UP","robots":{"index":"index","follow":"follow","max-snippet":"max-snippet:-1","max-image-preview":"max-image-preview:large","max-video-preview":"max-video-preview:-1"},"canonical":"https:\/\/costablancaup.com\/es\/class\/la-nadalenca-nochevieja-2018-coliseo-winter-music\/","og_locale":"es_ES","og_type":"article","og_title":"La Nadalenca: Nochevieja 2018 \"Coliseo Winter Music\" - COSTA BLANCA UP","og_description":"Disfruta de una completa programaci\u00f3n de ocio durante todo el mes de diciembre y hasta el 6 de enero en la Plaza de Toros de Valencia. \u00abLa Nadalenca\u00bb incluir\u00e1 entre su programaci\u00f3n una fiesta de la cerveza, espect\u00e1culos circenses, una feria gastron\u00f3mica, musicales infantiles, mon\u00f3logos, conciertos, una gran fiesta de fin de a\u00f1o y un mercado de reyes. Todas las actividades se desarrollar\u00e1n bajo una carpa de circo circular acondicionada con calefacci\u00f3n. Programa El 31 de diciembre y para terminar el a\u00f1o, podr\u00e1s disfrutar de la \u00abColiseo Winter Music\u00bb, una fiesta para disfrutar de la Nochevieja en el centro de [&hellip;]","og_url":"https:\/\/costablancaup.com\/es\/class\/la-nadalenca-nochevieja-2018-coliseo-winter-music\/","og_site_name":"COSTA BLANCA UP","article_modified_time":"2018-12-05T09:14:02+00:00","og_image":[{"url":"https:\/\/costablancaup.com\/wp-content\/uploads\/2018\/12\/lanadalenca-2018-programa.jpg","type":"","width":"","height":""}],"twitter_card":"summary_large_image","twitter_misc":{"Tiempo de lectura":"1 minuto"},"schema":{"@context":"https:\/\/schema.org","@graph":[{"@type":"WebPage","@id":"https:\/\/costablancaup.com\/es\/class\/la-nadalenca-nochevieja-2018-coliseo-winter-music\/","url":"https:\/\/costablancaup.com\/es\/class\/la-nadalenca-nochevieja-2018-coliseo-winter-music\/","name":"La Nadalenca: Nochevieja 2018 \"Coliseo Winter Music\" - COSTA BLANCA UP","isPartOf":{"@id":"https:\/\/costablancaup.com\/es\/#website"},"primaryImageOfPage":{"@id":"https:\/\/costablancaup.com\/es\/class\/la-nadalenca-nochevieja-2018-coliseo-winter-music\/#primaryimage"},"image":{"@id":"https:\/\/costablancaup.com\/es\/class\/la-nadalenca-nochevieja-2018-coliseo-winter-music\/#primaryimage"},"thumbnailUrl":"https:\/\/costablancaup.com\/wp-content\/uploads\/2018\/12\/lanadalenca-2018-programa.jpg","datePublished":"2018-12-05T09:00:00+00:00","dateModified":"2018-12-05T09:14:02+00:00","breadcrumb":{"@id":"https:\/\/costablancaup.com\/es\/class\/la-nadalenca-nochevieja-2018-coliseo-winter-music\/#breadcrumb"},"inLanguage":"es","potentialAction":[{"@type":"ReadAction","target":["https:\/\/costablancaup.com\/es\/class\/la-nadalenca-nochevieja-2018-coliseo-winter-music\/"]}]},{"@type":"ImageObject","inLanguage":"es","@id":"https:\/\/costablancaup.com\/es\/class\/la-nadalenca-nochevieja-2018-coliseo-winter-music\/#primaryimage","url":"https:\/\/costablancaup.com\/wp-content\/uploads\/2018\/12\/lanadalenca-2018-programa.jpg","contentUrl":"https:\/\/costablancaup.com\/wp-content\/uploads\/2018\/12\/lanadalenca-2018-programa.jpg"},{"@type":"BreadcrumbList","@id":"https:\/\/costablancaup.com\/es\/class\/la-nadalenca-nochevieja-2018-coliseo-winter-music\/#breadcrumb","itemListElement":[{"@type":"ListItem","position":1,"name":"Home","item":"https:\/\/costablancaup.com\/es\/"},{"@type":"ListItem","position":2,"name":"La Nadalenca: Nochevieja 2018 \u00abColiseo Winter Music\u00bb"}]},{"@type":"WebSite","@id":"https:\/\/costablancaup.com\/es\/#website","url":"https:\/\/costablancaup.com\/es\/","name":"COSTA BLANCA UP","description":"Costa Blanca Events and Agenda","publisher":{"@id":"https:\/\/costablancaup.com\/es\/#organization"},"potentialAction":[{"@type":"SearchAction","target":{"@type":"EntryPoint","urlTemplate":"https:\/\/costablancaup.com\/es\/?s={search_term_string}"},"query-input":{"@type":"PropertyValueSpecification","valueRequired":true,"valueName":"search_term_string"}}],"inLanguage":"es"},{"@type":"Organization","@id":"https:\/\/costablancaup.com\/es\/#organization","name":"Costa Blanca Up","url":"https:\/\/costablancaup.com\/es\/","logo":{"@type":"ImageObject","inLanguage":"es","@id":"https:\/\/costablancaup.com\/es\/#\/schema\/logo\/image\/","url":"https:\/\/costablancaup.com\/wp-content\/uploads\/2018\/07\/titulo_web-1.png","contentUrl":"https:\/\/costablancaup.com\/wp-content\/uploads\/2018\/07\/titulo_web-1.png","width":1973,"height":303,"caption":"Costa Blanca Up"},"image":{"@id":"https:\/\/costablancaup.com\/es\/#\/schema\/logo\/image\/"}}]}},"_links":{"self":[{"href":"https:\/\/costablancaup.com\/es\/wp-json\/wp\/v2\/class\/21915","targetHints":{"allow":["GET"]}}],"collection":[{"href":"https:\/\/costablancaup.com\/es\/wp-json\/wp\/v2\/class"}],"about":[{"href":"https:\/\/costablancaup.com\/es\/wp-json\/wp\/v2\/types\/class"}],"wp:attachment":[{"href":"https:\/\/costablancaup.com\/es\/wp-json\/wp\/v2\/media?parent=21915"}],"wp:term":[{"taxonomy":"wcs-type","embeddable":true,"href":"https:\/\/costablancaup.com\/es\/wp-json\/wp\/v2\/wcs-type?post=21915"},{"taxonomy":"wcs-room","embeddable":true,"href":"https:\/\/costablancaup.com\/es\/wp-json\/wp\/v2\/wcs-room?post=21915"},{"taxonomy":"wcs-instructor","embeddable":true,"href":"https:\/\/costablancaup.com\/es\/wp-json\/wp\/v2\/wcs-instructor?post=21915"}],"curies":[{"name":"wp","href":"https:\/\/api.w.org\/{rel}","templated":true}]}}