{"id":24226,"date":"2019-01-23T11:15:17","date_gmt":"2019-01-23T10:15:17","guid":{"rendered":"https:\/\/costablancaup.com\/class\/mercado-medieval-de-benissa-2\/"},"modified":"2019-01-23T11:18:15","modified_gmt":"2019-01-23T10:18:15","slug":"mercado-medieval-de-benissa-2","status":"publish","type":"class","link":"https:\/\/costablancaup.com\/es\/class\/mercado-medieval-de-benissa-2\/","title":{"rendered":"Mercado medieval de Benissa"},"content":{"rendered":"<h2>El mercado tendr\u00e1 lugar del 25 al 27 de enero dentro del marco de la \u00abFira i Porrat de Sant Antoni\u00bb de Benissa<\/h2>\n<p>Durante tres d\u00edas las calles del casco hist\u00f3rico de la localidad se llenar\u00e1n de puestos con productos de artesan\u00eda, zona gastron\u00f3mica, zoco \u00e1rabe, exposiciones tem\u00e1ticas, talleres de oficios antiguos, actuaciones ambientadas en la \u00e9poca y desfiles.<\/p>\n<p>Para los m\u00e1s peque\u00f1os habr\u00e1 ludoteca, talleres infantiles y teatros de marionetas y t\u00edteres.<\/p>\n<p>El Mercado medieval de Benissa cierra el programa de actos de la <em>Fira de Benissa<\/em>, que se desarrolla esos d\u00edas en la localidad con muchas m\u00e1s actividades como una feria de atracciones, feria ganadera, exposiciones, cine, m\u00fasica, concursos y actividades deportivas.<\/p>\n<h3>Horario<\/h3>\n<ul>\n<li>Viernes, de 20:00 a 00:00 horas.<\/li>\n<li>S\u00e1bado, de 10:00 a 00:00 horas.<\/li>\n<li>Domingo, de 10:00 a 22:00 horas.<\/li>\n<\/ul>\n<h3>Programa<\/h3>\n<p><img loading=\"lazy\" decoding=\"async\" src=\"https:\/\/costablancaup.com\/wp-content\/uploads\/2019\/01\/mercado-benissa-programa-2019.jpg\" alt=\"Mercado medieval de Benissa: programa\" width=\"1024\" height=\"1548\" class=\"aligncenter size-full wp-image-24218\" srcset=\"https:\/\/costablancaup.com\/wp-content\/uploads\/2019\/01\/mercado-benissa-programa-2019.jpg 1024w, https:\/\/costablancaup.com\/wp-content\/uploads\/2019\/01\/mercado-benissa-programa-2019-198x300.jpg 198w, https:\/\/costablancaup.com\/wp-content\/uploads\/2019\/01\/mercado-benissa-programa-2019-768x1161.jpg 768w, https:\/\/costablancaup.com\/wp-content\/uploads\/2019\/01\/mercado-benissa-programa-2019-677x1024.jpg 677w, https:\/\/costablancaup.com\/wp-content\/uploads\/2019\/01\/mercado-benissa-programa-2019-400x605.jpg 400w\" sizes=\"auto, (max-width: 1024px) 100vw, 1024px\" \/><\/p>\n<h3>Localizaci\u00f3n<\/h3>\n\r\n            \r\n            \r\n            \r\n            <a name='map116'><\/a>\r\n            \r\n            \r\n            \r\n            \r\n            <div class=\"wpgmza_map \"  id=\"wpgmza_map_116\" style=\"display:block; overflow:auto; width:100%; height:400px; float:left;\" data-settings='{\"id\":\"116\",\"map_title\":\"Plaza Rei Jaume I (Benissa)\",\"map_width\":\"100\",\"map_height\":\"400\",\"map_start_lat\":\"38.714558\",\"map_start_lng\":\"0.050164\",\"map_start_location\":\"38.71455816402181,0.05016427273062618\",\"map_start_zoom\":\"17\",\"default_marker\":\"0\",\"type\":\"1\",\"alignment\":\"1\",\"directions_enabled\":\"0\",\"styling_enabled\":\"0\",\"styling_json\":\"\",\"active\":\"0\",\"kml\":\"\",\"bicycle\":\"0\",\"traffic\":\"0\",\"dbox\":\"1\",\"dbox_width\":\"100\",\"listmarkers\":\"0\",\"listmarkers_advanced\":\"0\",\"filterbycat\":\"0\",\"ugm_enabled\":\"0\",\"ugm_category_enabled\":\"0\",\"fusion\":\"\",\"map_width_type\":\"\\\\%\",\"map_height_type\":\"px\",\"mass_marker_support\":\"0\",\"ugm_access\":\"0\",\"order_markers_by\":\"1\",\"order_markers_choice\":\"2\",\"show_user_location\":\"2\",\"default_to\":\"\",\"other_settings\":{\"wpgmza_store_locator_restrict\":\"\",\"wpgmza_sl_animation\":\"1\",\"store_locator_query_string\":\"ZIP \\\/ Address:\",\"store_locator_name_string\":\"Title \\\/ Description:\",\"store_locator_default_address\":\"\",\"wpgmza_dbox_width_type\":\"%\",\"map_max_zoom\":\"3\",\"map_min_zoom\":\"21\",\"sl_stroke_color\":\"FF0000\",\"sl_stroke_opacity\":\"0.25\",\"sl_fill_color\":\"FF0000\",\"sl_fill_opacity\":\"0.15\",\"click_open_link\":2,\"transport_layer\":0,\"iw_primary_color\":\"2A3744\",\"iw_accent_color\":\"252F3A\",\"iw_text_color\":\"FFFFFF\",\"wpgmza_iw_type\":\"0\",\"list_markers_by\":\"0\",\"push_in_map\":\"\",\"push_in_map_placement\":\"9\",\"wpgmza_push_in_map_width\":\"\",\"wpgmza_push_in_map_height\":\"\",\"wpgmza_theme_data\":\"\",\"upload_default_ul_marker\":\"\",\"upload_default_sl_marker\":\"\",\"shortcodeAttributes\":{\"id\":\"116\"}}}' data-map-id='116' data-shortcode-attributes='{\"id\":\"116\"}'> <\/div>\r\n            \r\n               \r\n        \n","protected":false},"excerpt":{"rendered":"<p>El mercado tendr\u00e1 lugar del 25 al 27 de enero dentro del marco de la \u00abFira i Porrat de Sant Antoni\u00bb de Benissa Durante tres d\u00edas las calles del casco hist\u00f3rico de la localidad se llenar\u00e1n de puestos con productos de artesan\u00eda, zona gastron\u00f3mica, zoco \u00e1rabe, exposiciones tem\u00e1ticas, talleres de oficios antiguos, actuaciones ambientadas en la \u00e9poca y desfiles. Para los m\u00e1s peque\u00f1os habr\u00e1 ludoteca, talleres infantiles y teatros de marionetas y t\u00edteres. El Mercado medieval de Benissa cierra el programa de actos de la Fira de Benissa, que se desarrolla esos d\u00edas en la localidad con muchas m\u00e1s actividades [&hellip;]<\/p>\n","protected":false},"template":"","meta":[],"wcs-type":[5042,5372,5046,5036,5066],"wcs-room":[5779],"wcs-instructor":[],"class_list":["post-24226","class","type-class","status-publish","hentry","wcs-type-espectaculos","wcs-type-gastronomia","wcs-type-musica","wcs-type-ninos","wcs-type-teatro","wcs-room-plaza-rei-jaume-i-benissa"],"yoast_head":"<!-- This site is optimized with the Yoast SEO plugin v27.4 - https:\/\/yoast.com\/product\/yoast-seo-wordpress\/ -->\n<title>Mercado medieval de Benissa - COSTA BLANCA UP<\/title>\n<meta name=\"robots\" content=\"index, follow, max-snippet:-1, max-image-preview:large, max-video-preview:-1\" \/>\n<link rel=\"canonical\" href=\"https:\/\/costablancaup.com\/es\/class\/mercado-medieval-de-benissa-2\/\" \/>\n<meta property=\"og:locale\" content=\"es_ES\" \/>\n<meta property=\"og:type\" content=\"article\" \/>\n<meta property=\"og:title\" content=\"Mercado medieval de Benissa - COSTA BLANCA UP\" \/>\n<meta property=\"og:description\" content=\"El mercado tendr\u00e1 lugar del 25 al 27 de enero dentro del marco de la \u00abFira i Porrat de Sant Antoni\u00bb de Benissa Durante tres d\u00edas las calles del casco hist\u00f3rico de la localidad se llenar\u00e1n de puestos con productos de artesan\u00eda, zona gastron\u00f3mica, zoco \u00e1rabe, exposiciones tem\u00e1ticas, talleres de oficios antiguos, actuaciones ambientadas en la \u00e9poca y desfiles. Para los m\u00e1s peque\u00f1os habr\u00e1 ludoteca, talleres infantiles y teatros de marionetas y t\u00edteres. El Mercado medieval de Benissa cierra el programa de actos de la Fira de Benissa, que se desarrolla esos d\u00edas en la localidad con muchas m\u00e1s actividades [&hellip;]\" \/>\n<meta property=\"og:url\" content=\"https:\/\/costablancaup.com\/es\/class\/mercado-medieval-de-benissa-2\/\" \/>\n<meta property=\"og:site_name\" content=\"COSTA BLANCA UP\" \/>\n<meta property=\"article:modified_time\" content=\"2019-01-23T10:18:15+00:00\" \/>\n<meta property=\"og:image\" content=\"https:\/\/costablancaup.com\/wp-content\/uploads\/2019\/01\/mercado-benissa-programa-2019.jpg\" \/>\n<meta name=\"twitter:card\" content=\"summary_large_image\" \/>\n<meta name=\"twitter:label1\" content=\"Tiempo de lectura\" \/>\n\t<meta name=\"twitter:data1\" content=\"1 minuto\" \/>\n<script type=\"application\/ld+json\" class=\"yoast-schema-graph\">{\"@context\":\"https:\\\/\\\/schema.org\",\"@graph\":[{\"@type\":\"WebPage\",\"@id\":\"https:\\\/\\\/costablancaup.com\\\/es\\\/class\\\/mercado-medieval-de-benissa-2\\\/\",\"url\":\"https:\\\/\\\/costablancaup.com\\\/es\\\/class\\\/mercado-medieval-de-benissa-2\\\/\",\"name\":\"Mercado medieval de Benissa - COSTA BLANCA UP\",\"isPartOf\":{\"@id\":\"https:\\\/\\\/costablancaup.com\\\/es\\\/#website\"},\"primaryImageOfPage\":{\"@id\":\"https:\\\/\\\/costablancaup.com\\\/es\\\/class\\\/mercado-medieval-de-benissa-2\\\/#primaryimage\"},\"image\":{\"@id\":\"https:\\\/\\\/costablancaup.com\\\/es\\\/class\\\/mercado-medieval-de-benissa-2\\\/#primaryimage\"},\"thumbnailUrl\":\"https:\\\/\\\/costablancaup.com\\\/wp-content\\\/uploads\\\/2019\\\/01\\\/mercado-benissa-programa-2019.jpg\",\"datePublished\":\"2019-01-23T10:15:17+00:00\",\"dateModified\":\"2019-01-23T10:18:15+00:00\",\"breadcrumb\":{\"@id\":\"https:\\\/\\\/costablancaup.com\\\/es\\\/class\\\/mercado-medieval-de-benissa-2\\\/#breadcrumb\"},\"inLanguage\":\"es\",\"potentialAction\":[{\"@type\":\"ReadAction\",\"target\":[\"https:\\\/\\\/costablancaup.com\\\/es\\\/class\\\/mercado-medieval-de-benissa-2\\\/\"]}]},{\"@type\":\"ImageObject\",\"inLanguage\":\"es\",\"@id\":\"https:\\\/\\\/costablancaup.com\\\/es\\\/class\\\/mercado-medieval-de-benissa-2\\\/#primaryimage\",\"url\":\"https:\\\/\\\/costablancaup.com\\\/wp-content\\\/uploads\\\/2019\\\/01\\\/mercado-benissa-programa-2019.jpg\",\"contentUrl\":\"https:\\\/\\\/costablancaup.com\\\/wp-content\\\/uploads\\\/2019\\\/01\\\/mercado-benissa-programa-2019.jpg\"},{\"@type\":\"BreadcrumbList\",\"@id\":\"https:\\\/\\\/costablancaup.com\\\/es\\\/class\\\/mercado-medieval-de-benissa-2\\\/#breadcrumb\",\"itemListElement\":[{\"@type\":\"ListItem\",\"position\":1,\"name\":\"Home\",\"item\":\"https:\\\/\\\/costablancaup.com\\\/es\\\/\"},{\"@type\":\"ListItem\",\"position\":2,\"name\":\"Mercado medieval de Benissa\"}]},{\"@type\":\"WebSite\",\"@id\":\"https:\\\/\\\/costablancaup.com\\\/es\\\/#website\",\"url\":\"https:\\\/\\\/costablancaup.com\\\/es\\\/\",\"name\":\"COSTA BLANCA UP\",\"description\":\"Costa Blanca Events and Agenda\",\"publisher\":{\"@id\":\"https:\\\/\\\/costablancaup.com\\\/es\\\/#organization\"},\"potentialAction\":[{\"@type\":\"SearchAction\",\"target\":{\"@type\":\"EntryPoint\",\"urlTemplate\":\"https:\\\/\\\/costablancaup.com\\\/es\\\/?s={search_term_string}\"},\"query-input\":{\"@type\":\"PropertyValueSpecification\",\"valueRequired\":true,\"valueName\":\"search_term_string\"}}],\"inLanguage\":\"es\"},{\"@type\":\"Organization\",\"@id\":\"https:\\\/\\\/costablancaup.com\\\/es\\\/#organization\",\"name\":\"Costa Blanca Up\",\"url\":\"https:\\\/\\\/costablancaup.com\\\/es\\\/\",\"logo\":{\"@type\":\"ImageObject\",\"inLanguage\":\"es\",\"@id\":\"https:\\\/\\\/costablancaup.com\\\/es\\\/#\\\/schema\\\/logo\\\/image\\\/\",\"url\":\"https:\\\/\\\/costablancaup.com\\\/wp-content\\\/uploads\\\/2018\\\/07\\\/titulo_web-1.png\",\"contentUrl\":\"https:\\\/\\\/costablancaup.com\\\/wp-content\\\/uploads\\\/2018\\\/07\\\/titulo_web-1.png\",\"width\":1973,\"height\":303,\"caption\":\"Costa Blanca Up\"},\"image\":{\"@id\":\"https:\\\/\\\/costablancaup.com\\\/es\\\/#\\\/schema\\\/logo\\\/image\\\/\"}}]}<\/script>\n<!-- \/ Yoast SEO plugin. -->","yoast_head_json":{"title":"Mercado medieval de Benissa - COSTA BLANCA UP","robots":{"index":"index","follow":"follow","max-snippet":"max-snippet:-1","max-image-preview":"max-image-preview:large","max-video-preview":"max-video-preview:-1"},"canonical":"https:\/\/costablancaup.com\/es\/class\/mercado-medieval-de-benissa-2\/","og_locale":"es_ES","og_type":"article","og_title":"Mercado medieval de Benissa - COSTA BLANCA UP","og_description":"El mercado tendr\u00e1 lugar del 25 al 27 de enero dentro del marco de la \u00abFira i Porrat de Sant Antoni\u00bb de Benissa Durante tres d\u00edas las calles del casco hist\u00f3rico de la localidad se llenar\u00e1n de puestos con productos de artesan\u00eda, zona gastron\u00f3mica, zoco \u00e1rabe, exposiciones tem\u00e1ticas, talleres de oficios antiguos, actuaciones ambientadas en la \u00e9poca y desfiles. Para los m\u00e1s peque\u00f1os habr\u00e1 ludoteca, talleres infantiles y teatros de marionetas y t\u00edteres. El Mercado medieval de Benissa cierra el programa de actos de la Fira de Benissa, que se desarrolla esos d\u00edas en la localidad con muchas m\u00e1s actividades [&hellip;]","og_url":"https:\/\/costablancaup.com\/es\/class\/mercado-medieval-de-benissa-2\/","og_site_name":"COSTA BLANCA UP","article_modified_time":"2019-01-23T10:18:15+00:00","og_image":[{"url":"https:\/\/costablancaup.com\/wp-content\/uploads\/2019\/01\/mercado-benissa-programa-2019.jpg","type":"","width":"","height":""}],"twitter_card":"summary_large_image","twitter_misc":{"Tiempo de lectura":"1 minuto"},"schema":{"@context":"https:\/\/schema.org","@graph":[{"@type":"WebPage","@id":"https:\/\/costablancaup.com\/es\/class\/mercado-medieval-de-benissa-2\/","url":"https:\/\/costablancaup.com\/es\/class\/mercado-medieval-de-benissa-2\/","name":"Mercado medieval de Benissa - COSTA BLANCA UP","isPartOf":{"@id":"https:\/\/costablancaup.com\/es\/#website"},"primaryImageOfPage":{"@id":"https:\/\/costablancaup.com\/es\/class\/mercado-medieval-de-benissa-2\/#primaryimage"},"image":{"@id":"https:\/\/costablancaup.com\/es\/class\/mercado-medieval-de-benissa-2\/#primaryimage"},"thumbnailUrl":"https:\/\/costablancaup.com\/wp-content\/uploads\/2019\/01\/mercado-benissa-programa-2019.jpg","datePublished":"2019-01-23T10:15:17+00:00","dateModified":"2019-01-23T10:18:15+00:00","breadcrumb":{"@id":"https:\/\/costablancaup.com\/es\/class\/mercado-medieval-de-benissa-2\/#breadcrumb"},"inLanguage":"es","potentialAction":[{"@type":"ReadAction","target":["https:\/\/costablancaup.com\/es\/class\/mercado-medieval-de-benissa-2\/"]}]},{"@type":"ImageObject","inLanguage":"es","@id":"https:\/\/costablancaup.com\/es\/class\/mercado-medieval-de-benissa-2\/#primaryimage","url":"https:\/\/costablancaup.com\/wp-content\/uploads\/2019\/01\/mercado-benissa-programa-2019.jpg","contentUrl":"https:\/\/costablancaup.com\/wp-content\/uploads\/2019\/01\/mercado-benissa-programa-2019.jpg"},{"@type":"BreadcrumbList","@id":"https:\/\/costablancaup.com\/es\/class\/mercado-medieval-de-benissa-2\/#breadcrumb","itemListElement":[{"@type":"ListItem","position":1,"name":"Home","item":"https:\/\/costablancaup.com\/es\/"},{"@type":"ListItem","position":2,"name":"Mercado medieval de Benissa"}]},{"@type":"WebSite","@id":"https:\/\/costablancaup.com\/es\/#website","url":"https:\/\/costablancaup.com\/es\/","name":"COSTA BLANCA UP","description":"Costa Blanca Events and Agenda","publisher":{"@id":"https:\/\/costablancaup.com\/es\/#organization"},"potentialAction":[{"@type":"SearchAction","target":{"@type":"EntryPoint","urlTemplate":"https:\/\/costablancaup.com\/es\/?s={search_term_string}"},"query-input":{"@type":"PropertyValueSpecification","valueRequired":true,"valueName":"search_term_string"}}],"inLanguage":"es"},{"@type":"Organization","@id":"https:\/\/costablancaup.com\/es\/#organization","name":"Costa Blanca Up","url":"https:\/\/costablancaup.com\/es\/","logo":{"@type":"ImageObject","inLanguage":"es","@id":"https:\/\/costablancaup.com\/es\/#\/schema\/logo\/image\/","url":"https:\/\/costablancaup.com\/wp-content\/uploads\/2018\/07\/titulo_web-1.png","contentUrl":"https:\/\/costablancaup.com\/wp-content\/uploads\/2018\/07\/titulo_web-1.png","width":1973,"height":303,"caption":"Costa Blanca Up"},"image":{"@id":"https:\/\/costablancaup.com\/es\/#\/schema\/logo\/image\/"}}]}},"_links":{"self":[{"href":"https:\/\/costablancaup.com\/es\/wp-json\/wp\/v2\/class\/24226","targetHints":{"allow":["GET"]}}],"collection":[{"href":"https:\/\/costablancaup.com\/es\/wp-json\/wp\/v2\/class"}],"about":[{"href":"https:\/\/costablancaup.com\/es\/wp-json\/wp\/v2\/types\/class"}],"wp:attachment":[{"href":"https:\/\/costablancaup.com\/es\/wp-json\/wp\/v2\/media?parent=24226"}],"wp:term":[{"taxonomy":"wcs-type","embeddable":true,"href":"https:\/\/costablancaup.com\/es\/wp-json\/wp\/v2\/wcs-type?post=24226"},{"taxonomy":"wcs-room","embeddable":true,"href":"https:\/\/costablancaup.com\/es\/wp-json\/wp\/v2\/wcs-room?post=24226"},{"taxonomy":"wcs-instructor","embeddable":true,"href":"https:\/\/costablancaup.com\/es\/wp-json\/wp\/v2\/wcs-instructor?post=24226"}],"curies":[{"name":"wp","href":"https:\/\/api.w.org\/{rel}","templated":true}]}}