{"id":24466,"date":"2019-01-28T13:59:43","date_gmt":"2019-01-28T12:59:43","guid":{"rendered":"https:\/\/costablancaup.com\/?post_type=class&#038;p=24466"},"modified":"2019-01-29T10:00:40","modified_gmt":"2019-01-29T09:00:40","slug":"jornadas-internacionales-sobre-el-legado-andalusi-en-orihuela","status":"publish","type":"class","link":"https:\/\/costablancaup.com\/es\/class\/jornadas-internacionales-sobre-el-legado-andalusi-en-orihuela\/","title":{"rendered":"Jornadas internacionales sobre el Legado Andalus\u00ed en Orihuela"},"content":{"rendered":"<h2>El evento se celebrar\u00e1 los d\u00edas 29 y 30 de enero en el Aula de Cultura de la Fundaci\u00f3n CAM.<\/h2>\n<p>Orihuela justifica su condici\u00f3n de anfitriona de estas jornadas por su pasado isl\u00e1mico, as\u00ed como su denso Palmeral (el segundo de Europa) como exponente vivo de la huella andalus\u00ed.<\/p>\n<p>Las jornadas, a las que asistir\u00e1n importantes representantes \u00e1rabes, tienen el objetivo de difundir y poner en valor el legado Andalus\u00ed as\u00ed como concienciar sobre las posibilidades que ofrece como eje de diplomacia cultural en el Mediterr\u00e1neo.<\/p>\n<p>El programa incluye conferencias, recitales de poes\u00eda, exposiciones, visitas guiadas y conciertos de m\u00fasica.<\/p>\n<h3>Programa<\/h3>\n<p><img loading=\"lazy\" decoding=\"async\" src=\"https:\/\/costablancaup.com\/wp-content\/uploads\/2019\/01\/jornadas-andalusi-orihuela-programa.jpg\" alt=\"Jornadas internacionales sobre el Legado Andalus\u00ed: programa\" width=\"800\" height=\"963\" class=\"aligncenter size-full wp-image-24457\" srcset=\"https:\/\/costablancaup.com\/wp-content\/uploads\/2019\/01\/jornadas-andalusi-orihuela-programa.jpg 800w, https:\/\/costablancaup.com\/wp-content\/uploads\/2019\/01\/jornadas-andalusi-orihuela-programa-249x300.jpg 249w, https:\/\/costablancaup.com\/wp-content\/uploads\/2019\/01\/jornadas-andalusi-orihuela-programa-768x924.jpg 768w, https:\/\/costablancaup.com\/wp-content\/uploads\/2019\/01\/jornadas-andalusi-orihuela-programa-400x482.jpg 400w\" sizes=\"auto, (max-width: 800px) 100vw, 800px\" \/><\/p>\n<h3>Localizaci\u00f3n<\/h3>\n\r\n            \r\n            \r\n            \r\n            <a name='map120'><\/a>\r\n            \r\n            \r\n            \r\n            \r\n            <div class=\"wpgmza_map \"  id=\"wpgmza_map_120\" style=\"display:block; overflow:auto; width:100%; height:400px; float:left;\" data-settings='{\"id\":\"120\",\"map_title\":\"Aula de Cultura de la Fundaci\\u00f3n CAM (Orihuela)\",\"map_width\":\"100\",\"map_height\":\"400\",\"map_start_lat\":\"38.083501\",\"map_start_lng\":\"-0.946706\",\"map_start_location\":\"38.08350098573272,-0.9467056263982943\",\"map_start_zoom\":\"15\",\"default_marker\":\"0\",\"type\":\"1\",\"alignment\":\"1\",\"directions_enabled\":\"0\",\"styling_enabled\":\"0\",\"styling_json\":\"\",\"active\":\"0\",\"kml\":\"\",\"bicycle\":\"0\",\"traffic\":\"0\",\"dbox\":\"1\",\"dbox_width\":\"100\",\"listmarkers\":\"0\",\"listmarkers_advanced\":\"0\",\"filterbycat\":\"0\",\"ugm_enabled\":\"0\",\"ugm_category_enabled\":\"0\",\"fusion\":\"\",\"map_width_type\":\"\\\\%\",\"map_height_type\":\"px\",\"mass_marker_support\":\"0\",\"ugm_access\":\"0\",\"order_markers_by\":\"1\",\"order_markers_choice\":\"2\",\"show_user_location\":\"2\",\"default_to\":\"\",\"other_settings\":{\"wpgmza_store_locator_restrict\":\"\",\"wpgmza_sl_animation\":\"1\",\"store_locator_query_string\":\"ZIP \\\/ Address:\",\"store_locator_name_string\":\"Title \\\/ Description:\",\"store_locator_default_address\":\"\",\"wpgmza_dbox_width_type\":\"%\",\"map_max_zoom\":\"3\",\"map_min_zoom\":\"21\",\"sl_stroke_color\":\"FF0000\",\"sl_stroke_opacity\":\"0.25\",\"sl_fill_color\":\"FF0000\",\"sl_fill_opacity\":\"0.15\",\"click_open_link\":2,\"transport_layer\":0,\"iw_primary_color\":\"2A3744\",\"iw_accent_color\":\"252F3A\",\"iw_text_color\":\"FFFFFF\",\"wpgmza_iw_type\":\"0\",\"list_markers_by\":\"0\",\"push_in_map\":\"\",\"push_in_map_placement\":\"9\",\"wpgmza_push_in_map_width\":\"\",\"wpgmza_push_in_map_height\":\"\",\"wpgmza_theme_data\":\"\",\"upload_default_ul_marker\":\"\",\"upload_default_sl_marker\":\"\",\"shortcodeAttributes\":{\"id\":\"120\"}}}' data-map-id='120' data-shortcode-attributes='{\"id\":\"120\"}'> <\/div>\r\n            \r\n               \r\n        \n","protected":false},"excerpt":{"rendered":"<p>El evento se celebrar\u00e1 los d\u00edas 29 y 30 de enero en el Aula de Cultura de la Fundaci\u00f3n CAM. Orihuela justifica su condici\u00f3n de anfitriona de estas jornadas por su pasado isl\u00e1mico, as\u00ed como su denso Palmeral (el segundo de Europa) como exponente vivo de la huella andalus\u00ed. Las jornadas, a las que asistir\u00e1n importantes representantes \u00e1rabes, tienen el objetivo de difundir y poner en valor el legado Andalus\u00ed as\u00ed como concienciar sobre las posibilidades que ofrece como eje de diplomacia cultural en el Mediterr\u00e1neo. El programa incluye conferencias, recitales de poes\u00eda, exposiciones, visitas guiadas y conciertos de m\u00fasica. [&hellip;]<\/p>\n","protected":false},"template":"","meta":[],"wcs-type":[5226],"wcs-room":[5792],"wcs-instructor":[],"class_list":["post-24466","class","type-class","status-publish","hentry","wcs-type-otros","wcs-room-aula-de-cultura-de-la-fundacion-cam-orihuela"],"yoast_head":"<!-- This site is optimized with the Yoast SEO plugin v27.4 - https:\/\/yoast.com\/product\/yoast-seo-wordpress\/ -->\n<title>Jornadas internacionales sobre el Legado Andalus\u00ed en Orihuela - COSTA BLANCA UP<\/title>\n<meta name=\"robots\" content=\"index, follow, max-snippet:-1, max-image-preview:large, max-video-preview:-1\" \/>\n<link rel=\"canonical\" href=\"https:\/\/costablancaup.com\/es\/class\/jornadas-internacionales-sobre-el-legado-andalusi-en-orihuela\/\" \/>\n<meta property=\"og:locale\" content=\"es_ES\" \/>\n<meta property=\"og:type\" content=\"article\" \/>\n<meta property=\"og:title\" content=\"Jornadas internacionales sobre el Legado Andalus\u00ed en Orihuela - COSTA BLANCA UP\" \/>\n<meta property=\"og:description\" content=\"El evento se celebrar\u00e1 los d\u00edas 29 y 30 de enero en el Aula de Cultura de la Fundaci\u00f3n CAM. Orihuela justifica su condici\u00f3n de anfitriona de estas jornadas por su pasado isl\u00e1mico, as\u00ed como su denso Palmeral (el segundo de Europa) como exponente vivo de la huella andalus\u00ed. Las jornadas, a las que asistir\u00e1n importantes representantes \u00e1rabes, tienen el objetivo de difundir y poner en valor el legado Andalus\u00ed as\u00ed como concienciar sobre las posibilidades que ofrece como eje de diplomacia cultural en el Mediterr\u00e1neo. El programa incluye conferencias, recitales de poes\u00eda, exposiciones, visitas guiadas y conciertos de m\u00fasica. [&hellip;]\" \/>\n<meta property=\"og:url\" content=\"https:\/\/costablancaup.com\/es\/class\/jornadas-internacionales-sobre-el-legado-andalusi-en-orihuela\/\" \/>\n<meta property=\"og:site_name\" content=\"COSTA BLANCA UP\" \/>\n<meta property=\"article:modified_time\" content=\"2019-01-29T09:00:40+00:00\" \/>\n<meta property=\"og:image\" content=\"https:\/\/costablancaup.com\/wp-content\/uploads\/2019\/01\/jornadas-andalusi-orihuela-programa.jpg\" \/>\n<meta name=\"twitter:card\" content=\"summary_large_image\" \/>\n<meta name=\"twitter:label1\" content=\"Tiempo de lectura\" \/>\n\t<meta name=\"twitter:data1\" content=\"1 minuto\" \/>\n<script type=\"application\/ld+json\" class=\"yoast-schema-graph\">{\"@context\":\"https:\\\/\\\/schema.org\",\"@graph\":[{\"@type\":\"WebPage\",\"@id\":\"https:\\\/\\\/costablancaup.com\\\/es\\\/class\\\/jornadas-internacionales-sobre-el-legado-andalusi-en-orihuela\\\/\",\"url\":\"https:\\\/\\\/costablancaup.com\\\/es\\\/class\\\/jornadas-internacionales-sobre-el-legado-andalusi-en-orihuela\\\/\",\"name\":\"Jornadas internacionales sobre el Legado Andalus\u00ed en Orihuela - COSTA BLANCA UP\",\"isPartOf\":{\"@id\":\"https:\\\/\\\/costablancaup.com\\\/es\\\/#website\"},\"primaryImageOfPage\":{\"@id\":\"https:\\\/\\\/costablancaup.com\\\/es\\\/class\\\/jornadas-internacionales-sobre-el-legado-andalusi-en-orihuela\\\/#primaryimage\"},\"image\":{\"@id\":\"https:\\\/\\\/costablancaup.com\\\/es\\\/class\\\/jornadas-internacionales-sobre-el-legado-andalusi-en-orihuela\\\/#primaryimage\"},\"thumbnailUrl\":\"https:\\\/\\\/costablancaup.com\\\/wp-content\\\/uploads\\\/2019\\\/01\\\/jornadas-andalusi-orihuela-programa.jpg\",\"datePublished\":\"2019-01-28T12:59:43+00:00\",\"dateModified\":\"2019-01-29T09:00:40+00:00\",\"breadcrumb\":{\"@id\":\"https:\\\/\\\/costablancaup.com\\\/es\\\/class\\\/jornadas-internacionales-sobre-el-legado-andalusi-en-orihuela\\\/#breadcrumb\"},\"inLanguage\":\"es\",\"potentialAction\":[{\"@type\":\"ReadAction\",\"target\":[\"https:\\\/\\\/costablancaup.com\\\/es\\\/class\\\/jornadas-internacionales-sobre-el-legado-andalusi-en-orihuela\\\/\"]}]},{\"@type\":\"ImageObject\",\"inLanguage\":\"es\",\"@id\":\"https:\\\/\\\/costablancaup.com\\\/es\\\/class\\\/jornadas-internacionales-sobre-el-legado-andalusi-en-orihuela\\\/#primaryimage\",\"url\":\"https:\\\/\\\/costablancaup.com\\\/wp-content\\\/uploads\\\/2019\\\/01\\\/jornadas-andalusi-orihuela-programa.jpg\",\"contentUrl\":\"https:\\\/\\\/costablancaup.com\\\/wp-content\\\/uploads\\\/2019\\\/01\\\/jornadas-andalusi-orihuela-programa.jpg\"},{\"@type\":\"BreadcrumbList\",\"@id\":\"https:\\\/\\\/costablancaup.com\\\/es\\\/class\\\/jornadas-internacionales-sobre-el-legado-andalusi-en-orihuela\\\/#breadcrumb\",\"itemListElement\":[{\"@type\":\"ListItem\",\"position\":1,\"name\":\"Home\",\"item\":\"https:\\\/\\\/costablancaup.com\\\/es\\\/\"},{\"@type\":\"ListItem\",\"position\":2,\"name\":\"Jornadas internacionales sobre el Legado Andalus\u00ed en Orihuela\"}]},{\"@type\":\"WebSite\",\"@id\":\"https:\\\/\\\/costablancaup.com\\\/es\\\/#website\",\"url\":\"https:\\\/\\\/costablancaup.com\\\/es\\\/\",\"name\":\"COSTA BLANCA UP\",\"description\":\"Costa Blanca Events and Agenda\",\"publisher\":{\"@id\":\"https:\\\/\\\/costablancaup.com\\\/es\\\/#organization\"},\"potentialAction\":[{\"@type\":\"SearchAction\",\"target\":{\"@type\":\"EntryPoint\",\"urlTemplate\":\"https:\\\/\\\/costablancaup.com\\\/es\\\/?s={search_term_string}\"},\"query-input\":{\"@type\":\"PropertyValueSpecification\",\"valueRequired\":true,\"valueName\":\"search_term_string\"}}],\"inLanguage\":\"es\"},{\"@type\":\"Organization\",\"@id\":\"https:\\\/\\\/costablancaup.com\\\/es\\\/#organization\",\"name\":\"Costa Blanca Up\",\"url\":\"https:\\\/\\\/costablancaup.com\\\/es\\\/\",\"logo\":{\"@type\":\"ImageObject\",\"inLanguage\":\"es\",\"@id\":\"https:\\\/\\\/costablancaup.com\\\/es\\\/#\\\/schema\\\/logo\\\/image\\\/\",\"url\":\"https:\\\/\\\/costablancaup.com\\\/wp-content\\\/uploads\\\/2018\\\/07\\\/titulo_web-1.png\",\"contentUrl\":\"https:\\\/\\\/costablancaup.com\\\/wp-content\\\/uploads\\\/2018\\\/07\\\/titulo_web-1.png\",\"width\":1973,\"height\":303,\"caption\":\"Costa Blanca Up\"},\"image\":{\"@id\":\"https:\\\/\\\/costablancaup.com\\\/es\\\/#\\\/schema\\\/logo\\\/image\\\/\"}}]}<\/script>\n<!-- \/ Yoast SEO plugin. -->","yoast_head_json":{"title":"Jornadas internacionales sobre el Legado Andalus\u00ed en Orihuela - COSTA BLANCA UP","robots":{"index":"index","follow":"follow","max-snippet":"max-snippet:-1","max-image-preview":"max-image-preview:large","max-video-preview":"max-video-preview:-1"},"canonical":"https:\/\/costablancaup.com\/es\/class\/jornadas-internacionales-sobre-el-legado-andalusi-en-orihuela\/","og_locale":"es_ES","og_type":"article","og_title":"Jornadas internacionales sobre el Legado Andalus\u00ed en Orihuela - COSTA BLANCA UP","og_description":"El evento se celebrar\u00e1 los d\u00edas 29 y 30 de enero en el Aula de Cultura de la Fundaci\u00f3n CAM. Orihuela justifica su condici\u00f3n de anfitriona de estas jornadas por su pasado isl\u00e1mico, as\u00ed como su denso Palmeral (el segundo de Europa) como exponente vivo de la huella andalus\u00ed. Las jornadas, a las que asistir\u00e1n importantes representantes \u00e1rabes, tienen el objetivo de difundir y poner en valor el legado Andalus\u00ed as\u00ed como concienciar sobre las posibilidades que ofrece como eje de diplomacia cultural en el Mediterr\u00e1neo. El programa incluye conferencias, recitales de poes\u00eda, exposiciones, visitas guiadas y conciertos de m\u00fasica. [&hellip;]","og_url":"https:\/\/costablancaup.com\/es\/class\/jornadas-internacionales-sobre-el-legado-andalusi-en-orihuela\/","og_site_name":"COSTA BLANCA UP","article_modified_time":"2019-01-29T09:00:40+00:00","og_image":[{"url":"https:\/\/costablancaup.com\/wp-content\/uploads\/2019\/01\/jornadas-andalusi-orihuela-programa.jpg","type":"","width":"","height":""}],"twitter_card":"summary_large_image","twitter_misc":{"Tiempo de lectura":"1 minuto"},"schema":{"@context":"https:\/\/schema.org","@graph":[{"@type":"WebPage","@id":"https:\/\/costablancaup.com\/es\/class\/jornadas-internacionales-sobre-el-legado-andalusi-en-orihuela\/","url":"https:\/\/costablancaup.com\/es\/class\/jornadas-internacionales-sobre-el-legado-andalusi-en-orihuela\/","name":"Jornadas internacionales sobre el Legado Andalus\u00ed en Orihuela - COSTA BLANCA UP","isPartOf":{"@id":"https:\/\/costablancaup.com\/es\/#website"},"primaryImageOfPage":{"@id":"https:\/\/costablancaup.com\/es\/class\/jornadas-internacionales-sobre-el-legado-andalusi-en-orihuela\/#primaryimage"},"image":{"@id":"https:\/\/costablancaup.com\/es\/class\/jornadas-internacionales-sobre-el-legado-andalusi-en-orihuela\/#primaryimage"},"thumbnailUrl":"https:\/\/costablancaup.com\/wp-content\/uploads\/2019\/01\/jornadas-andalusi-orihuela-programa.jpg","datePublished":"2019-01-28T12:59:43+00:00","dateModified":"2019-01-29T09:00:40+00:00","breadcrumb":{"@id":"https:\/\/costablancaup.com\/es\/class\/jornadas-internacionales-sobre-el-legado-andalusi-en-orihuela\/#breadcrumb"},"inLanguage":"es","potentialAction":[{"@type":"ReadAction","target":["https:\/\/costablancaup.com\/es\/class\/jornadas-internacionales-sobre-el-legado-andalusi-en-orihuela\/"]}]},{"@type":"ImageObject","inLanguage":"es","@id":"https:\/\/costablancaup.com\/es\/class\/jornadas-internacionales-sobre-el-legado-andalusi-en-orihuela\/#primaryimage","url":"https:\/\/costablancaup.com\/wp-content\/uploads\/2019\/01\/jornadas-andalusi-orihuela-programa.jpg","contentUrl":"https:\/\/costablancaup.com\/wp-content\/uploads\/2019\/01\/jornadas-andalusi-orihuela-programa.jpg"},{"@type":"BreadcrumbList","@id":"https:\/\/costablancaup.com\/es\/class\/jornadas-internacionales-sobre-el-legado-andalusi-en-orihuela\/#breadcrumb","itemListElement":[{"@type":"ListItem","position":1,"name":"Home","item":"https:\/\/costablancaup.com\/es\/"},{"@type":"ListItem","position":2,"name":"Jornadas internacionales sobre el Legado Andalus\u00ed en Orihuela"}]},{"@type":"WebSite","@id":"https:\/\/costablancaup.com\/es\/#website","url":"https:\/\/costablancaup.com\/es\/","name":"COSTA BLANCA UP","description":"Costa Blanca Events and Agenda","publisher":{"@id":"https:\/\/costablancaup.com\/es\/#organization"},"potentialAction":[{"@type":"SearchAction","target":{"@type":"EntryPoint","urlTemplate":"https:\/\/costablancaup.com\/es\/?s={search_term_string}"},"query-input":{"@type":"PropertyValueSpecification","valueRequired":true,"valueName":"search_term_string"}}],"inLanguage":"es"},{"@type":"Organization","@id":"https:\/\/costablancaup.com\/es\/#organization","name":"Costa Blanca Up","url":"https:\/\/costablancaup.com\/es\/","logo":{"@type":"ImageObject","inLanguage":"es","@id":"https:\/\/costablancaup.com\/es\/#\/schema\/logo\/image\/","url":"https:\/\/costablancaup.com\/wp-content\/uploads\/2018\/07\/titulo_web-1.png","contentUrl":"https:\/\/costablancaup.com\/wp-content\/uploads\/2018\/07\/titulo_web-1.png","width":1973,"height":303,"caption":"Costa Blanca Up"},"image":{"@id":"https:\/\/costablancaup.com\/es\/#\/schema\/logo\/image\/"}}]}},"_links":{"self":[{"href":"https:\/\/costablancaup.com\/es\/wp-json\/wp\/v2\/class\/24466","targetHints":{"allow":["GET"]}}],"collection":[{"href":"https:\/\/costablancaup.com\/es\/wp-json\/wp\/v2\/class"}],"about":[{"href":"https:\/\/costablancaup.com\/es\/wp-json\/wp\/v2\/types\/class"}],"wp:attachment":[{"href":"https:\/\/costablancaup.com\/es\/wp-json\/wp\/v2\/media?parent=24466"}],"wp:term":[{"taxonomy":"wcs-type","embeddable":true,"href":"https:\/\/costablancaup.com\/es\/wp-json\/wp\/v2\/wcs-type?post=24466"},{"taxonomy":"wcs-room","embeddable":true,"href":"https:\/\/costablancaup.com\/es\/wp-json\/wp\/v2\/wcs-room?post=24466"},{"taxonomy":"wcs-instructor","embeddable":true,"href":"https:\/\/costablancaup.com\/es\/wp-json\/wp\/v2\/wcs-instructor?post=24466"}],"curies":[{"name":"wp","href":"https:\/\/api.w.org\/{rel}","templated":true}]}}