{"id":24978,"date":"2019-02-07T10:11:33","date_gmt":"2019-02-07T09:11:33","guid":{"rendered":"https:\/\/costablancaup.com\/?post_type=class&#038;p=24978"},"modified":"2019-02-07T10:13:49","modified_gmt":"2019-02-07T09:13:49","slug":"xxvi-muestra-de-embutido-artesano-y-de-calidad-de-requena","status":"publish","type":"class","link":"https:\/\/costablancaup.com\/es\/class\/xxvi-muestra-de-embutido-artesano-y-de-calidad-de-requena\/","title":{"rendered":"\u00abXXVI Muestra de Embutido Artesano y de Calidad de Requena\u00bb"},"content":{"rendered":"<h2>Este evento, que refleja la rica y variada gastronom\u00eda valenciana, se celebra del 8 al 10 de febrero en el recinto ferial de la localidad valenciana de Requena.<\/h2>\n<p>En esta feria los protagonistas son los embutidos como la morcilla de cebolla, la g\u00fce\u00f1a, la longaniza, el chorizo o la orza. Pero, adem\u00e1s participan otros productos t\u00edpicos de la localidad como el bollo requenense (dulce), los aceites, los cavas y los vinos de la D.O. Utiel-Requena.<\/p>\n<p>La feria funciona con tiques de degustaciones a precios populares y se complementa con un amplio programa de actividades que incluye catas, mercado artesanal, bailes, m\u00fasica, concursos, exposiciones, visitas guiadas, espect\u00e1culos y talleres para ni\u00f1os.<\/p>\n<h3>Programa<\/h3>\n<p><img loading=\"lazy\" decoding=\"async\" src=\"https:\/\/costablancaup.com\/wp-content\/uploads\/2019\/02\/muestra-embutido-requena-2019-programa.jpg\" alt=\"Muestra de Embutido Artesano y de Calidad de Requena: programa 2019\" width=\"1024\" height=\"727\" class=\"aligncenter size-full wp-image-24839\" srcset=\"https:\/\/costablancaup.com\/wp-content\/uploads\/2019\/02\/muestra-embutido-requena-2019-programa.jpg 1024w, https:\/\/costablancaup.com\/wp-content\/uploads\/2019\/02\/muestra-embutido-requena-2019-programa-300x213.jpg 300w, https:\/\/costablancaup.com\/wp-content\/uploads\/2019\/02\/muestra-embutido-requena-2019-programa-768x545.jpg 768w, https:\/\/costablancaup.com\/wp-content\/uploads\/2019\/02\/muestra-embutido-requena-2019-programa-400x284.jpg 400w\" sizes=\"auto, (max-width: 1024px) 100vw, 1024px\" \/><\/p>\n<h3>Horarios:<\/h3>\n<ul>\n<li>Viernes 8 de febrero: de 12:00 a 21:00 horas.<\/li>\n<li>S\u00e1bado 9 de febrero: de 10:00 a 21:00 horas.<\/li>\n<li>Domingo 10 de febrero: de 10:00 a 19:00 horas.<\/li>\n<\/ul>\n<h3>Localizaci\u00f3n<\/h3>\n\r\n            \r\n            \r\n            \r\n            <a name='map131'><\/a>\r\n            \r\n            \r\n            \r\n            \r\n            <div class=\"wpgmza_map \"  id=\"wpgmza_map_131\" style=\"display:block; overflow:auto; width:100%; height:400px; float:left;\" data-settings='{\"id\":\"131\",\"map_title\":\"Recinto Ferial de Requena\",\"map_width\":\"100\",\"map_height\":\"400\",\"map_start_lat\":\"39.488533\",\"map_start_lng\":\"-1.105766\",\"map_start_location\":\"39.48853335001894,-1.1057657022552059\",\"map_start_zoom\":\"15\",\"default_marker\":\"0\",\"type\":\"1\",\"alignment\":\"1\",\"directions_enabled\":\"0\",\"styling_enabled\":\"0\",\"styling_json\":\"\",\"active\":\"0\",\"kml\":\"\",\"bicycle\":\"0\",\"traffic\":\"0\",\"dbox\":\"1\",\"dbox_width\":\"100\",\"listmarkers\":\"0\",\"listmarkers_advanced\":\"0\",\"filterbycat\":\"0\",\"ugm_enabled\":\"0\",\"ugm_category_enabled\":\"0\",\"fusion\":\"\",\"map_width_type\":\"\\\\%\",\"map_height_type\":\"px\",\"mass_marker_support\":\"0\",\"ugm_access\":\"0\",\"order_markers_by\":\"1\",\"order_markers_choice\":\"2\",\"show_user_location\":\"2\",\"default_to\":\"\",\"other_settings\":{\"wpgmza_store_locator_restrict\":\"\",\"wpgmza_sl_animation\":\"1\",\"store_locator_query_string\":\"ZIP \\\/ Address:\",\"store_locator_name_string\":\"Title \\\/ Description:\",\"store_locator_default_address\":\"\",\"wpgmza_dbox_width_type\":\"%\",\"map_max_zoom\":\"3\",\"map_min_zoom\":\"21\",\"sl_stroke_color\":\"FF0000\",\"sl_stroke_opacity\":\"0.25\",\"sl_fill_color\":\"FF0000\",\"sl_fill_opacity\":\"0.15\",\"click_open_link\":2,\"transport_layer\":0,\"iw_primary_color\":\"2A3744\",\"iw_accent_color\":\"252F3A\",\"iw_text_color\":\"FFFFFF\",\"wpgmza_iw_type\":\"0\",\"list_markers_by\":\"0\",\"push_in_map\":\"\",\"push_in_map_placement\":\"9\",\"wpgmza_push_in_map_width\":\"\",\"wpgmza_push_in_map_height\":\"\",\"wpgmza_theme_data\":\"\",\"upload_default_ul_marker\":\"\",\"upload_default_sl_marker\":\"\",\"shortcodeAttributes\":{\"id\":\"131\"}}}' data-map-id='131' data-shortcode-attributes='{\"id\":\"131\"}'> <\/div>\r\n            \r\n               \r\n        \n","protected":false},"excerpt":{"rendered":"<p>Este evento, que refleja la rica y variada gastronom\u00eda valenciana, se celebra del 8 al 10 de febrero en el recinto ferial de la localidad valenciana de Requena. En esta feria los protagonistas son los embutidos como la morcilla de cebolla, la g\u00fce\u00f1a, la longaniza, el chorizo o la orza. Pero, adem\u00e1s participan otros productos t\u00edpicos de la localidad como el bollo requenense (dulce), los aceites, los cavas y los vinos de la D.O. Utiel-Requena. La feria funciona con tiques de degustaciones a precios populares y se complementa con un amplio programa de actividades que incluye catas, mercado artesanal, bailes, [&hellip;]<\/p>\n","protected":false},"template":"","meta":[],"wcs-type":[5085,5080,5372,5046,5036,5383],"wcs-room":[5828],"wcs-instructor":[],"class_list":["post-24978","class","type-class","status-publish","hentry","wcs-type-baile","wcs-type-exposiciones","wcs-type-gastronomia","wcs-type-musica","wcs-type-ninos","wcs-type-visitas","wcs-room-recinto-ferial-requena"],"yoast_head":"<!-- This site is optimized with the Yoast SEO plugin v27.4 - https:\/\/yoast.com\/product\/yoast-seo-wordpress\/ -->\n<title>&quot;XXVI Muestra de Embutido Artesano y de Calidad de Requena&quot; - COSTA BLANCA UP<\/title>\n<meta name=\"robots\" content=\"index, follow, max-snippet:-1, max-image-preview:large, max-video-preview:-1\" \/>\n<link rel=\"canonical\" href=\"https:\/\/costablancaup.com\/es\/class\/xxvi-muestra-de-embutido-artesano-y-de-calidad-de-requena\/\" \/>\n<meta property=\"og:locale\" content=\"es_ES\" \/>\n<meta property=\"og:type\" content=\"article\" \/>\n<meta property=\"og:title\" content=\"&quot;XXVI Muestra de Embutido Artesano y de Calidad de Requena&quot; - COSTA BLANCA UP\" \/>\n<meta property=\"og:description\" content=\"Este evento, que refleja la rica y variada gastronom\u00eda valenciana, se celebra del 8 al 10 de febrero en el recinto ferial de la localidad valenciana de Requena. En esta feria los protagonistas son los embutidos como la morcilla de cebolla, la g\u00fce\u00f1a, la longaniza, el chorizo o la orza. Pero, adem\u00e1s participan otros productos t\u00edpicos de la localidad como el bollo requenense (dulce), los aceites, los cavas y los vinos de la D.O. Utiel-Requena. La feria funciona con tiques de degustaciones a precios populares y se complementa con un amplio programa de actividades que incluye catas, mercado artesanal, bailes, [&hellip;]\" \/>\n<meta property=\"og:url\" content=\"https:\/\/costablancaup.com\/es\/class\/xxvi-muestra-de-embutido-artesano-y-de-calidad-de-requena\/\" \/>\n<meta property=\"og:site_name\" content=\"COSTA BLANCA UP\" \/>\n<meta property=\"article:modified_time\" content=\"2019-02-07T09:13:49+00:00\" \/>\n<meta property=\"og:image\" content=\"https:\/\/costablancaup.com\/wp-content\/uploads\/2019\/02\/muestra-embutido-requena-2019-programa.jpg\" \/>\n<meta name=\"twitter:card\" content=\"summary_large_image\" \/>\n<meta name=\"twitter:label1\" content=\"Tiempo de lectura\" \/>\n\t<meta name=\"twitter:data1\" content=\"1 minuto\" \/>\n<script type=\"application\/ld+json\" class=\"yoast-schema-graph\">{\"@context\":\"https:\\\/\\\/schema.org\",\"@graph\":[{\"@type\":\"WebPage\",\"@id\":\"https:\\\/\\\/costablancaup.com\\\/es\\\/class\\\/xxvi-muestra-de-embutido-artesano-y-de-calidad-de-requena\\\/\",\"url\":\"https:\\\/\\\/costablancaup.com\\\/es\\\/class\\\/xxvi-muestra-de-embutido-artesano-y-de-calidad-de-requena\\\/\",\"name\":\"\\\"XXVI Muestra de Embutido Artesano y de Calidad de Requena\\\" - COSTA BLANCA UP\",\"isPartOf\":{\"@id\":\"https:\\\/\\\/costablancaup.com\\\/es\\\/#website\"},\"primaryImageOfPage\":{\"@id\":\"https:\\\/\\\/costablancaup.com\\\/es\\\/class\\\/xxvi-muestra-de-embutido-artesano-y-de-calidad-de-requena\\\/#primaryimage\"},\"image\":{\"@id\":\"https:\\\/\\\/costablancaup.com\\\/es\\\/class\\\/xxvi-muestra-de-embutido-artesano-y-de-calidad-de-requena\\\/#primaryimage\"},\"thumbnailUrl\":\"https:\\\/\\\/costablancaup.com\\\/wp-content\\\/uploads\\\/2019\\\/02\\\/muestra-embutido-requena-2019-programa.jpg\",\"datePublished\":\"2019-02-07T09:11:33+00:00\",\"dateModified\":\"2019-02-07T09:13:49+00:00\",\"breadcrumb\":{\"@id\":\"https:\\\/\\\/costablancaup.com\\\/es\\\/class\\\/xxvi-muestra-de-embutido-artesano-y-de-calidad-de-requena\\\/#breadcrumb\"},\"inLanguage\":\"es\",\"potentialAction\":[{\"@type\":\"ReadAction\",\"target\":[\"https:\\\/\\\/costablancaup.com\\\/es\\\/class\\\/xxvi-muestra-de-embutido-artesano-y-de-calidad-de-requena\\\/\"]}]},{\"@type\":\"ImageObject\",\"inLanguage\":\"es\",\"@id\":\"https:\\\/\\\/costablancaup.com\\\/es\\\/class\\\/xxvi-muestra-de-embutido-artesano-y-de-calidad-de-requena\\\/#primaryimage\",\"url\":\"https:\\\/\\\/costablancaup.com\\\/wp-content\\\/uploads\\\/2019\\\/02\\\/muestra-embutido-requena-2019-programa.jpg\",\"contentUrl\":\"https:\\\/\\\/costablancaup.com\\\/wp-content\\\/uploads\\\/2019\\\/02\\\/muestra-embutido-requena-2019-programa.jpg\"},{\"@type\":\"BreadcrumbList\",\"@id\":\"https:\\\/\\\/costablancaup.com\\\/es\\\/class\\\/xxvi-muestra-de-embutido-artesano-y-de-calidad-de-requena\\\/#breadcrumb\",\"itemListElement\":[{\"@type\":\"ListItem\",\"position\":1,\"name\":\"Home\",\"item\":\"https:\\\/\\\/costablancaup.com\\\/es\\\/\"},{\"@type\":\"ListItem\",\"position\":2,\"name\":\"&#171;XXVI Muestra de Embutido Artesano y de Calidad de Requena&#187;\"}]},{\"@type\":\"WebSite\",\"@id\":\"https:\\\/\\\/costablancaup.com\\\/es\\\/#website\",\"url\":\"https:\\\/\\\/costablancaup.com\\\/es\\\/\",\"name\":\"COSTA BLANCA UP\",\"description\":\"Costa Blanca Events and Agenda\",\"publisher\":{\"@id\":\"https:\\\/\\\/costablancaup.com\\\/es\\\/#organization\"},\"potentialAction\":[{\"@type\":\"SearchAction\",\"target\":{\"@type\":\"EntryPoint\",\"urlTemplate\":\"https:\\\/\\\/costablancaup.com\\\/es\\\/?s={search_term_string}\"},\"query-input\":{\"@type\":\"PropertyValueSpecification\",\"valueRequired\":true,\"valueName\":\"search_term_string\"}}],\"inLanguage\":\"es\"},{\"@type\":\"Organization\",\"@id\":\"https:\\\/\\\/costablancaup.com\\\/es\\\/#organization\",\"name\":\"Costa Blanca Up\",\"url\":\"https:\\\/\\\/costablancaup.com\\\/es\\\/\",\"logo\":{\"@type\":\"ImageObject\",\"inLanguage\":\"es\",\"@id\":\"https:\\\/\\\/costablancaup.com\\\/es\\\/#\\\/schema\\\/logo\\\/image\\\/\",\"url\":\"https:\\\/\\\/costablancaup.com\\\/wp-content\\\/uploads\\\/2018\\\/07\\\/titulo_web-1.png\",\"contentUrl\":\"https:\\\/\\\/costablancaup.com\\\/wp-content\\\/uploads\\\/2018\\\/07\\\/titulo_web-1.png\",\"width\":1973,\"height\":303,\"caption\":\"Costa Blanca Up\"},\"image\":{\"@id\":\"https:\\\/\\\/costablancaup.com\\\/es\\\/#\\\/schema\\\/logo\\\/image\\\/\"}}]}<\/script>\n<!-- \/ Yoast SEO plugin. -->","yoast_head_json":{"title":"\"XXVI Muestra de Embutido Artesano y de Calidad de Requena\" - COSTA BLANCA UP","robots":{"index":"index","follow":"follow","max-snippet":"max-snippet:-1","max-image-preview":"max-image-preview:large","max-video-preview":"max-video-preview:-1"},"canonical":"https:\/\/costablancaup.com\/es\/class\/xxvi-muestra-de-embutido-artesano-y-de-calidad-de-requena\/","og_locale":"es_ES","og_type":"article","og_title":"\"XXVI Muestra de Embutido Artesano y de Calidad de Requena\" - COSTA BLANCA UP","og_description":"Este evento, que refleja la rica y variada gastronom\u00eda valenciana, se celebra del 8 al 10 de febrero en el recinto ferial de la localidad valenciana de Requena. En esta feria los protagonistas son los embutidos como la morcilla de cebolla, la g\u00fce\u00f1a, la longaniza, el chorizo o la orza. Pero, adem\u00e1s participan otros productos t\u00edpicos de la localidad como el bollo requenense (dulce), los aceites, los cavas y los vinos de la D.O. Utiel-Requena. La feria funciona con tiques de degustaciones a precios populares y se complementa con un amplio programa de actividades que incluye catas, mercado artesanal, bailes, [&hellip;]","og_url":"https:\/\/costablancaup.com\/es\/class\/xxvi-muestra-de-embutido-artesano-y-de-calidad-de-requena\/","og_site_name":"COSTA BLANCA UP","article_modified_time":"2019-02-07T09:13:49+00:00","og_image":[{"url":"https:\/\/costablancaup.com\/wp-content\/uploads\/2019\/02\/muestra-embutido-requena-2019-programa.jpg","type":"","width":"","height":""}],"twitter_card":"summary_large_image","twitter_misc":{"Tiempo de lectura":"1 minuto"},"schema":{"@context":"https:\/\/schema.org","@graph":[{"@type":"WebPage","@id":"https:\/\/costablancaup.com\/es\/class\/xxvi-muestra-de-embutido-artesano-y-de-calidad-de-requena\/","url":"https:\/\/costablancaup.com\/es\/class\/xxvi-muestra-de-embutido-artesano-y-de-calidad-de-requena\/","name":"\"XXVI Muestra de Embutido Artesano y de Calidad de Requena\" - COSTA BLANCA UP","isPartOf":{"@id":"https:\/\/costablancaup.com\/es\/#website"},"primaryImageOfPage":{"@id":"https:\/\/costablancaup.com\/es\/class\/xxvi-muestra-de-embutido-artesano-y-de-calidad-de-requena\/#primaryimage"},"image":{"@id":"https:\/\/costablancaup.com\/es\/class\/xxvi-muestra-de-embutido-artesano-y-de-calidad-de-requena\/#primaryimage"},"thumbnailUrl":"https:\/\/costablancaup.com\/wp-content\/uploads\/2019\/02\/muestra-embutido-requena-2019-programa.jpg","datePublished":"2019-02-07T09:11:33+00:00","dateModified":"2019-02-07T09:13:49+00:00","breadcrumb":{"@id":"https:\/\/costablancaup.com\/es\/class\/xxvi-muestra-de-embutido-artesano-y-de-calidad-de-requena\/#breadcrumb"},"inLanguage":"es","potentialAction":[{"@type":"ReadAction","target":["https:\/\/costablancaup.com\/es\/class\/xxvi-muestra-de-embutido-artesano-y-de-calidad-de-requena\/"]}]},{"@type":"ImageObject","inLanguage":"es","@id":"https:\/\/costablancaup.com\/es\/class\/xxvi-muestra-de-embutido-artesano-y-de-calidad-de-requena\/#primaryimage","url":"https:\/\/costablancaup.com\/wp-content\/uploads\/2019\/02\/muestra-embutido-requena-2019-programa.jpg","contentUrl":"https:\/\/costablancaup.com\/wp-content\/uploads\/2019\/02\/muestra-embutido-requena-2019-programa.jpg"},{"@type":"BreadcrumbList","@id":"https:\/\/costablancaup.com\/es\/class\/xxvi-muestra-de-embutido-artesano-y-de-calidad-de-requena\/#breadcrumb","itemListElement":[{"@type":"ListItem","position":1,"name":"Home","item":"https:\/\/costablancaup.com\/es\/"},{"@type":"ListItem","position":2,"name":"&#171;XXVI Muestra de Embutido Artesano y de Calidad de Requena&#187;"}]},{"@type":"WebSite","@id":"https:\/\/costablancaup.com\/es\/#website","url":"https:\/\/costablancaup.com\/es\/","name":"COSTA BLANCA UP","description":"Costa Blanca Events and Agenda","publisher":{"@id":"https:\/\/costablancaup.com\/es\/#organization"},"potentialAction":[{"@type":"SearchAction","target":{"@type":"EntryPoint","urlTemplate":"https:\/\/costablancaup.com\/es\/?s={search_term_string}"},"query-input":{"@type":"PropertyValueSpecification","valueRequired":true,"valueName":"search_term_string"}}],"inLanguage":"es"},{"@type":"Organization","@id":"https:\/\/costablancaup.com\/es\/#organization","name":"Costa Blanca Up","url":"https:\/\/costablancaup.com\/es\/","logo":{"@type":"ImageObject","inLanguage":"es","@id":"https:\/\/costablancaup.com\/es\/#\/schema\/logo\/image\/","url":"https:\/\/costablancaup.com\/wp-content\/uploads\/2018\/07\/titulo_web-1.png","contentUrl":"https:\/\/costablancaup.com\/wp-content\/uploads\/2018\/07\/titulo_web-1.png","width":1973,"height":303,"caption":"Costa Blanca Up"},"image":{"@id":"https:\/\/costablancaup.com\/es\/#\/schema\/logo\/image\/"}}]}},"_links":{"self":[{"href":"https:\/\/costablancaup.com\/es\/wp-json\/wp\/v2\/class\/24978","targetHints":{"allow":["GET"]}}],"collection":[{"href":"https:\/\/costablancaup.com\/es\/wp-json\/wp\/v2\/class"}],"about":[{"href":"https:\/\/costablancaup.com\/es\/wp-json\/wp\/v2\/types\/class"}],"wp:attachment":[{"href":"https:\/\/costablancaup.com\/es\/wp-json\/wp\/v2\/media?parent=24978"}],"wp:term":[{"taxonomy":"wcs-type","embeddable":true,"href":"https:\/\/costablancaup.com\/es\/wp-json\/wp\/v2\/wcs-type?post=24978"},{"taxonomy":"wcs-room","embeddable":true,"href":"https:\/\/costablancaup.com\/es\/wp-json\/wp\/v2\/wcs-room?post=24978"},{"taxonomy":"wcs-instructor","embeddable":true,"href":"https:\/\/costablancaup.com\/es\/wp-json\/wp\/v2\/wcs-instructor?post=24978"}],"curies":[{"name":"wp","href":"https:\/\/api.w.org\/{rel}","templated":true}]}}