{"id":26377,"date":"2019-03-07T10:02:49","date_gmt":"2019-03-07T09:02:49","guid":{"rendered":"https:\/\/costablancaup.com\/?post_type=class&#038;p=26377"},"modified":"2019-03-07T10:05:28","modified_gmt":"2019-03-07T09:05:28","slug":"festival-remember-fallas","status":"publish","type":"class","link":"https:\/\/costablancaup.com\/es\/class\/festival-remember-fallas\/","title":{"rendered":"\u00abFestival Remember Fallas\u00bb"},"content":{"rendered":"<h2>El 9 de marzo, ser\u00e1 el turno para el \u00abFestival Remember Fallas\u00bb, que har\u00e1 las delicias a todos aquellos que quieran recordar viejos tiempos con algunos de los mejores djs que marcaron \u00e9poca en Valencia.<\/h2>\n<p>La apertura de las puertas ser\u00e1 a las 17:00 horas. Habr\u00e1 barras de bebidas, boutique con <em>merchandising<\/em> de todas las discotecas de la ruta y, sobre todo, mucha fiesta. <\/p>\n<p class=\"tickets\"><a target=\"_blank\" title=\"Comprar entradas\" href=\"https:\/\/www.enterticket.es\/eventos\/festival-sonido-valencia-remember-fallas-146563\" rel=\"noopener noreferrer\">Comprar entradas<\/a><\/p>\n<h3>Programa<\/h3>\n<p><img loading=\"lazy\" decoding=\"async\" src=\"https:\/\/costablancaup.com\/wp-content\/uploads\/2019\/03\/remember-fallas-2019-programa.jpg\" alt=\"Festival Remember Fallas 2019: programa\" width=\"800\" height=\"608\" class=\"aligncenter size-full wp-image-26305\" srcset=\"https:\/\/costablancaup.com\/wp-content\/uploads\/2019\/03\/remember-fallas-2019-programa.jpg 800w, https:\/\/costablancaup.com\/wp-content\/uploads\/2019\/03\/remember-fallas-2019-programa-300x228.jpg 300w, https:\/\/costablancaup.com\/wp-content\/uploads\/2019\/03\/remember-fallas-2019-programa-768x584.jpg 768w, https:\/\/costablancaup.com\/wp-content\/uploads\/2019\/03\/remember-fallas-2019-programa-400x304.jpg 400w\" sizes=\"auto, (max-width: 800px) 100vw, 800px\" \/><\/p>\n<h3>Localizaci\u00f3n<\/h3>\n\r\n            \r\n            \r\n            \r\n            <a name='map29'><\/a>\r\n            \r\n            \r\n            \r\n            \r\n            <div class=\"wpgmza_map \"  id=\"wpgmza_map_29\" style=\"display:block; overflow:auto; width:100%; height:400px; float:left;\" data-settings='{\"id\":\"29\",\"map_title\":\"Ciudad de las Artes y las Ciencias (Valencia)\",\"map_width\":\"100\",\"map_height\":\"400\",\"map_start_lat\":\"39.460055\",\"map_start_lng\":\"-0.341446\",\"map_start_location\":\"39.46005459909215,-0.3414464702147946\",\"map_start_zoom\":\"14\",\"default_marker\":\"0\",\"type\":\"1\",\"alignment\":\"1\",\"directions_enabled\":\"0\",\"styling_enabled\":\"0\",\"styling_json\":\"\",\"active\":\"0\",\"kml\":\"\",\"bicycle\":\"0\",\"traffic\":\"0\",\"dbox\":\"1\",\"dbox_width\":\"100\",\"listmarkers\":\"0\",\"listmarkers_advanced\":\"0\",\"filterbycat\":\"0\",\"ugm_enabled\":\"0\",\"ugm_category_enabled\":\"0\",\"fusion\":\"\",\"map_width_type\":\"\\\\%\",\"map_height_type\":\"px\",\"mass_marker_support\":\"0\",\"ugm_access\":\"0\",\"order_markers_by\":\"1\",\"order_markers_choice\":\"2\",\"show_user_location\":\"2\",\"default_to\":\"\",\"other_settings\":{\"wpgmza_store_locator_restrict\":\"\",\"wpgmza_sl_animation\":\"1\",\"store_locator_query_string\":\"ZIP \\\/ Address:\",\"store_locator_name_string\":\"Title \\\/ Description:\",\"store_locator_default_address\":\"\",\"wpgmza_dbox_width_type\":\"%\",\"map_max_zoom\":\"3\",\"map_min_zoom\":\"21\",\"sl_stroke_color\":\"FF0000\",\"sl_stroke_opacity\":\"0.25\",\"sl_fill_color\":\"FF0000\",\"sl_fill_opacity\":\"0.15\",\"click_open_link\":2,\"transport_layer\":0,\"iw_primary_color\":\"2A3744\",\"iw_accent_color\":\"252F3A\",\"iw_text_color\":\"FFFFFF\",\"wpgmza_iw_type\":\"0\",\"list_markers_by\":\"0\",\"push_in_map\":\"\",\"push_in_map_placement\":\"9\",\"wpgmza_push_in_map_width\":\"\",\"wpgmza_push_in_map_height\":\"\",\"wpgmza_theme_data\":\"\",\"upload_default_ul_marker\":\"\",\"upload_default_sl_marker\":\"\",\"shortcodeAttributes\":{\"id\":\"29\"}}}' data-map-id='29' data-shortcode-attributes='{\"id\":\"29\"}'> <\/div>\r\n            \r\n               \r\n        \n","protected":false},"excerpt":{"rendered":"<p>El 9 de marzo, ser\u00e1 el turno para el \u00abFestival Remember Fallas\u00bb, que har\u00e1 las delicias a todos aquellos que quieran recordar viejos tiempos con algunos de los mejores djs que marcaron \u00e9poca en Valencia. La apertura de las puertas ser\u00e1 a las 17:00 horas. Habr\u00e1 barras de bebidas, boutique con merchandising de todas las discotecas de la ruta y, sobre todo, mucha fiesta. Comprar entradas Programa Localizaci\u00f3n<\/p>\n","protected":false},"template":"","meta":[],"wcs-type":[5046],"wcs-room":[5190],"wcs-instructor":[],"class_list":["post-26377","class","type-class","status-publish","hentry","wcs-type-musica","wcs-room-ciudad-de-las-artes-y-ciencias-valencia"],"yoast_head":"<!-- This site is optimized with the Yoast SEO plugin v27.4 - https:\/\/yoast.com\/product\/yoast-seo-wordpress\/ -->\n<title>&quot;Festival Remember Fallas&quot; - COSTA BLANCA UP<\/title>\n<meta name=\"robots\" content=\"index, follow, max-snippet:-1, max-image-preview:large, max-video-preview:-1\" \/>\n<link rel=\"canonical\" href=\"https:\/\/costablancaup.com\/es\/class\/festival-remember-fallas\/\" \/>\n<meta property=\"og:locale\" content=\"es_ES\" \/>\n<meta property=\"og:type\" content=\"article\" \/>\n<meta property=\"og:title\" content=\"&quot;Festival Remember Fallas&quot; - COSTA BLANCA UP\" \/>\n<meta property=\"og:description\" content=\"El 9 de marzo, ser\u00e1 el turno para el \u00abFestival Remember Fallas\u00bb, que har\u00e1 las delicias a todos aquellos que quieran recordar viejos tiempos con algunos de los mejores djs que marcaron \u00e9poca en Valencia. La apertura de las puertas ser\u00e1 a las 17:00 horas. Habr\u00e1 barras de bebidas, boutique con merchandising de todas las discotecas de la ruta y, sobre todo, mucha fiesta. Comprar entradas Programa Localizaci\u00f3n\" \/>\n<meta property=\"og:url\" content=\"https:\/\/costablancaup.com\/es\/class\/festival-remember-fallas\/\" \/>\n<meta property=\"og:site_name\" content=\"COSTA BLANCA UP\" \/>\n<meta property=\"article:modified_time\" content=\"2019-03-07T09:05:28+00:00\" \/>\n<meta property=\"og:image\" content=\"https:\/\/costablancaup.com\/wp-content\/uploads\/2019\/03\/remember-fallas-2019-programa.jpg\" \/>\n<meta name=\"twitter:card\" content=\"summary_large_image\" \/>\n<script type=\"application\/ld+json\" class=\"yoast-schema-graph\">{\"@context\":\"https:\\\/\\\/schema.org\",\"@graph\":[{\"@type\":\"WebPage\",\"@id\":\"https:\\\/\\\/costablancaup.com\\\/es\\\/class\\\/festival-remember-fallas\\\/\",\"url\":\"https:\\\/\\\/costablancaup.com\\\/es\\\/class\\\/festival-remember-fallas\\\/\",\"name\":\"\\\"Festival Remember Fallas\\\" - COSTA BLANCA UP\",\"isPartOf\":{\"@id\":\"https:\\\/\\\/costablancaup.com\\\/es\\\/#website\"},\"primaryImageOfPage\":{\"@id\":\"https:\\\/\\\/costablancaup.com\\\/es\\\/class\\\/festival-remember-fallas\\\/#primaryimage\"},\"image\":{\"@id\":\"https:\\\/\\\/costablancaup.com\\\/es\\\/class\\\/festival-remember-fallas\\\/#primaryimage\"},\"thumbnailUrl\":\"https:\\\/\\\/costablancaup.com\\\/wp-content\\\/uploads\\\/2019\\\/03\\\/remember-fallas-2019-programa.jpg\",\"datePublished\":\"2019-03-07T09:02:49+00:00\",\"dateModified\":\"2019-03-07T09:05:28+00:00\",\"breadcrumb\":{\"@id\":\"https:\\\/\\\/costablancaup.com\\\/es\\\/class\\\/festival-remember-fallas\\\/#breadcrumb\"},\"inLanguage\":\"es\",\"potentialAction\":[{\"@type\":\"ReadAction\",\"target\":[\"https:\\\/\\\/costablancaup.com\\\/es\\\/class\\\/festival-remember-fallas\\\/\"]}]},{\"@type\":\"ImageObject\",\"inLanguage\":\"es\",\"@id\":\"https:\\\/\\\/costablancaup.com\\\/es\\\/class\\\/festival-remember-fallas\\\/#primaryimage\",\"url\":\"https:\\\/\\\/costablancaup.com\\\/wp-content\\\/uploads\\\/2019\\\/03\\\/remember-fallas-2019-programa.jpg\",\"contentUrl\":\"https:\\\/\\\/costablancaup.com\\\/wp-content\\\/uploads\\\/2019\\\/03\\\/remember-fallas-2019-programa.jpg\"},{\"@type\":\"BreadcrumbList\",\"@id\":\"https:\\\/\\\/costablancaup.com\\\/es\\\/class\\\/festival-remember-fallas\\\/#breadcrumb\",\"itemListElement\":[{\"@type\":\"ListItem\",\"position\":1,\"name\":\"Home\",\"item\":\"https:\\\/\\\/costablancaup.com\\\/es\\\/\"},{\"@type\":\"ListItem\",\"position\":2,\"name\":\"&#171;Festival Remember Fallas&#187;\"}]},{\"@type\":\"WebSite\",\"@id\":\"https:\\\/\\\/costablancaup.com\\\/es\\\/#website\",\"url\":\"https:\\\/\\\/costablancaup.com\\\/es\\\/\",\"name\":\"COSTA BLANCA UP\",\"description\":\"Costa Blanca Events and Agenda\",\"publisher\":{\"@id\":\"https:\\\/\\\/costablancaup.com\\\/es\\\/#organization\"},\"potentialAction\":[{\"@type\":\"SearchAction\",\"target\":{\"@type\":\"EntryPoint\",\"urlTemplate\":\"https:\\\/\\\/costablancaup.com\\\/es\\\/?s={search_term_string}\"},\"query-input\":{\"@type\":\"PropertyValueSpecification\",\"valueRequired\":true,\"valueName\":\"search_term_string\"}}],\"inLanguage\":\"es\"},{\"@type\":\"Organization\",\"@id\":\"https:\\\/\\\/costablancaup.com\\\/es\\\/#organization\",\"name\":\"Costa Blanca Up\",\"url\":\"https:\\\/\\\/costablancaup.com\\\/es\\\/\",\"logo\":{\"@type\":\"ImageObject\",\"inLanguage\":\"es\",\"@id\":\"https:\\\/\\\/costablancaup.com\\\/es\\\/#\\\/schema\\\/logo\\\/image\\\/\",\"url\":\"https:\\\/\\\/costablancaup.com\\\/wp-content\\\/uploads\\\/2018\\\/07\\\/titulo_web-1.png\",\"contentUrl\":\"https:\\\/\\\/costablancaup.com\\\/wp-content\\\/uploads\\\/2018\\\/07\\\/titulo_web-1.png\",\"width\":1973,\"height\":303,\"caption\":\"Costa Blanca Up\"},\"image\":{\"@id\":\"https:\\\/\\\/costablancaup.com\\\/es\\\/#\\\/schema\\\/logo\\\/image\\\/\"}}]}<\/script>\n<!-- \/ Yoast SEO plugin. -->","yoast_head_json":{"title":"\"Festival Remember Fallas\" - COSTA BLANCA UP","robots":{"index":"index","follow":"follow","max-snippet":"max-snippet:-1","max-image-preview":"max-image-preview:large","max-video-preview":"max-video-preview:-1"},"canonical":"https:\/\/costablancaup.com\/es\/class\/festival-remember-fallas\/","og_locale":"es_ES","og_type":"article","og_title":"\"Festival Remember Fallas\" - COSTA BLANCA UP","og_description":"El 9 de marzo, ser\u00e1 el turno para el \u00abFestival Remember Fallas\u00bb, que har\u00e1 las delicias a todos aquellos que quieran recordar viejos tiempos con algunos de los mejores djs que marcaron \u00e9poca en Valencia. La apertura de las puertas ser\u00e1 a las 17:00 horas. Habr\u00e1 barras de bebidas, boutique con merchandising de todas las discotecas de la ruta y, sobre todo, mucha fiesta. Comprar entradas Programa Localizaci\u00f3n","og_url":"https:\/\/costablancaup.com\/es\/class\/festival-remember-fallas\/","og_site_name":"COSTA BLANCA UP","article_modified_time":"2019-03-07T09:05:28+00:00","og_image":[{"url":"https:\/\/costablancaup.com\/wp-content\/uploads\/2019\/03\/remember-fallas-2019-programa.jpg","type":"","width":"","height":""}],"twitter_card":"summary_large_image","schema":{"@context":"https:\/\/schema.org","@graph":[{"@type":"WebPage","@id":"https:\/\/costablancaup.com\/es\/class\/festival-remember-fallas\/","url":"https:\/\/costablancaup.com\/es\/class\/festival-remember-fallas\/","name":"\"Festival Remember Fallas\" - COSTA BLANCA UP","isPartOf":{"@id":"https:\/\/costablancaup.com\/es\/#website"},"primaryImageOfPage":{"@id":"https:\/\/costablancaup.com\/es\/class\/festival-remember-fallas\/#primaryimage"},"image":{"@id":"https:\/\/costablancaup.com\/es\/class\/festival-remember-fallas\/#primaryimage"},"thumbnailUrl":"https:\/\/costablancaup.com\/wp-content\/uploads\/2019\/03\/remember-fallas-2019-programa.jpg","datePublished":"2019-03-07T09:02:49+00:00","dateModified":"2019-03-07T09:05:28+00:00","breadcrumb":{"@id":"https:\/\/costablancaup.com\/es\/class\/festival-remember-fallas\/#breadcrumb"},"inLanguage":"es","potentialAction":[{"@type":"ReadAction","target":["https:\/\/costablancaup.com\/es\/class\/festival-remember-fallas\/"]}]},{"@type":"ImageObject","inLanguage":"es","@id":"https:\/\/costablancaup.com\/es\/class\/festival-remember-fallas\/#primaryimage","url":"https:\/\/costablancaup.com\/wp-content\/uploads\/2019\/03\/remember-fallas-2019-programa.jpg","contentUrl":"https:\/\/costablancaup.com\/wp-content\/uploads\/2019\/03\/remember-fallas-2019-programa.jpg"},{"@type":"BreadcrumbList","@id":"https:\/\/costablancaup.com\/es\/class\/festival-remember-fallas\/#breadcrumb","itemListElement":[{"@type":"ListItem","position":1,"name":"Home","item":"https:\/\/costablancaup.com\/es\/"},{"@type":"ListItem","position":2,"name":"&#171;Festival Remember Fallas&#187;"}]},{"@type":"WebSite","@id":"https:\/\/costablancaup.com\/es\/#website","url":"https:\/\/costablancaup.com\/es\/","name":"COSTA BLANCA UP","description":"Costa Blanca Events and Agenda","publisher":{"@id":"https:\/\/costablancaup.com\/es\/#organization"},"potentialAction":[{"@type":"SearchAction","target":{"@type":"EntryPoint","urlTemplate":"https:\/\/costablancaup.com\/es\/?s={search_term_string}"},"query-input":{"@type":"PropertyValueSpecification","valueRequired":true,"valueName":"search_term_string"}}],"inLanguage":"es"},{"@type":"Organization","@id":"https:\/\/costablancaup.com\/es\/#organization","name":"Costa Blanca Up","url":"https:\/\/costablancaup.com\/es\/","logo":{"@type":"ImageObject","inLanguage":"es","@id":"https:\/\/costablancaup.com\/es\/#\/schema\/logo\/image\/","url":"https:\/\/costablancaup.com\/wp-content\/uploads\/2018\/07\/titulo_web-1.png","contentUrl":"https:\/\/costablancaup.com\/wp-content\/uploads\/2018\/07\/titulo_web-1.png","width":1973,"height":303,"caption":"Costa Blanca Up"},"image":{"@id":"https:\/\/costablancaup.com\/es\/#\/schema\/logo\/image\/"}}]}},"_links":{"self":[{"href":"https:\/\/costablancaup.com\/es\/wp-json\/wp\/v2\/class\/26377","targetHints":{"allow":["GET"]}}],"collection":[{"href":"https:\/\/costablancaup.com\/es\/wp-json\/wp\/v2\/class"}],"about":[{"href":"https:\/\/costablancaup.com\/es\/wp-json\/wp\/v2\/types\/class"}],"wp:attachment":[{"href":"https:\/\/costablancaup.com\/es\/wp-json\/wp\/v2\/media?parent=26377"}],"wp:term":[{"taxonomy":"wcs-type","embeddable":true,"href":"https:\/\/costablancaup.com\/es\/wp-json\/wp\/v2\/wcs-type?post=26377"},{"taxonomy":"wcs-room","embeddable":true,"href":"https:\/\/costablancaup.com\/es\/wp-json\/wp\/v2\/wcs-room?post=26377"},{"taxonomy":"wcs-instructor","embeddable":true,"href":"https:\/\/costablancaup.com\/es\/wp-json\/wp\/v2\/wcs-instructor?post=26377"}],"curies":[{"name":"wp","href":"https:\/\/api.w.org\/{rel}","templated":true}]}}