{"id":28919,"date":"2019-04-09T09:44:07","date_gmt":"2019-04-09T07:44:07","guid":{"rendered":"https:\/\/costablancaup.com\/class\/marina-valencia-week-2\/"},"modified":"2019-04-09T09:45:06","modified_gmt":"2019-04-09T07:45:06","slug":"marina-valencia-week-2","status":"publish","type":"class","link":"https:\/\/costablancaup.com\/es\/class\/marina-valencia-week-2\/","title":{"rendered":"\u00abMarina Valencia Week\u00bb"},"content":{"rendered":"<h2>Durante cuatro d\u00edas, del 11 al 14 de abril, podr\u00e1s vivir la primera concentraci\u00f3n na\u00fatica con salida de la Marina de Valencia.<\/h2>\n<p>El evento nace con el reto de conseguir la mayor concentraci\u00f3n de barcos de todas las esloras, desde vela ligera hasta mega maxis, de Espa\u00f1a.<\/p>\n<p>La asistencia, tanto de las embarcaciones como del p\u00fablico, es gratuita. En tierra se organizar\u00e1n actividades para todos los p\u00fablicos a precios <em>low cost<\/em>.<\/p>\n<p>El programa incluye experiencias de vela, padel surf, kayak, piragua y motos de agua, bautismos de navegaci\u00f3n, mercadillo na\u00fatico, exposici\u00f3n de barcos a la venta, concurso de fotograf\u00eda o men\u00fas n\u00e1uticos en los restaurantes de la Marina.<\/p>\n<h3>Programa<\/h3>\n<p><strong>Viernes, 12 de abril<\/strong><\/p>\n<ul>\n<li>10:00 horas: Inscripciones y entrega de acreditaciones en el <em>High Cube<\/em>.<\/li>\n<li>10:00 horas: Exhibiciones n\u00e1uticas y bautismos.<\/li>\n<li>11:00 horas: Inicio del Concurso fotograf\u00eda.<\/li>\n<li>11:00 horas: Descubre la oferta n\u00e1utica durante en el <em>High Cube<\/em>.<\/li>\n<li>12:00 horas: Inauguraci\u00f3n oficial de la \u00abMarina Valencia Week\u00bb desde el <em>High Cube<\/em> y la feria de ocasi\u00f3n y milla cero frente al <em>edificio Veles i Vents<\/em>.<\/li>\n<li>18:00 horas: Tardeo y puesta de sol en el <em>High Cube<\/em>.<\/li>\n<li>18:30 horas: Reuni\u00f3n de Patrones \u00abI Regata Viula Marina Valencia\u00bb en el <em>High Cube<\/em>, organizada por <em>Marina Valencia Sailing Club<\/em>.<\/li>\n<li>\u200b21:00 horas: Cena en los distintos restaurantes adheridos al <em>Men\u00fa evento MVW 2019<\/em>.<\/li>\n<li>23:00 horas: Fiesta \u00abMarina Valencia Week\u00bb en el <em>High Cube<\/em> y abierta tambi\u00e9n al p\u00fablico en general\u200b.<\/li>\n<\/ul>\n<p>&nbsp;<\/p>\n<h3>Localizaci\u00f3n<\/h3>\n\r\n            \r\n            \r\n            \r\n            <a name='map54'><\/a>\r\n            \r\n            \r\n            \r\n            \r\n            <div class=\"wpgmza_map \"  id=\"wpgmza_map_54\" style=\"display:block; overflow:auto; width:100%; height:400px; float:left;\" data-settings='{\"id\":\"54\",\"map_title\":\"La Marina de Valencia\",\"map_width\":\"100\",\"map_height\":\"400\",\"map_start_lat\":\"39.464734\",\"map_start_lng\":\"-0.330753\",\"map_start_location\":\"39.46473446858729,-0.3307531115051461\",\"map_start_zoom\":\"13\",\"default_marker\":\"0\",\"type\":\"1\",\"alignment\":\"1\",\"directions_enabled\":\"0\",\"styling_enabled\":\"0\",\"styling_json\":\"\",\"active\":\"0\",\"kml\":\"\",\"bicycle\":\"0\",\"traffic\":\"0\",\"dbox\":\"1\",\"dbox_width\":\"100\",\"listmarkers\":\"0\",\"listmarkers_advanced\":\"0\",\"filterbycat\":\"0\",\"ugm_enabled\":\"0\",\"ugm_category_enabled\":\"0\",\"fusion\":\"\",\"map_width_type\":\"\\\\%\",\"map_height_type\":\"px\",\"mass_marker_support\":\"0\",\"ugm_access\":\"0\",\"order_markers_by\":\"1\",\"order_markers_choice\":\"2\",\"show_user_location\":\"2\",\"default_to\":\"\",\"other_settings\":{\"wpgmza_store_locator_restrict\":\"\",\"wpgmza_sl_animation\":\"1\",\"store_locator_query_string\":\"ZIP \\\/ Address:\",\"store_locator_name_string\":\"Title \\\/ Description:\",\"store_locator_default_address\":\"\",\"wpgmza_dbox_width_type\":\"%\",\"map_max_zoom\":\"3\",\"map_min_zoom\":\"21\",\"sl_stroke_color\":\"FF0000\",\"sl_stroke_opacity\":\"0.25\",\"sl_fill_color\":\"FF0000\",\"sl_fill_opacity\":\"0.15\",\"click_open_link\":2,\"transport_layer\":0,\"iw_primary_color\":\"2A3744\",\"iw_accent_color\":\"252F3A\",\"iw_text_color\":\"FFFFFF\",\"wpgmza_iw_type\":\"0\",\"list_markers_by\":\"0\",\"push_in_map\":\"\",\"push_in_map_placement\":\"9\",\"wpgmza_push_in_map_width\":\"\",\"wpgmza_push_in_map_height\":\"\",\"wpgmza_theme_data\":\"\",\"upload_default_ul_marker\":\"\",\"upload_default_sl_marker\":\"\",\"shortcodeAttributes\":{\"id\":\"54\"}}}' data-map-id='54' data-shortcode-attributes='{\"id\":\"54\"}'> <\/div>\r\n            \r\n               \r\n        \n","protected":false},"excerpt":{"rendered":"<p>Durante cuatro d\u00edas, del 11 al 14 de abril, podr\u00e1s vivir la primera concentraci\u00f3n na\u00fatica con salida de la Marina de Valencia. El evento nace con el reto de conseguir la mayor concentraci\u00f3n de barcos de todas las esloras, desde vela ligera hasta mega maxis, de Espa\u00f1a. La asistencia, tanto de las embarcaciones como del p\u00fablico, es gratuita. En tierra se organizar\u00e1n actividades para todos los p\u00fablicos a precios low cost. El programa incluye experiencias de vela, padel surf, kayak, piragua y motos de agua, bautismos de navegaci\u00f3n, mercadillo na\u00fatico, exposici\u00f3n de barcos a la venta, concurso de fotograf\u00eda o [&hellip;]<\/p>\n","protected":false},"template":"","meta":[],"wcs-type":[5222,5215,5080,5372,5226],"wcs-room":[5370],"wcs-instructor":[],"class_list":["post-28919","class","type-class","status-publish","hentry","wcs-type-cursos","wcs-type-deportes","wcs-type-exposiciones","wcs-type-gastronomia","wcs-type-otros","wcs-room-la-marina-del-puerto-de-valencia"],"yoast_head":"<!-- This site is optimized with the Yoast SEO plugin v27.4 - https:\/\/yoast.com\/product\/yoast-seo-wordpress\/ -->\n<title>&quot;Marina Valencia Week&quot; - COSTA BLANCA UP<\/title>\n<meta name=\"robots\" content=\"index, follow, max-snippet:-1, max-image-preview:large, max-video-preview:-1\" \/>\n<link rel=\"canonical\" href=\"https:\/\/costablancaup.com\/es\/class\/marina-valencia-week-2\/\" \/>\n<meta property=\"og:locale\" content=\"es_ES\" \/>\n<meta property=\"og:type\" content=\"article\" \/>\n<meta property=\"og:title\" content=\"&quot;Marina Valencia Week&quot; - COSTA BLANCA UP\" \/>\n<meta property=\"og:description\" content=\"Durante cuatro d\u00edas, del 11 al 14 de abril, podr\u00e1s vivir la primera concentraci\u00f3n na\u00fatica con salida de la Marina de Valencia. El evento nace con el reto de conseguir la mayor concentraci\u00f3n de barcos de todas las esloras, desde vela ligera hasta mega maxis, de Espa\u00f1a. La asistencia, tanto de las embarcaciones como del p\u00fablico, es gratuita. En tierra se organizar\u00e1n actividades para todos los p\u00fablicos a precios low cost. El programa incluye experiencias de vela, padel surf, kayak, piragua y motos de agua, bautismos de navegaci\u00f3n, mercadillo na\u00fatico, exposici\u00f3n de barcos a la venta, concurso de fotograf\u00eda o [&hellip;]\" \/>\n<meta property=\"og:url\" content=\"https:\/\/costablancaup.com\/es\/class\/marina-valencia-week-2\/\" \/>\n<meta property=\"og:site_name\" content=\"COSTA BLANCA UP\" \/>\n<meta property=\"article:modified_time\" content=\"2019-04-09T07:45:06+00:00\" \/>\n<meta name=\"twitter:card\" content=\"summary_large_image\" \/>\n<meta name=\"twitter:label1\" content=\"Tiempo de lectura\" \/>\n\t<meta name=\"twitter:data1\" content=\"1 minuto\" \/>\n<script type=\"application\/ld+json\" class=\"yoast-schema-graph\">{\"@context\":\"https:\\\/\\\/schema.org\",\"@graph\":[{\"@type\":\"WebPage\",\"@id\":\"https:\\\/\\\/costablancaup.com\\\/es\\\/class\\\/marina-valencia-week-2\\\/\",\"url\":\"https:\\\/\\\/costablancaup.com\\\/es\\\/class\\\/marina-valencia-week-2\\\/\",\"name\":\"\\\"Marina Valencia Week\\\" - COSTA BLANCA UP\",\"isPartOf\":{\"@id\":\"https:\\\/\\\/costablancaup.com\\\/es\\\/#website\"},\"datePublished\":\"2019-04-09T07:44:07+00:00\",\"dateModified\":\"2019-04-09T07:45:06+00:00\",\"breadcrumb\":{\"@id\":\"https:\\\/\\\/costablancaup.com\\\/es\\\/class\\\/marina-valencia-week-2\\\/#breadcrumb\"},\"inLanguage\":\"es\",\"potentialAction\":[{\"@type\":\"ReadAction\",\"target\":[\"https:\\\/\\\/costablancaup.com\\\/es\\\/class\\\/marina-valencia-week-2\\\/\"]}]},{\"@type\":\"BreadcrumbList\",\"@id\":\"https:\\\/\\\/costablancaup.com\\\/es\\\/class\\\/marina-valencia-week-2\\\/#breadcrumb\",\"itemListElement\":[{\"@type\":\"ListItem\",\"position\":1,\"name\":\"Home\",\"item\":\"https:\\\/\\\/costablancaup.com\\\/es\\\/\"},{\"@type\":\"ListItem\",\"position\":2,\"name\":\"\u00abMarina Valencia Week\u00bb\"}]},{\"@type\":\"WebSite\",\"@id\":\"https:\\\/\\\/costablancaup.com\\\/es\\\/#website\",\"url\":\"https:\\\/\\\/costablancaup.com\\\/es\\\/\",\"name\":\"COSTA BLANCA UP\",\"description\":\"Costa Blanca Events and Agenda\",\"publisher\":{\"@id\":\"https:\\\/\\\/costablancaup.com\\\/es\\\/#organization\"},\"potentialAction\":[{\"@type\":\"SearchAction\",\"target\":{\"@type\":\"EntryPoint\",\"urlTemplate\":\"https:\\\/\\\/costablancaup.com\\\/es\\\/?s={search_term_string}\"},\"query-input\":{\"@type\":\"PropertyValueSpecification\",\"valueRequired\":true,\"valueName\":\"search_term_string\"}}],\"inLanguage\":\"es\"},{\"@type\":\"Organization\",\"@id\":\"https:\\\/\\\/costablancaup.com\\\/es\\\/#organization\",\"name\":\"Costa Blanca Up\",\"url\":\"https:\\\/\\\/costablancaup.com\\\/es\\\/\",\"logo\":{\"@type\":\"ImageObject\",\"inLanguage\":\"es\",\"@id\":\"https:\\\/\\\/costablancaup.com\\\/es\\\/#\\\/schema\\\/logo\\\/image\\\/\",\"url\":\"https:\\\/\\\/costablancaup.com\\\/wp-content\\\/uploads\\\/2018\\\/07\\\/titulo_web-1.png\",\"contentUrl\":\"https:\\\/\\\/costablancaup.com\\\/wp-content\\\/uploads\\\/2018\\\/07\\\/titulo_web-1.png\",\"width\":1973,\"height\":303,\"caption\":\"Costa Blanca Up\"},\"image\":{\"@id\":\"https:\\\/\\\/costablancaup.com\\\/es\\\/#\\\/schema\\\/logo\\\/image\\\/\"}}]}<\/script>\n<!-- \/ Yoast SEO plugin. -->","yoast_head_json":{"title":"\"Marina Valencia Week\" - COSTA BLANCA UP","robots":{"index":"index","follow":"follow","max-snippet":"max-snippet:-1","max-image-preview":"max-image-preview:large","max-video-preview":"max-video-preview:-1"},"canonical":"https:\/\/costablancaup.com\/es\/class\/marina-valencia-week-2\/","og_locale":"es_ES","og_type":"article","og_title":"\"Marina Valencia Week\" - COSTA BLANCA UP","og_description":"Durante cuatro d\u00edas, del 11 al 14 de abril, podr\u00e1s vivir la primera concentraci\u00f3n na\u00fatica con salida de la Marina de Valencia. El evento nace con el reto de conseguir la mayor concentraci\u00f3n de barcos de todas las esloras, desde vela ligera hasta mega maxis, de Espa\u00f1a. La asistencia, tanto de las embarcaciones como del p\u00fablico, es gratuita. En tierra se organizar\u00e1n actividades para todos los p\u00fablicos a precios low cost. El programa incluye experiencias de vela, padel surf, kayak, piragua y motos de agua, bautismos de navegaci\u00f3n, mercadillo na\u00fatico, exposici\u00f3n de barcos a la venta, concurso de fotograf\u00eda o [&hellip;]","og_url":"https:\/\/costablancaup.com\/es\/class\/marina-valencia-week-2\/","og_site_name":"COSTA BLANCA UP","article_modified_time":"2019-04-09T07:45:06+00:00","twitter_card":"summary_large_image","twitter_misc":{"Tiempo de lectura":"1 minuto"},"schema":{"@context":"https:\/\/schema.org","@graph":[{"@type":"WebPage","@id":"https:\/\/costablancaup.com\/es\/class\/marina-valencia-week-2\/","url":"https:\/\/costablancaup.com\/es\/class\/marina-valencia-week-2\/","name":"\"Marina Valencia Week\" - COSTA BLANCA UP","isPartOf":{"@id":"https:\/\/costablancaup.com\/es\/#website"},"datePublished":"2019-04-09T07:44:07+00:00","dateModified":"2019-04-09T07:45:06+00:00","breadcrumb":{"@id":"https:\/\/costablancaup.com\/es\/class\/marina-valencia-week-2\/#breadcrumb"},"inLanguage":"es","potentialAction":[{"@type":"ReadAction","target":["https:\/\/costablancaup.com\/es\/class\/marina-valencia-week-2\/"]}]},{"@type":"BreadcrumbList","@id":"https:\/\/costablancaup.com\/es\/class\/marina-valencia-week-2\/#breadcrumb","itemListElement":[{"@type":"ListItem","position":1,"name":"Home","item":"https:\/\/costablancaup.com\/es\/"},{"@type":"ListItem","position":2,"name":"\u00abMarina Valencia Week\u00bb"}]},{"@type":"WebSite","@id":"https:\/\/costablancaup.com\/es\/#website","url":"https:\/\/costablancaup.com\/es\/","name":"COSTA BLANCA UP","description":"Costa Blanca Events and Agenda","publisher":{"@id":"https:\/\/costablancaup.com\/es\/#organization"},"potentialAction":[{"@type":"SearchAction","target":{"@type":"EntryPoint","urlTemplate":"https:\/\/costablancaup.com\/es\/?s={search_term_string}"},"query-input":{"@type":"PropertyValueSpecification","valueRequired":true,"valueName":"search_term_string"}}],"inLanguage":"es"},{"@type":"Organization","@id":"https:\/\/costablancaup.com\/es\/#organization","name":"Costa Blanca Up","url":"https:\/\/costablancaup.com\/es\/","logo":{"@type":"ImageObject","inLanguage":"es","@id":"https:\/\/costablancaup.com\/es\/#\/schema\/logo\/image\/","url":"https:\/\/costablancaup.com\/wp-content\/uploads\/2018\/07\/titulo_web-1.png","contentUrl":"https:\/\/costablancaup.com\/wp-content\/uploads\/2018\/07\/titulo_web-1.png","width":1973,"height":303,"caption":"Costa Blanca Up"},"image":{"@id":"https:\/\/costablancaup.com\/es\/#\/schema\/logo\/image\/"}}]}},"_links":{"self":[{"href":"https:\/\/costablancaup.com\/es\/wp-json\/wp\/v2\/class\/28919","targetHints":{"allow":["GET"]}}],"collection":[{"href":"https:\/\/costablancaup.com\/es\/wp-json\/wp\/v2\/class"}],"about":[{"href":"https:\/\/costablancaup.com\/es\/wp-json\/wp\/v2\/types\/class"}],"wp:attachment":[{"href":"https:\/\/costablancaup.com\/es\/wp-json\/wp\/v2\/media?parent=28919"}],"wp:term":[{"taxonomy":"wcs-type","embeddable":true,"href":"https:\/\/costablancaup.com\/es\/wp-json\/wp\/v2\/wcs-type?post=28919"},{"taxonomy":"wcs-room","embeddable":true,"href":"https:\/\/costablancaup.com\/es\/wp-json\/wp\/v2\/wcs-room?post=28919"},{"taxonomy":"wcs-instructor","embeddable":true,"href":"https:\/\/costablancaup.com\/es\/wp-json\/wp\/v2\/wcs-instructor?post=28919"}],"curies":[{"name":"wp","href":"https:\/\/api.w.org\/{rel}","templated":true}]}}