{"id":29478,"date":"2019-04-26T10:04:12","date_gmt":"2019-04-26T08:04:12","guid":{"rendered":"https:\/\/costablancaup.com\/class\/mercado-renacentista-de-bocairent-2\/"},"modified":"2019-04-26T10:04:44","modified_gmt":"2019-04-26T08:04:44","slug":"mercado-renacentista-de-bocairent-2","status":"publish","type":"class","link":"https:\/\/costablancaup.com\/es\/class\/mercado-renacentista-de-bocairent-2\/","title":{"rendered":"\u00abMercado Renacentista de Bocairent\u00bb"},"content":{"rendered":"<h2>La feria se celebra del 26 al 29 de abril en el centro hist\u00f3rico de este pintoresco pueblo de la Costa Blanca.<\/h2>\n<p><em>Bocairent<\/em> rememora su pasado con un mercado repleto de artesanos amenizado con pasacalles musicales y personajes ambulantes.<\/p>\n<p>Adem\u00e1s habr\u00e1 multitud de actividades, espect\u00e1culos, m\u00fasica y sorpresas tanto para los mayores como para los m\u00e1s peque\u00f1os.<\/p>\n<h3>Horarios<\/h3>\n<ul>\n<li>26 de abril: de 10:30 a 22:00 horas.<\/li>\n<li>27 de abril: de 10:30 a 22:00 horas.<\/li>\n<li>28 de abril: de 10:30 a 22:00 horas.<\/li>\n<li>29 de abril: de 10:30 a 15:00 horas.<\/li>\n<\/ul>\n<h3>Localizaci\u00f3n<\/h3>\n\r\n            \r\n            \r\n            \r\n            <a name='map189'><\/a>\r\n            \r\n            \r\n            \r\n            \r\n            <div class=\"wpgmza_map \"  id=\"wpgmza_map_189\" style=\"display:block; overflow:auto; width:100%; height:400px; float:left;\" data-settings='{\"id\":\"189\",\"map_title\":\"Pla\\u00e7a Joan de Joanes (Bocairent)\",\"map_width\":\"100\",\"map_height\":\"400\",\"map_start_lat\":\"38.766979\",\"map_start_lng\":\"-0.610690\",\"map_start_location\":\"38.7669793405672,-0.610690013606312\",\"map_start_zoom\":\"18\",\"default_marker\":\"0\",\"type\":\"1\",\"alignment\":\"1\",\"directions_enabled\":\"0\",\"styling_enabled\":\"0\",\"styling_json\":\"\",\"active\":\"0\",\"kml\":\"\",\"bicycle\":\"0\",\"traffic\":\"0\",\"dbox\":\"1\",\"dbox_width\":\"100\",\"listmarkers\":\"0\",\"listmarkers_advanced\":\"0\",\"filterbycat\":\"0\",\"ugm_enabled\":\"0\",\"ugm_category_enabled\":\"0\",\"fusion\":\"\",\"map_width_type\":\"\\\\%\",\"map_height_type\":\"px\",\"mass_marker_support\":\"0\",\"ugm_access\":\"0\",\"order_markers_by\":\"1\",\"order_markers_choice\":\"2\",\"show_user_location\":\"2\",\"default_to\":\"\",\"other_settings\":{\"wpgmza_store_locator_restrict\":\"\",\"wpgmza_sl_animation\":\"1\",\"store_locator_query_string\":\"ZIP \\\/ Address:\",\"store_locator_name_string\":\"Title \\\/ Description:\",\"store_locator_default_address\":\"\",\"wpgmza_dbox_width_type\":\"%\",\"map_max_zoom\":\"3\",\"map_min_zoom\":\"21\",\"sl_stroke_color\":\"FF0000\",\"sl_stroke_opacity\":\"0.25\",\"sl_fill_color\":\"FF0000\",\"sl_fill_opacity\":\"0.15\",\"click_open_link\":2,\"transport_layer\":0,\"iw_primary_color\":\"2A3744\",\"iw_accent_color\":\"252F3A\",\"iw_text_color\":\"FFFFFF\",\"wpgmza_iw_type\":\"0\",\"list_markers_by\":\"0\",\"push_in_map\":\"\",\"push_in_map_placement\":\"9\",\"wpgmza_push_in_map_width\":\"\",\"wpgmza_push_in_map_height\":\"\",\"wpgmza_theme_data\":\"\",\"upload_default_ul_marker\":\"\",\"upload_default_sl_marker\":\"\",\"shortcodeAttributes\":{\"id\":\"189\"}}}' data-map-id='189' data-shortcode-attributes='{\"id\":\"189\"}'> <\/div>\r\n            \r\n               \r\n        \n","protected":false},"excerpt":{"rendered":"<p>La feria se celebra del 26 al 29 de abril en el centro hist\u00f3rico de este pintoresco pueblo de la Costa Blanca. Bocairent rememora su pasado con un mercado repleto de artesanos amenizado con pasacalles musicales y personajes ambulantes. Adem\u00e1s habr\u00e1 multitud de actividades, espect\u00e1culos, m\u00fasica y sorpresas tanto para los mayores como para los m\u00e1s peque\u00f1os. Horarios 26 de abril: de 10:30 a 22:00 horas. 27 de abril: de 10:30 a 22:00 horas. 28 de abril: de 10:30 a 22:00 horas. 29 de abril: de 10:30 a 15:00 horas. Localizaci\u00f3n<\/p>\n","protected":false},"template":"","meta":[],"wcs-type":[5042,5372,5046,5036],"wcs-room":[6027],"wcs-instructor":[],"class_list":["post-29478","class","type-class","status-publish","hentry","wcs-type-espectaculos","wcs-type-gastronomia","wcs-type-musica","wcs-type-ninos","wcs-room-placa-joan-de-joanes-bocairent"],"yoast_head":"<!-- This site is optimized with the Yoast SEO plugin v27.4 - https:\/\/yoast.com\/product\/yoast-seo-wordpress\/ -->\n<title>&quot;Mercado Renacentista de Bocairent&quot; - COSTA BLANCA UP<\/title>\n<meta name=\"robots\" content=\"index, follow, max-snippet:-1, max-image-preview:large, max-video-preview:-1\" \/>\n<link rel=\"canonical\" href=\"https:\/\/costablancaup.com\/es\/class\/mercado-renacentista-de-bocairent-2\/\" \/>\n<meta property=\"og:locale\" content=\"es_ES\" \/>\n<meta property=\"og:type\" content=\"article\" \/>\n<meta property=\"og:title\" content=\"&quot;Mercado Renacentista de Bocairent&quot; - COSTA BLANCA UP\" \/>\n<meta property=\"og:description\" content=\"La feria se celebra del 26 al 29 de abril en el centro hist\u00f3rico de este pintoresco pueblo de la Costa Blanca. Bocairent rememora su pasado con un mercado repleto de artesanos amenizado con pasacalles musicales y personajes ambulantes. Adem\u00e1s habr\u00e1 multitud de actividades, espect\u00e1culos, m\u00fasica y sorpresas tanto para los mayores como para los m\u00e1s peque\u00f1os. Horarios 26 de abril: de 10:30 a 22:00 horas. 27 de abril: de 10:30 a 22:00 horas. 28 de abril: de 10:30 a 22:00 horas. 29 de abril: de 10:30 a 15:00 horas. Localizaci\u00f3n\" \/>\n<meta property=\"og:url\" content=\"https:\/\/costablancaup.com\/es\/class\/mercado-renacentista-de-bocairent-2\/\" \/>\n<meta property=\"og:site_name\" content=\"COSTA BLANCA UP\" \/>\n<meta property=\"article:modified_time\" content=\"2019-04-26T08:04:44+00:00\" \/>\n<meta name=\"twitter:card\" content=\"summary_large_image\" \/>\n<script type=\"application\/ld+json\" class=\"yoast-schema-graph\">{\"@context\":\"https:\\\/\\\/schema.org\",\"@graph\":[{\"@type\":\"WebPage\",\"@id\":\"https:\\\/\\\/costablancaup.com\\\/es\\\/class\\\/mercado-renacentista-de-bocairent-2\\\/\",\"url\":\"https:\\\/\\\/costablancaup.com\\\/es\\\/class\\\/mercado-renacentista-de-bocairent-2\\\/\",\"name\":\"\\\"Mercado Renacentista de Bocairent\\\" - COSTA BLANCA UP\",\"isPartOf\":{\"@id\":\"https:\\\/\\\/costablancaup.com\\\/es\\\/#website\"},\"datePublished\":\"2019-04-26T08:04:12+00:00\",\"dateModified\":\"2019-04-26T08:04:44+00:00\",\"breadcrumb\":{\"@id\":\"https:\\\/\\\/costablancaup.com\\\/es\\\/class\\\/mercado-renacentista-de-bocairent-2\\\/#breadcrumb\"},\"inLanguage\":\"es\",\"potentialAction\":[{\"@type\":\"ReadAction\",\"target\":[\"https:\\\/\\\/costablancaup.com\\\/es\\\/class\\\/mercado-renacentista-de-bocairent-2\\\/\"]}]},{\"@type\":\"BreadcrumbList\",\"@id\":\"https:\\\/\\\/costablancaup.com\\\/es\\\/class\\\/mercado-renacentista-de-bocairent-2\\\/#breadcrumb\",\"itemListElement\":[{\"@type\":\"ListItem\",\"position\":1,\"name\":\"Home\",\"item\":\"https:\\\/\\\/costablancaup.com\\\/es\\\/\"},{\"@type\":\"ListItem\",\"position\":2,\"name\":\"\u00abMercado Renacentista de Bocairent\u00bb\"}]},{\"@type\":\"WebSite\",\"@id\":\"https:\\\/\\\/costablancaup.com\\\/es\\\/#website\",\"url\":\"https:\\\/\\\/costablancaup.com\\\/es\\\/\",\"name\":\"COSTA BLANCA UP\",\"description\":\"Costa Blanca Events and Agenda\",\"publisher\":{\"@id\":\"https:\\\/\\\/costablancaup.com\\\/es\\\/#organization\"},\"potentialAction\":[{\"@type\":\"SearchAction\",\"target\":{\"@type\":\"EntryPoint\",\"urlTemplate\":\"https:\\\/\\\/costablancaup.com\\\/es\\\/?s={search_term_string}\"},\"query-input\":{\"@type\":\"PropertyValueSpecification\",\"valueRequired\":true,\"valueName\":\"search_term_string\"}}],\"inLanguage\":\"es\"},{\"@type\":\"Organization\",\"@id\":\"https:\\\/\\\/costablancaup.com\\\/es\\\/#organization\",\"name\":\"Costa Blanca Up\",\"url\":\"https:\\\/\\\/costablancaup.com\\\/es\\\/\",\"logo\":{\"@type\":\"ImageObject\",\"inLanguage\":\"es\",\"@id\":\"https:\\\/\\\/costablancaup.com\\\/es\\\/#\\\/schema\\\/logo\\\/image\\\/\",\"url\":\"https:\\\/\\\/costablancaup.com\\\/wp-content\\\/uploads\\\/2018\\\/07\\\/titulo_web-1.png\",\"contentUrl\":\"https:\\\/\\\/costablancaup.com\\\/wp-content\\\/uploads\\\/2018\\\/07\\\/titulo_web-1.png\",\"width\":1973,\"height\":303,\"caption\":\"Costa Blanca Up\"},\"image\":{\"@id\":\"https:\\\/\\\/costablancaup.com\\\/es\\\/#\\\/schema\\\/logo\\\/image\\\/\"}}]}<\/script>\n<!-- \/ Yoast SEO plugin. -->","yoast_head_json":{"title":"\"Mercado Renacentista de Bocairent\" - COSTA BLANCA UP","robots":{"index":"index","follow":"follow","max-snippet":"max-snippet:-1","max-image-preview":"max-image-preview:large","max-video-preview":"max-video-preview:-1"},"canonical":"https:\/\/costablancaup.com\/es\/class\/mercado-renacentista-de-bocairent-2\/","og_locale":"es_ES","og_type":"article","og_title":"\"Mercado Renacentista de Bocairent\" - COSTA BLANCA UP","og_description":"La feria se celebra del 26 al 29 de abril en el centro hist\u00f3rico de este pintoresco pueblo de la Costa Blanca. Bocairent rememora su pasado con un mercado repleto de artesanos amenizado con pasacalles musicales y personajes ambulantes. Adem\u00e1s habr\u00e1 multitud de actividades, espect\u00e1culos, m\u00fasica y sorpresas tanto para los mayores como para los m\u00e1s peque\u00f1os. Horarios 26 de abril: de 10:30 a 22:00 horas. 27 de abril: de 10:30 a 22:00 horas. 28 de abril: de 10:30 a 22:00 horas. 29 de abril: de 10:30 a 15:00 horas. Localizaci\u00f3n","og_url":"https:\/\/costablancaup.com\/es\/class\/mercado-renacentista-de-bocairent-2\/","og_site_name":"COSTA BLANCA UP","article_modified_time":"2019-04-26T08:04:44+00:00","twitter_card":"summary_large_image","schema":{"@context":"https:\/\/schema.org","@graph":[{"@type":"WebPage","@id":"https:\/\/costablancaup.com\/es\/class\/mercado-renacentista-de-bocairent-2\/","url":"https:\/\/costablancaup.com\/es\/class\/mercado-renacentista-de-bocairent-2\/","name":"\"Mercado Renacentista de Bocairent\" - COSTA BLANCA UP","isPartOf":{"@id":"https:\/\/costablancaup.com\/es\/#website"},"datePublished":"2019-04-26T08:04:12+00:00","dateModified":"2019-04-26T08:04:44+00:00","breadcrumb":{"@id":"https:\/\/costablancaup.com\/es\/class\/mercado-renacentista-de-bocairent-2\/#breadcrumb"},"inLanguage":"es","potentialAction":[{"@type":"ReadAction","target":["https:\/\/costablancaup.com\/es\/class\/mercado-renacentista-de-bocairent-2\/"]}]},{"@type":"BreadcrumbList","@id":"https:\/\/costablancaup.com\/es\/class\/mercado-renacentista-de-bocairent-2\/#breadcrumb","itemListElement":[{"@type":"ListItem","position":1,"name":"Home","item":"https:\/\/costablancaup.com\/es\/"},{"@type":"ListItem","position":2,"name":"\u00abMercado Renacentista de Bocairent\u00bb"}]},{"@type":"WebSite","@id":"https:\/\/costablancaup.com\/es\/#website","url":"https:\/\/costablancaup.com\/es\/","name":"COSTA BLANCA UP","description":"Costa Blanca Events and Agenda","publisher":{"@id":"https:\/\/costablancaup.com\/es\/#organization"},"potentialAction":[{"@type":"SearchAction","target":{"@type":"EntryPoint","urlTemplate":"https:\/\/costablancaup.com\/es\/?s={search_term_string}"},"query-input":{"@type":"PropertyValueSpecification","valueRequired":true,"valueName":"search_term_string"}}],"inLanguage":"es"},{"@type":"Organization","@id":"https:\/\/costablancaup.com\/es\/#organization","name":"Costa Blanca Up","url":"https:\/\/costablancaup.com\/es\/","logo":{"@type":"ImageObject","inLanguage":"es","@id":"https:\/\/costablancaup.com\/es\/#\/schema\/logo\/image\/","url":"https:\/\/costablancaup.com\/wp-content\/uploads\/2018\/07\/titulo_web-1.png","contentUrl":"https:\/\/costablancaup.com\/wp-content\/uploads\/2018\/07\/titulo_web-1.png","width":1973,"height":303,"caption":"Costa Blanca Up"},"image":{"@id":"https:\/\/costablancaup.com\/es\/#\/schema\/logo\/image\/"}}]}},"_links":{"self":[{"href":"https:\/\/costablancaup.com\/es\/wp-json\/wp\/v2\/class\/29478","targetHints":{"allow":["GET"]}}],"collection":[{"href":"https:\/\/costablancaup.com\/es\/wp-json\/wp\/v2\/class"}],"about":[{"href":"https:\/\/costablancaup.com\/es\/wp-json\/wp\/v2\/types\/class"}],"wp:attachment":[{"href":"https:\/\/costablancaup.com\/es\/wp-json\/wp\/v2\/media?parent=29478"}],"wp:term":[{"taxonomy":"wcs-type","embeddable":true,"href":"https:\/\/costablancaup.com\/es\/wp-json\/wp\/v2\/wcs-type?post=29478"},{"taxonomy":"wcs-room","embeddable":true,"href":"https:\/\/costablancaup.com\/es\/wp-json\/wp\/v2\/wcs-room?post=29478"},{"taxonomy":"wcs-instructor","embeddable":true,"href":"https:\/\/costablancaup.com\/es\/wp-json\/wp\/v2\/wcs-instructor?post=29478"}],"curies":[{"name":"wp","href":"https:\/\/api.w.org\/{rel}","templated":true}]}}