{"id":30335,"date":"2019-05-15T09:29:51","date_gmt":"2019-05-15T07:29:51","guid":{"rendered":"https:\/\/costablancaup.com\/class\/feria-de-san-isidro-2-2\/"},"modified":"2019-05-15T09:30:30","modified_gmt":"2019-05-15T07:30:30","slug":"feria-de-san-isidro-3","status":"publish","type":"class","link":"https:\/\/costablancaup.com\/es\/class\/feria-de-san-isidro-3\/","title":{"rendered":"\u00abFeria de San Isidro\u00bb"},"content":{"rendered":"<h2>Del 17 al 19 de mayo la localidad alicantina de Castalla celebrar\u00e1 la XXVII edici\u00f3n de este tradicional evento.<\/h2>\n<p>Esta edici\u00f3n de la feria contar\u00e1 con m\u00e1s de 200 expositores situados en el casco urbano y en el centro hist\u00f3rico de Castalla, as\u00ed como una enorme oferta de ocio, comercio, cultura, gastronom\u00eda y turismo para todas las edades.<\/p>\n<p>En las diferentes zonas en las que se divide la feria se organizar\u00e1n un sinf\u00edn de actividades: exposiciones, actividades infantiles y juveniles, m\u00fasica, bailes, correfocs y muchas m\u00e1s cosas.<\/p>\n<h3>Programa<\/h3>\n<p><img loading=\"lazy\" decoding=\"async\" src=\"https:\/\/costablancaup.com\/wp-content\/uploads\/2019\/05\/feria-san-isidro-castalla-2019-programa.jpg\" alt=\"Feria de San Isidro 2019: programae\" width=\"1024\" height=\"4000\" class=\"aligncenter size-full wp-image-30307\" srcset=\"https:\/\/costablancaup.com\/wp-content\/uploads\/2019\/05\/feria-san-isidro-castalla-2019-programa.jpg 1024w, https:\/\/costablancaup.com\/wp-content\/uploads\/2019\/05\/feria-san-isidro-castalla-2019-programa-77x300.jpg 77w, https:\/\/costablancaup.com\/wp-content\/uploads\/2019\/05\/feria-san-isidro-castalla-2019-programa-768x3000.jpg 768w, https:\/\/costablancaup.com\/wp-content\/uploads\/2019\/05\/feria-san-isidro-castalla-2019-programa-262x1024.jpg 262w, https:\/\/costablancaup.com\/wp-content\/uploads\/2019\/05\/feria-san-isidro-castalla-2019-programa-400x1563.jpg 400w\" sizes=\"auto, (max-width: 1024px) 100vw, 1024px\" \/><\/p>\n<h3>Localizaci\u00f3n<\/h3>\n\r\n            \r\n            \r\n            \r\n            <a name='map46'><\/a>\r\n            \r\n            \r\n            \r\n            \r\n            <div class=\"wpgmza_map \"  id=\"wpgmza_map_46\" style=\"display:block; overflow:auto; width:100%; height:400px; float:left;\" data-settings='{\"id\":\"46\",\"map_title\":\"Plaza Mayor (Castalla)\",\"map_width\":\"100\",\"map_height\":\"400\",\"map_start_lat\":\"38.595373\",\"map_start_lng\":\"-0.672597\",\"map_start_location\":\"38.59537345900118,-0.6725968833877687\",\"map_start_zoom\":\"17\",\"default_marker\":\"0\",\"type\":\"1\",\"alignment\":\"1\",\"directions_enabled\":\"0\",\"styling_enabled\":\"0\",\"styling_json\":\"\",\"active\":\"0\",\"kml\":\"\",\"bicycle\":\"0\",\"traffic\":\"0\",\"dbox\":\"1\",\"dbox_width\":\"100\",\"listmarkers\":\"0\",\"listmarkers_advanced\":\"0\",\"filterbycat\":\"0\",\"ugm_enabled\":\"0\",\"ugm_category_enabled\":\"0\",\"fusion\":\"\",\"map_width_type\":\"\\\\%\",\"map_height_type\":\"px\",\"mass_marker_support\":\"0\",\"ugm_access\":\"0\",\"order_markers_by\":\"1\",\"order_markers_choice\":\"2\",\"show_user_location\":\"2\",\"default_to\":\"\",\"other_settings\":{\"wpgmza_store_locator_restrict\":\"\",\"wpgmza_sl_animation\":\"1\",\"store_locator_query_string\":\"ZIP \\\/ Address:\",\"store_locator_name_string\":\"Title \\\/ Description:\",\"store_locator_default_address\":\"\",\"wpgmza_dbox_width_type\":\"%\",\"map_max_zoom\":\"3\",\"map_min_zoom\":\"21\",\"sl_stroke_color\":\"FF0000\",\"sl_stroke_opacity\":\"0.25\",\"sl_fill_color\":\"FF0000\",\"sl_fill_opacity\":\"0.15\",\"click_open_link\":2,\"transport_layer\":0,\"iw_primary_color\":\"2A3744\",\"iw_accent_color\":\"252F3A\",\"iw_text_color\":\"FFFFFF\",\"wpgmza_iw_type\":\"0\",\"list_markers_by\":\"0\",\"push_in_map\":\"\",\"push_in_map_placement\":\"9\",\"wpgmza_push_in_map_width\":\"\",\"wpgmza_push_in_map_height\":\"\",\"wpgmza_theme_data\":\"\",\"upload_default_ul_marker\":\"\",\"upload_default_sl_marker\":\"\",\"shortcodeAttributes\":{\"id\":\"46\"}}}' data-map-id='46' data-shortcode-attributes='{\"id\":\"46\"}'> <\/div>\r\n            \r\n               \r\n        \n","protected":false},"excerpt":{"rendered":"<p>Del 17 al 19 de mayo la localidad alicantina de Castalla celebrar\u00e1 la XXVII edici\u00f3n de este tradicional evento. Esta edici\u00f3n de la feria contar\u00e1 con m\u00e1s de 200 expositores situados en el casco urbano y en el centro hist\u00f3rico de Castalla, as\u00ed como una enorme oferta de ocio, comercio, cultura, gastronom\u00eda y turismo para todas las edades. En las diferentes zonas en las que se divide la feria se organizar\u00e1n un sinf\u00edn de actividades: exposiciones, actividades infantiles y juveniles, m\u00fasica, bailes, correfocs y muchas m\u00e1s cosas. Programa Localizaci\u00f3n<\/p>\n","protected":false},"template":"","meta":[],"wcs-type":[5085,5372,5046,5036,5226],"wcs-room":[6060],"wcs-instructor":[],"class_list":["post-30335","class","type-class","status-publish","hentry","wcs-type-baile","wcs-type-gastronomia","wcs-type-musica","wcs-type-ninos","wcs-type-otros","wcs-room-castalla"],"yoast_head":"<!-- This site is optimized with the Yoast SEO plugin v27.4 - https:\/\/yoast.com\/product\/yoast-seo-wordpress\/ -->\n<title>&quot;Feria de San Isidro&quot; - COSTA BLANCA UP<\/title>\n<meta name=\"robots\" content=\"index, follow, max-snippet:-1, max-image-preview:large, max-video-preview:-1\" \/>\n<link rel=\"canonical\" href=\"https:\/\/costablancaup.com\/es\/class\/feria-de-san-isidro-3\/\" \/>\n<meta property=\"og:locale\" content=\"es_ES\" \/>\n<meta property=\"og:type\" content=\"article\" \/>\n<meta property=\"og:title\" content=\"&quot;Feria de San Isidro&quot; - COSTA BLANCA UP\" \/>\n<meta property=\"og:description\" content=\"Del 17 al 19 de mayo la localidad alicantina de Castalla celebrar\u00e1 la XXVII edici\u00f3n de este tradicional evento. Esta edici\u00f3n de la feria contar\u00e1 con m\u00e1s de 200 expositores situados en el casco urbano y en el centro hist\u00f3rico de Castalla, as\u00ed como una enorme oferta de ocio, comercio, cultura, gastronom\u00eda y turismo para todas las edades. En las diferentes zonas en las que se divide la feria se organizar\u00e1n un sinf\u00edn de actividades: exposiciones, actividades infantiles y juveniles, m\u00fasica, bailes, correfocs y muchas m\u00e1s cosas. Programa Localizaci\u00f3n\" \/>\n<meta property=\"og:url\" content=\"https:\/\/costablancaup.com\/es\/class\/feria-de-san-isidro-3\/\" \/>\n<meta property=\"og:site_name\" content=\"COSTA BLANCA UP\" \/>\n<meta property=\"article:modified_time\" content=\"2019-05-15T07:30:30+00:00\" \/>\n<meta property=\"og:image\" content=\"https:\/\/costablancaup.com\/wp-content\/uploads\/2019\/05\/feria-san-isidro-castalla-2019-programa.jpg\" \/>\n<meta name=\"twitter:card\" content=\"summary_large_image\" \/>\n<script type=\"application\/ld+json\" class=\"yoast-schema-graph\">{\"@context\":\"https:\\\/\\\/schema.org\",\"@graph\":[{\"@type\":\"WebPage\",\"@id\":\"https:\\\/\\\/costablancaup.com\\\/es\\\/class\\\/feria-de-san-isidro-3\\\/\",\"url\":\"https:\\\/\\\/costablancaup.com\\\/es\\\/class\\\/feria-de-san-isidro-3\\\/\",\"name\":\"\\\"Feria de San Isidro\\\" - COSTA BLANCA UP\",\"isPartOf\":{\"@id\":\"https:\\\/\\\/costablancaup.com\\\/es\\\/#website\"},\"primaryImageOfPage\":{\"@id\":\"https:\\\/\\\/costablancaup.com\\\/es\\\/class\\\/feria-de-san-isidro-3\\\/#primaryimage\"},\"image\":{\"@id\":\"https:\\\/\\\/costablancaup.com\\\/es\\\/class\\\/feria-de-san-isidro-3\\\/#primaryimage\"},\"thumbnailUrl\":\"https:\\\/\\\/costablancaup.com\\\/wp-content\\\/uploads\\\/2019\\\/05\\\/feria-san-isidro-castalla-2019-programa.jpg\",\"datePublished\":\"2019-05-15T07:29:51+00:00\",\"dateModified\":\"2019-05-15T07:30:30+00:00\",\"breadcrumb\":{\"@id\":\"https:\\\/\\\/costablancaup.com\\\/es\\\/class\\\/feria-de-san-isidro-3\\\/#breadcrumb\"},\"inLanguage\":\"es\",\"potentialAction\":[{\"@type\":\"ReadAction\",\"target\":[\"https:\\\/\\\/costablancaup.com\\\/es\\\/class\\\/feria-de-san-isidro-3\\\/\"]}]},{\"@type\":\"ImageObject\",\"inLanguage\":\"es\",\"@id\":\"https:\\\/\\\/costablancaup.com\\\/es\\\/class\\\/feria-de-san-isidro-3\\\/#primaryimage\",\"url\":\"https:\\\/\\\/costablancaup.com\\\/wp-content\\\/uploads\\\/2019\\\/05\\\/feria-san-isidro-castalla-2019-programa.jpg\",\"contentUrl\":\"https:\\\/\\\/costablancaup.com\\\/wp-content\\\/uploads\\\/2019\\\/05\\\/feria-san-isidro-castalla-2019-programa.jpg\"},{\"@type\":\"BreadcrumbList\",\"@id\":\"https:\\\/\\\/costablancaup.com\\\/es\\\/class\\\/feria-de-san-isidro-3\\\/#breadcrumb\",\"itemListElement\":[{\"@type\":\"ListItem\",\"position\":1,\"name\":\"Home\",\"item\":\"https:\\\/\\\/costablancaup.com\\\/es\\\/\"},{\"@type\":\"ListItem\",\"position\":2,\"name\":\"\u00abFeria de San Isidro\u00bb\"}]},{\"@type\":\"WebSite\",\"@id\":\"https:\\\/\\\/costablancaup.com\\\/es\\\/#website\",\"url\":\"https:\\\/\\\/costablancaup.com\\\/es\\\/\",\"name\":\"COSTA BLANCA UP\",\"description\":\"Costa Blanca Events and Agenda\",\"publisher\":{\"@id\":\"https:\\\/\\\/costablancaup.com\\\/es\\\/#organization\"},\"potentialAction\":[{\"@type\":\"SearchAction\",\"target\":{\"@type\":\"EntryPoint\",\"urlTemplate\":\"https:\\\/\\\/costablancaup.com\\\/es\\\/?s={search_term_string}\"},\"query-input\":{\"@type\":\"PropertyValueSpecification\",\"valueRequired\":true,\"valueName\":\"search_term_string\"}}],\"inLanguage\":\"es\"},{\"@type\":\"Organization\",\"@id\":\"https:\\\/\\\/costablancaup.com\\\/es\\\/#organization\",\"name\":\"Costa Blanca Up\",\"url\":\"https:\\\/\\\/costablancaup.com\\\/es\\\/\",\"logo\":{\"@type\":\"ImageObject\",\"inLanguage\":\"es\",\"@id\":\"https:\\\/\\\/costablancaup.com\\\/es\\\/#\\\/schema\\\/logo\\\/image\\\/\",\"url\":\"https:\\\/\\\/costablancaup.com\\\/wp-content\\\/uploads\\\/2018\\\/07\\\/titulo_web-1.png\",\"contentUrl\":\"https:\\\/\\\/costablancaup.com\\\/wp-content\\\/uploads\\\/2018\\\/07\\\/titulo_web-1.png\",\"width\":1973,\"height\":303,\"caption\":\"Costa Blanca Up\"},\"image\":{\"@id\":\"https:\\\/\\\/costablancaup.com\\\/es\\\/#\\\/schema\\\/logo\\\/image\\\/\"}}]}<\/script>\n<!-- \/ Yoast SEO plugin. -->","yoast_head_json":{"title":"\"Feria de San Isidro\" - COSTA BLANCA UP","robots":{"index":"index","follow":"follow","max-snippet":"max-snippet:-1","max-image-preview":"max-image-preview:large","max-video-preview":"max-video-preview:-1"},"canonical":"https:\/\/costablancaup.com\/es\/class\/feria-de-san-isidro-3\/","og_locale":"es_ES","og_type":"article","og_title":"\"Feria de San Isidro\" - COSTA BLANCA UP","og_description":"Del 17 al 19 de mayo la localidad alicantina de Castalla celebrar\u00e1 la XXVII edici\u00f3n de este tradicional evento. Esta edici\u00f3n de la feria contar\u00e1 con m\u00e1s de 200 expositores situados en el casco urbano y en el centro hist\u00f3rico de Castalla, as\u00ed como una enorme oferta de ocio, comercio, cultura, gastronom\u00eda y turismo para todas las edades. En las diferentes zonas en las que se divide la feria se organizar\u00e1n un sinf\u00edn de actividades: exposiciones, actividades infantiles y juveniles, m\u00fasica, bailes, correfocs y muchas m\u00e1s cosas. Programa Localizaci\u00f3n","og_url":"https:\/\/costablancaup.com\/es\/class\/feria-de-san-isidro-3\/","og_site_name":"COSTA BLANCA UP","article_modified_time":"2019-05-15T07:30:30+00:00","og_image":[{"url":"https:\/\/costablancaup.com\/wp-content\/uploads\/2019\/05\/feria-san-isidro-castalla-2019-programa.jpg","type":"","width":"","height":""}],"twitter_card":"summary_large_image","schema":{"@context":"https:\/\/schema.org","@graph":[{"@type":"WebPage","@id":"https:\/\/costablancaup.com\/es\/class\/feria-de-san-isidro-3\/","url":"https:\/\/costablancaup.com\/es\/class\/feria-de-san-isidro-3\/","name":"\"Feria de San Isidro\" - COSTA BLANCA UP","isPartOf":{"@id":"https:\/\/costablancaup.com\/es\/#website"},"primaryImageOfPage":{"@id":"https:\/\/costablancaup.com\/es\/class\/feria-de-san-isidro-3\/#primaryimage"},"image":{"@id":"https:\/\/costablancaup.com\/es\/class\/feria-de-san-isidro-3\/#primaryimage"},"thumbnailUrl":"https:\/\/costablancaup.com\/wp-content\/uploads\/2019\/05\/feria-san-isidro-castalla-2019-programa.jpg","datePublished":"2019-05-15T07:29:51+00:00","dateModified":"2019-05-15T07:30:30+00:00","breadcrumb":{"@id":"https:\/\/costablancaup.com\/es\/class\/feria-de-san-isidro-3\/#breadcrumb"},"inLanguage":"es","potentialAction":[{"@type":"ReadAction","target":["https:\/\/costablancaup.com\/es\/class\/feria-de-san-isidro-3\/"]}]},{"@type":"ImageObject","inLanguage":"es","@id":"https:\/\/costablancaup.com\/es\/class\/feria-de-san-isidro-3\/#primaryimage","url":"https:\/\/costablancaup.com\/wp-content\/uploads\/2019\/05\/feria-san-isidro-castalla-2019-programa.jpg","contentUrl":"https:\/\/costablancaup.com\/wp-content\/uploads\/2019\/05\/feria-san-isidro-castalla-2019-programa.jpg"},{"@type":"BreadcrumbList","@id":"https:\/\/costablancaup.com\/es\/class\/feria-de-san-isidro-3\/#breadcrumb","itemListElement":[{"@type":"ListItem","position":1,"name":"Home","item":"https:\/\/costablancaup.com\/es\/"},{"@type":"ListItem","position":2,"name":"\u00abFeria de San Isidro\u00bb"}]},{"@type":"WebSite","@id":"https:\/\/costablancaup.com\/es\/#website","url":"https:\/\/costablancaup.com\/es\/","name":"COSTA BLANCA UP","description":"Costa Blanca Events and Agenda","publisher":{"@id":"https:\/\/costablancaup.com\/es\/#organization"},"potentialAction":[{"@type":"SearchAction","target":{"@type":"EntryPoint","urlTemplate":"https:\/\/costablancaup.com\/es\/?s={search_term_string}"},"query-input":{"@type":"PropertyValueSpecification","valueRequired":true,"valueName":"search_term_string"}}],"inLanguage":"es"},{"@type":"Organization","@id":"https:\/\/costablancaup.com\/es\/#organization","name":"Costa Blanca Up","url":"https:\/\/costablancaup.com\/es\/","logo":{"@type":"ImageObject","inLanguage":"es","@id":"https:\/\/costablancaup.com\/es\/#\/schema\/logo\/image\/","url":"https:\/\/costablancaup.com\/wp-content\/uploads\/2018\/07\/titulo_web-1.png","contentUrl":"https:\/\/costablancaup.com\/wp-content\/uploads\/2018\/07\/titulo_web-1.png","width":1973,"height":303,"caption":"Costa Blanca Up"},"image":{"@id":"https:\/\/costablancaup.com\/es\/#\/schema\/logo\/image\/"}}]}},"_links":{"self":[{"href":"https:\/\/costablancaup.com\/es\/wp-json\/wp\/v2\/class\/30335","targetHints":{"allow":["GET"]}}],"collection":[{"href":"https:\/\/costablancaup.com\/es\/wp-json\/wp\/v2\/class"}],"about":[{"href":"https:\/\/costablancaup.com\/es\/wp-json\/wp\/v2\/types\/class"}],"wp:attachment":[{"href":"https:\/\/costablancaup.com\/es\/wp-json\/wp\/v2\/media?parent=30335"}],"wp:term":[{"taxonomy":"wcs-type","embeddable":true,"href":"https:\/\/costablancaup.com\/es\/wp-json\/wp\/v2\/wcs-type?post=30335"},{"taxonomy":"wcs-room","embeddable":true,"href":"https:\/\/costablancaup.com\/es\/wp-json\/wp\/v2\/wcs-room?post=30335"},{"taxonomy":"wcs-instructor","embeddable":true,"href":"https:\/\/costablancaup.com\/es\/wp-json\/wp\/v2\/wcs-instructor?post=30335"}],"curies":[{"name":"wp","href":"https:\/\/api.w.org\/{rel}","templated":true}]}}