{"id":31495,"date":"2019-06-21T14:12:18","date_gmt":"2019-06-21T12:12:18","guid":{"rendered":"https:\/\/costablancaup.com\/?post_type=class&#038;p=31495"},"modified":"2019-06-21T14:12:18","modified_gmt":"2019-06-21T12:12:18","slug":"gran-fiesta-de-exaltacion-del-arroz","status":"publish","type":"class","link":"https:\/\/costablancaup.com\/es\/class\/gran-fiesta-de-exaltacion-del-arroz\/","title":{"rendered":"\u00abGran fiesta de exaltaci\u00f3n del arroz\u00bb"},"content":{"rendered":"<h2>La fiesta tendr\u00e1 lugar el s\u00e1bado 29 de junio en las carpas ubicadas el <em>Puerto Deportivo Marina Salinas<\/em> de Torrevieja.<\/h2>\n<p>Con el t\u00edtulo de \u00abAromas y Sabores del Arroz en la Vega Baja\u00bb nace este evento con la intenci\u00f3n de promover acciones basadas en productos aut\u00f3ctonos, en esta ocasi\u00f3n el arroz.<\/p>\n<p>Durante la jornada una quincena de restaurantes de Torrevieja y de otras localidades de la comarca ofrecer\u00e1n sus mejores platos arroceros. En total se podr\u00e1n degustar m\u00e1s de 20 clases de arroces t\u00edpicos de la Vega Baja a precios populares. <\/p>\n<p>El evento que ser\u00e1 de libre acceso, se plantea como un acto ideal para disfrutar con la familia y los amigos. Contar\u00e1 con m\u00fasica en directo y diversas actividades infantiles y musicales, as\u00ed como diferentes sorteos de regalos. <\/p>\n<h3>Horario<\/h3>\n<ul>\n<li>S\u00e1bado, de 11:00 a 18:00 horas.<\/li>\n<\/ul>\n<h3>Localizaci\u00f3n<\/h3>\n\r\n            \r\n            \r\n            \r\n            <a name='map215'><\/a>\r\n            \r\n            \r\n            \r\n            \r\n            <div class=\"wpgmza_map \"  id=\"wpgmza_map_215\" style=\"display:block; overflow:auto; width:100%; height:400px; float:left;\" data-settings='{\"id\":\"215\",\"map_title\":\"Puerto deportivo Marina Salinas (Torrevieja)\",\"map_width\":\"100\",\"map_height\":\"400\",\"map_start_lat\":\"37.972658\",\"map_start_lng\":\"-0.684586\",\"map_start_location\":\"37.97265761740284,-0.6845862799823466\",\"map_start_zoom\":\"15\",\"default_marker\":\"0\",\"type\":\"1\",\"alignment\":\"1\",\"directions_enabled\":\"0\",\"styling_enabled\":\"0\",\"styling_json\":\"\",\"active\":\"0\",\"kml\":\"\",\"bicycle\":\"0\",\"traffic\":\"0\",\"dbox\":\"1\",\"dbox_width\":\"100\",\"listmarkers\":\"0\",\"listmarkers_advanced\":\"0\",\"filterbycat\":\"0\",\"ugm_enabled\":\"0\",\"ugm_category_enabled\":\"0\",\"fusion\":\"\",\"map_width_type\":\"\\\\%\",\"map_height_type\":\"px\",\"mass_marker_support\":\"0\",\"ugm_access\":\"0\",\"order_markers_by\":\"1\",\"order_markers_choice\":\"2\",\"show_user_location\":\"2\",\"default_to\":\"\",\"other_settings\":{\"wpgmza_store_locator_restrict\":\"\",\"wpgmza_sl_animation\":\"1\",\"store_locator_query_string\":\"ZIP \\\/ Address:\",\"store_locator_name_string\":\"Title \\\/ Description:\",\"store_locator_default_address\":\"\",\"wpgmza_dbox_width_type\":\"%\",\"map_max_zoom\":\"3\",\"map_min_zoom\":\"21\",\"sl_stroke_color\":\"FF0000\",\"sl_stroke_opacity\":\"0.25\",\"sl_fill_color\":\"FF0000\",\"sl_fill_opacity\":\"0.15\",\"click_open_link\":2,\"transport_layer\":0,\"iw_primary_color\":\"2A3744\",\"iw_accent_color\":\"252F3A\",\"iw_text_color\":\"FFFFFF\",\"wpgmza_iw_type\":\"0\",\"list_markers_by\":\"0\",\"push_in_map\":\"\",\"push_in_map_placement\":\"9\",\"wpgmza_push_in_map_width\":\"\",\"wpgmza_push_in_map_height\":\"\",\"wpgmza_theme_data\":\"\",\"upload_default_ul_marker\":\"\",\"upload_default_sl_marker\":\"\",\"shortcodeAttributes\":{\"id\":\"215\"}}}' data-map-id='215' data-shortcode-attributes='{\"id\":\"215\"}'> <\/div>\r\n            \r\n               \r\n        \n","protected":false},"excerpt":{"rendered":"<p>La fiesta tendr\u00e1 lugar el s\u00e1bado 29 de junio en las carpas ubicadas el Puerto Deportivo Marina Salinas de Torrevieja. Con el t\u00edtulo de \u00abAromas y Sabores del Arroz en la Vega Baja\u00bb nace este evento con la intenci\u00f3n de promover acciones basadas en productos aut\u00f3ctonos, en esta ocasi\u00f3n el arroz. Durante la jornada una quincena de restaurantes de Torrevieja y de otras localidades de la comarca ofrecer\u00e1n sus mejores platos arroceros. En total se podr\u00e1n degustar m\u00e1s de 20 clases de arroces t\u00edpicos de la Vega Baja a precios populares. El evento que ser\u00e1 de libre acceso, se plantea [&hellip;]<\/p>\n","protected":false},"template":"","meta":[],"wcs-type":[5222,5372,5046,5036],"wcs-room":[6093],"wcs-instructor":[],"class_list":["post-31495","class","type-class","status-publish","hentry","wcs-type-cursos","wcs-type-gastronomia","wcs-type-musica","wcs-type-ninos","wcs-room-puerto-deportivo-marina-salinas-torrevieja"],"yoast_head":"<!-- This site is optimized with the Yoast SEO plugin v27.4 - https:\/\/yoast.com\/product\/yoast-seo-wordpress\/ -->\n<title>&quot;Gran fiesta de exaltaci\u00f3n del arroz&quot; - COSTA BLANCA UP<\/title>\n<meta name=\"robots\" content=\"index, follow, max-snippet:-1, max-image-preview:large, max-video-preview:-1\" \/>\n<link rel=\"canonical\" href=\"https:\/\/costablancaup.com\/es\/class\/gran-fiesta-de-exaltacion-del-arroz\/\" \/>\n<meta property=\"og:locale\" content=\"es_ES\" \/>\n<meta property=\"og:type\" content=\"article\" \/>\n<meta property=\"og:title\" content=\"&quot;Gran fiesta de exaltaci\u00f3n del arroz&quot; - COSTA BLANCA UP\" \/>\n<meta property=\"og:description\" content=\"La fiesta tendr\u00e1 lugar el s\u00e1bado 29 de junio en las carpas ubicadas el Puerto Deportivo Marina Salinas de Torrevieja. Con el t\u00edtulo de \u00abAromas y Sabores del Arroz en la Vega Baja\u00bb nace este evento con la intenci\u00f3n de promover acciones basadas en productos aut\u00f3ctonos, en esta ocasi\u00f3n el arroz. Durante la jornada una quincena de restaurantes de Torrevieja y de otras localidades de la comarca ofrecer\u00e1n sus mejores platos arroceros. En total se podr\u00e1n degustar m\u00e1s de 20 clases de arroces t\u00edpicos de la Vega Baja a precios populares. El evento que ser\u00e1 de libre acceso, se plantea [&hellip;]\" \/>\n<meta property=\"og:url\" content=\"https:\/\/costablancaup.com\/es\/class\/gran-fiesta-de-exaltacion-del-arroz\/\" \/>\n<meta property=\"og:site_name\" content=\"COSTA BLANCA UP\" \/>\n<meta name=\"twitter:card\" content=\"summary_large_image\" \/>\n<meta name=\"twitter:label1\" content=\"Tiempo de lectura\" \/>\n\t<meta name=\"twitter:data1\" content=\"1 minuto\" \/>\n<script type=\"application\/ld+json\" class=\"yoast-schema-graph\">{\"@context\":\"https:\\\/\\\/schema.org\",\"@graph\":[{\"@type\":\"WebPage\",\"@id\":\"https:\\\/\\\/costablancaup.com\\\/es\\\/class\\\/gran-fiesta-de-exaltacion-del-arroz\\\/\",\"url\":\"https:\\\/\\\/costablancaup.com\\\/es\\\/class\\\/gran-fiesta-de-exaltacion-del-arroz\\\/\",\"name\":\"\\\"Gran fiesta de exaltaci\u00f3n del arroz\\\" - COSTA BLANCA UP\",\"isPartOf\":{\"@id\":\"https:\\\/\\\/costablancaup.com\\\/es\\\/#website\"},\"datePublished\":\"2019-06-21T12:12:18+00:00\",\"breadcrumb\":{\"@id\":\"https:\\\/\\\/costablancaup.com\\\/es\\\/class\\\/gran-fiesta-de-exaltacion-del-arroz\\\/#breadcrumb\"},\"inLanguage\":\"es\",\"potentialAction\":[{\"@type\":\"ReadAction\",\"target\":[\"https:\\\/\\\/costablancaup.com\\\/es\\\/class\\\/gran-fiesta-de-exaltacion-del-arroz\\\/\"]}]},{\"@type\":\"BreadcrumbList\",\"@id\":\"https:\\\/\\\/costablancaup.com\\\/es\\\/class\\\/gran-fiesta-de-exaltacion-del-arroz\\\/#breadcrumb\",\"itemListElement\":[{\"@type\":\"ListItem\",\"position\":1,\"name\":\"Home\",\"item\":\"https:\\\/\\\/costablancaup.com\\\/es\\\/\"},{\"@type\":\"ListItem\",\"position\":2,\"name\":\"&#171;Gran fiesta de exaltaci\u00f3n del arroz&#187;\"}]},{\"@type\":\"WebSite\",\"@id\":\"https:\\\/\\\/costablancaup.com\\\/es\\\/#website\",\"url\":\"https:\\\/\\\/costablancaup.com\\\/es\\\/\",\"name\":\"COSTA BLANCA UP\",\"description\":\"Costa Blanca Events and Agenda\",\"publisher\":{\"@id\":\"https:\\\/\\\/costablancaup.com\\\/es\\\/#organization\"},\"potentialAction\":[{\"@type\":\"SearchAction\",\"target\":{\"@type\":\"EntryPoint\",\"urlTemplate\":\"https:\\\/\\\/costablancaup.com\\\/es\\\/?s={search_term_string}\"},\"query-input\":{\"@type\":\"PropertyValueSpecification\",\"valueRequired\":true,\"valueName\":\"search_term_string\"}}],\"inLanguage\":\"es\"},{\"@type\":\"Organization\",\"@id\":\"https:\\\/\\\/costablancaup.com\\\/es\\\/#organization\",\"name\":\"Costa Blanca Up\",\"url\":\"https:\\\/\\\/costablancaup.com\\\/es\\\/\",\"logo\":{\"@type\":\"ImageObject\",\"inLanguage\":\"es\",\"@id\":\"https:\\\/\\\/costablancaup.com\\\/es\\\/#\\\/schema\\\/logo\\\/image\\\/\",\"url\":\"https:\\\/\\\/costablancaup.com\\\/wp-content\\\/uploads\\\/2018\\\/07\\\/titulo_web-1.png\",\"contentUrl\":\"https:\\\/\\\/costablancaup.com\\\/wp-content\\\/uploads\\\/2018\\\/07\\\/titulo_web-1.png\",\"width\":1973,\"height\":303,\"caption\":\"Costa Blanca Up\"},\"image\":{\"@id\":\"https:\\\/\\\/costablancaup.com\\\/es\\\/#\\\/schema\\\/logo\\\/image\\\/\"}}]}<\/script>\n<!-- \/ Yoast SEO plugin. -->","yoast_head_json":{"title":"\"Gran fiesta de exaltaci\u00f3n del arroz\" - COSTA BLANCA UP","robots":{"index":"index","follow":"follow","max-snippet":"max-snippet:-1","max-image-preview":"max-image-preview:large","max-video-preview":"max-video-preview:-1"},"canonical":"https:\/\/costablancaup.com\/es\/class\/gran-fiesta-de-exaltacion-del-arroz\/","og_locale":"es_ES","og_type":"article","og_title":"\"Gran fiesta de exaltaci\u00f3n del arroz\" - COSTA BLANCA UP","og_description":"La fiesta tendr\u00e1 lugar el s\u00e1bado 29 de junio en las carpas ubicadas el Puerto Deportivo Marina Salinas de Torrevieja. Con el t\u00edtulo de \u00abAromas y Sabores del Arroz en la Vega Baja\u00bb nace este evento con la intenci\u00f3n de promover acciones basadas en productos aut\u00f3ctonos, en esta ocasi\u00f3n el arroz. Durante la jornada una quincena de restaurantes de Torrevieja y de otras localidades de la comarca ofrecer\u00e1n sus mejores platos arroceros. En total se podr\u00e1n degustar m\u00e1s de 20 clases de arroces t\u00edpicos de la Vega Baja a precios populares. El evento que ser\u00e1 de libre acceso, se plantea [&hellip;]","og_url":"https:\/\/costablancaup.com\/es\/class\/gran-fiesta-de-exaltacion-del-arroz\/","og_site_name":"COSTA BLANCA UP","twitter_card":"summary_large_image","twitter_misc":{"Tiempo de lectura":"1 minuto"},"schema":{"@context":"https:\/\/schema.org","@graph":[{"@type":"WebPage","@id":"https:\/\/costablancaup.com\/es\/class\/gran-fiesta-de-exaltacion-del-arroz\/","url":"https:\/\/costablancaup.com\/es\/class\/gran-fiesta-de-exaltacion-del-arroz\/","name":"\"Gran fiesta de exaltaci\u00f3n del arroz\" - COSTA BLANCA UP","isPartOf":{"@id":"https:\/\/costablancaup.com\/es\/#website"},"datePublished":"2019-06-21T12:12:18+00:00","breadcrumb":{"@id":"https:\/\/costablancaup.com\/es\/class\/gran-fiesta-de-exaltacion-del-arroz\/#breadcrumb"},"inLanguage":"es","potentialAction":[{"@type":"ReadAction","target":["https:\/\/costablancaup.com\/es\/class\/gran-fiesta-de-exaltacion-del-arroz\/"]}]},{"@type":"BreadcrumbList","@id":"https:\/\/costablancaup.com\/es\/class\/gran-fiesta-de-exaltacion-del-arroz\/#breadcrumb","itemListElement":[{"@type":"ListItem","position":1,"name":"Home","item":"https:\/\/costablancaup.com\/es\/"},{"@type":"ListItem","position":2,"name":"&#171;Gran fiesta de exaltaci\u00f3n del arroz&#187;"}]},{"@type":"WebSite","@id":"https:\/\/costablancaup.com\/es\/#website","url":"https:\/\/costablancaup.com\/es\/","name":"COSTA BLANCA UP","description":"Costa Blanca Events and Agenda","publisher":{"@id":"https:\/\/costablancaup.com\/es\/#organization"},"potentialAction":[{"@type":"SearchAction","target":{"@type":"EntryPoint","urlTemplate":"https:\/\/costablancaup.com\/es\/?s={search_term_string}"},"query-input":{"@type":"PropertyValueSpecification","valueRequired":true,"valueName":"search_term_string"}}],"inLanguage":"es"},{"@type":"Organization","@id":"https:\/\/costablancaup.com\/es\/#organization","name":"Costa Blanca Up","url":"https:\/\/costablancaup.com\/es\/","logo":{"@type":"ImageObject","inLanguage":"es","@id":"https:\/\/costablancaup.com\/es\/#\/schema\/logo\/image\/","url":"https:\/\/costablancaup.com\/wp-content\/uploads\/2018\/07\/titulo_web-1.png","contentUrl":"https:\/\/costablancaup.com\/wp-content\/uploads\/2018\/07\/titulo_web-1.png","width":1973,"height":303,"caption":"Costa Blanca Up"},"image":{"@id":"https:\/\/costablancaup.com\/es\/#\/schema\/logo\/image\/"}}]}},"_links":{"self":[{"href":"https:\/\/costablancaup.com\/es\/wp-json\/wp\/v2\/class\/31495","targetHints":{"allow":["GET"]}}],"collection":[{"href":"https:\/\/costablancaup.com\/es\/wp-json\/wp\/v2\/class"}],"about":[{"href":"https:\/\/costablancaup.com\/es\/wp-json\/wp\/v2\/types\/class"}],"wp:attachment":[{"href":"https:\/\/costablancaup.com\/es\/wp-json\/wp\/v2\/media?parent=31495"}],"wp:term":[{"taxonomy":"wcs-type","embeddable":true,"href":"https:\/\/costablancaup.com\/es\/wp-json\/wp\/v2\/wcs-type?post=31495"},{"taxonomy":"wcs-room","embeddable":true,"href":"https:\/\/costablancaup.com\/es\/wp-json\/wp\/v2\/wcs-room?post=31495"},{"taxonomy":"wcs-instructor","embeddable":true,"href":"https:\/\/costablancaup.com\/es\/wp-json\/wp\/v2\/wcs-instructor?post=31495"}],"curies":[{"name":"wp","href":"https:\/\/api.w.org\/{rel}","templated":true}]}}