{"id":34136,"date":"2019-09-11T11:20:53","date_gmt":"2019-09-11T09:20:53","guid":{"rendered":"https:\/\/costablancaup.com\/?post_type=class&#038;p=34136"},"modified":"2019-09-11T11:20:53","modified_gmt":"2019-09-11T09:20:53","slug":"dia-mundial-de-la-paella-world-paella-day-2","status":"publish","type":"class","link":"https:\/\/costablancaup.com\/es\/class\/dia-mundial-de-la-paella-world-paella-day-2\/","title":{"rendered":"\u00abD\u00eda Mundial de la Paella\u00bb (World Paella Day)"},"content":{"rendered":"<h2>El viernes 20 de septiembre tendr\u00e1 lugar esta celebraci\u00f3n en la que el plato valenciano volver\u00e1 a ser el protagonista.<\/h2>\n<p>Esta excelente iniciativa busca proyectar internacionalmente la <em>paella<\/em> como uno de los platos que mejor definen la cocina espa\u00f1ola y la dieta mediterr\u00e1nea, as\u00ed como consolidar Valencia como destino gastron\u00f3mico internacional.<\/p>\n<p>Para la segunda celebraci\u00f3n de este d\u00eda se ha organizado un programa de actividades en diversas ciudades del mundo, como elaboraciones en directo, degustaciones y concursos de paella en Londres, Mil\u00e1n, Rotterdam, Par\u00eds, Mosc\u00fa, Tokio, Zurich, Quito y Lisboa.<\/p>\n<p>En la <em>plaza del Ayuntamiento<\/em> de la ciudad de Valencia se han programado demostraciones en directo (\u00abshowcooking\u00bb) de mano de grandes cocineros de Valencia, Alicante y Castell\u00f3n, que elaborar\u00e1n quince paellas diferentes. Adem\u00e1s, a lo largo de todo el d\u00eda se amenizar\u00e1 la jornada con degustaciones culinarias, m\u00fasica en directo y diversas animaciones audiovisuales.<\/p>\n<p>&nbsp;<\/p>\n<h3>Localizaci\u00f3n<\/h3>\n\r\n            \r\n            \r\n            \r\n            <a name='map39'><\/a>\r\n            \r\n            \r\n            \r\n            \r\n            <div class=\"wpgmza_map \"  id=\"wpgmza_map_39\" style=\"display:block; overflow:auto; width:100%; height:400px; float:left;\" data-settings='{\"id\":\"39\",\"map_title\":\"Plaza del Ayuntamiento (Valencia)\",\"map_width\":\"100\",\"map_height\":\"400\",\"map_start_lat\":\"39.464545\",\"map_start_lng\":\"-0.372407\",\"map_start_location\":\"39.46454481107512,-0.3724068191677361\",\"map_start_zoom\":\"14\",\"default_marker\":\"0\",\"type\":\"1\",\"alignment\":\"1\",\"directions_enabled\":\"0\",\"styling_enabled\":\"0\",\"styling_json\":\"\",\"active\":\"0\",\"kml\":\"\",\"bicycle\":\"0\",\"traffic\":\"0\",\"dbox\":\"1\",\"dbox_width\":\"100\",\"listmarkers\":\"0\",\"listmarkers_advanced\":\"0\",\"filterbycat\":\"0\",\"ugm_enabled\":\"0\",\"ugm_category_enabled\":\"0\",\"fusion\":\"\",\"map_width_type\":\"\\\\%\",\"map_height_type\":\"px\",\"mass_marker_support\":\"0\",\"ugm_access\":\"0\",\"order_markers_by\":\"1\",\"order_markers_choice\":\"2\",\"show_user_location\":\"2\",\"default_to\":\"\",\"other_settings\":{\"wpgmza_store_locator_restrict\":\"\",\"wpgmza_sl_animation\":\"1\",\"store_locator_query_string\":\"ZIP \\\/ Address:\",\"store_locator_name_string\":\"Title \\\/ Description:\",\"store_locator_default_address\":\"\",\"wpgmza_dbox_width_type\":\"%\",\"map_max_zoom\":\"3\",\"map_min_zoom\":\"21\",\"sl_stroke_color\":\"FF0000\",\"sl_stroke_opacity\":\"0.25\",\"sl_fill_color\":\"FF0000\",\"sl_fill_opacity\":\"0.15\",\"click_open_link\":2,\"transport_layer\":0,\"iw_primary_color\":\"2A3744\",\"iw_accent_color\":\"252F3A\",\"iw_text_color\":\"FFFFFF\",\"wpgmza_iw_type\":\"0\",\"list_markers_by\":\"0\",\"push_in_map\":\"\",\"push_in_map_placement\":\"9\",\"wpgmza_push_in_map_width\":\"\",\"wpgmza_push_in_map_height\":\"\",\"wpgmza_theme_data\":\"\",\"upload_default_ul_marker\":\"\",\"upload_default_sl_marker\":\"\",\"shortcodeAttributes\":{\"id\":\"39\"}}}' data-map-id='39' data-shortcode-attributes='{\"id\":\"39\"}'> <\/div>\r\n            \r\n               \r\n        \n","protected":false},"excerpt":{"rendered":"<p>El viernes 20 de septiembre tendr\u00e1 lugar esta celebraci\u00f3n en la que el plato valenciano volver\u00e1 a ser el protagonista. Esta excelente iniciativa busca proyectar internacionalmente la paella como uno de los platos que mejor definen la cocina espa\u00f1ola y la dieta mediterr\u00e1nea, as\u00ed como consolidar Valencia como destino gastron\u00f3mico internacional. Para la segunda celebraci\u00f3n de este d\u00eda se ha organizado un programa de actividades en diversas ciudades del mundo, como elaboraciones en directo, degustaciones y concursos de paella en Londres, Mil\u00e1n, Rotterdam, Par\u00eds, Mosc\u00fa, Tokio, Zurich, Quito y Lisboa. En la plaza del Ayuntamiento de la ciudad de Valencia [&hellip;]<\/p>\n","protected":false},"template":"","meta":[],"wcs-type":[5372,5226],"wcs-room":[5048],"wcs-instructor":[],"class_list":["post-34136","class","type-class","status-publish","hentry","wcs-type-gastronomia","wcs-type-otros","wcs-room-plaza-ayuntamiento-valencia"],"yoast_head":"<!-- This site is optimized with the Yoast SEO plugin v27.4 - https:\/\/yoast.com\/product\/yoast-seo-wordpress\/ -->\n<title>&quot;D\u00eda Mundial de la Paella&quot; (World Paella Day) - COSTA BLANCA UP<\/title>\n<meta name=\"robots\" content=\"index, follow, max-snippet:-1, max-image-preview:large, max-video-preview:-1\" \/>\n<link rel=\"canonical\" href=\"https:\/\/costablancaup.com\/es\/class\/dia-mundial-de-la-paella-world-paella-day-2\/\" \/>\n<meta property=\"og:locale\" content=\"es_ES\" \/>\n<meta property=\"og:type\" content=\"article\" \/>\n<meta property=\"og:title\" content=\"&quot;D\u00eda Mundial de la Paella&quot; (World Paella Day) - COSTA BLANCA UP\" \/>\n<meta property=\"og:description\" content=\"El viernes 20 de septiembre tendr\u00e1 lugar esta celebraci\u00f3n en la que el plato valenciano volver\u00e1 a ser el protagonista. Esta excelente iniciativa busca proyectar internacionalmente la paella como uno de los platos que mejor definen la cocina espa\u00f1ola y la dieta mediterr\u00e1nea, as\u00ed como consolidar Valencia como destino gastron\u00f3mico internacional. Para la segunda celebraci\u00f3n de este d\u00eda se ha organizado un programa de actividades en diversas ciudades del mundo, como elaboraciones en directo, degustaciones y concursos de paella en Londres, Mil\u00e1n, Rotterdam, Par\u00eds, Mosc\u00fa, Tokio, Zurich, Quito y Lisboa. En la plaza del Ayuntamiento de la ciudad de Valencia [&hellip;]\" \/>\n<meta property=\"og:url\" content=\"https:\/\/costablancaup.com\/es\/class\/dia-mundial-de-la-paella-world-paella-day-2\/\" \/>\n<meta property=\"og:site_name\" content=\"COSTA BLANCA UP\" \/>\n<meta name=\"twitter:card\" content=\"summary_large_image\" \/>\n<meta name=\"twitter:label1\" content=\"Tiempo de lectura\" \/>\n\t<meta name=\"twitter:data1\" content=\"1 minuto\" \/>\n<script type=\"application\/ld+json\" class=\"yoast-schema-graph\">{\"@context\":\"https:\\\/\\\/schema.org\",\"@graph\":[{\"@type\":\"WebPage\",\"@id\":\"https:\\\/\\\/costablancaup.com\\\/es\\\/class\\\/dia-mundial-de-la-paella-world-paella-day-2\\\/\",\"url\":\"https:\\\/\\\/costablancaup.com\\\/es\\\/class\\\/dia-mundial-de-la-paella-world-paella-day-2\\\/\",\"name\":\"\\\"D\u00eda Mundial de la Paella\\\" (World Paella Day) - COSTA BLANCA UP\",\"isPartOf\":{\"@id\":\"https:\\\/\\\/costablancaup.com\\\/es\\\/#website\"},\"datePublished\":\"2019-09-11T09:20:53+00:00\",\"breadcrumb\":{\"@id\":\"https:\\\/\\\/costablancaup.com\\\/es\\\/class\\\/dia-mundial-de-la-paella-world-paella-day-2\\\/#breadcrumb\"},\"inLanguage\":\"es\",\"potentialAction\":[{\"@type\":\"ReadAction\",\"target\":[\"https:\\\/\\\/costablancaup.com\\\/es\\\/class\\\/dia-mundial-de-la-paella-world-paella-day-2\\\/\"]}]},{\"@type\":\"BreadcrumbList\",\"@id\":\"https:\\\/\\\/costablancaup.com\\\/es\\\/class\\\/dia-mundial-de-la-paella-world-paella-day-2\\\/#breadcrumb\",\"itemListElement\":[{\"@type\":\"ListItem\",\"position\":1,\"name\":\"Home\",\"item\":\"https:\\\/\\\/costablancaup.com\\\/es\\\/\"},{\"@type\":\"ListItem\",\"position\":2,\"name\":\"&#171;D\u00eda Mundial de la Paella&#187; (World Paella Day)\"}]},{\"@type\":\"WebSite\",\"@id\":\"https:\\\/\\\/costablancaup.com\\\/es\\\/#website\",\"url\":\"https:\\\/\\\/costablancaup.com\\\/es\\\/\",\"name\":\"COSTA BLANCA UP\",\"description\":\"Costa Blanca Events and Agenda\",\"publisher\":{\"@id\":\"https:\\\/\\\/costablancaup.com\\\/es\\\/#organization\"},\"potentialAction\":[{\"@type\":\"SearchAction\",\"target\":{\"@type\":\"EntryPoint\",\"urlTemplate\":\"https:\\\/\\\/costablancaup.com\\\/es\\\/?s={search_term_string}\"},\"query-input\":{\"@type\":\"PropertyValueSpecification\",\"valueRequired\":true,\"valueName\":\"search_term_string\"}}],\"inLanguage\":\"es\"},{\"@type\":\"Organization\",\"@id\":\"https:\\\/\\\/costablancaup.com\\\/es\\\/#organization\",\"name\":\"Costa Blanca Up\",\"url\":\"https:\\\/\\\/costablancaup.com\\\/es\\\/\",\"logo\":{\"@type\":\"ImageObject\",\"inLanguage\":\"es\",\"@id\":\"https:\\\/\\\/costablancaup.com\\\/es\\\/#\\\/schema\\\/logo\\\/image\\\/\",\"url\":\"https:\\\/\\\/costablancaup.com\\\/wp-content\\\/uploads\\\/2018\\\/07\\\/titulo_web-1.png\",\"contentUrl\":\"https:\\\/\\\/costablancaup.com\\\/wp-content\\\/uploads\\\/2018\\\/07\\\/titulo_web-1.png\",\"width\":1973,\"height\":303,\"caption\":\"Costa Blanca Up\"},\"image\":{\"@id\":\"https:\\\/\\\/costablancaup.com\\\/es\\\/#\\\/schema\\\/logo\\\/image\\\/\"}}]}<\/script>\n<!-- \/ Yoast SEO plugin. -->","yoast_head_json":{"title":"\"D\u00eda Mundial de la Paella\" (World Paella Day) - COSTA BLANCA UP","robots":{"index":"index","follow":"follow","max-snippet":"max-snippet:-1","max-image-preview":"max-image-preview:large","max-video-preview":"max-video-preview:-1"},"canonical":"https:\/\/costablancaup.com\/es\/class\/dia-mundial-de-la-paella-world-paella-day-2\/","og_locale":"es_ES","og_type":"article","og_title":"\"D\u00eda Mundial de la Paella\" (World Paella Day) - COSTA BLANCA UP","og_description":"El viernes 20 de septiembre tendr\u00e1 lugar esta celebraci\u00f3n en la que el plato valenciano volver\u00e1 a ser el protagonista. Esta excelente iniciativa busca proyectar internacionalmente la paella como uno de los platos que mejor definen la cocina espa\u00f1ola y la dieta mediterr\u00e1nea, as\u00ed como consolidar Valencia como destino gastron\u00f3mico internacional. Para la segunda celebraci\u00f3n de este d\u00eda se ha organizado un programa de actividades en diversas ciudades del mundo, como elaboraciones en directo, degustaciones y concursos de paella en Londres, Mil\u00e1n, Rotterdam, Par\u00eds, Mosc\u00fa, Tokio, Zurich, Quito y Lisboa. En la plaza del Ayuntamiento de la ciudad de Valencia [&hellip;]","og_url":"https:\/\/costablancaup.com\/es\/class\/dia-mundial-de-la-paella-world-paella-day-2\/","og_site_name":"COSTA BLANCA UP","twitter_card":"summary_large_image","twitter_misc":{"Tiempo de lectura":"1 minuto"},"schema":{"@context":"https:\/\/schema.org","@graph":[{"@type":"WebPage","@id":"https:\/\/costablancaup.com\/es\/class\/dia-mundial-de-la-paella-world-paella-day-2\/","url":"https:\/\/costablancaup.com\/es\/class\/dia-mundial-de-la-paella-world-paella-day-2\/","name":"\"D\u00eda Mundial de la Paella\" (World Paella Day) - COSTA BLANCA UP","isPartOf":{"@id":"https:\/\/costablancaup.com\/es\/#website"},"datePublished":"2019-09-11T09:20:53+00:00","breadcrumb":{"@id":"https:\/\/costablancaup.com\/es\/class\/dia-mundial-de-la-paella-world-paella-day-2\/#breadcrumb"},"inLanguage":"es","potentialAction":[{"@type":"ReadAction","target":["https:\/\/costablancaup.com\/es\/class\/dia-mundial-de-la-paella-world-paella-day-2\/"]}]},{"@type":"BreadcrumbList","@id":"https:\/\/costablancaup.com\/es\/class\/dia-mundial-de-la-paella-world-paella-day-2\/#breadcrumb","itemListElement":[{"@type":"ListItem","position":1,"name":"Home","item":"https:\/\/costablancaup.com\/es\/"},{"@type":"ListItem","position":2,"name":"&#171;D\u00eda Mundial de la Paella&#187; (World Paella Day)"}]},{"@type":"WebSite","@id":"https:\/\/costablancaup.com\/es\/#website","url":"https:\/\/costablancaup.com\/es\/","name":"COSTA BLANCA UP","description":"Costa Blanca Events and Agenda","publisher":{"@id":"https:\/\/costablancaup.com\/es\/#organization"},"potentialAction":[{"@type":"SearchAction","target":{"@type":"EntryPoint","urlTemplate":"https:\/\/costablancaup.com\/es\/?s={search_term_string}"},"query-input":{"@type":"PropertyValueSpecification","valueRequired":true,"valueName":"search_term_string"}}],"inLanguage":"es"},{"@type":"Organization","@id":"https:\/\/costablancaup.com\/es\/#organization","name":"Costa Blanca Up","url":"https:\/\/costablancaup.com\/es\/","logo":{"@type":"ImageObject","inLanguage":"es","@id":"https:\/\/costablancaup.com\/es\/#\/schema\/logo\/image\/","url":"https:\/\/costablancaup.com\/wp-content\/uploads\/2018\/07\/titulo_web-1.png","contentUrl":"https:\/\/costablancaup.com\/wp-content\/uploads\/2018\/07\/titulo_web-1.png","width":1973,"height":303,"caption":"Costa Blanca Up"},"image":{"@id":"https:\/\/costablancaup.com\/es\/#\/schema\/logo\/image\/"}}]}},"_links":{"self":[{"href":"https:\/\/costablancaup.com\/es\/wp-json\/wp\/v2\/class\/34136","targetHints":{"allow":["GET"]}}],"collection":[{"href":"https:\/\/costablancaup.com\/es\/wp-json\/wp\/v2\/class"}],"about":[{"href":"https:\/\/costablancaup.com\/es\/wp-json\/wp\/v2\/types\/class"}],"wp:attachment":[{"href":"https:\/\/costablancaup.com\/es\/wp-json\/wp\/v2\/media?parent=34136"}],"wp:term":[{"taxonomy":"wcs-type","embeddable":true,"href":"https:\/\/costablancaup.com\/es\/wp-json\/wp\/v2\/wcs-type?post=34136"},{"taxonomy":"wcs-room","embeddable":true,"href":"https:\/\/costablancaup.com\/es\/wp-json\/wp\/v2\/wcs-room?post=34136"},{"taxonomy":"wcs-instructor","embeddable":true,"href":"https:\/\/costablancaup.com\/es\/wp-json\/wp\/v2\/wcs-instructor?post=34136"}],"curies":[{"name":"wp","href":"https:\/\/api.w.org\/{rel}","templated":true}]}}