{"id":34220,"date":"2019-09-16T13:15:30","date_gmt":"2019-09-16T11:15:30","guid":{"rendered":"https:\/\/costablancaup.com\/?post_type=class&#038;p=34220"},"modified":"2019-09-16T13:15:30","modified_gmt":"2019-09-16T11:15:30","slug":"fiesta-de-la-vendimia-de-la-vall-del-pop","status":"publish","type":"class","link":"https:\/\/costablancaup.com\/es\/class\/fiesta-de-la-vendimia-de-la-vall-del-pop\/","title":{"rendered":"\u00abFiesta de la Vendimia de la Vall del Pop\u00bb"},"content":{"rendered":"<h2>La temporada vin\u00edcola en <em>La Vall del Pop<\/em> comienza el 21 de septiembre con una vendimia nocturna en Xal\u00f2 (Alicante).<\/h2>\n<p>La vendimia nocturna fue una actividad frecuente en regiones vin\u00edcolas donde el calor intenso en las horas centrales del d\u00eda desaconseja la actividad y para garantizar de este modo que la uva mantenga una temperatura adecuada antes de ser estrujada. <\/p>\n<p>Para celebrar el evento se propone una actividad que arrancar\u00e1 a las 20:00 horas desde la <em>bodega Riko Xal\u00f2<\/em>. Desde all\u00ed los participantes se desplazar\u00e1n al campo de vides para proceder a la recolecci\u00f3n de la uva acompa\u00f1ados de un futuro en\u00f3logo. Posteriormente, y de nuevo en la bodega, se proceder\u00e1 al estrujado de la uva con el sistema m\u00e1s rudimentario: la pisada de la uva.<\/p>\n<p>Para terminar la velada se ofrecer\u00e1 una cena con un men\u00fa tradicional con embutido y otros productos t\u00edpicos de la zona, y como no, con vinos del valle.<\/p>\n<p>Las inscripciones se pueden realizar en <a target=\"_blank\" href=\"https:\/\/www.totvalldepop.com\/\" rel=\"noopener noreferrer\">www.totvalldepop.com<\/a>. Las plazas son limitadas y el precio es de 25\u20ac por persona.<\/p>\n<p><img loading=\"lazy\" decoding=\"async\" src=\"https:\/\/costablancaup.com\/wp-content\/uploads\/2019\/09\/fiesta-vendimia-2019_es.jpg\" alt=\"Fiesta de la Vendimia: cartel\" width=\"1024\" height=\"753\" class=\"aligncenter size-full wp-image-34211\" srcset=\"https:\/\/costablancaup.com\/wp-content\/uploads\/2019\/09\/fiesta-vendimia-2019_es.jpg 1024w, https:\/\/costablancaup.com\/wp-content\/uploads\/2019\/09\/fiesta-vendimia-2019_es-300x221.jpg 300w, https:\/\/costablancaup.com\/wp-content\/uploads\/2019\/09\/fiesta-vendimia-2019_es-768x565.jpg 768w, https:\/\/costablancaup.com\/wp-content\/uploads\/2019\/09\/fiesta-vendimia-2019_es-400x294.jpg 400w\" sizes=\"auto, (max-width: 1024px) 100vw, 1024px\" \/><\/p>\n<h3>Localizaci\u00f3n<\/h3>\n\r\n            \r\n            \r\n            \r\n            <a name='map235'><\/a>\r\n            \r\n            \r\n            \r\n            \r\n            <div class=\"wpgmza_map \"  id=\"wpgmza_map_235\" style=\"display:block; overflow:auto; width:100%; height:400px; float:left;\" data-settings='{\"id\":\"235\",\"map_title\":\"Bodegas Riko Xal\\u00f3\",\"map_width\":\"100\",\"map_height\":\"400\",\"map_start_lat\":\"38.741270\",\"map_start_lng\":\"-0.013887\",\"map_start_location\":\"38.74126980561207,-0.013886900647368527\",\"map_start_zoom\":\"16\",\"default_marker\":\"0\",\"type\":\"1\",\"alignment\":\"1\",\"directions_enabled\":\"0\",\"styling_enabled\":\"0\",\"styling_json\":\"\",\"active\":\"0\",\"kml\":\"\",\"bicycle\":\"0\",\"traffic\":\"0\",\"dbox\":\"1\",\"dbox_width\":\"100\",\"listmarkers\":\"0\",\"listmarkers_advanced\":\"0\",\"filterbycat\":\"0\",\"ugm_enabled\":\"0\",\"ugm_category_enabled\":\"0\",\"fusion\":\"\",\"map_width_type\":\"\\\\%\",\"map_height_type\":\"px\",\"mass_marker_support\":\"0\",\"ugm_access\":\"0\",\"order_markers_by\":\"1\",\"order_markers_choice\":\"2\",\"show_user_location\":\"2\",\"default_to\":\"\",\"other_settings\":{\"store_locator_style\":\"legacy\",\"wpgmza_store_locator_radius_style\":\"legacy\",\"directions_box_style\":\"modern\",\"wpgmza_dbox_width_type\":\"%\",\"map_max_zoom\":\"3\",\"map_min_zoom\":\"21\",\"sl_stroke_color\":\"\",\"sl_stroke_opacity\":\"\",\"sl_fill_color\":\"\",\"sl_fill_opacity\":\"\",\"automatically_pan_to_users_location\":0,\"click_open_link\":2,\"hide_point_of_interest\":false,\"wpgmza_auto_night\":0,\"transport_layer\":0,\"iw_primary_color\":\"2A3744\",\"iw_accent_color\":\"252F3A\",\"iw_text_color\":\"FFFFFF\",\"wpgmza_iw_type\":\"0\",\"list_markers_by\":\"0\",\"push_in_map\":\"\",\"push_in_map_placement\":\"9\",\"wpgmza_push_in_map_width\":\"\",\"wpgmza_push_in_map_height\":\"\",\"wpgmza_theme_data\":\"\",\"upload_default_ul_marker\":\"\",\"upload_default_sl_marker\":\"\",\"shortcodeAttributes\":{\"id\":\"235\"}}}' data-map-id='235' data-shortcode-attributes='{\"id\":\"235\"}'> <\/div>\r\n            \r\n               \r\n        \n","protected":false},"excerpt":{"rendered":"<p>La temporada vin\u00edcola en La Vall del Pop comienza el 21 de septiembre con una vendimia nocturna en Xal\u00f2 (Alicante). La vendimia nocturna fue una actividad frecuente en regiones vin\u00edcolas donde el calor intenso en las horas centrales del d\u00eda desaconseja la actividad y para garantizar de este modo que la uva mantenga una temperatura adecuada antes de ser estrujada. Para celebrar el evento se propone una actividad que arrancar\u00e1 a las 20:00 horas desde la bodega Riko Xal\u00f2. Desde all\u00ed los participantes se desplazar\u00e1n al campo de vides para proceder a la recolecci\u00f3n de la uva acompa\u00f1ados de un [&hellip;]<\/p>\n","protected":false},"template":"","meta":[],"wcs-type":[5385,5372,5383],"wcs-room":[6205],"wcs-instructor":[],"class_list":["post-34220","class","type-class","status-publish","hentry","wcs-type-experiencias","wcs-type-gastronomia","wcs-type-visitas","wcs-room-bodega-riko-xalo"],"yoast_head":"<!-- This site is optimized with the Yoast SEO plugin v27.4 - https:\/\/yoast.com\/product\/yoast-seo-wordpress\/ -->\n<title>&quot;Fiesta de la Vendimia de la Vall del Pop&quot; - COSTA BLANCA UP<\/title>\n<meta name=\"robots\" content=\"index, follow, max-snippet:-1, max-image-preview:large, max-video-preview:-1\" \/>\n<link rel=\"canonical\" href=\"https:\/\/costablancaup.com\/es\/class\/fiesta-de-la-vendimia-de-la-vall-del-pop\/\" \/>\n<meta property=\"og:locale\" content=\"es_ES\" \/>\n<meta property=\"og:type\" content=\"article\" \/>\n<meta property=\"og:title\" content=\"&quot;Fiesta de la Vendimia de la Vall del Pop&quot; - COSTA BLANCA UP\" \/>\n<meta property=\"og:description\" content=\"La temporada vin\u00edcola en La Vall del Pop comienza el 21 de septiembre con una vendimia nocturna en Xal\u00f2 (Alicante). La vendimia nocturna fue una actividad frecuente en regiones vin\u00edcolas donde el calor intenso en las horas centrales del d\u00eda desaconseja la actividad y para garantizar de este modo que la uva mantenga una temperatura adecuada antes de ser estrujada. Para celebrar el evento se propone una actividad que arrancar\u00e1 a las 20:00 horas desde la bodega Riko Xal\u00f2. Desde all\u00ed los participantes se desplazar\u00e1n al campo de vides para proceder a la recolecci\u00f3n de la uva acompa\u00f1ados de un [&hellip;]\" \/>\n<meta property=\"og:url\" content=\"https:\/\/costablancaup.com\/es\/class\/fiesta-de-la-vendimia-de-la-vall-del-pop\/\" \/>\n<meta property=\"og:site_name\" content=\"COSTA BLANCA UP\" \/>\n<meta property=\"og:image\" content=\"https:\/\/costablancaup.com\/wp-content\/uploads\/2019\/09\/fiesta-vendimia-2019_es.jpg\" \/>\n<meta name=\"twitter:card\" content=\"summary_large_image\" \/>\n<meta name=\"twitter:label1\" content=\"Tiempo de lectura\" \/>\n\t<meta name=\"twitter:data1\" content=\"1 minuto\" \/>\n<script type=\"application\/ld+json\" class=\"yoast-schema-graph\">{\"@context\":\"https:\\\/\\\/schema.org\",\"@graph\":[{\"@type\":\"WebPage\",\"@id\":\"https:\\\/\\\/costablancaup.com\\\/es\\\/class\\\/fiesta-de-la-vendimia-de-la-vall-del-pop\\\/\",\"url\":\"https:\\\/\\\/costablancaup.com\\\/es\\\/class\\\/fiesta-de-la-vendimia-de-la-vall-del-pop\\\/\",\"name\":\"\\\"Fiesta de la Vendimia de la Vall del Pop\\\" - COSTA BLANCA UP\",\"isPartOf\":{\"@id\":\"https:\\\/\\\/costablancaup.com\\\/es\\\/#website\"},\"primaryImageOfPage\":{\"@id\":\"https:\\\/\\\/costablancaup.com\\\/es\\\/class\\\/fiesta-de-la-vendimia-de-la-vall-del-pop\\\/#primaryimage\"},\"image\":{\"@id\":\"https:\\\/\\\/costablancaup.com\\\/es\\\/class\\\/fiesta-de-la-vendimia-de-la-vall-del-pop\\\/#primaryimage\"},\"thumbnailUrl\":\"https:\\\/\\\/costablancaup.com\\\/wp-content\\\/uploads\\\/2019\\\/09\\\/fiesta-vendimia-2019_es.jpg\",\"datePublished\":\"2019-09-16T11:15:30+00:00\",\"breadcrumb\":{\"@id\":\"https:\\\/\\\/costablancaup.com\\\/es\\\/class\\\/fiesta-de-la-vendimia-de-la-vall-del-pop\\\/#breadcrumb\"},\"inLanguage\":\"es\",\"potentialAction\":[{\"@type\":\"ReadAction\",\"target\":[\"https:\\\/\\\/costablancaup.com\\\/es\\\/class\\\/fiesta-de-la-vendimia-de-la-vall-del-pop\\\/\"]}]},{\"@type\":\"ImageObject\",\"inLanguage\":\"es\",\"@id\":\"https:\\\/\\\/costablancaup.com\\\/es\\\/class\\\/fiesta-de-la-vendimia-de-la-vall-del-pop\\\/#primaryimage\",\"url\":\"https:\\\/\\\/costablancaup.com\\\/wp-content\\\/uploads\\\/2019\\\/09\\\/fiesta-vendimia-2019_es.jpg\",\"contentUrl\":\"https:\\\/\\\/costablancaup.com\\\/wp-content\\\/uploads\\\/2019\\\/09\\\/fiesta-vendimia-2019_es.jpg\"},{\"@type\":\"BreadcrumbList\",\"@id\":\"https:\\\/\\\/costablancaup.com\\\/es\\\/class\\\/fiesta-de-la-vendimia-de-la-vall-del-pop\\\/#breadcrumb\",\"itemListElement\":[{\"@type\":\"ListItem\",\"position\":1,\"name\":\"Home\",\"item\":\"https:\\\/\\\/costablancaup.com\\\/es\\\/\"},{\"@type\":\"ListItem\",\"position\":2,\"name\":\"\u00abFiesta de la Vendimia de la Vall del Pop\u00bb\"}]},{\"@type\":\"WebSite\",\"@id\":\"https:\\\/\\\/costablancaup.com\\\/es\\\/#website\",\"url\":\"https:\\\/\\\/costablancaup.com\\\/es\\\/\",\"name\":\"COSTA BLANCA UP\",\"description\":\"Costa Blanca Events and Agenda\",\"publisher\":{\"@id\":\"https:\\\/\\\/costablancaup.com\\\/es\\\/#organization\"},\"potentialAction\":[{\"@type\":\"SearchAction\",\"target\":{\"@type\":\"EntryPoint\",\"urlTemplate\":\"https:\\\/\\\/costablancaup.com\\\/es\\\/?s={search_term_string}\"},\"query-input\":{\"@type\":\"PropertyValueSpecification\",\"valueRequired\":true,\"valueName\":\"search_term_string\"}}],\"inLanguage\":\"es\"},{\"@type\":\"Organization\",\"@id\":\"https:\\\/\\\/costablancaup.com\\\/es\\\/#organization\",\"name\":\"Costa Blanca Up\",\"url\":\"https:\\\/\\\/costablancaup.com\\\/es\\\/\",\"logo\":{\"@type\":\"ImageObject\",\"inLanguage\":\"es\",\"@id\":\"https:\\\/\\\/costablancaup.com\\\/es\\\/#\\\/schema\\\/logo\\\/image\\\/\",\"url\":\"https:\\\/\\\/costablancaup.com\\\/wp-content\\\/uploads\\\/2018\\\/07\\\/titulo_web-1.png\",\"contentUrl\":\"https:\\\/\\\/costablancaup.com\\\/wp-content\\\/uploads\\\/2018\\\/07\\\/titulo_web-1.png\",\"width\":1973,\"height\":303,\"caption\":\"Costa Blanca Up\"},\"image\":{\"@id\":\"https:\\\/\\\/costablancaup.com\\\/es\\\/#\\\/schema\\\/logo\\\/image\\\/\"}}]}<\/script>\n<!-- \/ Yoast SEO plugin. -->","yoast_head_json":{"title":"\"Fiesta de la Vendimia de la Vall del Pop\" - COSTA BLANCA UP","robots":{"index":"index","follow":"follow","max-snippet":"max-snippet:-1","max-image-preview":"max-image-preview:large","max-video-preview":"max-video-preview:-1"},"canonical":"https:\/\/costablancaup.com\/es\/class\/fiesta-de-la-vendimia-de-la-vall-del-pop\/","og_locale":"es_ES","og_type":"article","og_title":"\"Fiesta de la Vendimia de la Vall del Pop\" - COSTA BLANCA UP","og_description":"La temporada vin\u00edcola en La Vall del Pop comienza el 21 de septiembre con una vendimia nocturna en Xal\u00f2 (Alicante). La vendimia nocturna fue una actividad frecuente en regiones vin\u00edcolas donde el calor intenso en las horas centrales del d\u00eda desaconseja la actividad y para garantizar de este modo que la uva mantenga una temperatura adecuada antes de ser estrujada. Para celebrar el evento se propone una actividad que arrancar\u00e1 a las 20:00 horas desde la bodega Riko Xal\u00f2. Desde all\u00ed los participantes se desplazar\u00e1n al campo de vides para proceder a la recolecci\u00f3n de la uva acompa\u00f1ados de un [&hellip;]","og_url":"https:\/\/costablancaup.com\/es\/class\/fiesta-de-la-vendimia-de-la-vall-del-pop\/","og_site_name":"COSTA BLANCA UP","og_image":[{"url":"https:\/\/costablancaup.com\/wp-content\/uploads\/2019\/09\/fiesta-vendimia-2019_es.jpg","type":"","width":"","height":""}],"twitter_card":"summary_large_image","twitter_misc":{"Tiempo de lectura":"1 minuto"},"schema":{"@context":"https:\/\/schema.org","@graph":[{"@type":"WebPage","@id":"https:\/\/costablancaup.com\/es\/class\/fiesta-de-la-vendimia-de-la-vall-del-pop\/","url":"https:\/\/costablancaup.com\/es\/class\/fiesta-de-la-vendimia-de-la-vall-del-pop\/","name":"\"Fiesta de la Vendimia de la Vall del Pop\" - COSTA BLANCA UP","isPartOf":{"@id":"https:\/\/costablancaup.com\/es\/#website"},"primaryImageOfPage":{"@id":"https:\/\/costablancaup.com\/es\/class\/fiesta-de-la-vendimia-de-la-vall-del-pop\/#primaryimage"},"image":{"@id":"https:\/\/costablancaup.com\/es\/class\/fiesta-de-la-vendimia-de-la-vall-del-pop\/#primaryimage"},"thumbnailUrl":"https:\/\/costablancaup.com\/wp-content\/uploads\/2019\/09\/fiesta-vendimia-2019_es.jpg","datePublished":"2019-09-16T11:15:30+00:00","breadcrumb":{"@id":"https:\/\/costablancaup.com\/es\/class\/fiesta-de-la-vendimia-de-la-vall-del-pop\/#breadcrumb"},"inLanguage":"es","potentialAction":[{"@type":"ReadAction","target":["https:\/\/costablancaup.com\/es\/class\/fiesta-de-la-vendimia-de-la-vall-del-pop\/"]}]},{"@type":"ImageObject","inLanguage":"es","@id":"https:\/\/costablancaup.com\/es\/class\/fiesta-de-la-vendimia-de-la-vall-del-pop\/#primaryimage","url":"https:\/\/costablancaup.com\/wp-content\/uploads\/2019\/09\/fiesta-vendimia-2019_es.jpg","contentUrl":"https:\/\/costablancaup.com\/wp-content\/uploads\/2019\/09\/fiesta-vendimia-2019_es.jpg"},{"@type":"BreadcrumbList","@id":"https:\/\/costablancaup.com\/es\/class\/fiesta-de-la-vendimia-de-la-vall-del-pop\/#breadcrumb","itemListElement":[{"@type":"ListItem","position":1,"name":"Home","item":"https:\/\/costablancaup.com\/es\/"},{"@type":"ListItem","position":2,"name":"\u00abFiesta de la Vendimia de la Vall del Pop\u00bb"}]},{"@type":"WebSite","@id":"https:\/\/costablancaup.com\/es\/#website","url":"https:\/\/costablancaup.com\/es\/","name":"COSTA BLANCA UP","description":"Costa Blanca Events and Agenda","publisher":{"@id":"https:\/\/costablancaup.com\/es\/#organization"},"potentialAction":[{"@type":"SearchAction","target":{"@type":"EntryPoint","urlTemplate":"https:\/\/costablancaup.com\/es\/?s={search_term_string}"},"query-input":{"@type":"PropertyValueSpecification","valueRequired":true,"valueName":"search_term_string"}}],"inLanguage":"es"},{"@type":"Organization","@id":"https:\/\/costablancaup.com\/es\/#organization","name":"Costa Blanca Up","url":"https:\/\/costablancaup.com\/es\/","logo":{"@type":"ImageObject","inLanguage":"es","@id":"https:\/\/costablancaup.com\/es\/#\/schema\/logo\/image\/","url":"https:\/\/costablancaup.com\/wp-content\/uploads\/2018\/07\/titulo_web-1.png","contentUrl":"https:\/\/costablancaup.com\/wp-content\/uploads\/2018\/07\/titulo_web-1.png","width":1973,"height":303,"caption":"Costa Blanca Up"},"image":{"@id":"https:\/\/costablancaup.com\/es\/#\/schema\/logo\/image\/"}}]}},"_links":{"self":[{"href":"https:\/\/costablancaup.com\/es\/wp-json\/wp\/v2\/class\/34220","targetHints":{"allow":["GET"]}}],"collection":[{"href":"https:\/\/costablancaup.com\/es\/wp-json\/wp\/v2\/class"}],"about":[{"href":"https:\/\/costablancaup.com\/es\/wp-json\/wp\/v2\/types\/class"}],"wp:attachment":[{"href":"https:\/\/costablancaup.com\/es\/wp-json\/wp\/v2\/media?parent=34220"}],"wp:term":[{"taxonomy":"wcs-type","embeddable":true,"href":"https:\/\/costablancaup.com\/es\/wp-json\/wp\/v2\/wcs-type?post=34220"},{"taxonomy":"wcs-room","embeddable":true,"href":"https:\/\/costablancaup.com\/es\/wp-json\/wp\/v2\/wcs-room?post=34220"},{"taxonomy":"wcs-instructor","embeddable":true,"href":"https:\/\/costablancaup.com\/es\/wp-json\/wp\/v2\/wcs-instructor?post=34220"}],"curies":[{"name":"wp","href":"https:\/\/api.w.org\/{rel}","templated":true}]}}