{"id":34234,"date":"2019-09-16T13:30:43","date_gmt":"2019-09-16T11:30:43","guid":{"rendered":"https:\/\/costablancaup.com\/class\/425-aniversario-construccion-del-pantano-de-tibi-4-2\/"},"modified":"2019-09-16T13:31:29","modified_gmt":"2019-09-16T11:31:29","slug":"425-aniversario-construccion-del-pantano-de-tibi-5","status":"publish","type":"class","link":"https:\/\/costablancaup.com\/es\/class\/425-aniversario-construccion-del-pantano-de-tibi-5\/","title":{"rendered":"425 aniversario \u00abConstrucci\u00f3n del pantano de Tibi\u00bb"},"content":{"rendered":"<h2>Del 22 al 29 de septiembre se han organizado una serie de charlas y actividades para conmemorar esta fecha y aprender un poco m\u00e1s sobre la historia y funcionamiento del pantano, s\u00edmbolo de identidad de la localidad alicantina de Tibi.<\/h2>\n<p>En el a\u00f1o 1594 se termin\u00f3 la construcci\u00f3n de la presa del pantano, y en su \u00e9poca fue la m\u00e1s importante de Europa y de todo el mundo conocido por su altura de m\u00e1s de los cuarenta metros y su capacidad (entre 4 y 5,4 millones de metros c\u00fabicos).<\/p>\n<p>Actualmente la presa del pantano es la m\u00e1s antigua de Europa en funcionamiento, siendo declarada Bien de Inter\u00e9s Cultural en 1994.<\/p>\n<h3>Programa<\/h3>\n<p><img loading=\"lazy\" decoding=\"async\" src=\"https:\/\/costablancaup.com\/wp-content\/uploads\/2019\/09\/pantano-tibi-2019.jpg\" alt=\"Construcci\u00f3n del pantano de Tibi: programa\" width=\"1024\" height=\"722\" class=\"aligncenter size-full wp-image-34222\" srcset=\"https:\/\/costablancaup.com\/wp-content\/uploads\/2019\/09\/pantano-tibi-2019.jpg 1024w, https:\/\/costablancaup.com\/wp-content\/uploads\/2019\/09\/pantano-tibi-2019-300x212.jpg 300w, https:\/\/costablancaup.com\/wp-content\/uploads\/2019\/09\/pantano-tibi-2019-768x542.jpg 768w, https:\/\/costablancaup.com\/wp-content\/uploads\/2019\/09\/pantano-tibi-2019-400x282.jpg 400w\" sizes=\"auto, (max-width: 1024px) 100vw, 1024px\" \/><\/p>\n<h3>Localizaci\u00f3n<\/h3>\n\r\n            \r\n            \r\n            \r\n            <a name='map236'><\/a>\r\n            \r\n            \r\n            \r\n            \r\n            <div class=\"wpgmza_map \"  id=\"wpgmza_map_236\" style=\"display:block; overflow:auto; width:100%; height:400px; float:left;\" data-settings='{\"id\":\"236\",\"map_title\":\"Embalse de Tibi\",\"map_width\":\"100\",\"map_height\":\"400\",\"map_start_lat\":\"38.517887\",\"map_start_lng\":\"-0.579819\",\"map_start_location\":\"38.51788658794292,-0.579818856086074\",\"map_start_zoom\":\"13\",\"default_marker\":\"0\",\"type\":\"1\",\"alignment\":\"1\",\"directions_enabled\":\"0\",\"styling_enabled\":\"0\",\"styling_json\":\"\",\"active\":\"0\",\"kml\":\"\",\"bicycle\":\"0\",\"traffic\":\"0\",\"dbox\":\"1\",\"dbox_width\":\"100\",\"listmarkers\":\"0\",\"listmarkers_advanced\":\"0\",\"filterbycat\":\"0\",\"ugm_enabled\":\"0\",\"ugm_category_enabled\":\"0\",\"fusion\":\"\",\"map_width_type\":\"\\\\%\",\"map_height_type\":\"px\",\"mass_marker_support\":\"0\",\"ugm_access\":\"0\",\"order_markers_by\":\"1\",\"order_markers_choice\":\"2\",\"show_user_location\":\"2\",\"default_to\":\"\",\"other_settings\":{\"store_locator_style\":\"legacy\",\"wpgmza_store_locator_radius_style\":\"legacy\",\"directions_box_style\":\"modern\",\"wpgmza_dbox_width_type\":\"%\",\"map_max_zoom\":\"3\",\"map_min_zoom\":\"21\",\"sl_stroke_color\":\"\",\"sl_stroke_opacity\":\"\",\"sl_fill_color\":\"\",\"sl_fill_opacity\":\"\",\"automatically_pan_to_users_location\":0,\"click_open_link\":2,\"hide_point_of_interest\":false,\"wpgmza_auto_night\":0,\"transport_layer\":0,\"iw_primary_color\":\"2A3744\",\"iw_accent_color\":\"252F3A\",\"iw_text_color\":\"FFFFFF\",\"wpgmza_iw_type\":\"0\",\"list_markers_by\":\"0\",\"push_in_map\":\"\",\"push_in_map_placement\":\"9\",\"wpgmza_push_in_map_width\":\"\",\"wpgmza_push_in_map_height\":\"\",\"wpgmza_theme_data\":\"\",\"upload_default_ul_marker\":\"\",\"upload_default_sl_marker\":\"\",\"shortcodeAttributes\":{\"id\":\"236\"}}}' data-map-id='236' data-shortcode-attributes='{\"id\":\"236\"}'> <\/div>\r\n            \r\n               \r\n        \n","protected":false},"excerpt":{"rendered":"<p>Del 22 al 29 de septiembre se han organizado una serie de charlas y actividades para conmemorar esta fecha y aprender un poco m\u00e1s sobre la historia y funcionamiento del pantano, s\u00edmbolo de identidad de la localidad alicantina de Tibi. En el a\u00f1o 1594 se termin\u00f3 la construcci\u00f3n de la presa del pantano, y en su \u00e9poca fue la m\u00e1s importante de Europa y de todo el mundo conocido por su altura de m\u00e1s de los cuarenta metros y su capacidad (entre 4 y 5,4 millones de metros c\u00fabicos). Actualmente la presa del pantano es la m\u00e1s antigua de Europa [&hellip;]<\/p>\n","protected":false},"template":"","meta":[],"wcs-type":[5383],"wcs-room":[6209],"wcs-instructor":[],"class_list":["post-34234","class","type-class","status-publish","hentry","wcs-type-visitas","wcs-room-glorieta-de-tibi"],"yoast_head":"<!-- This site is optimized with the Yoast SEO plugin v27.4 - https:\/\/yoast.com\/product\/yoast-seo-wordpress\/ -->\n<title>425 aniversario &quot;Construcci\u00f3n del pantano de Tibi&quot; - COSTA BLANCA UP<\/title>\n<meta name=\"robots\" content=\"index, follow, max-snippet:-1, max-image-preview:large, max-video-preview:-1\" \/>\n<link rel=\"canonical\" href=\"https:\/\/costablancaup.com\/es\/class\/425-aniversario-construccion-del-pantano-de-tibi-5\/\" \/>\n<meta property=\"og:locale\" content=\"es_ES\" \/>\n<meta property=\"og:type\" content=\"article\" \/>\n<meta property=\"og:title\" content=\"425 aniversario &quot;Construcci\u00f3n del pantano de Tibi&quot; - COSTA BLANCA UP\" \/>\n<meta property=\"og:description\" content=\"Del 22 al 29 de septiembre se han organizado una serie de charlas y actividades para conmemorar esta fecha y aprender un poco m\u00e1s sobre la historia y funcionamiento del pantano, s\u00edmbolo de identidad de la localidad alicantina de Tibi. En el a\u00f1o 1594 se termin\u00f3 la construcci\u00f3n de la presa del pantano, y en su \u00e9poca fue la m\u00e1s importante de Europa y de todo el mundo conocido por su altura de m\u00e1s de los cuarenta metros y su capacidad (entre 4 y 5,4 millones de metros c\u00fabicos). Actualmente la presa del pantano es la m\u00e1s antigua de Europa [&hellip;]\" \/>\n<meta property=\"og:url\" content=\"https:\/\/costablancaup.com\/es\/class\/425-aniversario-construccion-del-pantano-de-tibi-5\/\" \/>\n<meta property=\"og:site_name\" content=\"COSTA BLANCA UP\" \/>\n<meta property=\"article:modified_time\" content=\"2019-09-16T11:31:29+00:00\" \/>\n<meta property=\"og:image\" content=\"https:\/\/costablancaup.com\/wp-content\/uploads\/2019\/09\/pantano-tibi-2019.jpg\" \/>\n<meta name=\"twitter:card\" content=\"summary_large_image\" \/>\n<meta name=\"twitter:label1\" content=\"Tiempo de lectura\" \/>\n\t<meta name=\"twitter:data1\" content=\"1 minuto\" \/>\n<script type=\"application\/ld+json\" class=\"yoast-schema-graph\">{\"@context\":\"https:\\\/\\\/schema.org\",\"@graph\":[{\"@type\":\"WebPage\",\"@id\":\"https:\\\/\\\/costablancaup.com\\\/es\\\/class\\\/425-aniversario-construccion-del-pantano-de-tibi-5\\\/\",\"url\":\"https:\\\/\\\/costablancaup.com\\\/es\\\/class\\\/425-aniversario-construccion-del-pantano-de-tibi-5\\\/\",\"name\":\"425 aniversario \\\"Construcci\u00f3n del pantano de Tibi\\\" - COSTA BLANCA UP\",\"isPartOf\":{\"@id\":\"https:\\\/\\\/costablancaup.com\\\/es\\\/#website\"},\"primaryImageOfPage\":{\"@id\":\"https:\\\/\\\/costablancaup.com\\\/es\\\/class\\\/425-aniversario-construccion-del-pantano-de-tibi-5\\\/#primaryimage\"},\"image\":{\"@id\":\"https:\\\/\\\/costablancaup.com\\\/es\\\/class\\\/425-aniversario-construccion-del-pantano-de-tibi-5\\\/#primaryimage\"},\"thumbnailUrl\":\"https:\\\/\\\/costablancaup.com\\\/wp-content\\\/uploads\\\/2019\\\/09\\\/pantano-tibi-2019.jpg\",\"datePublished\":\"2019-09-16T11:30:43+00:00\",\"dateModified\":\"2019-09-16T11:31:29+00:00\",\"breadcrumb\":{\"@id\":\"https:\\\/\\\/costablancaup.com\\\/es\\\/class\\\/425-aniversario-construccion-del-pantano-de-tibi-5\\\/#breadcrumb\"},\"inLanguage\":\"es\",\"potentialAction\":[{\"@type\":\"ReadAction\",\"target\":[\"https:\\\/\\\/costablancaup.com\\\/es\\\/class\\\/425-aniversario-construccion-del-pantano-de-tibi-5\\\/\"]}]},{\"@type\":\"ImageObject\",\"inLanguage\":\"es\",\"@id\":\"https:\\\/\\\/costablancaup.com\\\/es\\\/class\\\/425-aniversario-construccion-del-pantano-de-tibi-5\\\/#primaryimage\",\"url\":\"https:\\\/\\\/costablancaup.com\\\/wp-content\\\/uploads\\\/2019\\\/09\\\/pantano-tibi-2019.jpg\",\"contentUrl\":\"https:\\\/\\\/costablancaup.com\\\/wp-content\\\/uploads\\\/2019\\\/09\\\/pantano-tibi-2019.jpg\"},{\"@type\":\"BreadcrumbList\",\"@id\":\"https:\\\/\\\/costablancaup.com\\\/es\\\/class\\\/425-aniversario-construccion-del-pantano-de-tibi-5\\\/#breadcrumb\",\"itemListElement\":[{\"@type\":\"ListItem\",\"position\":1,\"name\":\"Home\",\"item\":\"https:\\\/\\\/costablancaup.com\\\/es\\\/\"},{\"@type\":\"ListItem\",\"position\":2,\"name\":\"425 aniversario \u00abConstrucci\u00f3n del pantano de Tibi\u00bb\"}]},{\"@type\":\"WebSite\",\"@id\":\"https:\\\/\\\/costablancaup.com\\\/es\\\/#website\",\"url\":\"https:\\\/\\\/costablancaup.com\\\/es\\\/\",\"name\":\"COSTA BLANCA UP\",\"description\":\"Costa Blanca Events and Agenda\",\"publisher\":{\"@id\":\"https:\\\/\\\/costablancaup.com\\\/es\\\/#organization\"},\"potentialAction\":[{\"@type\":\"SearchAction\",\"target\":{\"@type\":\"EntryPoint\",\"urlTemplate\":\"https:\\\/\\\/costablancaup.com\\\/es\\\/?s={search_term_string}\"},\"query-input\":{\"@type\":\"PropertyValueSpecification\",\"valueRequired\":true,\"valueName\":\"search_term_string\"}}],\"inLanguage\":\"es\"},{\"@type\":\"Organization\",\"@id\":\"https:\\\/\\\/costablancaup.com\\\/es\\\/#organization\",\"name\":\"Costa Blanca Up\",\"url\":\"https:\\\/\\\/costablancaup.com\\\/es\\\/\",\"logo\":{\"@type\":\"ImageObject\",\"inLanguage\":\"es\",\"@id\":\"https:\\\/\\\/costablancaup.com\\\/es\\\/#\\\/schema\\\/logo\\\/image\\\/\",\"url\":\"https:\\\/\\\/costablancaup.com\\\/wp-content\\\/uploads\\\/2018\\\/07\\\/titulo_web-1.png\",\"contentUrl\":\"https:\\\/\\\/costablancaup.com\\\/wp-content\\\/uploads\\\/2018\\\/07\\\/titulo_web-1.png\",\"width\":1973,\"height\":303,\"caption\":\"Costa Blanca Up\"},\"image\":{\"@id\":\"https:\\\/\\\/costablancaup.com\\\/es\\\/#\\\/schema\\\/logo\\\/image\\\/\"}}]}<\/script>\n<!-- \/ Yoast SEO plugin. -->","yoast_head_json":{"title":"425 aniversario \"Construcci\u00f3n del pantano de Tibi\" - COSTA BLANCA UP","robots":{"index":"index","follow":"follow","max-snippet":"max-snippet:-1","max-image-preview":"max-image-preview:large","max-video-preview":"max-video-preview:-1"},"canonical":"https:\/\/costablancaup.com\/es\/class\/425-aniversario-construccion-del-pantano-de-tibi-5\/","og_locale":"es_ES","og_type":"article","og_title":"425 aniversario \"Construcci\u00f3n del pantano de Tibi\" - COSTA BLANCA UP","og_description":"Del 22 al 29 de septiembre se han organizado una serie de charlas y actividades para conmemorar esta fecha y aprender un poco m\u00e1s sobre la historia y funcionamiento del pantano, s\u00edmbolo de identidad de la localidad alicantina de Tibi. En el a\u00f1o 1594 se termin\u00f3 la construcci\u00f3n de la presa del pantano, y en su \u00e9poca fue la m\u00e1s importante de Europa y de todo el mundo conocido por su altura de m\u00e1s de los cuarenta metros y su capacidad (entre 4 y 5,4 millones de metros c\u00fabicos). Actualmente la presa del pantano es la m\u00e1s antigua de Europa [&hellip;]","og_url":"https:\/\/costablancaup.com\/es\/class\/425-aniversario-construccion-del-pantano-de-tibi-5\/","og_site_name":"COSTA BLANCA UP","article_modified_time":"2019-09-16T11:31:29+00:00","og_image":[{"url":"https:\/\/costablancaup.com\/wp-content\/uploads\/2019\/09\/pantano-tibi-2019.jpg","type":"","width":"","height":""}],"twitter_card":"summary_large_image","twitter_misc":{"Tiempo de lectura":"1 minuto"},"schema":{"@context":"https:\/\/schema.org","@graph":[{"@type":"WebPage","@id":"https:\/\/costablancaup.com\/es\/class\/425-aniversario-construccion-del-pantano-de-tibi-5\/","url":"https:\/\/costablancaup.com\/es\/class\/425-aniversario-construccion-del-pantano-de-tibi-5\/","name":"425 aniversario \"Construcci\u00f3n del pantano de Tibi\" - COSTA BLANCA UP","isPartOf":{"@id":"https:\/\/costablancaup.com\/es\/#website"},"primaryImageOfPage":{"@id":"https:\/\/costablancaup.com\/es\/class\/425-aniversario-construccion-del-pantano-de-tibi-5\/#primaryimage"},"image":{"@id":"https:\/\/costablancaup.com\/es\/class\/425-aniversario-construccion-del-pantano-de-tibi-5\/#primaryimage"},"thumbnailUrl":"https:\/\/costablancaup.com\/wp-content\/uploads\/2019\/09\/pantano-tibi-2019.jpg","datePublished":"2019-09-16T11:30:43+00:00","dateModified":"2019-09-16T11:31:29+00:00","breadcrumb":{"@id":"https:\/\/costablancaup.com\/es\/class\/425-aniversario-construccion-del-pantano-de-tibi-5\/#breadcrumb"},"inLanguage":"es","potentialAction":[{"@type":"ReadAction","target":["https:\/\/costablancaup.com\/es\/class\/425-aniversario-construccion-del-pantano-de-tibi-5\/"]}]},{"@type":"ImageObject","inLanguage":"es","@id":"https:\/\/costablancaup.com\/es\/class\/425-aniversario-construccion-del-pantano-de-tibi-5\/#primaryimage","url":"https:\/\/costablancaup.com\/wp-content\/uploads\/2019\/09\/pantano-tibi-2019.jpg","contentUrl":"https:\/\/costablancaup.com\/wp-content\/uploads\/2019\/09\/pantano-tibi-2019.jpg"},{"@type":"BreadcrumbList","@id":"https:\/\/costablancaup.com\/es\/class\/425-aniversario-construccion-del-pantano-de-tibi-5\/#breadcrumb","itemListElement":[{"@type":"ListItem","position":1,"name":"Home","item":"https:\/\/costablancaup.com\/es\/"},{"@type":"ListItem","position":2,"name":"425 aniversario \u00abConstrucci\u00f3n del pantano de Tibi\u00bb"}]},{"@type":"WebSite","@id":"https:\/\/costablancaup.com\/es\/#website","url":"https:\/\/costablancaup.com\/es\/","name":"COSTA BLANCA UP","description":"Costa Blanca Events and Agenda","publisher":{"@id":"https:\/\/costablancaup.com\/es\/#organization"},"potentialAction":[{"@type":"SearchAction","target":{"@type":"EntryPoint","urlTemplate":"https:\/\/costablancaup.com\/es\/?s={search_term_string}"},"query-input":{"@type":"PropertyValueSpecification","valueRequired":true,"valueName":"search_term_string"}}],"inLanguage":"es"},{"@type":"Organization","@id":"https:\/\/costablancaup.com\/es\/#organization","name":"Costa Blanca Up","url":"https:\/\/costablancaup.com\/es\/","logo":{"@type":"ImageObject","inLanguage":"es","@id":"https:\/\/costablancaup.com\/es\/#\/schema\/logo\/image\/","url":"https:\/\/costablancaup.com\/wp-content\/uploads\/2018\/07\/titulo_web-1.png","contentUrl":"https:\/\/costablancaup.com\/wp-content\/uploads\/2018\/07\/titulo_web-1.png","width":1973,"height":303,"caption":"Costa Blanca Up"},"image":{"@id":"https:\/\/costablancaup.com\/es\/#\/schema\/logo\/image\/"}}]}},"_links":{"self":[{"href":"https:\/\/costablancaup.com\/es\/wp-json\/wp\/v2\/class\/34234","targetHints":{"allow":["GET"]}}],"collection":[{"href":"https:\/\/costablancaup.com\/es\/wp-json\/wp\/v2\/class"}],"about":[{"href":"https:\/\/costablancaup.com\/es\/wp-json\/wp\/v2\/types\/class"}],"wp:attachment":[{"href":"https:\/\/costablancaup.com\/es\/wp-json\/wp\/v2\/media?parent=34234"}],"wp:term":[{"taxonomy":"wcs-type","embeddable":true,"href":"https:\/\/costablancaup.com\/es\/wp-json\/wp\/v2\/wcs-type?post=34234"},{"taxonomy":"wcs-room","embeddable":true,"href":"https:\/\/costablancaup.com\/es\/wp-json\/wp\/v2\/wcs-room?post=34234"},{"taxonomy":"wcs-instructor","embeddable":true,"href":"https:\/\/costablancaup.com\/es\/wp-json\/wp\/v2\/wcs-instructor?post=34234"}],"curies":[{"name":"wp","href":"https:\/\/api.w.org\/{rel}","templated":true}]}}