{"id":37426,"date":"2019-11-13T12:13:44","date_gmt":"2019-11-13T11:13:44","guid":{"rendered":"https:\/\/costablancaup.com\/?post_type=class&#038;p=37426"},"modified":"2019-11-13T12:15:59","modified_gmt":"2019-11-13T11:15:59","slug":"feria-de-la-manzana-esperiega-2019-de-ademuz","status":"publish","type":"class","link":"https:\/\/costablancaup.com\/es\/class\/feria-de-la-manzana-esperiega-2019-de-ademuz\/","title":{"rendered":"\u00abFeria de la manzana esperiega 2019\u00bb de Ademuz"},"content":{"rendered":"<h2>La feria en honor de la manzana esperiega se celebra del 22 al 24 de noviembre en Ademuz (Valencia).<\/h2>\n<p>La feria contar\u00e1 con un mercadillo en el que se podr\u00e1 comprar esta variedad de manzana aut\u00f3ctona y se podr\u00e1n degustar diversidad de productos locales y de kil\u00f3metro cero.<\/p>\n<p>El evento funciona con un <em>ticket<\/em> de 7 euros con el que el visitante puede canjear 10 degustaciones, adem\u00e1s de incluir el regalo de un vaso biodegradable para las degustaciones y una paleta de madera grabada de recuerdo.<\/p>\n<p>Adem\u00e1s, se han programado numerosas actividades como conciertos, ruta de la tapa, tren tur\u00edstico, visitas guiadas, exposiciones, actividades infantiles, talleres, concursos y sorteos. <\/p>\n<h3>Programa<\/h3>\n<p><img loading=\"lazy\" decoding=\"async\" src=\"https:\/\/costablancaup.com\/wp-content\/uploads\/2019\/11\/feria-manzana-esperiega-2019-programa.jpg\" alt=\"Feria de la manzana esperiega 2019: programa\" width=\"1024\" height=\"715\" class=\"aligncenter size-full wp-image-37420\" srcset=\"https:\/\/costablancaup.com\/wp-content\/uploads\/2019\/11\/feria-manzana-esperiega-2019-programa.jpg 1024w, https:\/\/costablancaup.com\/wp-content\/uploads\/2019\/11\/feria-manzana-esperiega-2019-programa-300x209.jpg 300w, https:\/\/costablancaup.com\/wp-content\/uploads\/2019\/11\/feria-manzana-esperiega-2019-programa-768x536.jpg 768w, https:\/\/costablancaup.com\/wp-content\/uploads\/2019\/11\/feria-manzana-esperiega-2019-programa-400x279.jpg 400w\" sizes=\"auto, (max-width: 1024px) 100vw, 1024px\" \/><\/p>\n<h3>Localizaci\u00f3n<\/h3>\n\r\n            \r\n            \r\n            \r\n            <a name='map251'><\/a>\r\n            \r\n            \r\n            \r\n            \r\n            <div class=\"wpgmza_map \"  id=\"wpgmza_map_251\" style=\"display:block; overflow:auto; width:100%; height:400px; float:left;\" data-settings='{\"id\":\"251\",\"map_title\":\"Ayuntamiento de Ademuz\",\"map_width\":\"100\",\"map_height\":\"400\",\"map_start_lat\":\"40.061290\",\"map_start_lng\":\"-1.285536\",\"map_start_location\":\"40.06128969219758,-1.2855360320767906\",\"map_start_zoom\":\"17\",\"default_marker\":\"0\",\"type\":\"1\",\"alignment\":\"1\",\"directions_enabled\":\"0\",\"styling_enabled\":\"0\",\"styling_json\":\"\",\"active\":\"0\",\"kml\":\"\",\"bicycle\":\"0\",\"traffic\":\"0\",\"dbox\":\"1\",\"dbox_width\":\"100\",\"listmarkers\":\"0\",\"listmarkers_advanced\":\"0\",\"filterbycat\":\"0\",\"ugm_enabled\":\"0\",\"ugm_category_enabled\":\"0\",\"fusion\":\"\",\"map_width_type\":\"\\\\%\",\"map_height_type\":\"px\",\"mass_marker_support\":\"0\",\"ugm_access\":\"0\",\"order_markers_by\":\"1\",\"order_markers_choice\":\"2\",\"show_user_location\":\"2\",\"default_to\":\"\",\"other_settings\":{\"store_locator_style\":\"legacy\",\"wpgmza_store_locator_radius_style\":\"legacy\",\"directions_box_style\":\"modern\",\"wpgmza_dbox_width_type\":\"%\",\"map_max_zoom\":\"3\",\"override_users_location_zoom_levels\":\"\",\"map_min_zoom\":\"21\",\"sl_stroke_color\":\"\",\"sl_stroke_opacity\":\"\",\"sl_fill_color\":\"\",\"sl_fill_opacity\":\"\",\"automatically_pan_to_users_location\":0,\"override_users_location_zoom_level\":0,\"click_open_link\":2,\"hide_point_of_interest\":false,\"wpgmza_auto_night\":0,\"transport_layer\":0,\"iw_primary_color\":\"2A3744\",\"iw_accent_color\":\"252F3A\",\"iw_text_color\":\"FFFFFF\",\"wpgmza_iw_type\":\"0\",\"list_markers_by\":\"0\",\"push_in_map\":\"\",\"push_in_map_placement\":\"9\",\"wpgmza_push_in_map_width\":\"\",\"wpgmza_push_in_map_height\":\"\",\"wpgmza_theme_data\":\"\",\"upload_default_ul_marker\":\"\",\"upload_default_sl_marker\":\"\",\"shortcodeAttributes\":{\"id\":\"251\"}}}' data-map-id='251' data-shortcode-attributes='{\"id\":\"251\"}'> <\/div>\r\n            \r\n               \r\n        \n","protected":false},"excerpt":{"rendered":"<p>La feria en honor de la manzana esperiega se celebra del 22 al 24 de noviembre en Ademuz (Valencia). La feria contar\u00e1 con un mercadillo en el que se podr\u00e1 comprar esta variedad de manzana aut\u00f3ctona y se podr\u00e1n degustar diversidad de productos locales y de kil\u00f3metro cero. El evento funciona con un ticket de 7 euros con el que el visitante puede canjear 10 degustaciones, adem\u00e1s de incluir el regalo de un vaso biodegradable para las degustaciones y una paleta de madera grabada de recuerdo. Adem\u00e1s, se han programado numerosas actividades como conciertos, ruta de la tapa, tren tur\u00edstico, [&hellip;]<\/p>\n","protected":false},"template":"","meta":[],"wcs-type":[5226],"wcs-room":[6282],"wcs-instructor":[],"class_list":["post-37426","class","type-class","status-publish","hentry","wcs-type-otros","wcs-room-casa-de-cultura-ademuz"],"yoast_head":"<!-- This site is optimized with the Yoast SEO plugin v27.4 - https:\/\/yoast.com\/product\/yoast-seo-wordpress\/ -->\n<title>&quot;Feria de la manzana esperiega 2019&quot; de Ademuz - COSTA BLANCA UP<\/title>\n<meta name=\"robots\" content=\"index, follow, max-snippet:-1, max-image-preview:large, max-video-preview:-1\" \/>\n<link rel=\"canonical\" href=\"https:\/\/costablancaup.com\/es\/class\/feria-de-la-manzana-esperiega-2019-de-ademuz\/\" \/>\n<meta property=\"og:locale\" content=\"es_ES\" \/>\n<meta property=\"og:type\" content=\"article\" \/>\n<meta property=\"og:title\" content=\"&quot;Feria de la manzana esperiega 2019&quot; de Ademuz - COSTA BLANCA UP\" \/>\n<meta property=\"og:description\" content=\"La feria en honor de la manzana esperiega se celebra del 22 al 24 de noviembre en Ademuz (Valencia). La feria contar\u00e1 con un mercadillo en el que se podr\u00e1 comprar esta variedad de manzana aut\u00f3ctona y se podr\u00e1n degustar diversidad de productos locales y de kil\u00f3metro cero. El evento funciona con un ticket de 7 euros con el que el visitante puede canjear 10 degustaciones, adem\u00e1s de incluir el regalo de un vaso biodegradable para las degustaciones y una paleta de madera grabada de recuerdo. Adem\u00e1s, se han programado numerosas actividades como conciertos, ruta de la tapa, tren tur\u00edstico, [&hellip;]\" \/>\n<meta property=\"og:url\" content=\"https:\/\/costablancaup.com\/es\/class\/feria-de-la-manzana-esperiega-2019-de-ademuz\/\" \/>\n<meta property=\"og:site_name\" content=\"COSTA BLANCA UP\" \/>\n<meta property=\"article:modified_time\" content=\"2019-11-13T11:15:59+00:00\" \/>\n<meta property=\"og:image\" content=\"https:\/\/costablancaup.com\/wp-content\/uploads\/2019\/11\/feria-manzana-esperiega-2019-programa.jpg\" \/>\n<meta name=\"twitter:card\" content=\"summary_large_image\" \/>\n<meta name=\"twitter:label1\" content=\"Tiempo de lectura\" \/>\n\t<meta name=\"twitter:data1\" content=\"1 minuto\" \/>\n<script type=\"application\/ld+json\" class=\"yoast-schema-graph\">{\"@context\":\"https:\\\/\\\/schema.org\",\"@graph\":[{\"@type\":\"WebPage\",\"@id\":\"https:\\\/\\\/costablancaup.com\\\/es\\\/class\\\/feria-de-la-manzana-esperiega-2019-de-ademuz\\\/\",\"url\":\"https:\\\/\\\/costablancaup.com\\\/es\\\/class\\\/feria-de-la-manzana-esperiega-2019-de-ademuz\\\/\",\"name\":\"\\\"Feria de la manzana esperiega 2019\\\" de Ademuz - COSTA BLANCA UP\",\"isPartOf\":{\"@id\":\"https:\\\/\\\/costablancaup.com\\\/es\\\/#website\"},\"primaryImageOfPage\":{\"@id\":\"https:\\\/\\\/costablancaup.com\\\/es\\\/class\\\/feria-de-la-manzana-esperiega-2019-de-ademuz\\\/#primaryimage\"},\"image\":{\"@id\":\"https:\\\/\\\/costablancaup.com\\\/es\\\/class\\\/feria-de-la-manzana-esperiega-2019-de-ademuz\\\/#primaryimage\"},\"thumbnailUrl\":\"https:\\\/\\\/costablancaup.com\\\/wp-content\\\/uploads\\\/2019\\\/11\\\/feria-manzana-esperiega-2019-programa.jpg\",\"datePublished\":\"2019-11-13T11:13:44+00:00\",\"dateModified\":\"2019-11-13T11:15:59+00:00\",\"breadcrumb\":{\"@id\":\"https:\\\/\\\/costablancaup.com\\\/es\\\/class\\\/feria-de-la-manzana-esperiega-2019-de-ademuz\\\/#breadcrumb\"},\"inLanguage\":\"es\",\"potentialAction\":[{\"@type\":\"ReadAction\",\"target\":[\"https:\\\/\\\/costablancaup.com\\\/es\\\/class\\\/feria-de-la-manzana-esperiega-2019-de-ademuz\\\/\"]}]},{\"@type\":\"ImageObject\",\"inLanguage\":\"es\",\"@id\":\"https:\\\/\\\/costablancaup.com\\\/es\\\/class\\\/feria-de-la-manzana-esperiega-2019-de-ademuz\\\/#primaryimage\",\"url\":\"https:\\\/\\\/costablancaup.com\\\/wp-content\\\/uploads\\\/2019\\\/11\\\/feria-manzana-esperiega-2019-programa.jpg\",\"contentUrl\":\"https:\\\/\\\/costablancaup.com\\\/wp-content\\\/uploads\\\/2019\\\/11\\\/feria-manzana-esperiega-2019-programa.jpg\"},{\"@type\":\"BreadcrumbList\",\"@id\":\"https:\\\/\\\/costablancaup.com\\\/es\\\/class\\\/feria-de-la-manzana-esperiega-2019-de-ademuz\\\/#breadcrumb\",\"itemListElement\":[{\"@type\":\"ListItem\",\"position\":1,\"name\":\"Home\",\"item\":\"https:\\\/\\\/costablancaup.com\\\/es\\\/\"},{\"@type\":\"ListItem\",\"position\":2,\"name\":\"&#171;Feria de la manzana esperiega 2019&#187; de Ademuz\"}]},{\"@type\":\"WebSite\",\"@id\":\"https:\\\/\\\/costablancaup.com\\\/es\\\/#website\",\"url\":\"https:\\\/\\\/costablancaup.com\\\/es\\\/\",\"name\":\"COSTA BLANCA UP\",\"description\":\"Costa Blanca Events and Agenda\",\"publisher\":{\"@id\":\"https:\\\/\\\/costablancaup.com\\\/es\\\/#organization\"},\"potentialAction\":[{\"@type\":\"SearchAction\",\"target\":{\"@type\":\"EntryPoint\",\"urlTemplate\":\"https:\\\/\\\/costablancaup.com\\\/es\\\/?s={search_term_string}\"},\"query-input\":{\"@type\":\"PropertyValueSpecification\",\"valueRequired\":true,\"valueName\":\"search_term_string\"}}],\"inLanguage\":\"es\"},{\"@type\":\"Organization\",\"@id\":\"https:\\\/\\\/costablancaup.com\\\/es\\\/#organization\",\"name\":\"Costa Blanca Up\",\"url\":\"https:\\\/\\\/costablancaup.com\\\/es\\\/\",\"logo\":{\"@type\":\"ImageObject\",\"inLanguage\":\"es\",\"@id\":\"https:\\\/\\\/costablancaup.com\\\/es\\\/#\\\/schema\\\/logo\\\/image\\\/\",\"url\":\"https:\\\/\\\/costablancaup.com\\\/wp-content\\\/uploads\\\/2018\\\/07\\\/titulo_web-1.png\",\"contentUrl\":\"https:\\\/\\\/costablancaup.com\\\/wp-content\\\/uploads\\\/2018\\\/07\\\/titulo_web-1.png\",\"width\":1973,\"height\":303,\"caption\":\"Costa Blanca Up\"},\"image\":{\"@id\":\"https:\\\/\\\/costablancaup.com\\\/es\\\/#\\\/schema\\\/logo\\\/image\\\/\"}}]}<\/script>\n<!-- \/ Yoast SEO plugin. -->","yoast_head_json":{"title":"\"Feria de la manzana esperiega 2019\" de Ademuz - COSTA BLANCA UP","robots":{"index":"index","follow":"follow","max-snippet":"max-snippet:-1","max-image-preview":"max-image-preview:large","max-video-preview":"max-video-preview:-1"},"canonical":"https:\/\/costablancaup.com\/es\/class\/feria-de-la-manzana-esperiega-2019-de-ademuz\/","og_locale":"es_ES","og_type":"article","og_title":"\"Feria de la manzana esperiega 2019\" de Ademuz - COSTA BLANCA UP","og_description":"La feria en honor de la manzana esperiega se celebra del 22 al 24 de noviembre en Ademuz (Valencia). La feria contar\u00e1 con un mercadillo en el que se podr\u00e1 comprar esta variedad de manzana aut\u00f3ctona y se podr\u00e1n degustar diversidad de productos locales y de kil\u00f3metro cero. El evento funciona con un ticket de 7 euros con el que el visitante puede canjear 10 degustaciones, adem\u00e1s de incluir el regalo de un vaso biodegradable para las degustaciones y una paleta de madera grabada de recuerdo. Adem\u00e1s, se han programado numerosas actividades como conciertos, ruta de la tapa, tren tur\u00edstico, [&hellip;]","og_url":"https:\/\/costablancaup.com\/es\/class\/feria-de-la-manzana-esperiega-2019-de-ademuz\/","og_site_name":"COSTA BLANCA UP","article_modified_time":"2019-11-13T11:15:59+00:00","og_image":[{"url":"https:\/\/costablancaup.com\/wp-content\/uploads\/2019\/11\/feria-manzana-esperiega-2019-programa.jpg","type":"","width":"","height":""}],"twitter_card":"summary_large_image","twitter_misc":{"Tiempo de lectura":"1 minuto"},"schema":{"@context":"https:\/\/schema.org","@graph":[{"@type":"WebPage","@id":"https:\/\/costablancaup.com\/es\/class\/feria-de-la-manzana-esperiega-2019-de-ademuz\/","url":"https:\/\/costablancaup.com\/es\/class\/feria-de-la-manzana-esperiega-2019-de-ademuz\/","name":"\"Feria de la manzana esperiega 2019\" de Ademuz - COSTA BLANCA UP","isPartOf":{"@id":"https:\/\/costablancaup.com\/es\/#website"},"primaryImageOfPage":{"@id":"https:\/\/costablancaup.com\/es\/class\/feria-de-la-manzana-esperiega-2019-de-ademuz\/#primaryimage"},"image":{"@id":"https:\/\/costablancaup.com\/es\/class\/feria-de-la-manzana-esperiega-2019-de-ademuz\/#primaryimage"},"thumbnailUrl":"https:\/\/costablancaup.com\/wp-content\/uploads\/2019\/11\/feria-manzana-esperiega-2019-programa.jpg","datePublished":"2019-11-13T11:13:44+00:00","dateModified":"2019-11-13T11:15:59+00:00","breadcrumb":{"@id":"https:\/\/costablancaup.com\/es\/class\/feria-de-la-manzana-esperiega-2019-de-ademuz\/#breadcrumb"},"inLanguage":"es","potentialAction":[{"@type":"ReadAction","target":["https:\/\/costablancaup.com\/es\/class\/feria-de-la-manzana-esperiega-2019-de-ademuz\/"]}]},{"@type":"ImageObject","inLanguage":"es","@id":"https:\/\/costablancaup.com\/es\/class\/feria-de-la-manzana-esperiega-2019-de-ademuz\/#primaryimage","url":"https:\/\/costablancaup.com\/wp-content\/uploads\/2019\/11\/feria-manzana-esperiega-2019-programa.jpg","contentUrl":"https:\/\/costablancaup.com\/wp-content\/uploads\/2019\/11\/feria-manzana-esperiega-2019-programa.jpg"},{"@type":"BreadcrumbList","@id":"https:\/\/costablancaup.com\/es\/class\/feria-de-la-manzana-esperiega-2019-de-ademuz\/#breadcrumb","itemListElement":[{"@type":"ListItem","position":1,"name":"Home","item":"https:\/\/costablancaup.com\/es\/"},{"@type":"ListItem","position":2,"name":"&#171;Feria de la manzana esperiega 2019&#187; de Ademuz"}]},{"@type":"WebSite","@id":"https:\/\/costablancaup.com\/es\/#website","url":"https:\/\/costablancaup.com\/es\/","name":"COSTA BLANCA UP","description":"Costa Blanca Events and Agenda","publisher":{"@id":"https:\/\/costablancaup.com\/es\/#organization"},"potentialAction":[{"@type":"SearchAction","target":{"@type":"EntryPoint","urlTemplate":"https:\/\/costablancaup.com\/es\/?s={search_term_string}"},"query-input":{"@type":"PropertyValueSpecification","valueRequired":true,"valueName":"search_term_string"}}],"inLanguage":"es"},{"@type":"Organization","@id":"https:\/\/costablancaup.com\/es\/#organization","name":"Costa Blanca Up","url":"https:\/\/costablancaup.com\/es\/","logo":{"@type":"ImageObject","inLanguage":"es","@id":"https:\/\/costablancaup.com\/es\/#\/schema\/logo\/image\/","url":"https:\/\/costablancaup.com\/wp-content\/uploads\/2018\/07\/titulo_web-1.png","contentUrl":"https:\/\/costablancaup.com\/wp-content\/uploads\/2018\/07\/titulo_web-1.png","width":1973,"height":303,"caption":"Costa Blanca Up"},"image":{"@id":"https:\/\/costablancaup.com\/es\/#\/schema\/logo\/image\/"}}]}},"_links":{"self":[{"href":"https:\/\/costablancaup.com\/es\/wp-json\/wp\/v2\/class\/37426","targetHints":{"allow":["GET"]}}],"collection":[{"href":"https:\/\/costablancaup.com\/es\/wp-json\/wp\/v2\/class"}],"about":[{"href":"https:\/\/costablancaup.com\/es\/wp-json\/wp\/v2\/types\/class"}],"wp:attachment":[{"href":"https:\/\/costablancaup.com\/es\/wp-json\/wp\/v2\/media?parent=37426"}],"wp:term":[{"taxonomy":"wcs-type","embeddable":true,"href":"https:\/\/costablancaup.com\/es\/wp-json\/wp\/v2\/wcs-type?post=37426"},{"taxonomy":"wcs-room","embeddable":true,"href":"https:\/\/costablancaup.com\/es\/wp-json\/wp\/v2\/wcs-room?post=37426"},{"taxonomy":"wcs-instructor","embeddable":true,"href":"https:\/\/costablancaup.com\/es\/wp-json\/wp\/v2\/wcs-instructor?post=37426"}],"curies":[{"name":"wp","href":"https:\/\/api.w.org\/{rel}","templated":true}]}}