{"id":37692,"date":"2019-11-22T13:01:32","date_gmt":"2019-11-22T12:01:32","guid":{"rendered":"https:\/\/costablancaup.com\/class\/balls-al-carrer-2020-en-valencia-3-2\/"},"modified":"2019-11-22T13:07:13","modified_gmt":"2019-11-22T12:07:13","slug":"balls-al-carrer-2019-20200-en-valencia","status":"publish","type":"class","link":"https:\/\/costablancaup.com\/es\/class\/balls-al-carrer-2019-20200-en-valencia\/","title":{"rendered":"\u00abBalls al carrer 2019-20200\u00bb en Valencia"},"content":{"rendered":"<h2>La XXIII edici\u00f3n de este festival de bailes regionales valencianos dar\u00e1 comienzo el viernes 6 de diciembre y finalizar\u00e1 el domingo 17 de mayo.<\/h2>\n<p>En esta edici\u00f3n se han programado 94 actuaciones, cada una de ellas correspondiente a una comisi\u00f3n fallera participante en las \u00abFallas 2020\u00bb.<\/p>\n<p>El horario de las actuaciones ser\u00e1 de 10:30 a 12:30 horas. Durante las dos horas de espect\u00e1culo los asistentes podr\u00e1n disfrutar de bailes y m\u00fasica tradicionales y conocer m\u00e1s sobre nuestro arraigo popular.<\/p>\n<p>La realizaci\u00f3n del evento se ha dividido en dos localizaciones, los bailes de invierno tendr\u00e1n lugar en la <em>Plaza de la Virgen<\/em> y los bailes de primavera en <em>La Marina de Valencia<\/em>.<\/p>\n<h3>Programa<\/h3>\n<p><img loading=\"lazy\" decoding=\"async\" src=\"https:\/\/costablancaup.com\/wp-content\/uploads\/2019\/11\/ballsalcarrer-2019-2020-programa.jpg\" alt=\"Balls al carrer 2019-2020: programa\" width=\"800\" height=\"1546\" class=\"aligncenter size-full wp-image-37548\" srcset=\"https:\/\/costablancaup.com\/wp-content\/uploads\/2019\/11\/ballsalcarrer-2019-2020-programa.jpg 800w, https:\/\/costablancaup.com\/wp-content\/uploads\/2019\/11\/ballsalcarrer-2019-2020-programa-155x300.jpg 155w, https:\/\/costablancaup.com\/wp-content\/uploads\/2019\/11\/ballsalcarrer-2019-2020-programa-768x1484.jpg 768w, https:\/\/costablancaup.com\/wp-content\/uploads\/2019\/11\/ballsalcarrer-2019-2020-programa-530x1024.jpg 530w, https:\/\/costablancaup.com\/wp-content\/uploads\/2019\/11\/ballsalcarrer-2019-2020-programa-400x773.jpg 400w\" sizes=\"auto, (max-width: 800px) 100vw, 800px\" \/><\/p>\n<h3>Localizaci\u00f3n<\/h3>\n\r\n            \r\n            \r\n            \r\n            <a name='map54'><\/a>\r\n            \r\n            \r\n            \r\n            \r\n            <div class=\"wpgmza_map \"  id=\"wpgmza_map_54\" style=\"display:block; overflow:auto; width:100%; height:400px; float:left;\" data-settings='{\"id\":\"54\",\"map_title\":\"La Marina de Valencia\",\"map_width\":\"100\",\"map_height\":\"400\",\"map_start_lat\":\"39.464734\",\"map_start_lng\":\"-0.330753\",\"map_start_location\":\"39.46473446858729,-0.3307531115051461\",\"map_start_zoom\":\"13\",\"default_marker\":\"0\",\"type\":\"1\",\"alignment\":\"1\",\"directions_enabled\":\"0\",\"styling_enabled\":\"0\",\"styling_json\":\"\",\"active\":\"0\",\"kml\":\"\",\"bicycle\":\"0\",\"traffic\":\"0\",\"dbox\":\"1\",\"dbox_width\":\"100\",\"listmarkers\":\"0\",\"listmarkers_advanced\":\"0\",\"filterbycat\":\"0\",\"ugm_enabled\":\"0\",\"ugm_category_enabled\":\"0\",\"fusion\":\"\",\"map_width_type\":\"\\\\%\",\"map_height_type\":\"px\",\"mass_marker_support\":\"0\",\"ugm_access\":\"0\",\"order_markers_by\":\"1\",\"order_markers_choice\":\"2\",\"show_user_location\":\"2\",\"default_to\":\"\",\"other_settings\":{\"wpgmza_store_locator_restrict\":\"\",\"wpgmza_sl_animation\":\"1\",\"store_locator_query_string\":\"ZIP \\\/ Address:\",\"store_locator_name_string\":\"Title \\\/ Description:\",\"store_locator_default_address\":\"\",\"wpgmza_dbox_width_type\":\"%\",\"map_max_zoom\":\"3\",\"map_min_zoom\":\"21\",\"sl_stroke_color\":\"FF0000\",\"sl_stroke_opacity\":\"0.25\",\"sl_fill_color\":\"FF0000\",\"sl_fill_opacity\":\"0.15\",\"click_open_link\":2,\"transport_layer\":0,\"iw_primary_color\":\"2A3744\",\"iw_accent_color\":\"252F3A\",\"iw_text_color\":\"FFFFFF\",\"wpgmza_iw_type\":\"0\",\"list_markers_by\":\"0\",\"push_in_map\":\"\",\"push_in_map_placement\":\"9\",\"wpgmza_push_in_map_width\":\"\",\"wpgmza_push_in_map_height\":\"\",\"wpgmza_theme_data\":\"\",\"upload_default_ul_marker\":\"\",\"upload_default_sl_marker\":\"\",\"shortcodeAttributes\":{\"id\":\"54\"}}}' data-map-id='54' data-shortcode-attributes='{\"id\":\"54\"}'> <\/div>\r\n            \r\n               \r\n        \n","protected":false},"excerpt":{"rendered":"<p>La XXIII edici\u00f3n de este festival de bailes regionales valencianos dar\u00e1 comienzo el viernes 6 de diciembre y finalizar\u00e1 el domingo 17 de mayo. En esta edici\u00f3n se han programado 94 actuaciones, cada una de ellas correspondiente a una comisi\u00f3n fallera participante en las \u00abFallas 2020\u00bb. El horario de las actuaciones ser\u00e1 de 10:30 a 12:30 horas. Durante las dos horas de espect\u00e1culo los asistentes podr\u00e1n disfrutar de bailes y m\u00fasica tradicionales y conocer m\u00e1s sobre nuestro arraigo popular. La realizaci\u00f3n del evento se ha dividido en dos localizaciones, los bailes de invierno tendr\u00e1n lugar en la Plaza de la [&hellip;]<\/p>\n","protected":false},"template":"","meta":[],"wcs-type":[5085],"wcs-room":[6151],"wcs-instructor":[],"class_list":["post-37692","class","type-class","status-publish","hentry","wcs-type-baile","wcs-room-la-marina-de-valencia"],"yoast_head":"<!-- This site is optimized with the Yoast SEO plugin v27.4 - https:\/\/yoast.com\/product\/yoast-seo-wordpress\/ -->\n<title>&quot;Balls al carrer 2019-20200&quot; en Valencia - COSTA BLANCA UP<\/title>\n<meta name=\"robots\" content=\"index, follow, max-snippet:-1, max-image-preview:large, max-video-preview:-1\" \/>\n<link rel=\"canonical\" href=\"https:\/\/costablancaup.com\/es\/class\/balls-al-carrer-2019-20200-en-valencia\/\" \/>\n<meta property=\"og:locale\" content=\"es_ES\" \/>\n<meta property=\"og:type\" content=\"article\" \/>\n<meta property=\"og:title\" content=\"&quot;Balls al carrer 2019-20200&quot; en Valencia - COSTA BLANCA UP\" \/>\n<meta property=\"og:description\" content=\"La XXIII edici\u00f3n de este festival de bailes regionales valencianos dar\u00e1 comienzo el viernes 6 de diciembre y finalizar\u00e1 el domingo 17 de mayo. En esta edici\u00f3n se han programado 94 actuaciones, cada una de ellas correspondiente a una comisi\u00f3n fallera participante en las \u00abFallas 2020\u00bb. El horario de las actuaciones ser\u00e1 de 10:30 a 12:30 horas. Durante las dos horas de espect\u00e1culo los asistentes podr\u00e1n disfrutar de bailes y m\u00fasica tradicionales y conocer m\u00e1s sobre nuestro arraigo popular. La realizaci\u00f3n del evento se ha dividido en dos localizaciones, los bailes de invierno tendr\u00e1n lugar en la Plaza de la [&hellip;]\" \/>\n<meta property=\"og:url\" content=\"https:\/\/costablancaup.com\/es\/class\/balls-al-carrer-2019-20200-en-valencia\/\" \/>\n<meta property=\"og:site_name\" content=\"COSTA BLANCA UP\" \/>\n<meta property=\"article:modified_time\" content=\"2019-11-22T12:07:13+00:00\" \/>\n<meta property=\"og:image\" content=\"https:\/\/costablancaup.com\/wp-content\/uploads\/2019\/11\/ballsalcarrer-2019-2020-programa.jpg\" \/>\n<meta name=\"twitter:card\" content=\"summary_large_image\" \/>\n<meta name=\"twitter:label1\" content=\"Tiempo de lectura\" \/>\n\t<meta name=\"twitter:data1\" content=\"1 minuto\" \/>\n<script type=\"application\/ld+json\" class=\"yoast-schema-graph\">{\"@context\":\"https:\\\/\\\/schema.org\",\"@graph\":[{\"@type\":\"WebPage\",\"@id\":\"https:\\\/\\\/costablancaup.com\\\/es\\\/class\\\/balls-al-carrer-2019-20200-en-valencia\\\/\",\"url\":\"https:\\\/\\\/costablancaup.com\\\/es\\\/class\\\/balls-al-carrer-2019-20200-en-valencia\\\/\",\"name\":\"\\\"Balls al carrer 2019-20200\\\" en Valencia - COSTA BLANCA UP\",\"isPartOf\":{\"@id\":\"https:\\\/\\\/costablancaup.com\\\/es\\\/#website\"},\"primaryImageOfPage\":{\"@id\":\"https:\\\/\\\/costablancaup.com\\\/es\\\/class\\\/balls-al-carrer-2019-20200-en-valencia\\\/#primaryimage\"},\"image\":{\"@id\":\"https:\\\/\\\/costablancaup.com\\\/es\\\/class\\\/balls-al-carrer-2019-20200-en-valencia\\\/#primaryimage\"},\"thumbnailUrl\":\"https:\\\/\\\/costablancaup.com\\\/wp-content\\\/uploads\\\/2019\\\/11\\\/ballsalcarrer-2019-2020-programa.jpg\",\"datePublished\":\"2019-11-22T12:01:32+00:00\",\"dateModified\":\"2019-11-22T12:07:13+00:00\",\"breadcrumb\":{\"@id\":\"https:\\\/\\\/costablancaup.com\\\/es\\\/class\\\/balls-al-carrer-2019-20200-en-valencia\\\/#breadcrumb\"},\"inLanguage\":\"es\",\"potentialAction\":[{\"@type\":\"ReadAction\",\"target\":[\"https:\\\/\\\/costablancaup.com\\\/es\\\/class\\\/balls-al-carrer-2019-20200-en-valencia\\\/\"]}]},{\"@type\":\"ImageObject\",\"inLanguage\":\"es\",\"@id\":\"https:\\\/\\\/costablancaup.com\\\/es\\\/class\\\/balls-al-carrer-2019-20200-en-valencia\\\/#primaryimage\",\"url\":\"https:\\\/\\\/costablancaup.com\\\/wp-content\\\/uploads\\\/2019\\\/11\\\/ballsalcarrer-2019-2020-programa.jpg\",\"contentUrl\":\"https:\\\/\\\/costablancaup.com\\\/wp-content\\\/uploads\\\/2019\\\/11\\\/ballsalcarrer-2019-2020-programa.jpg\"},{\"@type\":\"BreadcrumbList\",\"@id\":\"https:\\\/\\\/costablancaup.com\\\/es\\\/class\\\/balls-al-carrer-2019-20200-en-valencia\\\/#breadcrumb\",\"itemListElement\":[{\"@type\":\"ListItem\",\"position\":1,\"name\":\"Home\",\"item\":\"https:\\\/\\\/costablancaup.com\\\/es\\\/\"},{\"@type\":\"ListItem\",\"position\":2,\"name\":\"&#171;Balls al carrer 2019-20200&#187; en Valencia\"}]},{\"@type\":\"WebSite\",\"@id\":\"https:\\\/\\\/costablancaup.com\\\/es\\\/#website\",\"url\":\"https:\\\/\\\/costablancaup.com\\\/es\\\/\",\"name\":\"COSTA BLANCA UP\",\"description\":\"Costa Blanca Events and Agenda\",\"publisher\":{\"@id\":\"https:\\\/\\\/costablancaup.com\\\/es\\\/#organization\"},\"potentialAction\":[{\"@type\":\"SearchAction\",\"target\":{\"@type\":\"EntryPoint\",\"urlTemplate\":\"https:\\\/\\\/costablancaup.com\\\/es\\\/?s={search_term_string}\"},\"query-input\":{\"@type\":\"PropertyValueSpecification\",\"valueRequired\":true,\"valueName\":\"search_term_string\"}}],\"inLanguage\":\"es\"},{\"@type\":\"Organization\",\"@id\":\"https:\\\/\\\/costablancaup.com\\\/es\\\/#organization\",\"name\":\"Costa Blanca Up\",\"url\":\"https:\\\/\\\/costablancaup.com\\\/es\\\/\",\"logo\":{\"@type\":\"ImageObject\",\"inLanguage\":\"es\",\"@id\":\"https:\\\/\\\/costablancaup.com\\\/es\\\/#\\\/schema\\\/logo\\\/image\\\/\",\"url\":\"https:\\\/\\\/costablancaup.com\\\/wp-content\\\/uploads\\\/2018\\\/07\\\/titulo_web-1.png\",\"contentUrl\":\"https:\\\/\\\/costablancaup.com\\\/wp-content\\\/uploads\\\/2018\\\/07\\\/titulo_web-1.png\",\"width\":1973,\"height\":303,\"caption\":\"Costa Blanca Up\"},\"image\":{\"@id\":\"https:\\\/\\\/costablancaup.com\\\/es\\\/#\\\/schema\\\/logo\\\/image\\\/\"}}]}<\/script>\n<!-- \/ Yoast SEO plugin. -->","yoast_head_json":{"title":"\"Balls al carrer 2019-20200\" en Valencia - COSTA BLANCA UP","robots":{"index":"index","follow":"follow","max-snippet":"max-snippet:-1","max-image-preview":"max-image-preview:large","max-video-preview":"max-video-preview:-1"},"canonical":"https:\/\/costablancaup.com\/es\/class\/balls-al-carrer-2019-20200-en-valencia\/","og_locale":"es_ES","og_type":"article","og_title":"\"Balls al carrer 2019-20200\" en Valencia - COSTA BLANCA UP","og_description":"La XXIII edici\u00f3n de este festival de bailes regionales valencianos dar\u00e1 comienzo el viernes 6 de diciembre y finalizar\u00e1 el domingo 17 de mayo. En esta edici\u00f3n se han programado 94 actuaciones, cada una de ellas correspondiente a una comisi\u00f3n fallera participante en las \u00abFallas 2020\u00bb. El horario de las actuaciones ser\u00e1 de 10:30 a 12:30 horas. Durante las dos horas de espect\u00e1culo los asistentes podr\u00e1n disfrutar de bailes y m\u00fasica tradicionales y conocer m\u00e1s sobre nuestro arraigo popular. La realizaci\u00f3n del evento se ha dividido en dos localizaciones, los bailes de invierno tendr\u00e1n lugar en la Plaza de la [&hellip;]","og_url":"https:\/\/costablancaup.com\/es\/class\/balls-al-carrer-2019-20200-en-valencia\/","og_site_name":"COSTA BLANCA UP","article_modified_time":"2019-11-22T12:07:13+00:00","og_image":[{"url":"https:\/\/costablancaup.com\/wp-content\/uploads\/2019\/11\/ballsalcarrer-2019-2020-programa.jpg","type":"","width":"","height":""}],"twitter_card":"summary_large_image","twitter_misc":{"Tiempo de lectura":"1 minuto"},"schema":{"@context":"https:\/\/schema.org","@graph":[{"@type":"WebPage","@id":"https:\/\/costablancaup.com\/es\/class\/balls-al-carrer-2019-20200-en-valencia\/","url":"https:\/\/costablancaup.com\/es\/class\/balls-al-carrer-2019-20200-en-valencia\/","name":"\"Balls al carrer 2019-20200\" en Valencia - COSTA BLANCA UP","isPartOf":{"@id":"https:\/\/costablancaup.com\/es\/#website"},"primaryImageOfPage":{"@id":"https:\/\/costablancaup.com\/es\/class\/balls-al-carrer-2019-20200-en-valencia\/#primaryimage"},"image":{"@id":"https:\/\/costablancaup.com\/es\/class\/balls-al-carrer-2019-20200-en-valencia\/#primaryimage"},"thumbnailUrl":"https:\/\/costablancaup.com\/wp-content\/uploads\/2019\/11\/ballsalcarrer-2019-2020-programa.jpg","datePublished":"2019-11-22T12:01:32+00:00","dateModified":"2019-11-22T12:07:13+00:00","breadcrumb":{"@id":"https:\/\/costablancaup.com\/es\/class\/balls-al-carrer-2019-20200-en-valencia\/#breadcrumb"},"inLanguage":"es","potentialAction":[{"@type":"ReadAction","target":["https:\/\/costablancaup.com\/es\/class\/balls-al-carrer-2019-20200-en-valencia\/"]}]},{"@type":"ImageObject","inLanguage":"es","@id":"https:\/\/costablancaup.com\/es\/class\/balls-al-carrer-2019-20200-en-valencia\/#primaryimage","url":"https:\/\/costablancaup.com\/wp-content\/uploads\/2019\/11\/ballsalcarrer-2019-2020-programa.jpg","contentUrl":"https:\/\/costablancaup.com\/wp-content\/uploads\/2019\/11\/ballsalcarrer-2019-2020-programa.jpg"},{"@type":"BreadcrumbList","@id":"https:\/\/costablancaup.com\/es\/class\/balls-al-carrer-2019-20200-en-valencia\/#breadcrumb","itemListElement":[{"@type":"ListItem","position":1,"name":"Home","item":"https:\/\/costablancaup.com\/es\/"},{"@type":"ListItem","position":2,"name":"&#171;Balls al carrer 2019-20200&#187; en Valencia"}]},{"@type":"WebSite","@id":"https:\/\/costablancaup.com\/es\/#website","url":"https:\/\/costablancaup.com\/es\/","name":"COSTA BLANCA UP","description":"Costa Blanca Events and Agenda","publisher":{"@id":"https:\/\/costablancaup.com\/es\/#organization"},"potentialAction":[{"@type":"SearchAction","target":{"@type":"EntryPoint","urlTemplate":"https:\/\/costablancaup.com\/es\/?s={search_term_string}"},"query-input":{"@type":"PropertyValueSpecification","valueRequired":true,"valueName":"search_term_string"}}],"inLanguage":"es"},{"@type":"Organization","@id":"https:\/\/costablancaup.com\/es\/#organization","name":"Costa Blanca Up","url":"https:\/\/costablancaup.com\/es\/","logo":{"@type":"ImageObject","inLanguage":"es","@id":"https:\/\/costablancaup.com\/es\/#\/schema\/logo\/image\/","url":"https:\/\/costablancaup.com\/wp-content\/uploads\/2018\/07\/titulo_web-1.png","contentUrl":"https:\/\/costablancaup.com\/wp-content\/uploads\/2018\/07\/titulo_web-1.png","width":1973,"height":303,"caption":"Costa Blanca Up"},"image":{"@id":"https:\/\/costablancaup.com\/es\/#\/schema\/logo\/image\/"}}]}},"_links":{"self":[{"href":"https:\/\/costablancaup.com\/es\/wp-json\/wp\/v2\/class\/37692","targetHints":{"allow":["GET"]}}],"collection":[{"href":"https:\/\/costablancaup.com\/es\/wp-json\/wp\/v2\/class"}],"about":[{"href":"https:\/\/costablancaup.com\/es\/wp-json\/wp\/v2\/types\/class"}],"wp:attachment":[{"href":"https:\/\/costablancaup.com\/es\/wp-json\/wp\/v2\/media?parent=37692"}],"wp:term":[{"taxonomy":"wcs-type","embeddable":true,"href":"https:\/\/costablancaup.com\/es\/wp-json\/wp\/v2\/wcs-type?post=37692"},{"taxonomy":"wcs-room","embeddable":true,"href":"https:\/\/costablancaup.com\/es\/wp-json\/wp\/v2\/wcs-room?post=37692"},{"taxonomy":"wcs-instructor","embeddable":true,"href":"https:\/\/costablancaup.com\/es\/wp-json\/wp\/v2\/wcs-instructor?post=37692"}],"curies":[{"name":"wp","href":"https:\/\/api.w.org\/{rel}","templated":true}]}}