{"id":44798,"date":"2020-07-30T17:06:32","date_gmt":"2020-07-30T15:06:32","guid":{"rendered":"https:\/\/costablancaup.com\/?post_type=class&#038;p=44798"},"modified":"2020-07-30T17:06:32","modified_gmt":"2020-07-30T15:06:32","slug":"llum-fest-2020","status":"publish","type":"class","link":"https:\/\/costablancaup.com\/es\/class\/llum-fest-2020\/","title":{"rendered":"\u00abLLUM Fest 2020\u00bb"},"content":{"rendered":"<h2>El festival de m\u00fasicas del mundo se celebrar\u00e1 del 4 al 9 de agosto en la <em>iglesia de la Sang<\/em> localidad valenciana de Liria.<\/h2>\n<p>Est\u00e1n previstos conciertos de m\u00fasicas medievales, sefarditas y renacentistas por parte de reconocidos artistas y grupos como <em>Milo ke Mandarini, Piacere dei Travesi, Mara Aranda, Mara Aranda, Axabeba y DeM\u00fasicaEnsemble.<\/em><\/p>\n<p>Todos los conciertos tendr\u00e1n aforo limitado y se celebrar\u00e1n a las 23.00 horas. La entrada es gratuita pero es necesaria reservar previamente la localidad a trav\u00e9s de la <em>App Ll\u00edria<\/em>.<\/p>\n<h3>Programa<\/h3>\n<p><img loading=\"lazy\" decoding=\"async\" src=\"https:\/\/costablancaup.com\/wp-content\/uploads\/2020\/07\/llum-festival-2020-programa.jpg\" alt=\"LLUM Fest 2020: programa\" width=\"800\" height=\"408\" class=\"aligncenter size-full wp-image-44794\" srcset=\"https:\/\/costablancaup.com\/wp-content\/uploads\/2020\/07\/llum-festival-2020-programa.jpg 800w, https:\/\/costablancaup.com\/wp-content\/uploads\/2020\/07\/llum-festival-2020-programa-300x153.jpg 300w, https:\/\/costablancaup.com\/wp-content\/uploads\/2020\/07\/llum-festival-2020-programa-768x392.jpg 768w, https:\/\/costablancaup.com\/wp-content\/uploads\/2020\/07\/llum-festival-2020-programa-400x204.jpg 400w\" sizes=\"auto, (max-width: 800px) 100vw, 800px\" \/><\/p>\n<h3>Localizaci\u00f3n<\/h3>\n\r\n            \r\n            \r\n            \r\n            <a name='map324'><\/a>\r\n            \r\n            \r\n            \r\n            \r\n            <div class=\"wpgmza_map \"  id=\"wpgmza_map_324\" style=\"display:block; overflow:auto; width:100%; height:400px; float:left;\" data-settings='{\"id\":\"324\",\"map_title\":\"Iglesia de La Sangre (Liria)\",\"map_width\":\"100\",\"map_height\":\"400\",\"map_start_lat\":\"39.626480\",\"map_start_lng\":\"-0.596176\",\"map_start_location\":\"39.6264799041678,-0.5961758921085858\",\"map_start_zoom\":\"16\",\"default_marker\":\"0\",\"type\":\"1\",\"alignment\":\"1\",\"directions_enabled\":\"0\",\"styling_enabled\":\"0\",\"styling_json\":\"\",\"active\":\"0\",\"kml\":\"\",\"bicycle\":\"0\",\"traffic\":\"0\",\"dbox\":\"1\",\"dbox_width\":\"100\",\"listmarkers\":\"0\",\"listmarkers_advanced\":\"0\",\"filterbycat\":\"0\",\"ugm_enabled\":\"0\",\"ugm_category_enabled\":\"0\",\"fusion\":\"\",\"map_width_type\":\"\\\\%\",\"map_height_type\":\"px\",\"mass_marker_support\":\"0\",\"ugm_access\":\"0\",\"order_markers_by\":\"1\",\"order_markers_choice\":\"2\",\"show_user_location\":\"2\",\"default_to\":\"\",\"other_settings\":{\"store_locator_style\":\"legacy\",\"wpgmza_store_locator_radius_style\":\"legacy\",\"directions_box_style\":\"modern\",\"wpgmza_dbox_width_type\":\"%\",\"map_max_zoom\":\"3\",\"map_min_zoom\":\"21\",\"sl_stroke_color\":\"\",\"sl_stroke_opacity\":\"\",\"sl_fill_color\":\"\",\"sl_fill_opacity\":\"\",\"automatically_pan_to_users_location\":0,\"override_users_location_zoom_level\":0,\"click_open_link\":2,\"hide_point_of_interest\":false,\"wpgmza_auto_night\":0,\"transport_layer\":0,\"iw_primary_color\":\"2A3744\",\"iw_accent_color\":\"252F3A\",\"iw_text_color\":\"FFFFFF\",\"wpgmza_iw_type\":\"0\",\"list_markers_by\":\"0\",\"push_in_map\":\"\",\"push_in_map_placement\":\"9\",\"wpgmza_push_in_map_width\":\"\",\"wpgmza_push_in_map_height\":\"\",\"wpgmza_theme_data\":\"\",\"upload_default_ul_marker\":\"\",\"upload_default_sl_marker\":\"\",\"shortcodeAttributes\":{\"id\":\"324\"}}}' data-map-id='324' data-shortcode-attributes='{\"id\":\"324\"}'> <\/div>\r\n            \r\n               \r\n        \n","protected":false},"excerpt":{"rendered":"<p>El festival de m\u00fasicas del mundo se celebrar\u00e1 del 4 al 9 de agosto en la iglesia de la Sang localidad valenciana de Liria. Est\u00e1n previstos conciertos de m\u00fasicas medievales, sefarditas y renacentistas por parte de reconocidos artistas y grupos como Milo ke Mandarini, Piacere dei Travesi, Mara Aranda, Mara Aranda, Axabeba y DeM\u00fasicaEnsemble. Todos los conciertos tendr\u00e1n aforo limitado y se celebrar\u00e1n a las 23.00 horas. La entrada es gratuita pero es necesaria reservar previamente la localidad a trav\u00e9s de la App Ll\u00edria. Programa Localizaci\u00f3n<\/p>\n","protected":false},"template":"","meta":[],"wcs-type":[5046],"wcs-room":[6444],"wcs-instructor":[],"class_list":["post-44798","class","type-class","status-publish","hentry","wcs-type-musica","wcs-room-iglesia-de-la-sangre-liria"],"yoast_head":"<!-- This site is optimized with the Yoast SEO plugin v27.4 - https:\/\/yoast.com\/product\/yoast-seo-wordpress\/ -->\n<title>&quot;LLUM Fest 2020&quot; - COSTA BLANCA UP<\/title>\n<meta name=\"robots\" content=\"index, follow, max-snippet:-1, max-image-preview:large, max-video-preview:-1\" \/>\n<link rel=\"canonical\" href=\"https:\/\/costablancaup.com\/es\/class\/llum-fest-2020\/\" \/>\n<meta property=\"og:locale\" content=\"es_ES\" \/>\n<meta property=\"og:type\" content=\"article\" \/>\n<meta property=\"og:title\" content=\"&quot;LLUM Fest 2020&quot; - COSTA BLANCA UP\" \/>\n<meta property=\"og:description\" content=\"El festival de m\u00fasicas del mundo se celebrar\u00e1 del 4 al 9 de agosto en la iglesia de la Sang localidad valenciana de Liria. Est\u00e1n previstos conciertos de m\u00fasicas medievales, sefarditas y renacentistas por parte de reconocidos artistas y grupos como Milo ke Mandarini, Piacere dei Travesi, Mara Aranda, Mara Aranda, Axabeba y DeM\u00fasicaEnsemble. Todos los conciertos tendr\u00e1n aforo limitado y se celebrar\u00e1n a las 23.00 horas. La entrada es gratuita pero es necesaria reservar previamente la localidad a trav\u00e9s de la App Ll\u00edria. Programa Localizaci\u00f3n\" \/>\n<meta property=\"og:url\" content=\"https:\/\/costablancaup.com\/es\/class\/llum-fest-2020\/\" \/>\n<meta property=\"og:site_name\" content=\"COSTA BLANCA UP\" \/>\n<meta property=\"og:image\" content=\"https:\/\/costablancaup.com\/wp-content\/uploads\/2020\/07\/llum-festival-2020-programa.jpg\" \/>\n<meta name=\"twitter:card\" content=\"summary_large_image\" \/>\n<script type=\"application\/ld+json\" class=\"yoast-schema-graph\">{\"@context\":\"https:\\\/\\\/schema.org\",\"@graph\":[{\"@type\":\"WebPage\",\"@id\":\"https:\\\/\\\/costablancaup.com\\\/es\\\/class\\\/llum-fest-2020\\\/\",\"url\":\"https:\\\/\\\/costablancaup.com\\\/es\\\/class\\\/llum-fest-2020\\\/\",\"name\":\"\\\"LLUM Fest 2020\\\" - COSTA BLANCA UP\",\"isPartOf\":{\"@id\":\"https:\\\/\\\/costablancaup.com\\\/es\\\/#website\"},\"primaryImageOfPage\":{\"@id\":\"https:\\\/\\\/costablancaup.com\\\/es\\\/class\\\/llum-fest-2020\\\/#primaryimage\"},\"image\":{\"@id\":\"https:\\\/\\\/costablancaup.com\\\/es\\\/class\\\/llum-fest-2020\\\/#primaryimage\"},\"thumbnailUrl\":\"https:\\\/\\\/costablancaup.com\\\/wp-content\\\/uploads\\\/2020\\\/07\\\/llum-festival-2020-programa.jpg\",\"datePublished\":\"2020-07-30T15:06:32+00:00\",\"breadcrumb\":{\"@id\":\"https:\\\/\\\/costablancaup.com\\\/es\\\/class\\\/llum-fest-2020\\\/#breadcrumb\"},\"inLanguage\":\"es\",\"potentialAction\":[{\"@type\":\"ReadAction\",\"target\":[\"https:\\\/\\\/costablancaup.com\\\/es\\\/class\\\/llum-fest-2020\\\/\"]}]},{\"@type\":\"ImageObject\",\"inLanguage\":\"es\",\"@id\":\"https:\\\/\\\/costablancaup.com\\\/es\\\/class\\\/llum-fest-2020\\\/#primaryimage\",\"url\":\"https:\\\/\\\/costablancaup.com\\\/wp-content\\\/uploads\\\/2020\\\/07\\\/llum-festival-2020-programa.jpg\",\"contentUrl\":\"https:\\\/\\\/costablancaup.com\\\/wp-content\\\/uploads\\\/2020\\\/07\\\/llum-festival-2020-programa.jpg\"},{\"@type\":\"BreadcrumbList\",\"@id\":\"https:\\\/\\\/costablancaup.com\\\/es\\\/class\\\/llum-fest-2020\\\/#breadcrumb\",\"itemListElement\":[{\"@type\":\"ListItem\",\"position\":1,\"name\":\"Home\",\"item\":\"https:\\\/\\\/costablancaup.com\\\/es\\\/\"},{\"@type\":\"ListItem\",\"position\":2,\"name\":\"\u00abLLUM Fest 2020\u00bb\"}]},{\"@type\":\"WebSite\",\"@id\":\"https:\\\/\\\/costablancaup.com\\\/es\\\/#website\",\"url\":\"https:\\\/\\\/costablancaup.com\\\/es\\\/\",\"name\":\"COSTA BLANCA UP\",\"description\":\"Costa Blanca Events and Agenda\",\"publisher\":{\"@id\":\"https:\\\/\\\/costablancaup.com\\\/es\\\/#organization\"},\"potentialAction\":[{\"@type\":\"SearchAction\",\"target\":{\"@type\":\"EntryPoint\",\"urlTemplate\":\"https:\\\/\\\/costablancaup.com\\\/es\\\/?s={search_term_string}\"},\"query-input\":{\"@type\":\"PropertyValueSpecification\",\"valueRequired\":true,\"valueName\":\"search_term_string\"}}],\"inLanguage\":\"es\"},{\"@type\":\"Organization\",\"@id\":\"https:\\\/\\\/costablancaup.com\\\/es\\\/#organization\",\"name\":\"Costa Blanca Up\",\"url\":\"https:\\\/\\\/costablancaup.com\\\/es\\\/\",\"logo\":{\"@type\":\"ImageObject\",\"inLanguage\":\"es\",\"@id\":\"https:\\\/\\\/costablancaup.com\\\/es\\\/#\\\/schema\\\/logo\\\/image\\\/\",\"url\":\"https:\\\/\\\/costablancaup.com\\\/wp-content\\\/uploads\\\/2018\\\/07\\\/titulo_web-1.png\",\"contentUrl\":\"https:\\\/\\\/costablancaup.com\\\/wp-content\\\/uploads\\\/2018\\\/07\\\/titulo_web-1.png\",\"width\":1973,\"height\":303,\"caption\":\"Costa Blanca Up\"},\"image\":{\"@id\":\"https:\\\/\\\/costablancaup.com\\\/es\\\/#\\\/schema\\\/logo\\\/image\\\/\"}}]}<\/script>\n<!-- \/ Yoast SEO plugin. -->","yoast_head_json":{"title":"\"LLUM Fest 2020\" - COSTA BLANCA UP","robots":{"index":"index","follow":"follow","max-snippet":"max-snippet:-1","max-image-preview":"max-image-preview:large","max-video-preview":"max-video-preview:-1"},"canonical":"https:\/\/costablancaup.com\/es\/class\/llum-fest-2020\/","og_locale":"es_ES","og_type":"article","og_title":"\"LLUM Fest 2020\" - COSTA BLANCA UP","og_description":"El festival de m\u00fasicas del mundo se celebrar\u00e1 del 4 al 9 de agosto en la iglesia de la Sang localidad valenciana de Liria. Est\u00e1n previstos conciertos de m\u00fasicas medievales, sefarditas y renacentistas por parte de reconocidos artistas y grupos como Milo ke Mandarini, Piacere dei Travesi, Mara Aranda, Mara Aranda, Axabeba y DeM\u00fasicaEnsemble. Todos los conciertos tendr\u00e1n aforo limitado y se celebrar\u00e1n a las 23.00 horas. La entrada es gratuita pero es necesaria reservar previamente la localidad a trav\u00e9s de la App Ll\u00edria. Programa Localizaci\u00f3n","og_url":"https:\/\/costablancaup.com\/es\/class\/llum-fest-2020\/","og_site_name":"COSTA BLANCA UP","og_image":[{"url":"https:\/\/costablancaup.com\/wp-content\/uploads\/2020\/07\/llum-festival-2020-programa.jpg","type":"","width":"","height":""}],"twitter_card":"summary_large_image","schema":{"@context":"https:\/\/schema.org","@graph":[{"@type":"WebPage","@id":"https:\/\/costablancaup.com\/es\/class\/llum-fest-2020\/","url":"https:\/\/costablancaup.com\/es\/class\/llum-fest-2020\/","name":"\"LLUM Fest 2020\" - COSTA BLANCA UP","isPartOf":{"@id":"https:\/\/costablancaup.com\/es\/#website"},"primaryImageOfPage":{"@id":"https:\/\/costablancaup.com\/es\/class\/llum-fest-2020\/#primaryimage"},"image":{"@id":"https:\/\/costablancaup.com\/es\/class\/llum-fest-2020\/#primaryimage"},"thumbnailUrl":"https:\/\/costablancaup.com\/wp-content\/uploads\/2020\/07\/llum-festival-2020-programa.jpg","datePublished":"2020-07-30T15:06:32+00:00","breadcrumb":{"@id":"https:\/\/costablancaup.com\/es\/class\/llum-fest-2020\/#breadcrumb"},"inLanguage":"es","potentialAction":[{"@type":"ReadAction","target":["https:\/\/costablancaup.com\/es\/class\/llum-fest-2020\/"]}]},{"@type":"ImageObject","inLanguage":"es","@id":"https:\/\/costablancaup.com\/es\/class\/llum-fest-2020\/#primaryimage","url":"https:\/\/costablancaup.com\/wp-content\/uploads\/2020\/07\/llum-festival-2020-programa.jpg","contentUrl":"https:\/\/costablancaup.com\/wp-content\/uploads\/2020\/07\/llum-festival-2020-programa.jpg"},{"@type":"BreadcrumbList","@id":"https:\/\/costablancaup.com\/es\/class\/llum-fest-2020\/#breadcrumb","itemListElement":[{"@type":"ListItem","position":1,"name":"Home","item":"https:\/\/costablancaup.com\/es\/"},{"@type":"ListItem","position":2,"name":"\u00abLLUM Fest 2020\u00bb"}]},{"@type":"WebSite","@id":"https:\/\/costablancaup.com\/es\/#website","url":"https:\/\/costablancaup.com\/es\/","name":"COSTA BLANCA UP","description":"Costa Blanca Events and Agenda","publisher":{"@id":"https:\/\/costablancaup.com\/es\/#organization"},"potentialAction":[{"@type":"SearchAction","target":{"@type":"EntryPoint","urlTemplate":"https:\/\/costablancaup.com\/es\/?s={search_term_string}"},"query-input":{"@type":"PropertyValueSpecification","valueRequired":true,"valueName":"search_term_string"}}],"inLanguage":"es"},{"@type":"Organization","@id":"https:\/\/costablancaup.com\/es\/#organization","name":"Costa Blanca Up","url":"https:\/\/costablancaup.com\/es\/","logo":{"@type":"ImageObject","inLanguage":"es","@id":"https:\/\/costablancaup.com\/es\/#\/schema\/logo\/image\/","url":"https:\/\/costablancaup.com\/wp-content\/uploads\/2018\/07\/titulo_web-1.png","contentUrl":"https:\/\/costablancaup.com\/wp-content\/uploads\/2018\/07\/titulo_web-1.png","width":1973,"height":303,"caption":"Costa Blanca Up"},"image":{"@id":"https:\/\/costablancaup.com\/es\/#\/schema\/logo\/image\/"}}]}},"_links":{"self":[{"href":"https:\/\/costablancaup.com\/es\/wp-json\/wp\/v2\/class\/44798","targetHints":{"allow":["GET"]}}],"collection":[{"href":"https:\/\/costablancaup.com\/es\/wp-json\/wp\/v2\/class"}],"about":[{"href":"https:\/\/costablancaup.com\/es\/wp-json\/wp\/v2\/types\/class"}],"wp:attachment":[{"href":"https:\/\/costablancaup.com\/es\/wp-json\/wp\/v2\/media?parent=44798"}],"wp:term":[{"taxonomy":"wcs-type","embeddable":true,"href":"https:\/\/costablancaup.com\/es\/wp-json\/wp\/v2\/wcs-type?post=44798"},{"taxonomy":"wcs-room","embeddable":true,"href":"https:\/\/costablancaup.com\/es\/wp-json\/wp\/v2\/wcs-room?post=44798"},{"taxonomy":"wcs-instructor","embeddable":true,"href":"https:\/\/costablancaup.com\/es\/wp-json\/wp\/v2\/wcs-instructor?post=44798"}],"curies":[{"name":"wp","href":"https:\/\/api.w.org\/{rel}","templated":true}]}}