{"id":48822,"date":"2021-06-01T11:25:45","date_gmt":"2021-06-01T09:25:45","guid":{"rendered":"https:\/\/costablancaup.com\/class\/visitas-al-palmeral-de-orihuela-2\/"},"modified":"2021-06-01T11:30:28","modified_gmt":"2021-06-01T09:30:28","slug":"visitas-al-palmeral-de-orihuela-2","status":"publish","type":"class","link":"https:\/\/costablancaup.com\/es\/class\/visitas-al-palmeral-de-orihuela-2\/","title":{"rendered":"Visitas al Palmeral de Orihuela"},"content":{"rendered":"<h2>Visita el Palmeral de Orihuela, el segundo palmeral m\u00e1s grande de Europa, con una superficie de m\u00e1s de 600.000 m\u00b2 y con cerca de 9.000 palmeras datileras.<\/h2>\n<p>Las visitas, que tienen una duraci\u00f3n aproximada de 75 minutos, partir\u00e1n del nuevo Centro de Interpretaci\u00f3n e incluyen una ruta por el entorno del Palmeral, un espacio singular y \u00fanico en Europa, declarado Bien de Inter\u00e9s Cultural (BIC).<\/p>\n<p>El aforo m\u00e1ximo de las visitas es de 12 personas en grupos divididos de 6, cumpliendo con todo el protocolo higi\u00e9nico sanitario decretado por las autoridades. Para realizar las visitas es necesario concertar cita previamente.<\/p>\n<p class=\"tickets\"><a target=\"_blank\" title=\"Ampliar informaci\u00f3n y reservar\" href=\"https:\/\/ecosilvo.reservio.com\/\" rel=\"noopener noreferrer\">Ampliar informaci\u00f3n y reservar<\/a><\/p>\n<h3>Horarios<\/h3>\n<ul>\n<li>S\u00e1bados y domingos: de 10:00 a 17:30 horas.<\/li>\n<\/ul>\n<h3>V\u00eddeo promocional<\/h3>\n<p><iframe loading=\"lazy\" title=\"El Palmeral de Orihuela\" width=\"1200\" height=\"675\" src=\"https:\/\/www.youtube.com\/embed\/_D-_GPVGmrU?feature=oembed\" frameborder=\"0\" allow=\"accelerometer; autoplay; clipboard-write; encrypted-media; gyroscope; picture-in-picture\" allowfullscreen><\/iframe><\/p>\n<p>&nbsp;<\/p>\n<h3>Localizaci\u00f3n<\/h3>\n\r\n            \r\n            \r\n            \r\n            <a name='map337'><\/a>\r\n            \r\n            \r\n            \r\n            \r\n            <div class=\"wpgmza_map \"  id=\"wpgmza_map_337\" style=\"display:block; overflow:auto; width:100%; height:400px; float:left;\" data-settings='{\"id\":\"337\",\"map_title\":\"El Palmeral de Orihuela\",\"map_width\":\"100\",\"map_height\":\"400\",\"map_start_lat\":\"38.095292\",\"map_start_lng\":\"-0.939283\",\"map_start_location\":\"38.09529200834967,-0.9392833065460393\",\"map_start_zoom\":\"16\",\"default_marker\":\"0\",\"type\":\"1\",\"alignment\":\"1\",\"directions_enabled\":\"0\",\"styling_enabled\":\"0\",\"styling_json\":\"\",\"active\":\"0\",\"kml\":\"\",\"bicycle\":\"0\",\"traffic\":\"0\",\"dbox\":\"1\",\"dbox_width\":\"100\",\"listmarkers\":\"0\",\"listmarkers_advanced\":\"0\",\"filterbycat\":\"0\",\"ugm_enabled\":\"0\",\"ugm_category_enabled\":\"0\",\"fusion\":\"\",\"map_width_type\":\"\\\\%\",\"map_height_type\":\"px\",\"mass_marker_support\":\"0\",\"ugm_access\":\"0\",\"order_markers_by\":\"1\",\"order_markers_choice\":\"2\",\"show_user_location\":\"2\",\"default_to\":\"\",\"other_settings\":{\"store_locator_style\":\"legacy\",\"wpgmza_store_locator_radius_style\":\"legacy\",\"directions_box_style\":\"modern\",\"wpgmza_dbox_width_type\":\"%\",\"map_max_zoom\":\"3\",\"map_min_zoom\":\"21\",\"sl_stroke_color\":\"\",\"sl_stroke_opacity\":\"\",\"sl_fill_color\":\"\",\"sl_fill_opacity\":\"\",\"automatically_pan_to_users_location\":0,\"override_users_location_zoom_level\":0,\"click_open_link\":2,\"hide_point_of_interest\":false,\"wpgmza_auto_night\":0,\"transport_layer\":0,\"iw_primary_color\":\"2A3744\",\"iw_accent_color\":\"252F3A\",\"iw_text_color\":\"FFFFFF\",\"wpgmza_iw_type\":\"0\",\"list_markers_by\":\"0\",\"push_in_map\":\"\",\"push_in_map_placement\":\"9\",\"wpgmza_push_in_map_width\":\"\",\"wpgmza_push_in_map_height\":\"\",\"wpgmza_theme_data\":\"\",\"upload_default_ul_marker\":\"\",\"upload_default_sl_marker\":\"\",\"shortcodeAttributes\":{\"id\":\"337\"}}}' data-map-id='337' data-shortcode-attributes='{\"id\":\"337\"}'> <\/div>\r\n            \r\n               \r\n        \n","protected":false},"excerpt":{"rendered":"<p>Visita el Palmeral de Orihuela, el segundo palmeral m\u00e1s grande de Europa, con una superficie de m\u00e1s de 600.000 m\u00b2 y con cerca de 9.000 palmeras datileras. Las visitas, que tienen una duraci\u00f3n aproximada de 75 minutos, partir\u00e1n del nuevo Centro de Interpretaci\u00f3n e incluyen una ruta por el entorno del Palmeral, un espacio singular y \u00fanico en Europa, declarado Bien de Inter\u00e9s Cultural (BIC). El aforo m\u00e1ximo de las visitas es de 12 personas en grupos divididos de 6, cumpliendo con todo el protocolo higi\u00e9nico sanitario decretado por las autoridades. Para realizar las visitas es necesario concertar cita previamente. [&hellip;]<\/p>\n","protected":false},"template":"","meta":[],"wcs-type":[5383],"wcs-room":[6527],"wcs-instructor":[],"class_list":["post-48822","class","type-class","status-publish","hentry","wcs-type-visitas","wcs-room-el-palmeral-de-orihuela"],"yoast_head":"<!-- This site is optimized with the Yoast SEO plugin v27.4 - https:\/\/yoast.com\/product\/yoast-seo-wordpress\/ -->\n<title>Visitas al Palmeral de Orihuela - COSTA BLANCA UP<\/title>\n<meta name=\"robots\" content=\"index, follow, max-snippet:-1, max-image-preview:large, max-video-preview:-1\" \/>\n<link rel=\"canonical\" href=\"https:\/\/costablancaup.com\/es\/class\/visitas-al-palmeral-de-orihuela-2\/\" \/>\n<meta property=\"og:locale\" content=\"es_ES\" \/>\n<meta property=\"og:type\" content=\"article\" \/>\n<meta property=\"og:title\" content=\"Visitas al Palmeral de Orihuela - COSTA BLANCA UP\" \/>\n<meta property=\"og:description\" content=\"Visita el Palmeral de Orihuela, el segundo palmeral m\u00e1s grande de Europa, con una superficie de m\u00e1s de 600.000 m\u00b2 y con cerca de 9.000 palmeras datileras. Las visitas, que tienen una duraci\u00f3n aproximada de 75 minutos, partir\u00e1n del nuevo Centro de Interpretaci\u00f3n e incluyen una ruta por el entorno del Palmeral, un espacio singular y \u00fanico en Europa, declarado Bien de Inter\u00e9s Cultural (BIC). El aforo m\u00e1ximo de las visitas es de 12 personas en grupos divididos de 6, cumpliendo con todo el protocolo higi\u00e9nico sanitario decretado por las autoridades. Para realizar las visitas es necesario concertar cita previamente. [&hellip;]\" \/>\n<meta property=\"og:url\" content=\"https:\/\/costablancaup.com\/es\/class\/visitas-al-palmeral-de-orihuela-2\/\" \/>\n<meta property=\"og:site_name\" content=\"COSTA BLANCA UP\" \/>\n<meta property=\"article:modified_time\" content=\"2021-06-01T09:30:28+00:00\" \/>\n<meta name=\"twitter:card\" content=\"summary_large_image\" \/>\n<meta name=\"twitter:label1\" content=\"Tiempo de lectura\" \/>\n\t<meta name=\"twitter:data1\" content=\"1 minuto\" \/>\n<script type=\"application\/ld+json\" class=\"yoast-schema-graph\">{\"@context\":\"https:\\\/\\\/schema.org\",\"@graph\":[{\"@type\":\"WebPage\",\"@id\":\"https:\\\/\\\/costablancaup.com\\\/es\\\/class\\\/visitas-al-palmeral-de-orihuela-2\\\/\",\"url\":\"https:\\\/\\\/costablancaup.com\\\/es\\\/class\\\/visitas-al-palmeral-de-orihuela-2\\\/\",\"name\":\"Visitas al Palmeral de Orihuela - COSTA BLANCA UP\",\"isPartOf\":{\"@id\":\"https:\\\/\\\/costablancaup.com\\\/es\\\/#website\"},\"datePublished\":\"2021-06-01T09:25:45+00:00\",\"dateModified\":\"2021-06-01T09:30:28+00:00\",\"breadcrumb\":{\"@id\":\"https:\\\/\\\/costablancaup.com\\\/es\\\/class\\\/visitas-al-palmeral-de-orihuela-2\\\/#breadcrumb\"},\"inLanguage\":\"es\",\"potentialAction\":[{\"@type\":\"ReadAction\",\"target\":[\"https:\\\/\\\/costablancaup.com\\\/es\\\/class\\\/visitas-al-palmeral-de-orihuela-2\\\/\"]}]},{\"@type\":\"BreadcrumbList\",\"@id\":\"https:\\\/\\\/costablancaup.com\\\/es\\\/class\\\/visitas-al-palmeral-de-orihuela-2\\\/#breadcrumb\",\"itemListElement\":[{\"@type\":\"ListItem\",\"position\":1,\"name\":\"Home\",\"item\":\"https:\\\/\\\/costablancaup.com\\\/es\\\/\"},{\"@type\":\"ListItem\",\"position\":2,\"name\":\"Visitas al Palmeral de Orihuela\"}]},{\"@type\":\"WebSite\",\"@id\":\"https:\\\/\\\/costablancaup.com\\\/es\\\/#website\",\"url\":\"https:\\\/\\\/costablancaup.com\\\/es\\\/\",\"name\":\"COSTA BLANCA UP\",\"description\":\"Costa Blanca Events and Agenda\",\"publisher\":{\"@id\":\"https:\\\/\\\/costablancaup.com\\\/es\\\/#organization\"},\"potentialAction\":[{\"@type\":\"SearchAction\",\"target\":{\"@type\":\"EntryPoint\",\"urlTemplate\":\"https:\\\/\\\/costablancaup.com\\\/es\\\/?s={search_term_string}\"},\"query-input\":{\"@type\":\"PropertyValueSpecification\",\"valueRequired\":true,\"valueName\":\"search_term_string\"}}],\"inLanguage\":\"es\"},{\"@type\":\"Organization\",\"@id\":\"https:\\\/\\\/costablancaup.com\\\/es\\\/#organization\",\"name\":\"Costa Blanca Up\",\"url\":\"https:\\\/\\\/costablancaup.com\\\/es\\\/\",\"logo\":{\"@type\":\"ImageObject\",\"inLanguage\":\"es\",\"@id\":\"https:\\\/\\\/costablancaup.com\\\/es\\\/#\\\/schema\\\/logo\\\/image\\\/\",\"url\":\"https:\\\/\\\/costablancaup.com\\\/wp-content\\\/uploads\\\/2018\\\/07\\\/titulo_web-1.png\",\"contentUrl\":\"https:\\\/\\\/costablancaup.com\\\/wp-content\\\/uploads\\\/2018\\\/07\\\/titulo_web-1.png\",\"width\":1973,\"height\":303,\"caption\":\"Costa Blanca Up\"},\"image\":{\"@id\":\"https:\\\/\\\/costablancaup.com\\\/es\\\/#\\\/schema\\\/logo\\\/image\\\/\"}}]}<\/script>\n<!-- \/ Yoast SEO plugin. -->","yoast_head_json":{"title":"Visitas al Palmeral de Orihuela - COSTA BLANCA UP","robots":{"index":"index","follow":"follow","max-snippet":"max-snippet:-1","max-image-preview":"max-image-preview:large","max-video-preview":"max-video-preview:-1"},"canonical":"https:\/\/costablancaup.com\/es\/class\/visitas-al-palmeral-de-orihuela-2\/","og_locale":"es_ES","og_type":"article","og_title":"Visitas al Palmeral de Orihuela - COSTA BLANCA UP","og_description":"Visita el Palmeral de Orihuela, el segundo palmeral m\u00e1s grande de Europa, con una superficie de m\u00e1s de 600.000 m\u00b2 y con cerca de 9.000 palmeras datileras. Las visitas, que tienen una duraci\u00f3n aproximada de 75 minutos, partir\u00e1n del nuevo Centro de Interpretaci\u00f3n e incluyen una ruta por el entorno del Palmeral, un espacio singular y \u00fanico en Europa, declarado Bien de Inter\u00e9s Cultural (BIC). El aforo m\u00e1ximo de las visitas es de 12 personas en grupos divididos de 6, cumpliendo con todo el protocolo higi\u00e9nico sanitario decretado por las autoridades. Para realizar las visitas es necesario concertar cita previamente. [&hellip;]","og_url":"https:\/\/costablancaup.com\/es\/class\/visitas-al-palmeral-de-orihuela-2\/","og_site_name":"COSTA BLANCA UP","article_modified_time":"2021-06-01T09:30:28+00:00","twitter_card":"summary_large_image","twitter_misc":{"Tiempo de lectura":"1 minuto"},"schema":{"@context":"https:\/\/schema.org","@graph":[{"@type":"WebPage","@id":"https:\/\/costablancaup.com\/es\/class\/visitas-al-palmeral-de-orihuela-2\/","url":"https:\/\/costablancaup.com\/es\/class\/visitas-al-palmeral-de-orihuela-2\/","name":"Visitas al Palmeral de Orihuela - COSTA BLANCA UP","isPartOf":{"@id":"https:\/\/costablancaup.com\/es\/#website"},"datePublished":"2021-06-01T09:25:45+00:00","dateModified":"2021-06-01T09:30:28+00:00","breadcrumb":{"@id":"https:\/\/costablancaup.com\/es\/class\/visitas-al-palmeral-de-orihuela-2\/#breadcrumb"},"inLanguage":"es","potentialAction":[{"@type":"ReadAction","target":["https:\/\/costablancaup.com\/es\/class\/visitas-al-palmeral-de-orihuela-2\/"]}]},{"@type":"BreadcrumbList","@id":"https:\/\/costablancaup.com\/es\/class\/visitas-al-palmeral-de-orihuela-2\/#breadcrumb","itemListElement":[{"@type":"ListItem","position":1,"name":"Home","item":"https:\/\/costablancaup.com\/es\/"},{"@type":"ListItem","position":2,"name":"Visitas al Palmeral de Orihuela"}]},{"@type":"WebSite","@id":"https:\/\/costablancaup.com\/es\/#website","url":"https:\/\/costablancaup.com\/es\/","name":"COSTA BLANCA UP","description":"Costa Blanca Events and Agenda","publisher":{"@id":"https:\/\/costablancaup.com\/es\/#organization"},"potentialAction":[{"@type":"SearchAction","target":{"@type":"EntryPoint","urlTemplate":"https:\/\/costablancaup.com\/es\/?s={search_term_string}"},"query-input":{"@type":"PropertyValueSpecification","valueRequired":true,"valueName":"search_term_string"}}],"inLanguage":"es"},{"@type":"Organization","@id":"https:\/\/costablancaup.com\/es\/#organization","name":"Costa Blanca Up","url":"https:\/\/costablancaup.com\/es\/","logo":{"@type":"ImageObject","inLanguage":"es","@id":"https:\/\/costablancaup.com\/es\/#\/schema\/logo\/image\/","url":"https:\/\/costablancaup.com\/wp-content\/uploads\/2018\/07\/titulo_web-1.png","contentUrl":"https:\/\/costablancaup.com\/wp-content\/uploads\/2018\/07\/titulo_web-1.png","width":1973,"height":303,"caption":"Costa Blanca Up"},"image":{"@id":"https:\/\/costablancaup.com\/es\/#\/schema\/logo\/image\/"}}]}},"_links":{"self":[{"href":"https:\/\/costablancaup.com\/es\/wp-json\/wp\/v2\/class\/48822","targetHints":{"allow":["GET"]}}],"collection":[{"href":"https:\/\/costablancaup.com\/es\/wp-json\/wp\/v2\/class"}],"about":[{"href":"https:\/\/costablancaup.com\/es\/wp-json\/wp\/v2\/types\/class"}],"wp:attachment":[{"href":"https:\/\/costablancaup.com\/es\/wp-json\/wp\/v2\/media?parent=48822"}],"wp:term":[{"taxonomy":"wcs-type","embeddable":true,"href":"https:\/\/costablancaup.com\/es\/wp-json\/wp\/v2\/wcs-type?post=48822"},{"taxonomy":"wcs-room","embeddable":true,"href":"https:\/\/costablancaup.com\/es\/wp-json\/wp\/v2\/wcs-room?post=48822"},{"taxonomy":"wcs-instructor","embeddable":true,"href":"https:\/\/costablancaup.com\/es\/wp-json\/wp\/v2\/wcs-instructor?post=48822"}],"curies":[{"name":"wp","href":"https:\/\/api.w.org\/{rel}","templated":true}]}}