{"id":50956,"date":"2022-01-14T13:10:43","date_gmt":"2022-01-14T12:10:43","guid":{"rendered":"https:\/\/costablancaup.com\/?post_type=class&#038;p=50956"},"modified":"2022-01-14T13:10:45","modified_gmt":"2022-01-14T12:10:45","slug":"exposicion-art-contemporani-de-la-generalitat-valenciana-iii-alicante","status":"publish","type":"class","link":"https:\/\/costablancaup.com\/es\/class\/exposicion-art-contemporani-de-la-generalitat-valenciana-iii-alicante\/","title":{"rendered":"Exposici\u00f3n \u00abArt Contemporani de la Generalitat Valenciana III\u00bb (Alicante)"},"content":{"rendered":"<h2>Visita esta exposici\u00f3n de arte contempor\u00e1neo que estar\u00e1 abierta hasta el 6 de febrero de 2022 en la <em>Caja Blanca de Las Cigarreras<\/em> de Alicante.<\/h2>\n<p>La muestra recoge una selecci\u00f3n de obras de arte representativas de la actualidad art\u00edstica de la Comunidad Valenciana. En concreto re\u00fane las obras adquiridas por la Generalitat Valenciana en 2019, con una presencia equilibrada de artistas de Alicante, Valencia y Castell\u00f3n. Artistas de diversas generaciones que abordan el proceso de creaci\u00f3n art\u00edstico desde variados planteamientos t\u00e9cnicos y estil\u00edsticos.<\/p>\n<p>As\u00ed encontraremos obras de Pablo Bellot, Isidro Blasco, Victoria Civera, Edu Comelles, Cristina Dur\u00e1n, Susana Guerrero, Patricia G\u00f3mez &amp; Mar\u00eda Jes\u00fas Gonz\u00e1lez, Irene Grau, Jota Izquierdo, Marla Jacarilla, Pepa L. Poquet, Paco Mart\u00ed, Aurelia Masanet, Enric Mestre, Luisa Pastor, Rafaela Pareja, Massimo Pisani, Ana Sansano, Alvaro Terrones, Rub\u00e9n Tortosa, Misan y Lukas Ulmi.<\/p>\n<h3>Horarios<\/h3>\n<ul>\n<li>De martes a s\u00e1bado: de 10:00 a 21:30 horas.<\/li>\n<\/ul>\n<p>&nbsp;<\/p>\n<h3>V\u00eddeo promocional<\/h3>\n<p><iframe loading=\"lazy\" title=\"Exposici\u00f3n. Art Contemporani de la Generalitat Valenciana III\" width=\"1200\" height=\"675\" src=\"https:\/\/www.youtube.com\/embed\/lVPBqfmZ_98?feature=oembed\" frameborder=\"0\" allow=\"accelerometer; autoplay; clipboard-write; encrypted-media; gyroscope; picture-in-picture\" allowfullscreen><\/iframe><\/p>\n<h3>Localizaci\u00f3n<\/h3>\n\r\n            \r\n            \r\n            \r\n            <a name='map24'><\/a>\r\n            \r\n            \r\n            \r\n            \r\n            <div class=\"wpgmza_map \"  id=\"wpgmza_map_24\" style=\"display:block; overflow:auto; width:100%; height:400px; float:left;\" data-settings='{\"id\":\"24\",\"map_title\":\"Centro Cultural Las Cigarreras (Alicante)\",\"map_width\":\"100\",\"map_height\":\"400\",\"map_start_lat\":\"38.349676\",\"map_start_lng\":\"-0.481303\",\"map_start_location\":\"38.349676,-0.48130300000002535\",\"map_start_zoom\":\"15\",\"default_marker\":\"0\",\"type\":\"1\",\"alignment\":\"1\",\"directions_enabled\":\"0\",\"styling_enabled\":\"0\",\"styling_json\":\"\",\"active\":\"0\",\"kml\":\"\",\"bicycle\":\"0\",\"traffic\":\"0\",\"dbox\":\"1\",\"dbox_width\":\"100\",\"listmarkers\":\"0\",\"listmarkers_advanced\":\"0\",\"filterbycat\":\"0\",\"ugm_enabled\":\"0\",\"ugm_category_enabled\":\"0\",\"fusion\":\"\",\"map_width_type\":\"\\\\%\",\"map_height_type\":\"px\",\"mass_marker_support\":\"0\",\"ugm_access\":\"0\",\"order_markers_by\":\"1\",\"order_markers_choice\":\"2\",\"show_user_location\":\"2\",\"default_to\":\"\",\"other_settings\":{\"store_locator_style\":\"legacy\",\"wpgmza_store_locator_radius_style\":\"legacy\",\"directions_box_style\":\"default\",\"wpgmza_dbox_width_type\":\"%\",\"map_max_zoom\":\"3\",\"map_min_zoom\":\"21\",\"sl_stroke_color\":\"\",\"sl_stroke_opacity\":\"\",\"sl_fill_color\":\"\",\"sl_fill_opacity\":\"\",\"automatically_pan_to_users_location\":0,\"click_open_link\":2,\"hide_point_of_interest\":false,\"wpgmza_auto_night\":0,\"transport_layer\":0,\"iw_primary_color\":\"2A3744\",\"iw_accent_color\":\"252F3A\",\"iw_text_color\":\"FFFFFF\",\"wpgmza_iw_type\":\"0\",\"list_markers_by\":\"0\",\"push_in_map\":\"\",\"push_in_map_placement\":\"9\",\"wpgmza_push_in_map_width\":\"\",\"wpgmza_push_in_map_height\":\"\",\"wpgmza_theme_data\":\"\",\"upload_default_ul_marker\":\"\",\"upload_default_sl_marker\":\"\",\"shortcodeAttributes\":{\"id\":\"24\"}}}' data-map-id='24' data-shortcode-attributes='{\"id\":\"24\"}'> <\/div>\r\n            \r\n               \r\n        \n","protected":false},"excerpt":{"rendered":"<p>Visita esta exposici\u00f3n de arte contempor\u00e1neo que estar\u00e1 abierta hasta el 6 de febrero de 2022 en la Caja Blanca de Las Cigarreras de Alicante. La muestra recoge una selecci\u00f3n de obras de arte representativas de la actualidad art\u00edstica de la Comunidad Valenciana. En concreto re\u00fane las obras adquiridas por la Generalitat Valenciana en 2019, con una presencia equilibrada de artistas de Alicante, Valencia y Castell\u00f3n. Artistas de diversas generaciones que abordan el proceso de creaci\u00f3n art\u00edstico desde variados planteamientos t\u00e9cnicos y estil\u00edsticos. As\u00ed encontraremos obras de Pablo Bellot, Isidro Blasco, Victoria Civera, Edu Comelles, Cristina Dur\u00e1n, Susana Guerrero, Patricia [&hellip;]<\/p>\n","protected":false},"template":"","meta":[],"wcs-type":[5080],"wcs-room":[6317],"wcs-instructor":[],"class_list":["post-50956","class","type-class","status-publish","hentry","wcs-type-exposiciones","wcs-room-centro-cultural-las-cigarreras-alicante"],"yoast_head":"<!-- This site is optimized with the Yoast SEO plugin v27.4 - https:\/\/yoast.com\/product\/yoast-seo-wordpress\/ -->\n<title>Exposici\u00f3n &quot;Art Contemporani de la Generalitat Valenciana III&quot; (Alicante) - COSTA BLANCA UP<\/title>\n<meta name=\"robots\" content=\"index, follow, max-snippet:-1, max-image-preview:large, max-video-preview:-1\" \/>\n<link rel=\"canonical\" href=\"https:\/\/costablancaup.com\/es\/class\/exposicion-art-contemporani-de-la-generalitat-valenciana-iii-alicante\/\" \/>\n<meta property=\"og:locale\" content=\"es_ES\" \/>\n<meta property=\"og:type\" content=\"article\" \/>\n<meta property=\"og:title\" content=\"Exposici\u00f3n &quot;Art Contemporani de la Generalitat Valenciana III&quot; (Alicante) - COSTA BLANCA UP\" \/>\n<meta property=\"og:description\" content=\"Visita esta exposici\u00f3n de arte contempor\u00e1neo que estar\u00e1 abierta hasta el 6 de febrero de 2022 en la Caja Blanca de Las Cigarreras de Alicante. La muestra recoge una selecci\u00f3n de obras de arte representativas de la actualidad art\u00edstica de la Comunidad Valenciana. En concreto re\u00fane las obras adquiridas por la Generalitat Valenciana en 2019, con una presencia equilibrada de artistas de Alicante, Valencia y Castell\u00f3n. Artistas de diversas generaciones que abordan el proceso de creaci\u00f3n art\u00edstico desde variados planteamientos t\u00e9cnicos y estil\u00edsticos. As\u00ed encontraremos obras de Pablo Bellot, Isidro Blasco, Victoria Civera, Edu Comelles, Cristina Dur\u00e1n, Susana Guerrero, Patricia [&hellip;]\" \/>\n<meta property=\"og:url\" content=\"https:\/\/costablancaup.com\/es\/class\/exposicion-art-contemporani-de-la-generalitat-valenciana-iii-alicante\/\" \/>\n<meta property=\"og:site_name\" content=\"COSTA BLANCA UP\" \/>\n<meta property=\"article:modified_time\" content=\"2022-01-14T12:10:45+00:00\" \/>\n<meta name=\"twitter:card\" content=\"summary_large_image\" \/>\n<meta name=\"twitter:label1\" content=\"Tiempo de lectura\" \/>\n\t<meta name=\"twitter:data1\" content=\"1 minuto\" \/>\n<script type=\"application\/ld+json\" class=\"yoast-schema-graph\">{\"@context\":\"https:\\\/\\\/schema.org\",\"@graph\":[{\"@type\":\"WebPage\",\"@id\":\"https:\\\/\\\/costablancaup.com\\\/es\\\/class\\\/exposicion-art-contemporani-de-la-generalitat-valenciana-iii-alicante\\\/\",\"url\":\"https:\\\/\\\/costablancaup.com\\\/es\\\/class\\\/exposicion-art-contemporani-de-la-generalitat-valenciana-iii-alicante\\\/\",\"name\":\"Exposici\u00f3n \\\"Art Contemporani de la Generalitat Valenciana III\\\" (Alicante) - COSTA BLANCA UP\",\"isPartOf\":{\"@id\":\"https:\\\/\\\/costablancaup.com\\\/es\\\/#website\"},\"datePublished\":\"2022-01-14T12:10:43+00:00\",\"dateModified\":\"2022-01-14T12:10:45+00:00\",\"breadcrumb\":{\"@id\":\"https:\\\/\\\/costablancaup.com\\\/es\\\/class\\\/exposicion-art-contemporani-de-la-generalitat-valenciana-iii-alicante\\\/#breadcrumb\"},\"inLanguage\":\"es\",\"potentialAction\":[{\"@type\":\"ReadAction\",\"target\":[\"https:\\\/\\\/costablancaup.com\\\/es\\\/class\\\/exposicion-art-contemporani-de-la-generalitat-valenciana-iii-alicante\\\/\"]}]},{\"@type\":\"BreadcrumbList\",\"@id\":\"https:\\\/\\\/costablancaup.com\\\/es\\\/class\\\/exposicion-art-contemporani-de-la-generalitat-valenciana-iii-alicante\\\/#breadcrumb\",\"itemListElement\":[{\"@type\":\"ListItem\",\"position\":1,\"name\":\"Home\",\"item\":\"https:\\\/\\\/costablancaup.com\\\/es\\\/\"},{\"@type\":\"ListItem\",\"position\":2,\"name\":\"Exposici\u00f3n &#8220;Art Contemporani de la Generalitat Valenciana III&#8221; (Alicante)\"}]},{\"@type\":\"WebSite\",\"@id\":\"https:\\\/\\\/costablancaup.com\\\/es\\\/#website\",\"url\":\"https:\\\/\\\/costablancaup.com\\\/es\\\/\",\"name\":\"COSTA BLANCA UP\",\"description\":\"Costa Blanca Events and Agenda\",\"publisher\":{\"@id\":\"https:\\\/\\\/costablancaup.com\\\/es\\\/#organization\"},\"potentialAction\":[{\"@type\":\"SearchAction\",\"target\":{\"@type\":\"EntryPoint\",\"urlTemplate\":\"https:\\\/\\\/costablancaup.com\\\/es\\\/?s={search_term_string}\"},\"query-input\":{\"@type\":\"PropertyValueSpecification\",\"valueRequired\":true,\"valueName\":\"search_term_string\"}}],\"inLanguage\":\"es\"},{\"@type\":\"Organization\",\"@id\":\"https:\\\/\\\/costablancaup.com\\\/es\\\/#organization\",\"name\":\"Costa Blanca Up\",\"url\":\"https:\\\/\\\/costablancaup.com\\\/es\\\/\",\"logo\":{\"@type\":\"ImageObject\",\"inLanguage\":\"es\",\"@id\":\"https:\\\/\\\/costablancaup.com\\\/es\\\/#\\\/schema\\\/logo\\\/image\\\/\",\"url\":\"https:\\\/\\\/costablancaup.com\\\/wp-content\\\/uploads\\\/2018\\\/07\\\/titulo_web-1.png\",\"contentUrl\":\"https:\\\/\\\/costablancaup.com\\\/wp-content\\\/uploads\\\/2018\\\/07\\\/titulo_web-1.png\",\"width\":1973,\"height\":303,\"caption\":\"Costa Blanca Up\"},\"image\":{\"@id\":\"https:\\\/\\\/costablancaup.com\\\/es\\\/#\\\/schema\\\/logo\\\/image\\\/\"}}]}<\/script>\n<!-- \/ Yoast SEO plugin. -->","yoast_head_json":{"title":"Exposici\u00f3n \"Art Contemporani de la Generalitat Valenciana III\" (Alicante) - COSTA BLANCA UP","robots":{"index":"index","follow":"follow","max-snippet":"max-snippet:-1","max-image-preview":"max-image-preview:large","max-video-preview":"max-video-preview:-1"},"canonical":"https:\/\/costablancaup.com\/es\/class\/exposicion-art-contemporani-de-la-generalitat-valenciana-iii-alicante\/","og_locale":"es_ES","og_type":"article","og_title":"Exposici\u00f3n \"Art Contemporani de la Generalitat Valenciana III\" (Alicante) - COSTA BLANCA UP","og_description":"Visita esta exposici\u00f3n de arte contempor\u00e1neo que estar\u00e1 abierta hasta el 6 de febrero de 2022 en la Caja Blanca de Las Cigarreras de Alicante. La muestra recoge una selecci\u00f3n de obras de arte representativas de la actualidad art\u00edstica de la Comunidad Valenciana. En concreto re\u00fane las obras adquiridas por la Generalitat Valenciana en 2019, con una presencia equilibrada de artistas de Alicante, Valencia y Castell\u00f3n. Artistas de diversas generaciones que abordan el proceso de creaci\u00f3n art\u00edstico desde variados planteamientos t\u00e9cnicos y estil\u00edsticos. As\u00ed encontraremos obras de Pablo Bellot, Isidro Blasco, Victoria Civera, Edu Comelles, Cristina Dur\u00e1n, Susana Guerrero, Patricia [&hellip;]","og_url":"https:\/\/costablancaup.com\/es\/class\/exposicion-art-contemporani-de-la-generalitat-valenciana-iii-alicante\/","og_site_name":"COSTA BLANCA UP","article_modified_time":"2022-01-14T12:10:45+00:00","twitter_card":"summary_large_image","twitter_misc":{"Tiempo de lectura":"1 minuto"},"schema":{"@context":"https:\/\/schema.org","@graph":[{"@type":"WebPage","@id":"https:\/\/costablancaup.com\/es\/class\/exposicion-art-contemporani-de-la-generalitat-valenciana-iii-alicante\/","url":"https:\/\/costablancaup.com\/es\/class\/exposicion-art-contemporani-de-la-generalitat-valenciana-iii-alicante\/","name":"Exposici\u00f3n \"Art Contemporani de la Generalitat Valenciana III\" (Alicante) - COSTA BLANCA UP","isPartOf":{"@id":"https:\/\/costablancaup.com\/es\/#website"},"datePublished":"2022-01-14T12:10:43+00:00","dateModified":"2022-01-14T12:10:45+00:00","breadcrumb":{"@id":"https:\/\/costablancaup.com\/es\/class\/exposicion-art-contemporani-de-la-generalitat-valenciana-iii-alicante\/#breadcrumb"},"inLanguage":"es","potentialAction":[{"@type":"ReadAction","target":["https:\/\/costablancaup.com\/es\/class\/exposicion-art-contemporani-de-la-generalitat-valenciana-iii-alicante\/"]}]},{"@type":"BreadcrumbList","@id":"https:\/\/costablancaup.com\/es\/class\/exposicion-art-contemporani-de-la-generalitat-valenciana-iii-alicante\/#breadcrumb","itemListElement":[{"@type":"ListItem","position":1,"name":"Home","item":"https:\/\/costablancaup.com\/es\/"},{"@type":"ListItem","position":2,"name":"Exposici\u00f3n &#8220;Art Contemporani de la Generalitat Valenciana III&#8221; (Alicante)"}]},{"@type":"WebSite","@id":"https:\/\/costablancaup.com\/es\/#website","url":"https:\/\/costablancaup.com\/es\/","name":"COSTA BLANCA UP","description":"Costa Blanca Events and Agenda","publisher":{"@id":"https:\/\/costablancaup.com\/es\/#organization"},"potentialAction":[{"@type":"SearchAction","target":{"@type":"EntryPoint","urlTemplate":"https:\/\/costablancaup.com\/es\/?s={search_term_string}"},"query-input":{"@type":"PropertyValueSpecification","valueRequired":true,"valueName":"search_term_string"}}],"inLanguage":"es"},{"@type":"Organization","@id":"https:\/\/costablancaup.com\/es\/#organization","name":"Costa Blanca Up","url":"https:\/\/costablancaup.com\/es\/","logo":{"@type":"ImageObject","inLanguage":"es","@id":"https:\/\/costablancaup.com\/es\/#\/schema\/logo\/image\/","url":"https:\/\/costablancaup.com\/wp-content\/uploads\/2018\/07\/titulo_web-1.png","contentUrl":"https:\/\/costablancaup.com\/wp-content\/uploads\/2018\/07\/titulo_web-1.png","width":1973,"height":303,"caption":"Costa Blanca Up"},"image":{"@id":"https:\/\/costablancaup.com\/es\/#\/schema\/logo\/image\/"}}]}},"_links":{"self":[{"href":"https:\/\/costablancaup.com\/es\/wp-json\/wp\/v2\/class\/50956","targetHints":{"allow":["GET"]}}],"collection":[{"href":"https:\/\/costablancaup.com\/es\/wp-json\/wp\/v2\/class"}],"about":[{"href":"https:\/\/costablancaup.com\/es\/wp-json\/wp\/v2\/types\/class"}],"wp:attachment":[{"href":"https:\/\/costablancaup.com\/es\/wp-json\/wp\/v2\/media?parent=50956"}],"wp:term":[{"taxonomy":"wcs-type","embeddable":true,"href":"https:\/\/costablancaup.com\/es\/wp-json\/wp\/v2\/wcs-type?post=50956"},{"taxonomy":"wcs-room","embeddable":true,"href":"https:\/\/costablancaup.com\/es\/wp-json\/wp\/v2\/wcs-room?post=50956"},{"taxonomy":"wcs-instructor","embeddable":true,"href":"https:\/\/costablancaup.com\/es\/wp-json\/wp\/v2\/wcs-instructor?post=50956"}],"curies":[{"name":"wp","href":"https:\/\/api.w.org\/{rel}","templated":true}]}}