{"id":55905,"date":"2023-01-26T11:48:21","date_gmt":"2023-01-26T10:48:21","guid":{"rendered":"https:\/\/costablancaup.com\/?post_type=class&#038;p=55905"},"modified":"2023-01-26T11:48:21","modified_gmt":"2023-01-26T10:48:21","slug":"exposicion-joaquin-sorolla-y-la-pintura-valenciana-de-su-tiempo-dialogos-y-contrastes","status":"publish","type":"class","link":"https:\/\/costablancaup.com\/es\/class\/exposicion-joaquin-sorolla-y-la-pintura-valenciana-de-su-tiempo-dialogos-y-contrastes\/","title":{"rendered":"Exposici\u00f3n \u00abJoaqu\u00edn Sorolla y la pintura valenciana de su tiempo. Di\u00e1logos y contrastes\u00bb"},"content":{"rendered":"<h2>La muestra se podr\u00e1 visitar del 9 de enero al 25 de junio de 2023 en el <em>Museo Bellas Artes Gravina<\/em> de Alicante.<\/h2>\n<p>El Museo Bellas Artes Gravina de la Diputaci\u00f3n de Alicante acoge esta novedosa exposici\u00f3n que cuenta con la participaci\u00f3n de una veintena de museos y coleccionistas.<\/p>\n<p>La selecci\u00f3n, formada por 115 de las obras m\u00e1s representativas del artista, sus maestros y disc\u00edpulos, es la primera exhibici\u00f3n de relieve que se inaugura en la Comunidad Valenciana para conmemorar el centenario del fallecimiento del pintor valenciano m\u00e1s universal.<\/p>\n<h3>Horarios<\/h3>\n<ul>\n<li>De martes a s\u00e1bado: de 10:00 a 20:00 horas.<\/li>\n<li>Domingos y festivos: de 10:00 a 14:00 horas.<\/li>\n<\/ul>\n<p>&nbsp;<\/p>\n<h3>Localizaci\u00f3n<\/h3>\n\r\n            \r\n            \r\n            \r\n            <a name='map272'><\/a>\r\n            \r\n            \r\n            \r\n            \r\n            <div class=\"wpgmza_map \"  id=\"wpgmza_map_272\" style=\"display:block; overflow:auto; width:100%; height:400px; float:left;\" data-settings='{\"id\":\"272\",\"map_title\":\"Mubag: Museo de Bellas Artes Gravina (Alicante)\",\"map_width\":\"100\",\"map_height\":\"400\",\"map_start_lat\":\"38.345277\",\"map_start_lng\":\"-0.480211\",\"map_start_location\":\"38.34527728691729,-0.4802106903209169\",\"map_start_zoom\":\"16\",\"default_marker\":\"0\",\"type\":\"1\",\"alignment\":\"1\",\"directions_enabled\":\"0\",\"styling_enabled\":\"0\",\"styling_json\":\"\",\"active\":\"0\",\"kml\":\"\",\"bicycle\":\"0\",\"traffic\":\"0\",\"dbox\":\"1\",\"dbox_width\":\"100\",\"listmarkers\":\"0\",\"listmarkers_advanced\":\"0\",\"filterbycat\":\"0\",\"ugm_enabled\":\"0\",\"ugm_category_enabled\":\"0\",\"fusion\":\"\",\"map_width_type\":\"\\\\%\",\"map_height_type\":\"px\",\"mass_marker_support\":\"0\",\"ugm_access\":\"0\",\"order_markers_by\":\"1\",\"order_markers_choice\":\"2\",\"show_user_location\":\"2\",\"default_to\":\"\",\"other_settings\":{\"store_locator_style\":\"legacy\",\"wpgmza_store_locator_radius_style\":\"legacy\",\"directions_box_style\":\"modern\",\"wpgmza_dbox_width_type\":\"%\",\"map_max_zoom\":\"3\",\"map_min_zoom\":\"21\",\"sl_stroke_color\":\"\",\"sl_stroke_opacity\":\"\",\"sl_fill_color\":\"\",\"sl_fill_opacity\":\"\",\"automatically_pan_to_users_location\":0,\"override_users_location_zoom_level\":0,\"click_open_link\":2,\"hide_point_of_interest\":false,\"wpgmza_auto_night\":0,\"transport_layer\":0,\"iw_primary_color\":\"2A3744\",\"iw_accent_color\":\"252F3A\",\"iw_text_color\":\"FFFFFF\",\"wpgmza_iw_type\":\"0\",\"list_markers_by\":\"0\",\"push_in_map\":\"\",\"push_in_map_placement\":\"9\",\"wpgmza_push_in_map_width\":\"\",\"wpgmza_push_in_map_height\":\"\",\"wpgmza_theme_data\":\"\",\"upload_default_ul_marker\":\"\",\"upload_default_sl_marker\":\"\",\"shortcodeAttributes\":{\"id\":\"272\"}}}' data-map-id='272' data-shortcode-attributes='{\"id\":\"272\"}'> <\/div>\r\n            \r\n               \r\n        \n","protected":false},"excerpt":{"rendered":"<p>La muestra se podr\u00e1 visitar del 9 de enero al 25 de junio de 2023 en el Museo Bellas Artes Gravina de Alicante. El Museo Bellas Artes Gravina de la Diputaci\u00f3n de Alicante acoge esta novedosa exposici\u00f3n que cuenta con la participaci\u00f3n de una veintena de museos y coleccionistas. La selecci\u00f3n, formada por 115 de las obras m\u00e1s representativas del artista, sus maestros y disc\u00edpulos, es la primera exhibici\u00f3n de relieve que se inaugura en la Comunidad Valenciana para conmemorar el centenario del fallecimiento del pintor valenciano m\u00e1s universal. Horarios De martes a s\u00e1bado: de 10:00 a 20:00 horas. Domingos [&hellip;]<\/p>\n","protected":false},"template":"","meta":[],"wcs-type":[5080],"wcs-room":[6703],"wcs-instructor":[],"class_list":["post-55905","class","type-class","status-publish","hentry","wcs-type-exposiciones","wcs-room-museo-bellas-artes-gravina-alicante"],"yoast_head":"<!-- This site is optimized with the Yoast SEO plugin v27.4 - https:\/\/yoast.com\/product\/yoast-seo-wordpress\/ -->\n<title>Exposici\u00f3n &quot;Joaqu\u00edn Sorolla y la pintura valenciana de su tiempo. Di\u00e1logos y contrastes&quot; - COSTA BLANCA UP<\/title>\n<meta name=\"robots\" content=\"index, follow, max-snippet:-1, max-image-preview:large, max-video-preview:-1\" \/>\n<link rel=\"canonical\" href=\"https:\/\/costablancaup.com\/es\/class\/exposicion-joaquin-sorolla-y-la-pintura-valenciana-de-su-tiempo-dialogos-y-contrastes\/\" \/>\n<meta property=\"og:locale\" content=\"es_ES\" \/>\n<meta property=\"og:type\" content=\"article\" \/>\n<meta property=\"og:title\" content=\"Exposici\u00f3n &quot;Joaqu\u00edn Sorolla y la pintura valenciana de su tiempo. Di\u00e1logos y contrastes&quot; - COSTA BLANCA UP\" \/>\n<meta property=\"og:description\" content=\"La muestra se podr\u00e1 visitar del 9 de enero al 25 de junio de 2023 en el Museo Bellas Artes Gravina de Alicante. El Museo Bellas Artes Gravina de la Diputaci\u00f3n de Alicante acoge esta novedosa exposici\u00f3n que cuenta con la participaci\u00f3n de una veintena de museos y coleccionistas. La selecci\u00f3n, formada por 115 de las obras m\u00e1s representativas del artista, sus maestros y disc\u00edpulos, es la primera exhibici\u00f3n de relieve que se inaugura en la Comunidad Valenciana para conmemorar el centenario del fallecimiento del pintor valenciano m\u00e1s universal. Horarios De martes a s\u00e1bado: de 10:00 a 20:00 horas. Domingos [&hellip;]\" \/>\n<meta property=\"og:url\" content=\"https:\/\/costablancaup.com\/es\/class\/exposicion-joaquin-sorolla-y-la-pintura-valenciana-de-su-tiempo-dialogos-y-contrastes\/\" \/>\n<meta property=\"og:site_name\" content=\"COSTA BLANCA UP\" \/>\n<meta name=\"twitter:card\" content=\"summary_large_image\" \/>\n<script type=\"application\/ld+json\" class=\"yoast-schema-graph\">{\"@context\":\"https:\\\/\\\/schema.org\",\"@graph\":[{\"@type\":\"WebPage\",\"@id\":\"https:\\\/\\\/costablancaup.com\\\/es\\\/class\\\/exposicion-joaquin-sorolla-y-la-pintura-valenciana-de-su-tiempo-dialogos-y-contrastes\\\/\",\"url\":\"https:\\\/\\\/costablancaup.com\\\/es\\\/class\\\/exposicion-joaquin-sorolla-y-la-pintura-valenciana-de-su-tiempo-dialogos-y-contrastes\\\/\",\"name\":\"Exposici\u00f3n \\\"Joaqu\u00edn Sorolla y la pintura valenciana de su tiempo. Di\u00e1logos y contrastes\\\" - COSTA BLANCA UP\",\"isPartOf\":{\"@id\":\"https:\\\/\\\/costablancaup.com\\\/es\\\/#website\"},\"datePublished\":\"2023-01-26T10:48:21+00:00\",\"breadcrumb\":{\"@id\":\"https:\\\/\\\/costablancaup.com\\\/es\\\/class\\\/exposicion-joaquin-sorolla-y-la-pintura-valenciana-de-su-tiempo-dialogos-y-contrastes\\\/#breadcrumb\"},\"inLanguage\":\"es\",\"potentialAction\":[{\"@type\":\"ReadAction\",\"target\":[\"https:\\\/\\\/costablancaup.com\\\/es\\\/class\\\/exposicion-joaquin-sorolla-y-la-pintura-valenciana-de-su-tiempo-dialogos-y-contrastes\\\/\"]}]},{\"@type\":\"BreadcrumbList\",\"@id\":\"https:\\\/\\\/costablancaup.com\\\/es\\\/class\\\/exposicion-joaquin-sorolla-y-la-pintura-valenciana-de-su-tiempo-dialogos-y-contrastes\\\/#breadcrumb\",\"itemListElement\":[{\"@type\":\"ListItem\",\"position\":1,\"name\":\"Home\",\"item\":\"https:\\\/\\\/costablancaup.com\\\/es\\\/\"},{\"@type\":\"ListItem\",\"position\":2,\"name\":\"Exposici\u00f3n &#8220;Joaqu\u00edn Sorolla y la pintura valenciana de su tiempo. Di\u00e1logos y contrastes&#8221;\"}]},{\"@type\":\"WebSite\",\"@id\":\"https:\\\/\\\/costablancaup.com\\\/es\\\/#website\",\"url\":\"https:\\\/\\\/costablancaup.com\\\/es\\\/\",\"name\":\"COSTA BLANCA UP\",\"description\":\"Costa Blanca Events and Agenda\",\"publisher\":{\"@id\":\"https:\\\/\\\/costablancaup.com\\\/es\\\/#organization\"},\"potentialAction\":[{\"@type\":\"SearchAction\",\"target\":{\"@type\":\"EntryPoint\",\"urlTemplate\":\"https:\\\/\\\/costablancaup.com\\\/es\\\/?s={search_term_string}\"},\"query-input\":{\"@type\":\"PropertyValueSpecification\",\"valueRequired\":true,\"valueName\":\"search_term_string\"}}],\"inLanguage\":\"es\"},{\"@type\":\"Organization\",\"@id\":\"https:\\\/\\\/costablancaup.com\\\/es\\\/#organization\",\"name\":\"Costa Blanca Up\",\"url\":\"https:\\\/\\\/costablancaup.com\\\/es\\\/\",\"logo\":{\"@type\":\"ImageObject\",\"inLanguage\":\"es\",\"@id\":\"https:\\\/\\\/costablancaup.com\\\/es\\\/#\\\/schema\\\/logo\\\/image\\\/\",\"url\":\"https:\\\/\\\/costablancaup.com\\\/wp-content\\\/uploads\\\/2018\\\/07\\\/titulo_web-1.png\",\"contentUrl\":\"https:\\\/\\\/costablancaup.com\\\/wp-content\\\/uploads\\\/2018\\\/07\\\/titulo_web-1.png\",\"width\":1973,\"height\":303,\"caption\":\"Costa Blanca Up\"},\"image\":{\"@id\":\"https:\\\/\\\/costablancaup.com\\\/es\\\/#\\\/schema\\\/logo\\\/image\\\/\"}}]}<\/script>\n<!-- \/ Yoast SEO plugin. -->","yoast_head_json":{"title":"Exposici\u00f3n \"Joaqu\u00edn Sorolla y la pintura valenciana de su tiempo. Di\u00e1logos y contrastes\" - COSTA BLANCA UP","robots":{"index":"index","follow":"follow","max-snippet":"max-snippet:-1","max-image-preview":"max-image-preview:large","max-video-preview":"max-video-preview:-1"},"canonical":"https:\/\/costablancaup.com\/es\/class\/exposicion-joaquin-sorolla-y-la-pintura-valenciana-de-su-tiempo-dialogos-y-contrastes\/","og_locale":"es_ES","og_type":"article","og_title":"Exposici\u00f3n \"Joaqu\u00edn Sorolla y la pintura valenciana de su tiempo. Di\u00e1logos y contrastes\" - COSTA BLANCA UP","og_description":"La muestra se podr\u00e1 visitar del 9 de enero al 25 de junio de 2023 en el Museo Bellas Artes Gravina de Alicante. El Museo Bellas Artes Gravina de la Diputaci\u00f3n de Alicante acoge esta novedosa exposici\u00f3n que cuenta con la participaci\u00f3n de una veintena de museos y coleccionistas. La selecci\u00f3n, formada por 115 de las obras m\u00e1s representativas del artista, sus maestros y disc\u00edpulos, es la primera exhibici\u00f3n de relieve que se inaugura en la Comunidad Valenciana para conmemorar el centenario del fallecimiento del pintor valenciano m\u00e1s universal. Horarios De martes a s\u00e1bado: de 10:00 a 20:00 horas. Domingos [&hellip;]","og_url":"https:\/\/costablancaup.com\/es\/class\/exposicion-joaquin-sorolla-y-la-pintura-valenciana-de-su-tiempo-dialogos-y-contrastes\/","og_site_name":"COSTA BLANCA UP","twitter_card":"summary_large_image","schema":{"@context":"https:\/\/schema.org","@graph":[{"@type":"WebPage","@id":"https:\/\/costablancaup.com\/es\/class\/exposicion-joaquin-sorolla-y-la-pintura-valenciana-de-su-tiempo-dialogos-y-contrastes\/","url":"https:\/\/costablancaup.com\/es\/class\/exposicion-joaquin-sorolla-y-la-pintura-valenciana-de-su-tiempo-dialogos-y-contrastes\/","name":"Exposici\u00f3n \"Joaqu\u00edn Sorolla y la pintura valenciana de su tiempo. Di\u00e1logos y contrastes\" - COSTA BLANCA UP","isPartOf":{"@id":"https:\/\/costablancaup.com\/es\/#website"},"datePublished":"2023-01-26T10:48:21+00:00","breadcrumb":{"@id":"https:\/\/costablancaup.com\/es\/class\/exposicion-joaquin-sorolla-y-la-pintura-valenciana-de-su-tiempo-dialogos-y-contrastes\/#breadcrumb"},"inLanguage":"es","potentialAction":[{"@type":"ReadAction","target":["https:\/\/costablancaup.com\/es\/class\/exposicion-joaquin-sorolla-y-la-pintura-valenciana-de-su-tiempo-dialogos-y-contrastes\/"]}]},{"@type":"BreadcrumbList","@id":"https:\/\/costablancaup.com\/es\/class\/exposicion-joaquin-sorolla-y-la-pintura-valenciana-de-su-tiempo-dialogos-y-contrastes\/#breadcrumb","itemListElement":[{"@type":"ListItem","position":1,"name":"Home","item":"https:\/\/costablancaup.com\/es\/"},{"@type":"ListItem","position":2,"name":"Exposici\u00f3n &#8220;Joaqu\u00edn Sorolla y la pintura valenciana de su tiempo. Di\u00e1logos y contrastes&#8221;"}]},{"@type":"WebSite","@id":"https:\/\/costablancaup.com\/es\/#website","url":"https:\/\/costablancaup.com\/es\/","name":"COSTA BLANCA UP","description":"Costa Blanca Events and Agenda","publisher":{"@id":"https:\/\/costablancaup.com\/es\/#organization"},"potentialAction":[{"@type":"SearchAction","target":{"@type":"EntryPoint","urlTemplate":"https:\/\/costablancaup.com\/es\/?s={search_term_string}"},"query-input":{"@type":"PropertyValueSpecification","valueRequired":true,"valueName":"search_term_string"}}],"inLanguage":"es"},{"@type":"Organization","@id":"https:\/\/costablancaup.com\/es\/#organization","name":"Costa Blanca Up","url":"https:\/\/costablancaup.com\/es\/","logo":{"@type":"ImageObject","inLanguage":"es","@id":"https:\/\/costablancaup.com\/es\/#\/schema\/logo\/image\/","url":"https:\/\/costablancaup.com\/wp-content\/uploads\/2018\/07\/titulo_web-1.png","contentUrl":"https:\/\/costablancaup.com\/wp-content\/uploads\/2018\/07\/titulo_web-1.png","width":1973,"height":303,"caption":"Costa Blanca Up"},"image":{"@id":"https:\/\/costablancaup.com\/es\/#\/schema\/logo\/image\/"}}]}},"_links":{"self":[{"href":"https:\/\/costablancaup.com\/es\/wp-json\/wp\/v2\/class\/55905","targetHints":{"allow":["GET"]}}],"collection":[{"href":"https:\/\/costablancaup.com\/es\/wp-json\/wp\/v2\/class"}],"about":[{"href":"https:\/\/costablancaup.com\/es\/wp-json\/wp\/v2\/types\/class"}],"wp:attachment":[{"href":"https:\/\/costablancaup.com\/es\/wp-json\/wp\/v2\/media?parent=55905"}],"wp:term":[{"taxonomy":"wcs-type","embeddable":true,"href":"https:\/\/costablancaup.com\/es\/wp-json\/wp\/v2\/wcs-type?post=55905"},{"taxonomy":"wcs-room","embeddable":true,"href":"https:\/\/costablancaup.com\/es\/wp-json\/wp\/v2\/wcs-room?post=55905"},{"taxonomy":"wcs-instructor","embeddable":true,"href":"https:\/\/costablancaup.com\/es\/wp-json\/wp\/v2\/wcs-instructor?post=55905"}],"curies":[{"name":"wp","href":"https:\/\/api.w.org\/{rel}","templated":true}]}}