{"id":57679,"date":"2023-12-12T12:03:54","date_gmt":"2023-12-12T11:03:54","guid":{"rendered":"https:\/\/costablancaup.com\/?post_type=class&#038;p=57679"},"modified":"2023-12-12T12:04:55","modified_gmt":"2023-12-12T11:04:55","slug":"concierto-de-navidad-de-la-orquesta-filarmonica-y-coral-de-la-universidad-de-alicante","status":"publish","type":"class","link":"https:\/\/costablancaup.com\/es\/class\/concierto-de-navidad-de-la-orquesta-filarmonica-y-coral-de-la-universidad-de-alicante\/","title":{"rendered":"Concierto de Navidad de la Orquesta Filarm\u00f3nica y Coral de la Universidad de Alicante"},"content":{"rendered":"<h2>El concierto de Navidad tendr\u00e1 lugar el pr\u00f3ximo 15 de diciembre, a las 20:00 horas en el Auditorio de la Diputaci\u00f3n de Alicante (ADDA).<\/h2>\n<p>Este evento ben\u00e9fico, que con el tiempo ha ido convirti\u00e9ndose en un cl\u00e1sico de las v\u00edsperas navide\u00f1as en Alicante, destaca por la excepcional calidad de los int\u00e9rpretes y del Coro.<\/p>\n<p>Los beneficios, fruto de la venta de las entradas, ir\u00e1n destinados a acciones solidarias: Centro San Rafael y Aspanion, organizaciones que realizan una gran labor de ayuda a personas necesitadas en Alicante -discapacidad intelectual y c\u00e1ncer infantil-. Adem\u00e1s, una parte ir\u00e1 a los j\u00f3venes que componen la Orquesta Filarm\u00f3nica de la Universidad de Alicante.<\/p>\n<p class=\"tickets\"><a title=\"Comprar entradas\" href=\"https:\/\/instanticket.es\/orquesta-filarmonica-y-coral-de-la-universidad-de-alicante\/?id=NAVOFUA23\" target=\"_blank\" rel=\"noopener\">Comprar entradas<\/a><\/p>\n<h3>Horario<\/h3>\n<ul>\n<li>Viernes 15 de diciembre de 2023, a las 20:00 horas.<\/li>\n<\/ul>\n<h3>Directores<\/h3>\n<ul>\n<li>OFUA: Tobias Gossmann.<\/li>\n<li>CORAL: Shlomo Rodr\u00edguez.<\/li>\n<\/ul>\n<h3>Programa: Parte I<\/h3>\n<ul>\n<li>Ch. Gluck &#8211; Orfeo ed Euridice. Obertura<\/li>\n<li>Ch. Gluck &#8211; Orfeo ed Euridice. Coro \u201cAh se intorno\u201d<\/li>\n<li>V. Bellini &#8211; Norma. Obertura<\/li>\n<li>V. Bellini &#8211; Norma. Coro \u201cGuerra, Guerra\u201d<\/li>\n<li>G. Verdi &#8211; Macbeth. Coro \u201cPatria oppressa\u201d<\/li>\n<li>G. Verdi &#8211; Il Trovatore. Coro \u201cOr co dadi\u201c<\/li>\n<\/ul>\n<h3>Programa: Parte II<\/h3>\n<ul>\n<li>G. Verdi &#8211; Nabucco. Obertura<\/li>\n<li>G. Verdi &#8211; Nabucco. \u201cVa, pensiero\u201d<\/li>\n<li>P. Mascagni &#8211; Cavalleria<\/li>\n<li>Rusticana. Intermezzo<\/li>\n<li>A. Vives &#8211; Do\u00f1a Francisquita. Coro de rom\u00e1nticos<\/li>\n<li>B. Smetana &#8211; La novia vendida. Coro de entrada<\/li>\n<li>J. Strauss &#8211; El Danubio azul<\/li>\n<li>M. Noll &#8211; Vals Alacant<\/li>\n<\/ul>\n<h3>Localizaci\u00f3n<\/h3>\n\r\n            \r\n            \r\n            \r\n            <a name='map219'><\/a>\r\n            \r\n            \r\n            \r\n            \r\n            <div class=\"wpgmza_map \"  id=\"wpgmza_map_219\" style=\"display:block; overflow:auto; width:100%; height:400px; float:left;\" data-settings='{\"id\":\"219\",\"map_title\":\"Auditorio de la Diputaci\\u00f3n de Alicante (ADDA)\",\"map_width\":\"100\",\"map_height\":\"400\",\"map_start_lat\":\"38.352195\",\"map_start_lng\":\"-0.485759\",\"map_start_location\":\"38.352195270344765,-0.4857585738751946\",\"map_start_zoom\":\"15\",\"default_marker\":\"0\",\"type\":\"1\",\"alignment\":\"1\",\"directions_enabled\":\"0\",\"styling_enabled\":\"0\",\"styling_json\":\"\",\"active\":\"0\",\"kml\":\"\",\"bicycle\":\"0\",\"traffic\":\"0\",\"dbox\":\"1\",\"dbox_width\":\"100\",\"listmarkers\":\"0\",\"listmarkers_advanced\":\"0\",\"filterbycat\":\"0\",\"ugm_enabled\":\"0\",\"ugm_category_enabled\":\"0\",\"fusion\":\"\",\"map_width_type\":\"\\\\%\",\"map_height_type\":\"px\",\"mass_marker_support\":\"0\",\"ugm_access\":\"0\",\"order_markers_by\":\"1\",\"order_markers_choice\":\"2\",\"show_user_location\":\"2\",\"default_to\":\"\",\"other_settings\":{\"wpgmza_store_locator_restrict\":\"\",\"wpgmza_sl_animation\":\"1\",\"store_locator_query_string\":\"ZIP \\\/ Address:\",\"store_locator_name_string\":\"Title \\\/ Description:\",\"store_locator_default_address\":\"\",\"wpgmza_dbox_width_type\":\"%\",\"map_max_zoom\":\"3\",\"map_min_zoom\":\"21\",\"sl_stroke_color\":\"FF0000\",\"sl_stroke_opacity\":\"0.25\",\"sl_fill_color\":\"FF0000\",\"sl_fill_opacity\":\"0.15\",\"click_open_link\":2,\"transport_layer\":0,\"iw_primary_color\":\"2A3744\",\"iw_accent_color\":\"252F3A\",\"iw_text_color\":\"FFFFFF\",\"wpgmza_iw_type\":\"0\",\"list_markers_by\":\"0\",\"push_in_map\":\"\",\"push_in_map_placement\":\"9\",\"wpgmza_push_in_map_width\":\"\",\"wpgmza_push_in_map_height\":\"\",\"wpgmza_theme_data\":\"\",\"upload_default_ul_marker\":\"\",\"upload_default_sl_marker\":\"\",\"shortcodeAttributes\":{\"id\":\"219\"}}}' data-map-id='219' data-shortcode-attributes='{\"id\":\"219\"}'> <\/div>\r\n            \r\n               \r\n        \n","protected":false},"excerpt":{"rendered":"<p>El concierto de Navidad tendr\u00e1 lugar el pr\u00f3ximo 15 de diciembre, a las 20:00 horas en el Auditorio de la Diputaci\u00f3n de Alicante (ADDA). Este evento ben\u00e9fico, que con el tiempo ha ido convirti\u00e9ndose en un cl\u00e1sico de las v\u00edsperas navide\u00f1as en Alicante, destaca por la excepcional calidad de los int\u00e9rpretes y del Coro. Los beneficios, fruto de la venta de las entradas, ir\u00e1n destinados a acciones solidarias: Centro San Rafael y Aspanion, organizaciones que realizan una gran labor de ayuda a personas necesitadas en Alicante -discapacidad intelectual y c\u00e1ncer infantil-. Adem\u00e1s, una parte ir\u00e1 a los j\u00f3venes que componen [&hellip;]<\/p>\n","protected":false},"template":"","meta":[],"wcs-type":[5046],"wcs-room":[5047],"wcs-instructor":[],"class_list":["post-57679","class","type-class","status-publish","hentry","wcs-type-musica","wcs-room-adda-auditorio-de-la-diputacion-de-alicante-alicante"],"yoast_head":"<!-- This site is optimized with the Yoast SEO plugin v27.4 - https:\/\/yoast.com\/product\/yoast-seo-wordpress\/ -->\n<title>Concierto de Navidad de la Orquesta Filarm\u00f3nica y Coral de la Universidad de Alicante - COSTA BLANCA UP<\/title>\n<meta name=\"robots\" content=\"index, follow, max-snippet:-1, max-image-preview:large, max-video-preview:-1\" \/>\n<link rel=\"canonical\" href=\"https:\/\/costablancaup.com\/es\/class\/concierto-de-navidad-de-la-orquesta-filarmonica-y-coral-de-la-universidad-de-alicante\/\" \/>\n<meta property=\"og:locale\" content=\"es_ES\" \/>\n<meta property=\"og:type\" content=\"article\" \/>\n<meta property=\"og:title\" content=\"Concierto de Navidad de la Orquesta Filarm\u00f3nica y Coral de la Universidad de Alicante - COSTA BLANCA UP\" \/>\n<meta property=\"og:description\" content=\"El concierto de Navidad tendr\u00e1 lugar el pr\u00f3ximo 15 de diciembre, a las 20:00 horas en el Auditorio de la Diputaci\u00f3n de Alicante (ADDA). Este evento ben\u00e9fico, que con el tiempo ha ido convirti\u00e9ndose en un cl\u00e1sico de las v\u00edsperas navide\u00f1as en Alicante, destaca por la excepcional calidad de los int\u00e9rpretes y del Coro. Los beneficios, fruto de la venta de las entradas, ir\u00e1n destinados a acciones solidarias: Centro San Rafael y Aspanion, organizaciones que realizan una gran labor de ayuda a personas necesitadas en Alicante -discapacidad intelectual y c\u00e1ncer infantil-. Adem\u00e1s, una parte ir\u00e1 a los j\u00f3venes que componen [&hellip;]\" \/>\n<meta property=\"og:url\" content=\"https:\/\/costablancaup.com\/es\/class\/concierto-de-navidad-de-la-orquesta-filarmonica-y-coral-de-la-universidad-de-alicante\/\" \/>\n<meta property=\"og:site_name\" content=\"COSTA BLANCA UP\" \/>\n<meta property=\"article:modified_time\" content=\"2023-12-12T11:04:55+00:00\" \/>\n<meta name=\"twitter:card\" content=\"summary_large_image\" \/>\n<meta name=\"twitter:label1\" content=\"Tiempo de lectura\" \/>\n\t<meta name=\"twitter:data1\" content=\"1 minuto\" \/>\n<script type=\"application\/ld+json\" class=\"yoast-schema-graph\">{\"@context\":\"https:\\\/\\\/schema.org\",\"@graph\":[{\"@type\":\"WebPage\",\"@id\":\"https:\\\/\\\/costablancaup.com\\\/es\\\/class\\\/concierto-de-navidad-de-la-orquesta-filarmonica-y-coral-de-la-universidad-de-alicante\\\/\",\"url\":\"https:\\\/\\\/costablancaup.com\\\/es\\\/class\\\/concierto-de-navidad-de-la-orquesta-filarmonica-y-coral-de-la-universidad-de-alicante\\\/\",\"name\":\"Concierto de Navidad de la Orquesta Filarm\u00f3nica y Coral de la Universidad de Alicante - COSTA BLANCA UP\",\"isPartOf\":{\"@id\":\"https:\\\/\\\/costablancaup.com\\\/es\\\/#website\"},\"datePublished\":\"2023-12-12T11:03:54+00:00\",\"dateModified\":\"2023-12-12T11:04:55+00:00\",\"breadcrumb\":{\"@id\":\"https:\\\/\\\/costablancaup.com\\\/es\\\/class\\\/concierto-de-navidad-de-la-orquesta-filarmonica-y-coral-de-la-universidad-de-alicante\\\/#breadcrumb\"},\"inLanguage\":\"es\",\"potentialAction\":[{\"@type\":\"ReadAction\",\"target\":[\"https:\\\/\\\/costablancaup.com\\\/es\\\/class\\\/concierto-de-navidad-de-la-orquesta-filarmonica-y-coral-de-la-universidad-de-alicante\\\/\"]}]},{\"@type\":\"BreadcrumbList\",\"@id\":\"https:\\\/\\\/costablancaup.com\\\/es\\\/class\\\/concierto-de-navidad-de-la-orquesta-filarmonica-y-coral-de-la-universidad-de-alicante\\\/#breadcrumb\",\"itemListElement\":[{\"@type\":\"ListItem\",\"position\":1,\"name\":\"Home\",\"item\":\"https:\\\/\\\/costablancaup.com\\\/es\\\/\"},{\"@type\":\"ListItem\",\"position\":2,\"name\":\"Concierto de Navidad de la Orquesta Filarm\u00f3nica y Coral de la Universidad de Alicante\"}]},{\"@type\":\"WebSite\",\"@id\":\"https:\\\/\\\/costablancaup.com\\\/es\\\/#website\",\"url\":\"https:\\\/\\\/costablancaup.com\\\/es\\\/\",\"name\":\"COSTA BLANCA UP\",\"description\":\"Costa Blanca Events and Agenda\",\"publisher\":{\"@id\":\"https:\\\/\\\/costablancaup.com\\\/es\\\/#organization\"},\"potentialAction\":[{\"@type\":\"SearchAction\",\"target\":{\"@type\":\"EntryPoint\",\"urlTemplate\":\"https:\\\/\\\/costablancaup.com\\\/es\\\/?s={search_term_string}\"},\"query-input\":{\"@type\":\"PropertyValueSpecification\",\"valueRequired\":true,\"valueName\":\"search_term_string\"}}],\"inLanguage\":\"es\"},{\"@type\":\"Organization\",\"@id\":\"https:\\\/\\\/costablancaup.com\\\/es\\\/#organization\",\"name\":\"Costa Blanca Up\",\"url\":\"https:\\\/\\\/costablancaup.com\\\/es\\\/\",\"logo\":{\"@type\":\"ImageObject\",\"inLanguage\":\"es\",\"@id\":\"https:\\\/\\\/costablancaup.com\\\/es\\\/#\\\/schema\\\/logo\\\/image\\\/\",\"url\":\"https:\\\/\\\/costablancaup.com\\\/wp-content\\\/uploads\\\/2018\\\/07\\\/titulo_web-1.png\",\"contentUrl\":\"https:\\\/\\\/costablancaup.com\\\/wp-content\\\/uploads\\\/2018\\\/07\\\/titulo_web-1.png\",\"width\":1973,\"height\":303,\"caption\":\"Costa Blanca Up\"},\"image\":{\"@id\":\"https:\\\/\\\/costablancaup.com\\\/es\\\/#\\\/schema\\\/logo\\\/image\\\/\"}}]}<\/script>\n<!-- \/ Yoast SEO plugin. -->","yoast_head_json":{"title":"Concierto de Navidad de la Orquesta Filarm\u00f3nica y Coral de la Universidad de Alicante - COSTA BLANCA UP","robots":{"index":"index","follow":"follow","max-snippet":"max-snippet:-1","max-image-preview":"max-image-preview:large","max-video-preview":"max-video-preview:-1"},"canonical":"https:\/\/costablancaup.com\/es\/class\/concierto-de-navidad-de-la-orquesta-filarmonica-y-coral-de-la-universidad-de-alicante\/","og_locale":"es_ES","og_type":"article","og_title":"Concierto de Navidad de la Orquesta Filarm\u00f3nica y Coral de la Universidad de Alicante - COSTA BLANCA UP","og_description":"El concierto de Navidad tendr\u00e1 lugar el pr\u00f3ximo 15 de diciembre, a las 20:00 horas en el Auditorio de la Diputaci\u00f3n de Alicante (ADDA). Este evento ben\u00e9fico, que con el tiempo ha ido convirti\u00e9ndose en un cl\u00e1sico de las v\u00edsperas navide\u00f1as en Alicante, destaca por la excepcional calidad de los int\u00e9rpretes y del Coro. Los beneficios, fruto de la venta de las entradas, ir\u00e1n destinados a acciones solidarias: Centro San Rafael y Aspanion, organizaciones que realizan una gran labor de ayuda a personas necesitadas en Alicante -discapacidad intelectual y c\u00e1ncer infantil-. Adem\u00e1s, una parte ir\u00e1 a los j\u00f3venes que componen [&hellip;]","og_url":"https:\/\/costablancaup.com\/es\/class\/concierto-de-navidad-de-la-orquesta-filarmonica-y-coral-de-la-universidad-de-alicante\/","og_site_name":"COSTA BLANCA UP","article_modified_time":"2023-12-12T11:04:55+00:00","twitter_card":"summary_large_image","twitter_misc":{"Tiempo de lectura":"1 minuto"},"schema":{"@context":"https:\/\/schema.org","@graph":[{"@type":"WebPage","@id":"https:\/\/costablancaup.com\/es\/class\/concierto-de-navidad-de-la-orquesta-filarmonica-y-coral-de-la-universidad-de-alicante\/","url":"https:\/\/costablancaup.com\/es\/class\/concierto-de-navidad-de-la-orquesta-filarmonica-y-coral-de-la-universidad-de-alicante\/","name":"Concierto de Navidad de la Orquesta Filarm\u00f3nica y Coral de la Universidad de Alicante - COSTA BLANCA UP","isPartOf":{"@id":"https:\/\/costablancaup.com\/es\/#website"},"datePublished":"2023-12-12T11:03:54+00:00","dateModified":"2023-12-12T11:04:55+00:00","breadcrumb":{"@id":"https:\/\/costablancaup.com\/es\/class\/concierto-de-navidad-de-la-orquesta-filarmonica-y-coral-de-la-universidad-de-alicante\/#breadcrumb"},"inLanguage":"es","potentialAction":[{"@type":"ReadAction","target":["https:\/\/costablancaup.com\/es\/class\/concierto-de-navidad-de-la-orquesta-filarmonica-y-coral-de-la-universidad-de-alicante\/"]}]},{"@type":"BreadcrumbList","@id":"https:\/\/costablancaup.com\/es\/class\/concierto-de-navidad-de-la-orquesta-filarmonica-y-coral-de-la-universidad-de-alicante\/#breadcrumb","itemListElement":[{"@type":"ListItem","position":1,"name":"Home","item":"https:\/\/costablancaup.com\/es\/"},{"@type":"ListItem","position":2,"name":"Concierto de Navidad de la Orquesta Filarm\u00f3nica y Coral de la Universidad de Alicante"}]},{"@type":"WebSite","@id":"https:\/\/costablancaup.com\/es\/#website","url":"https:\/\/costablancaup.com\/es\/","name":"COSTA BLANCA UP","description":"Costa Blanca Events and Agenda","publisher":{"@id":"https:\/\/costablancaup.com\/es\/#organization"},"potentialAction":[{"@type":"SearchAction","target":{"@type":"EntryPoint","urlTemplate":"https:\/\/costablancaup.com\/es\/?s={search_term_string}"},"query-input":{"@type":"PropertyValueSpecification","valueRequired":true,"valueName":"search_term_string"}}],"inLanguage":"es"},{"@type":"Organization","@id":"https:\/\/costablancaup.com\/es\/#organization","name":"Costa Blanca Up","url":"https:\/\/costablancaup.com\/es\/","logo":{"@type":"ImageObject","inLanguage":"es","@id":"https:\/\/costablancaup.com\/es\/#\/schema\/logo\/image\/","url":"https:\/\/costablancaup.com\/wp-content\/uploads\/2018\/07\/titulo_web-1.png","contentUrl":"https:\/\/costablancaup.com\/wp-content\/uploads\/2018\/07\/titulo_web-1.png","width":1973,"height":303,"caption":"Costa Blanca Up"},"image":{"@id":"https:\/\/costablancaup.com\/es\/#\/schema\/logo\/image\/"}}]}},"_links":{"self":[{"href":"https:\/\/costablancaup.com\/es\/wp-json\/wp\/v2\/class\/57679","targetHints":{"allow":["GET"]}}],"collection":[{"href":"https:\/\/costablancaup.com\/es\/wp-json\/wp\/v2\/class"}],"about":[{"href":"https:\/\/costablancaup.com\/es\/wp-json\/wp\/v2\/types\/class"}],"wp:attachment":[{"href":"https:\/\/costablancaup.com\/es\/wp-json\/wp\/v2\/media?parent=57679"}],"wp:term":[{"taxonomy":"wcs-type","embeddable":true,"href":"https:\/\/costablancaup.com\/es\/wp-json\/wp\/v2\/wcs-type?post=57679"},{"taxonomy":"wcs-room","embeddable":true,"href":"https:\/\/costablancaup.com\/es\/wp-json\/wp\/v2\/wcs-room?post=57679"},{"taxonomy":"wcs-instructor","embeddable":true,"href":"https:\/\/costablancaup.com\/es\/wp-json\/wp\/v2\/wcs-instructor?post=57679"}],"curies":[{"name":"wp","href":"https:\/\/api.w.org\/{rel}","templated":true}]}}